{"id":20480,"date":"2022-06-27T10:37:43","date_gmt":"2022-06-27T10:37:43","guid":{"rendered":"https:\/\/motorpor.pt\/?page_id=20480"},"modified":"2026-04-30T12:15:51","modified_gmt":"2026-04-30T11:15:51","slug":"usados","status":"publish","type":"page","link":"https:\/\/motorpor.pt\/en\/usados\/","title":{"rendered":"Used Cars"},"content":{"rendered":"\t\t<div data-elementor-type=\"wp-page\" data-elementor-id=\"20480\" class=\"elementor elementor-20480\" data-elementor-post-type=\"page\">\n\t\t\t\t\t\t<section class=\"has_eae_slider elementor-section elementor-top-section elementor-element elementor-element-eab227b elementor-section-height-min-height elementor-section-content-middle elementor-hidden-desktop elementor-hidden-tablet elementor-section-boxed elementor-section-height-default elementor-section-items-middle\" data-eae-slider=\"40872\" data-id=\"eab227b\" data-element_type=\"section\" data-e-type=\"section\" data-settings=\"{&quot;background_background&quot;:&quot;classic&quot;}\">\n\t\t\t\t\t\t<div class=\"elementor-container elementor-column-gap-default\">\n\t\t\t\t\t<div class=\"has_eae_slider elementor-column elementor-col-100 elementor-top-column elementor-element elementor-element-e036b2b\" data-eae-slider=\"4897\" data-id=\"e036b2b\" data-element_type=\"column\" data-e-type=\"column\">\n\t\t\t<div class=\"elementor-widget-wrap elementor-element-populated\">\n\t\t\t\t\t\t<div class=\"elementor-element elementor-element-5eed0c8 elementor-hidden-mobile elementor-widget elementor-widget-heading\" data-id=\"5eed0c8\" data-element_type=\"widget\" data-e-type=\"widget\" data-widget_type=\"heading.default\">\n\t\t\t\t<div class=\"elementor-widget-container\">\n\t\t\t\t\t<h1 class=\"elementor-heading-title elementor-size-default\">CONSULTE ABAIXO STOCK DISPON\u00cdVEL<\/h1>\t\t\t\t<\/div>\n\t\t\t\t<\/div>\n\t\t\t\t<div class=\"elementor-element elementor-element-9be557b elementor-hidden-desktop elementor-hidden-tablet elementor-hidden-mobile elementor-widget elementor-widget-text-editor\" data-id=\"9be557b\" data-element_type=\"widget\" data-e-type=\"widget\" data-widget_type=\"text-editor.default\">\n\t\t\t\t<div class=\"elementor-widget-container\">\n\t\t\t\t\t\t\t\t\tVenda de viaturas usadas com valor. Utilize os filtros de acordo com os seus interesses.\t\t\t\t\t\t\t\t<\/div>\n\t\t\t\t<\/div>\n\t\t\t\t<div class=\"elementor-element elementor-element-bb41275 elementor-align-center elementor-mobile-align-center btn-usados-bn elementor-hidden-mobile elementor-hidden-desktop elementor-hidden-tablet elementor-widget elementor-widget-button\" data-id=\"bb41275\" data-element_type=\"widget\" data-e-type=\"widget\" data-widget_type=\"button.default\">\n\t\t\t\t<div class=\"elementor-widget-container\">\n\t\t\t\t\t\t\t\t\t<div class=\"elementor-button-wrapper\">\n\t\t\t\t\t<a class=\"elementor-button elementor-button-link elementor-size-sm\" href=\"https:\/\/motorpor.pt\/motorpor-car-days-faro-de-4-a-14-de-abril\/\">\n\t\t\t\t\t\t<span class=\"elementor-button-content-wrapper\">\n\t\t\t\t\t\t\t\t\t<span class=\"elementor-button-text\">Saber mais<\/span>\n\t\t\t\t\t<\/span>\n\t\t\t\t\t<\/a>\n\t\t\t\t<\/div>\n\t\t\t\t\t\t\t\t<\/div>\n\t\t\t\t<\/div>\n\t\t\t\t\t<\/div>\n\t\t<\/div>\n\t\t\t\t\t<\/div>\n\t\t<\/section>\n\t\t\t\t<section class=\"has_eae_slider elementor-section elementor-top-section elementor-element elementor-element-8a41a6d elementor-section-height-min-height elementor-section-content-middle elementor-hidden-tablet elementor-hidden-mobile elementor-section-boxed elementor-section-height-default elementor-section-items-middle\" data-eae-slider=\"90069\" data-id=\"8a41a6d\" data-element_type=\"section\" data-e-type=\"section\" data-settings=\"{&quot;background_background&quot;:&quot;classic&quot;}\">\n\t\t\t\t\t\t<div class=\"elementor-container elementor-column-gap-default\">\n\t\t\t\t\t<div class=\"has_eae_slider elementor-column elementor-col-100 elementor-top-column elementor-element elementor-element-0a9d09d\" data-eae-slider=\"31558\" data-id=\"0a9d09d\" data-element_type=\"column\" data-e-type=\"column\">\n\t\t\t<div class=\"elementor-widget-wrap elementor-element-populated\">\n\t\t\t\t\t\t<div class=\"elementor-element elementor-element-2af6c0f elementor-hidden-mobile elementor-hidden-desktop elementor-hidden-tablet elementor-widget elementor-widget-heading\" data-id=\"2af6c0f\" data-element_type=\"widget\" data-e-type=\"widget\" data-widget_type=\"heading.default\">\n\t\t\t\t<div class=\"elementor-widget-container\">\n\t\t\t\t\t<h1 class=\"elementor-heading-title elementor-size-default\">Usados<\/h1>\t\t\t\t<\/div>\n\t\t\t\t<\/div>\n\t\t\t\t<div class=\"elementor-element elementor-element-30f5e56 elementor-hidden-desktop elementor-hidden-tablet elementor-hidden-mobile elementor-widget elementor-widget-text-editor\" data-id=\"30f5e56\" data-element_type=\"widget\" data-e-type=\"widget\" data-widget_type=\"text-editor.default\">\n\t\t\t\t<div class=\"elementor-widget-container\">\n\t\t\t\t\t\t\t\t\tVenda de viaturas usadas com valor. Utilize os filtros de acordo com os seus interesses.\t\t\t\t\t\t\t\t<\/div>\n\t\t\t\t<\/div>\n\t\t\t\t<div class=\"elementor-element elementor-element-8b0dfd1 elementor-align-center elementor-mobile-align-center btn-usados-bn elementor-hidden-mobile elementor-hidden-desktop elementor-hidden-tablet elementor-widget elementor-widget-button\" data-id=\"8b0dfd1\" data-element_type=\"widget\" data-e-type=\"widget\" data-widget_type=\"button.default\">\n\t\t\t\t<div class=\"elementor-widget-container\">\n\t\t\t\t\t\t\t\t\t<div class=\"elementor-button-wrapper\">\n\t\t\t\t\t<a class=\"elementor-button elementor-button-link elementor-size-sm\" href=\"https:\/\/motorpor.pt\/motorpor-car-days-faro-de-4-a-14-de-abril\/\">\n\t\t\t\t\t\t<span class=\"elementor-button-content-wrapper\">\n\t\t\t\t\t\t\t\t\t<span class=\"elementor-button-text\">Saber mais<\/span>\n\t\t\t\t\t<\/span>\n\t\t\t\t\t<\/a>\n\t\t\t\t<\/div>\n\t\t\t\t\t\t\t\t<\/div>\n\t\t\t\t<\/div>\n\t\t\t\t\t<\/div>\n\t\t<\/div>\n\t\t\t\t\t<\/div>\n\t\t<\/section>\n\t\t\t\t<section class=\"has_eae_slider elementor-section elementor-top-section elementor-element elementor-element-205152b elementor-section-height-min-height elementor-section-content-middle elementor-hidden-desktop elementor-hidden-tablet elementor-hidden-mobile elementor-section-boxed elementor-section-height-default elementor-section-items-middle\" data-eae-slider=\"46467\" data-id=\"205152b\" data-element_type=\"section\" data-e-type=\"section\" data-settings=\"{&quot;background_background&quot;:&quot;classic&quot;}\">\n\t\t\t\t\t\t<div class=\"elementor-container elementor-column-gap-default\">\n\t\t\t\t\t<div class=\"has_eae_slider elementor-column elementor-col-100 elementor-top-column elementor-element elementor-element-ccebd9d\" data-eae-slider=\"31239\" data-id=\"ccebd9d\" data-element_type=\"column\" data-e-type=\"column\">\n\t\t\t<div class=\"elementor-widget-wrap elementor-element-populated\">\n\t\t\t\t\t\t<div class=\"elementor-element elementor-element-149ec7d elementor-widget elementor-widget-heading\" data-id=\"149ec7d\" data-element_type=\"widget\" data-e-type=\"widget\" data-widget_type=\"heading.default\">\n\t\t\t\t<div class=\"elementor-widget-container\">\n\t\t\t\t\t<h1 class=\"elementor-heading-title elementor-size-default\">Usados<\/h1>\t\t\t\t<\/div>\n\t\t\t\t<\/div>\n\t\t\t\t<div class=\"elementor-element elementor-element-3636372 elementor-hidden-desktop elementor-hidden-tablet elementor-hidden-mobile elementor-widget elementor-widget-text-editor\" data-id=\"3636372\" data-element_type=\"widget\" data-e-type=\"widget\" data-widget_type=\"text-editor.default\">\n\t\t\t\t<div class=\"elementor-widget-container\">\n\t\t\t\t\t\t\t\t\tVenda de viaturas usadas com valor. Utilize os filtros de acordo com os seus interesses.\t\t\t\t\t\t\t\t<\/div>\n\t\t\t\t<\/div>\n\t\t\t\t<div class=\"elementor-element elementor-element-48118d9 elementor-align-center elementor-mobile-align-center btn-usados-bn elementor-hidden-mobile elementor-hidden-desktop elementor-hidden-tablet elementor-widget elementor-widget-button\" data-id=\"48118d9\" data-element_type=\"widget\" data-e-type=\"widget\" data-widget_type=\"button.default\">\n\t\t\t\t<div class=\"elementor-widget-container\">\n\t\t\t\t\t\t\t\t\t<div class=\"elementor-button-wrapper\">\n\t\t\t\t\t<a class=\"elementor-button elementor-button-link elementor-size-sm\" href=\"https:\/\/motorpor.pt\/motorpor-car-days-faro-de-4-a-14-de-abril\/\">\n\t\t\t\t\t\t<span class=\"elementor-button-content-wrapper\">\n\t\t\t\t\t\t\t\t\t<span class=\"elementor-button-text\">Saber mais<\/span>\n\t\t\t\t\t<\/span>\n\t\t\t\t\t<\/a>\n\t\t\t\t<\/div>\n\t\t\t\t\t\t\t\t<\/div>\n\t\t\t\t<\/div>\n\t\t\t\t\t<\/div>\n\t\t<\/div>\n\t\t\t\t\t<\/div>\n\t\t<\/section>\n\t\t\t\t<section class=\"has_eae_slider elementor-section elementor-top-section elementor-element elementor-element-100180c elementor-section-boxed elementor-section-height-default elementor-section-height-default\" data-eae-slider=\"95466\" data-id=\"100180c\" data-element_type=\"section\" data-e-type=\"section\">\n\t\t\t\t\t\t<div class=\"elementor-container elementor-column-gap-default\">\n\t\t\t\t\t<div class=\"has_eae_slider elementor-column elementor-col-100 elementor-top-column elementor-element elementor-element-b95bb30\" data-eae-slider=\"69093\" data-id=\"b95bb30\" data-element_type=\"column\" data-e-type=\"column\">\n\t\t\t<div class=\"elementor-widget-wrap elementor-element-populated\">\n\t\t\t\t\t\t<div class=\"elementor-element elementor-element-51a1365 elementor-widget elementor-widget-vehica_breadcrumbs_general_widget\" data-id=\"51a1365\" data-element_type=\"widget\" data-e-type=\"widget\" data-widget_type=\"vehica_breadcrumbs_general_widget.default\">\n\t\t\t\t<div class=\"elementor-widget-container\">\n\t\t\t\t\t<div class=\"vehica-app\">\r\n            <div class=\"vehica-breadcrumbs-wrapper\" v-dragscroll.pass=\"true\">\r\n            <div class=\"vehica-breadcrumbs\">\r\n                                        <span class=\"vehica-breadcrumbs__last\">\r\n                    Pagina Inicial                <\/span>\r\n                                                <\/div>\r\n        <\/div>\r\n    <\/div>\t\t\t\t<\/div>\n\t\t\t\t<\/div>\n\t\t\t\t\t<\/div>\n\t\t<\/div>\n\t\t\t\t\t<\/div>\n\t\t<\/section>\n\t\t\t\t<section class=\"has_eae_slider elementor-section elementor-top-section elementor-element elementor-element-36cfdb8 elementor-hidden-desktop elementor-hidden-tablet elementor-section-boxed elementor-section-height-default elementor-section-height-default\" data-eae-slider=\"64577\" data-id=\"36cfdb8\" data-element_type=\"section\" data-e-type=\"section\">\n\t\t\t\t\t\t<div class=\"elementor-container elementor-column-gap-default\">\n\t\t\t\t\t<div class=\"has_eae_slider elementor-column elementor-col-100 elementor-top-column elementor-element elementor-element-d626757\" data-eae-slider=\"13993\" data-id=\"d626757\" data-element_type=\"column\" data-e-type=\"column\">\n\t\t\t<div class=\"elementor-widget-wrap elementor-element-populated\">\n\t\t\t\t\t\t<div class=\"elementor-element elementor-element-c96cb7f elementor-align-center elementor-widget elementor-widget-button\" data-id=\"c96cb7f\" data-element_type=\"widget\" data-e-type=\"widget\" data-widget_type=\"button.default\">\n\t\t\t\t<div class=\"elementor-widget-container\">\n\t\t\t\t\t\t\t\t\t<div class=\"elementor-button-wrapper\">\n\t\t\t\t\t<a class=\"elementor-button elementor-button-link elementor-size-sm\" href=\"https:\/\/motorpor.pt\/usados\/#contactado\">\n\t\t\t\t\t\t<span class=\"elementor-button-content-wrapper\">\n\t\t\t\t\t\t\t\t\t<span class=\"elementor-button-text\">Quero ser contactado<\/span>\n\t\t\t\t\t<\/span>\n\t\t\t\t\t<\/a>\n\t\t\t\t<\/div>\n\t\t\t\t\t\t\t\t<\/div>\n\t\t\t\t<\/div>\n\t\t\t\t\t<\/div>\n\t\t<\/div>\n\t\t\t\t\t<\/div>\n\t\t<\/section>\n\t\t\t\t<section class=\"has_eae_slider elementor-section elementor-top-section elementor-element elementor-element-16f34e2 elementor-section-full_width elementor-section-height-default elementor-section-height-default\" data-eae-slider=\"55138\" data-id=\"16f34e2\" data-element_type=\"section\" data-e-type=\"section\">\n\t\t\t\t\t\t<div class=\"elementor-container elementor-column-gap-default\">\n\t\t\t\t\t<div class=\"has_eae_slider elementor-column elementor-col-100 elementor-top-column elementor-element elementor-element-9c90026\" data-eae-slider=\"81675\" data-id=\"9c90026\" data-element_type=\"column\" data-e-type=\"column\">\n\t\t\t<div class=\"elementor-widget-wrap elementor-element-populated\">\n\t\t\t\t\t\t<div class=\"elementor-element elementor-element-f28b9a9 elementor-widget elementor-widget-vehica_search_listing_general_widget\" data-id=\"f28b9a9\" data-element_type=\"widget\" data-e-type=\"widget\" data-widget_type=\"vehica_search_listing_general_widget.default\">\n\t\t\t\t<div class=\"elementor-widget-container\">\n\t\t\t\t\t<div class=\"vehica-app vehica-search-form-loading\">\r\n    <vehica-query-cars\r\n            request-url=\"https:\/\/motorpor.pt\/wp-admin\/admin-ajax.php?action=vehica_car_results\"\r\n            :limit=\"12\"\r\n            sort-by-rewrite=\"sort-by\"\r\n            keyword-rewrite=\"keyword\"\r\n            initial-sort-by=\"newest\"\r\n            default-sort-by=\"newest\"\r\n            :initial-results-count=\"559\"\r\n            initial-formatted-results-count=\"559\"\r\n            :initial-terms-count=\"[{&quot;id&quot;:2072,&quot;count&quot;:155},{&quot;id&quot;:2073,&quot;count&quot;:269},{&quot;id&quot;:2937,&quot;count&quot;:105},{&quot;id&quot;:&quot;vehica_6654&quot;,&quot;count&quot;:559},{&quot;id&quot;:2329,&quot;count&quot;:1},{&quot;id&quot;:2341,&quot;count&quot;:2},{&quot;id&quot;:2478,&quot;count&quot;:138},{&quot;id&quot;:2479,&quot;count&quot;:14},{&quot;id&quot;:2481,&quot;count&quot;:48},{&quot;id&quot;:2482,&quot;count&quot;:6},{&quot;id&quot;:2486,&quot;count&quot;:64},{&quot;id&quot;:2489,&quot;count&quot;:29},{&quot;id&quot;:2506,&quot;count&quot;:2},{&quot;id&quot;:2552,&quot;count&quot;:62},{&quot;id&quot;:2646,&quot;count&quot;:6},{&quot;id&quot;:2744,&quot;count&quot;:11},{&quot;id&quot;:2755,&quot;count&quot;:3},{&quot;id&quot;:2759,&quot;count&quot;:12},{&quot;id&quot;:2761,&quot;count&quot;:6},{&quot;id&quot;:2775,&quot;count&quot;:10},{&quot;id&quot;:2781,&quot;count&quot;:37},{&quot;id&quot;:2794,&quot;count&quot;:3},{&quot;id&quot;:2801,&quot;count&quot;:26},{&quot;id&quot;:2952,&quot;count&quot;:3},{&quot;id&quot;:2955,&quot;count&quot;:5},{&quot;id&quot;:2971,&quot;count&quot;:4},{&quot;id&quot;:3067,&quot;count&quot;:8},{&quot;id&quot;:3106,&quot;count&quot;:6},{&quot;id&quot;:3134,&quot;count&quot;:2},{&quot;id&quot;:3164,&quot;count&quot;:6},{&quot;id&quot;:3172,&quot;count&quot;:7},{&quot;id&quot;:3173,&quot;count&quot;:2},{&quot;id&quot;:3237,&quot;count&quot;:2},{&quot;id&quot;:3325,&quot;count&quot;:1},{&quot;id&quot;:3384,&quot;count&quot;:3},{&quot;id&quot;:&quot;vehica_6659&quot;,&quot;count&quot;:559},{&quot;id&quot;:2379,&quot;count&quot;:1},{&quot;id&quot;:2483,&quot;count&quot;:28},{&quot;id&quot;:2490,&quot;count&quot;:1},{&quot;id&quot;:2491,&quot;count&quot;:40},{&quot;id&quot;:2501,&quot;count&quot;:2},{&quot;id&quot;:2507,&quot;count&quot;:4},{&quot;id&quot;:2555,&quot;count&quot;:6},{&quot;id&quot;:2557,&quot;count&quot;:5},{&quot;id&quot;:2563,&quot;count&quot;:4},{&quot;id&quot;:2568,&quot;count&quot;:5},{&quot;id&quot;:2570,&quot;count&quot;:3},{&quot;id&quot;:2572,&quot;count&quot;:3},{&quot;id&quot;:2575,&quot;count&quot;:3},{&quot;id&quot;:2578,&quot;count&quot;:1},{&quot;id&quot;:2580,&quot;count&quot;:1},{&quot;id&quot;:2683,&quot;count&quot;:15},{&quot;id&quot;:2736,&quot;count&quot;:8},{&quot;id&quot;:2745,&quot;count&quot;:1},{&quot;id&quot;:2747,&quot;count&quot;:8},{&quot;id&quot;:2748,&quot;count&quot;:1},{&quot;id&quot;:2750,&quot;count&quot;:1},{&quot;id&quot;:2752,&quot;count&quot;:2},{&quot;id&quot;:2765,&quot;count&quot;:1},{&quot;id&quot;:2779,&quot;count&quot;:1},{&quot;id&quot;:2782,&quot;count&quot;:6},{&quot;id&quot;:2786,&quot;count&quot;:10},{&quot;id&quot;:2787,&quot;count&quot;:1},{&quot;id&quot;:2788,&quot;count&quot;:2},{&quot;id&quot;:2795,&quot;count&quot;:1},{&quot;id&quot;:2800,&quot;count&quot;:4},{&quot;id&quot;:2802,&quot;count&quot;:1},{&quot;id&quot;:2805,&quot;count&quot;:6},{&quot;id&quot;:2806,&quot;count&quot;:1},{&quot;id&quot;:2807,&quot;count&quot;:1},{&quot;id&quot;:2811,&quot;count&quot;:3},{&quot;id&quot;:2814,&quot;count&quot;:1},{&quot;id&quot;:2816,&quot;count&quot;:3},{&quot;id&quot;:2819,&quot;count&quot;:1},{&quot;id&quot;:2821,&quot;count&quot;:9},{&quot;id&quot;:2827,&quot;count&quot;:7},{&quot;id&quot;:2830,&quot;count&quot;:1},{&quot;id&quot;:2833,&quot;count&quot;:2},{&quot;id&quot;:2836,&quot;count&quot;:6},{&quot;id&quot;:2841,&quot;count&quot;:1},{&quot;id&quot;:2843,&quot;count&quot;:1},{&quot;id&quot;:2846,&quot;count&quot;:1},{&quot;id&quot;:2850,&quot;count&quot;:1},{&quot;id&quot;:2852,&quot;count&quot;:3},{&quot;id&quot;:2854,&quot;count&quot;:1},{&quot;id&quot;:2856,&quot;count&quot;:1},{&quot;id&quot;:2862,&quot;count&quot;:1},{&quot;id&quot;:2868,&quot;count&quot;:1},{&quot;id&quot;:2875,&quot;count&quot;:4},{&quot;id&quot;:2889,&quot;count&quot;:2},{&quot;id&quot;:2893,&quot;count&quot;:1},{&quot;id&quot;:2895,&quot;count&quot;:1},{&quot;id&quot;:2897,&quot;count&quot;:1},{&quot;id&quot;:2899,&quot;count&quot;:1},{&quot;id&quot;:2901,&quot;count&quot;:1},{&quot;id&quot;:2904,&quot;count&quot;:1},{&quot;id&quot;:2905,&quot;count&quot;:2},{&quot;id&quot;:2945,&quot;count&quot;:1},{&quot;id&quot;:2947,&quot;count&quot;:5},{&quot;id&quot;:2951,&quot;count&quot;:1},{&quot;id&quot;:2956,&quot;count&quot;:1},{&quot;id&quot;:2976,&quot;count&quot;:4},{&quot;id&quot;:2981,&quot;count&quot;:6},{&quot;id&quot;:2983,&quot;count&quot;:1},{&quot;id&quot;:2985,&quot;count&quot;:1},{&quot;id&quot;:2987,&quot;count&quot;:1},{&quot;id&quot;:2989,&quot;count&quot;:1},{&quot;id&quot;:2991,&quot;count&quot;:1},{&quot;id&quot;:3000,&quot;count&quot;:1},{&quot;id&quot;:3001,&quot;count&quot;:6},{&quot;id&quot;:3003,&quot;count&quot;:18},{&quot;id&quot;:3005,&quot;count&quot;:5},{&quot;id&quot;:3009,&quot;count&quot;:1},{&quot;id&quot;:3013,&quot;count&quot;:1},{&quot;id&quot;:3015,&quot;count&quot;:1},{&quot;id&quot;:3017,&quot;count&quot;:1},{&quot;id&quot;:3025,&quot;count&quot;:17},{&quot;id&quot;:3029,&quot;count&quot;:10},{&quot;id&quot;:3031,&quot;count&quot;:3},{&quot;id&quot;:3035,&quot;count&quot;:7},{&quot;id&quot;:3037,&quot;count&quot;:2},{&quot;id&quot;:3039,&quot;count&quot;:1},{&quot;id&quot;:3041,&quot;count&quot;:1},{&quot;id&quot;:3045,&quot;count&quot;:1},{&quot;id&quot;:3051,&quot;count&quot;:1},{&quot;id&quot;:3052,&quot;count&quot;:1},{&quot;id&quot;:3054,&quot;count&quot;:1},{&quot;id&quot;:3056,&quot;count&quot;:2},{&quot;id&quot;:3064,&quot;count&quot;:5},{&quot;id&quot;:3070,&quot;count&quot;:1},{&quot;id&quot;:3072,&quot;count&quot;:1},{&quot;id&quot;:3075,&quot;count&quot;:4},{&quot;id&quot;:3076,&quot;count&quot;:4},{&quot;id&quot;:3077,&quot;count&quot;:2},{&quot;id&quot;:3082,&quot;count&quot;:4},{&quot;id&quot;:3084,&quot;count&quot;:4},{&quot;id&quot;:3085,&quot;count&quot;:8},{&quot;id&quot;:3096,&quot;count&quot;:1},{&quot;id&quot;:3097,&quot;count&quot;:1},{&quot;id&quot;:3101,&quot;count&quot;:2},{&quot;id&quot;:3102,&quot;count&quot;:1},{&quot;id&quot;:3103,&quot;count&quot;:1},{&quot;id&quot;:3107,&quot;count&quot;:1},{&quot;id&quot;:3109,&quot;count&quot;:1},{&quot;id&quot;:3110,&quot;count&quot;:1},{&quot;id&quot;:3119,&quot;count&quot;:1},{&quot;id&quot;:3120,&quot;count&quot;:9},{&quot;id&quot;:3122,&quot;count&quot;:1},{&quot;id&quot;:3125,&quot;count&quot;:3},{&quot;id&quot;:3127,&quot;count&quot;:3},{&quot;id&quot;:3128,&quot;count&quot;:1},{&quot;id&quot;:3129,&quot;count&quot;:1},{&quot;id&quot;:3130,&quot;count&quot;:3},{&quot;id&quot;:3131,&quot;count&quot;:1},{&quot;id&quot;:3132,&quot;count&quot;:6},{&quot;id&quot;:3133,&quot;count&quot;:1},{&quot;id&quot;:3136,&quot;count&quot;:1},{&quot;id&quot;:3137,&quot;count&quot;:3},{&quot;id&quot;:3151,&quot;count&quot;:1},{&quot;id&quot;:3152,&quot;count&quot;:6},{&quot;id&quot;:3153,&quot;count&quot;:1},{&quot;id&quot;:3155,&quot;count&quot;:1},{&quot;id&quot;:3159,&quot;count&quot;:1},{&quot;id&quot;:3170,&quot;count&quot;:1},{&quot;id&quot;:3171,&quot;count&quot;:1},{&quot;id&quot;:3178,&quot;count&quot;:2},{&quot;id&quot;:3181,&quot;count&quot;:1},{&quot;id&quot;:3182,&quot;count&quot;:1},{&quot;id&quot;:3183,&quot;count&quot;:1},{&quot;id&quot;:3184,&quot;count&quot;:1},{&quot;id&quot;:3185,&quot;count&quot;:1},{&quot;id&quot;:3186,&quot;count&quot;:1},{&quot;id&quot;:3187,&quot;count&quot;:1},{&quot;id&quot;:3189,&quot;count&quot;:2},{&quot;id&quot;:3190,&quot;count&quot;:6},{&quot;id&quot;:3191,&quot;count&quot;:1},{&quot;id&quot;:3192,&quot;count&quot;:1},{&quot;id&quot;:3193,&quot;count&quot;:1},{&quot;id&quot;:3194,&quot;count&quot;:1},{&quot;id&quot;:3195,&quot;count&quot;:1},{&quot;id&quot;:3196,&quot;count&quot;:1},{&quot;id&quot;:3197,&quot;count&quot;:1},{&quot;id&quot;:3198,&quot;count&quot;:1},{&quot;id&quot;:3199,&quot;count&quot;:1},{&quot;id&quot;:3200,&quot;count&quot;:1},{&quot;id&quot;:3201,&quot;count&quot;:1},{&quot;id&quot;:3202,&quot;count&quot;:1},{&quot;id&quot;:3203,&quot;count&quot;:1},{&quot;id&quot;:3204,&quot;count&quot;:1},{&quot;id&quot;:3205,&quot;count&quot;:2},{&quot;id&quot;:3206,&quot;count&quot;:2},{&quot;id&quot;:3207,&quot;count&quot;:1},{&quot;id&quot;:3208,&quot;count&quot;:3},{&quot;id&quot;:3209,&quot;count&quot;:1},{&quot;id&quot;:3211,&quot;count&quot;:1},{&quot;id&quot;:3212,&quot;count&quot;:1},{&quot;id&quot;:3241,&quot;count&quot;:1},{&quot;id&quot;:3245,&quot;count&quot;:1},{&quot;id&quot;:3246,&quot;count&quot;:1},{&quot;id&quot;:3250,&quot;count&quot;:2},{&quot;id&quot;:3253,&quot;count&quot;:1},{&quot;id&quot;:3261,&quot;count&quot;:1},{&quot;id&quot;:3264,&quot;count&quot;:1},{&quot;id&quot;:3265,&quot;count&quot;:1},{&quot;id&quot;:3267,&quot;count&quot;:1},{&quot;id&quot;:3286,&quot;count&quot;:1},{&quot;id&quot;:3287,&quot;count&quot;:1},{&quot;id&quot;:3295,&quot;count&quot;:1},{&quot;id&quot;:3297,&quot;count&quot;:1},{&quot;id&quot;:3303,&quot;count&quot;:1},{&quot;id&quot;:3305,&quot;count&quot;:2},{&quot;id&quot;:3318,&quot;count&quot;:1},{&quot;id&quot;:3321,&quot;count&quot;:1},{&quot;id&quot;:3326,&quot;count&quot;:1},{&quot;id&quot;:3329,&quot;count&quot;:3},{&quot;id&quot;:3332,&quot;count&quot;:2},{&quot;id&quot;:3334,&quot;count&quot;:1},{&quot;id&quot;:3337,&quot;count&quot;:3},{&quot;id&quot;:3338,&quot;count&quot;:3},{&quot;id&quot;:3344,&quot;count&quot;:1},{&quot;id&quot;:3347,&quot;count&quot;:1},{&quot;id&quot;:3355,&quot;count&quot;:1},{&quot;id&quot;:3357,&quot;count&quot;:1},{&quot;id&quot;:3360,&quot;count&quot;:1},{&quot;id&quot;:3362,&quot;count&quot;:1},{&quot;id&quot;:3365,&quot;count&quot;:1},{&quot;id&quot;:3366,&quot;count&quot;:1},{&quot;id&quot;:3370,&quot;count&quot;:1},{&quot;id&quot;:3371,&quot;count&quot;:1},{&quot;id&quot;:3372,&quot;count&quot;:1},{&quot;id&quot;:3375,&quot;count&quot;:1},{&quot;id&quot;:3377,&quot;count&quot;:1},{&quot;id&quot;:3379,&quot;count&quot;:1},{&quot;id&quot;:3382,&quot;count&quot;:1},{&quot;id&quot;:3385,&quot;count&quot;:1},{&quot;id&quot;:3386,&quot;count&quot;:1},{&quot;id&quot;:3387,&quot;count&quot;:1},{&quot;id&quot;:3390,&quot;count&quot;:1},{&quot;id&quot;:3391,&quot;count&quot;:1},{&quot;id&quot;:3393,&quot;count&quot;:1},{&quot;id&quot;:3396,&quot;count&quot;:1},{&quot;id&quot;:3401,&quot;count&quot;:1},{&quot;id&quot;:3403,&quot;count&quot;:1},{&quot;id&quot;:3405,&quot;count&quot;:1},{&quot;id&quot;:&quot;vehica_6660&quot;,&quot;count&quot;:559},{&quot;id&quot;:2569,&quot;count&quot;:1},{&quot;id&quot;:2573,&quot;count&quot;:1},{&quot;id&quot;:2574,&quot;count&quot;:1},{&quot;id&quot;:2579,&quot;count&quot;:1},{&quot;id&quot;:2606,&quot;count&quot;:1},{&quot;id&quot;:2607,&quot;count&quot;:1},{&quot;id&quot;:2809,&quot;count&quot;:1},{&quot;id&quot;:2812,&quot;count&quot;:1},{&quot;id&quot;:2815,&quot;count&quot;:1},{&quot;id&quot;:2817,&quot;count&quot;:1},{&quot;id&quot;:2818,&quot;count&quot;:1},{&quot;id&quot;:2822,&quot;count&quot;:1},{&quot;id&quot;:2828,&quot;count&quot;:1},{&quot;id&quot;:2831,&quot;count&quot;:1},{&quot;id&quot;:2834,&quot;count&quot;:1},{&quot;id&quot;:2837,&quot;count&quot;:1},{&quot;id&quot;:2839,&quot;count&quot;:1},{&quot;id&quot;:2842,&quot;count&quot;:1},{&quot;id&quot;:2844,&quot;count&quot;:1},{&quot;id&quot;:2847,&quot;count&quot;:1},{&quot;id&quot;:2851,&quot;count&quot;:1},{&quot;id&quot;:2853,&quot;count&quot;:1},{&quot;id&quot;:2855,&quot;count&quot;:1},{&quot;id&quot;:2857,&quot;count&quot;:1},{&quot;id&quot;:2894,&quot;count&quot;:1},{&quot;id&quot;:2896,&quot;count&quot;:1},{&quot;id&quot;:2898,&quot;count&quot;:1},{&quot;id&quot;:2900,&quot;count&quot;:1},{&quot;id&quot;:2977,&quot;count&quot;:1},{&quot;id&quot;:2982,&quot;count&quot;:1},{&quot;id&quot;:2984,&quot;count&quot;:1},{&quot;id&quot;:2986,&quot;count&quot;:1},{&quot;id&quot;:2988,&quot;count&quot;:1},{&quot;id&quot;:2990,&quot;count&quot;:1},{&quot;id&quot;:2992,&quot;count&quot;:1},{&quot;id&quot;:2995,&quot;count&quot;:1},{&quot;id&quot;:3004,&quot;count&quot;:1},{&quot;id&quot;:3006,&quot;count&quot;:1},{&quot;id&quot;:3010,&quot;count&quot;:1},{&quot;id&quot;:3012,&quot;count&quot;:1},{&quot;id&quot;:3014,&quot;count&quot;:1},{&quot;id&quot;:3016,&quot;count&quot;:1},{&quot;id&quot;:3018,&quot;count&quot;:1},{&quot;id&quot;:3026,&quot;count&quot;:1},{&quot;id&quot;:3032,&quot;count&quot;:1},{&quot;id&quot;:3036,&quot;count&quot;:1},{&quot;id&quot;:3038,&quot;count&quot;:1},{&quot;id&quot;:3040,&quot;count&quot;:1},{&quot;id&quot;:3042,&quot;count&quot;:1},{&quot;id&quot;:3046,&quot;count&quot;:1},{&quot;id&quot;:3065,&quot;count&quot;:1},{&quot;id&quot;:3266,&quot;count&quot;:1},{&quot;id&quot;:3268,&quot;count&quot;:1},{&quot;id&quot;:3285,&quot;count&quot;:1},{&quot;id&quot;:3288,&quot;count&quot;:1},{&quot;id&quot;:3296,&quot;count&quot;:1},{&quot;id&quot;:3298,&quot;count&quot;:1},{&quot;id&quot;:3299,&quot;count&quot;:1},{&quot;id&quot;:3304,&quot;count&quot;:1},{&quot;id&quot;:3306,&quot;count&quot;:1},{&quot;id&quot;:3319,&quot;count&quot;:1},{&quot;id&quot;:3320,&quot;count&quot;:1},{&quot;id&quot;:3322,&quot;count&quot;:1},{&quot;id&quot;:3333,&quot;count&quot;:1},{&quot;id&quot;:3335,&quot;count&quot;:1},{&quot;id&quot;:3340,&quot;count&quot;:2},{&quot;id&quot;:3354,&quot;count&quot;:1},{&quot;id&quot;:3356,&quot;count&quot;:1},{&quot;id&quot;:3358,&quot;count&quot;:1},{&quot;id&quot;:3359,&quot;count&quot;:1},{&quot;id&quot;:3361,&quot;count&quot;:1},{&quot;id&quot;:3363,&quot;count&quot;:1},{&quot;id&quot;:3373,&quot;count&quot;:1},{&quot;id&quot;:3378,&quot;count&quot;:1},{&quot;id&quot;:3392,&quot;count&quot;:1},{&quot;id&quot;:3398,&quot;count&quot;:1},{&quot;id&quot;:3399,&quot;count&quot;:1},{&quot;id&quot;:3400,&quot;count&quot;:1},{&quot;id&quot;:&quot;vehica_21091&quot;,&quot;count&quot;:559},{&quot;id&quot;:2313,&quot;count&quot;:254},{&quot;id&quot;:2314,&quot;count&quot;:252},{&quot;id&quot;:2872,&quot;count&quot;:12},{&quot;id&quot;:2911,&quot;count&quot;:3},{&quot;id&quot;:3138,&quot;count&quot;:1},{&quot;id&quot;:&quot;vehica_6662&quot;,&quot;count&quot;:559},{&quot;id&quot;:2324,&quot;count&quot;:28},{&quot;id&quot;:2337,&quot;count&quot;:12},{&quot;id&quot;:2352,&quot;count&quot;:2},{&quot;id&quot;:2370,&quot;count&quot;:1},{&quot;id&quot;:2591,&quot;count&quot;:143},{&quot;id&quot;:2598,&quot;count&quot;:62},{&quot;id&quot;:2600,&quot;count&quot;:8},{&quot;id&quot;:2651,&quot;count&quot;:113},{&quot;id&quot;:2939,&quot;count&quot;:6},{&quot;id&quot;:&quot;vehica_6666&quot;,&quot;count&quot;:559},{&quot;id&quot;:2517,&quot;count&quot;:362},{&quot;id&quot;:3310,&quot;count&quot;:1},{&quot;id&quot;:3313,&quot;count&quot;:3},{&quot;id&quot;:3314,&quot;count&quot;:1},{&quot;id&quot;:3349,&quot;count&quot;:1},{&quot;id&quot;:3367,&quot;count&quot;:2},{&quot;id&quot;:3394,&quot;count&quot;:1},{&quot;id&quot;:&quot;vehica_21323&quot;,&quot;count&quot;:559},{&quot;id&quot;:2397,&quot;count&quot;:8},{&quot;id&quot;:2400,&quot;count&quot;:21},{&quot;id&quot;:2504,&quot;count&quot;:354},{&quot;id&quot;:2521,&quot;count&quot;:18},{&quot;id&quot;:2823,&quot;count&quot;:83},{&quot;id&quot;:2848,&quot;count&quot;:24},{&quot;id&quot;:2879,&quot;count&quot;:12},{&quot;id&quot;:2973,&quot;count&quot;:3},{&quot;id&quot;:&quot;vehica_12770&quot;,&quot;count&quot;:559},{&quot;id&quot;:2488,&quot;count&quot;:215},{&quot;id&quot;:2581,&quot;count&quot;:2},{&quot;id&quot;:2772,&quot;count&quot;:47},{&quot;id&quot;:2797,&quot;count&quot;:96},{&quot;id&quot;:2933,&quot;count&quot;:135},{&quot;id&quot;:3079,&quot;count&quot;:11},{&quot;id&quot;:3112,&quot;count&quot;:15},{&quot;id&quot;:3179,&quot;count&quot;:6},{&quot;id&quot;:3242,&quot;count&quot;:12},{&quot;id&quot;:3247,&quot;count&quot;:2},{&quot;id&quot;:&quot;vehica_6663&quot;,&quot;count&quot;:559},{&quot;id&quot;:2402,&quot;count&quot;:39},{&quot;id&quot;:2810,&quot;count&quot;:25},{&quot;id&quot;:2813,&quot;count&quot;:34},{&quot;id&quot;:&quot;vehica_12974&quot;,&quot;count&quot;:559},{&quot;id&quot;:2535,&quot;count&quot;:1},{&quot;id&quot;:2544,&quot;count&quot;:1},{&quot;id&quot;:&quot;vehica_6670&quot;,&quot;count&quot;:559},{&quot;id&quot;:&quot;vehica_6657&quot;,&quot;count&quot;:559},{&quot;id&quot;:2616,&quot;count&quot;:5},{&quot;id&quot;:2618,&quot;count&quot;:5},{&quot;id&quot;:2620,&quot;count&quot;:2},{&quot;id&quot;:2622,&quot;count&quot;:2},{&quot;id&quot;:2623,&quot;count&quot;:10},{&quot;id&quot;:2624,&quot;count&quot;:22},{&quot;id&quot;:2626,&quot;count&quot;:13},{&quot;id&quot;:2824,&quot;count&quot;:13},{&quot;id&quot;:2825,&quot;count&quot;:138},{&quot;id&quot;:2832,&quot;count&quot;:6},{&quot;id&quot;:2835,&quot;count&quot;:9},{&quot;id&quot;:2838,&quot;count&quot;:21},{&quot;id&quot;:2840,&quot;count&quot;:12},{&quot;id&quot;:2845,&quot;count&quot;:1},{&quot;id&quot;:2849,&quot;count&quot;:8},{&quot;id&quot;:2880,&quot;count&quot;:4},{&quot;id&quot;:2924,&quot;count&quot;:188},{&quot;id&quot;:2926,&quot;count&quot;:14},{&quot;id&quot;:2929,&quot;count&quot;:3},{&quot;id&quot;:2930,&quot;count&quot;:5},{&quot;id&quot;:2980,&quot;count&quot;:17},{&quot;id&quot;:3011,&quot;count&quot;:3},{&quot;id&quot;:3027,&quot;count&quot;:8},{&quot;id&quot;:3049,&quot;count&quot;:2},{&quot;id&quot;:3111,&quot;count&quot;:2},{&quot;id&quot;:3188,&quot;count&quot;:1},{&quot;id&quot;:3210,&quot;count&quot;:1},{&quot;id&quot;:3341,&quot;count&quot;:2},{&quot;id&quot;:3395,&quot;count&quot;:1},{&quot;id&quot;:3404,&quot;count&quot;:1},{&quot;id&quot;:&quot;vehica_6655&quot;,&quot;count&quot;:559},{&quot;id&quot;:2629,&quot;count&quot;:5},{&quot;id&quot;:2634,&quot;count&quot;:59},{&quot;id&quot;:2635,&quot;count&quot;:67},{&quot;id&quot;:2639,&quot;count&quot;:30},{&quot;id&quot;:2642,&quot;count&quot;:18},{&quot;id&quot;:2727,&quot;count&quot;:19},{&quot;id&quot;:2740,&quot;count&quot;:5},{&quot;id&quot;:3263,&quot;count&quot;:96},{&quot;id&quot;:3271,&quot;count&quot;:65},{&quot;id&quot;:3273,&quot;count&quot;:6},{&quot;id&quot;:3402,&quot;count&quot;:6},{&quot;id&quot;:&quot;vehica_24503&quot;,&quot;count&quot;:559},{&quot;id&quot;:2652,&quot;count&quot;:31},{&quot;id&quot;:2653,&quot;count&quot;:23},{&quot;id&quot;:2655,&quot;count&quot;:109},{&quot;id&quot;:&quot;vehica_24693&quot;,&quot;count&quot;:559},{&quot;id&quot;:2681,&quot;count&quot;:84},{&quot;id&quot;:2682,&quot;count&quot;:4},{&quot;id&quot;:&quot;vehica_26462&quot;,&quot;count&quot;:559},{&quot;id&quot;:3262,&quot;count&quot;:3},{&quot;id&quot;:3277,&quot;count&quot;:2},{&quot;id&quot;:3292,&quot;count&quot;:5},{&quot;id&quot;:3301,&quot;count&quot;:1},{&quot;id&quot;:3302,&quot;count&quot;:6},{&quot;id&quot;:3311,&quot;count&quot;:3},{&quot;id&quot;:3323,&quot;count&quot;:2},{&quot;id&quot;:3339,&quot;count&quot;:2},{&quot;id&quot;:3343,&quot;count&quot;:3},{&quot;id&quot;:3353,&quot;count&quot;:1},{&quot;id&quot;:3381,&quot;count&quot;:1},{&quot;id&quot;:3397,&quot;count&quot;:3},{&quot;id&quot;:&quot;vehica_26860&quot;,&quot;count&quot;:559},{&quot;id&quot;:3145,&quot;count&quot;:54},{&quot;id&quot;:&quot;vehica_114400&quot;,&quot;count&quot;:559}]\"\r\n            :initial-filters=\"[]\"\r\n            :additional-settings=\"{&quot;base_url&quot;:&quot;https:\\\/\\\/motorpor.pt\\\/en\\\/pesquisar\\\/&quot;}\"\r\n            :card-config=\"{&quot;type&quot;:&quot;vehica_card_v3&quot;,&quot;showLabels&quot;:true}\"\r\n            :taxonomy-terms-count-ids=\"[6655,6659,6660,6663,6662,6666,12770,24503,6654]\"\r\n            initial-keyword=\"\"\r\n            view=\"vehica_card_v3\"\r\n            primary-taxonomy-key=\"vehica_6654\"\r\n            :initial-page=\"1\"\r\n            base-url=\"https:\/\/motorpor.pt\/en\/usados\/\"\r\n                    content-class=\"vehica-inventory-v1__row-grid\"\r\n            >\r\n        <div slot-scope=\"searchFormProps\" >\r\n            <div\r\n                    class=\"vehica-inventory-v1\"\r\n                    :class=\"{'vehica-inventory-v1__is-advanced': searchFormProps.showAdvanced, 'vehica-inventory-v1__is-reloading': searchFormProps.isReloading}\"\r\n            >\r\n                <div\r\n                        @click.prevent=\"searchFormProps.showMobileMenu\"\r\n                        class=\"vehica-inventory-v1__mobile-button-options\"\r\n                        :class=\"{'vehica-inventory-v1__mobile-button-options--active': searchFormProps.filtersCount > 0}\"\r\n                >\r\n                    <button>\r\n                        Filtros                        <template>({{ searchFormProps.filtersCount }})<\/template>\r\n                    <\/button>\r\n                <\/div>\r\n\r\n                <div class=\"vehica-inventory-v1__top\">\r\n                    <div class=\"vehica-inventory-v1__top__inner\">\r\n                        <vehica-show-advanced-fields>\r\n                            <div\r\n                                    slot-scope=\"showAdvancedFields\"\r\n                                    class=\"vehica-results__fields\"\r\n                                    :class=\"{'vehica-results__fields--mobile-open': searchFormProps.mobileMenu}\"\r\n                            >\r\n                                <div class=\"vehica-results__fields__mobile-section-top\">\r\n                                    <h3 class=\"vehica-results__fields__mobile-section-top__title\">\r\n                                        Filtros                                    <\/h3>\r\n\r\n                                    <h4 class=\"vehica-results__fields__mobile-section-top__subtitle\">\r\n                                        <template>\r\n                                            <span class=\"vehica-results__fields__mobile-section-top__subtitle__number\">\r\n                                                {{ searchFormProps.resultsCount }}\r\n                                            <\/span>\r\n                                        <\/template>\r\n\r\n                                        <span class=\"vehica-results__fields__mobile-section-top__subtitle__label\">\r\n                                            Carros                                        <\/span>\r\n\r\n                                        <span\r\n                                                v-if=\"searchFormProps.filtersCount > 0\"\r\n                                                @click=\"searchFormProps.reset\"\r\n                                                class=\"vehica-results__fields__mobile-section-top__subtitle__clear\"\r\n                                        >\r\n                                            Limpar Filtros                                        <\/span>\r\n                                    <\/h4>\r\n\r\n                                    <div\r\n                                            @click.prevent=\"searchFormProps.hideMobileMenu\"\r\n                                            class=\"vehica-results__fields__mobile-section-top__close\"\r\n                                    >\r\n                                        <i class=\"fa fa-times-circle\"><\/i>\r\n                                    <\/div>\r\n                                <\/div>\r\n\r\n                                <div class=\"vehica-results__field vehica-relation-field\">\r\n    <vehica-taxonomy-search-field\r\n            :taxonomy=\"{&quot;name&quot;:&quot;Tipo&quot;,&quot;key&quot;:&quot;vehica_6655&quot;,&quot;id&quot;:6655,&quot;parent&quot;:[],&quot;rewrite&quot;:&quot;tipo&quot;}\"\r\n            :filters=\"searchFormProps.filters\"\r\n            :terms=\"[{&quot;id&quot;:2924,&quot;key&quot;:&quot;vehica_2924&quot;,&quot;name&quot;:&quot;Suv\\\/4x4&quot;,&quot;slug&quot;:&quot;suv-4x4&quot;,&quot;link&quot;:&quot;https:\\\/\\\/motorpor.pt\\\/en\\\/pesquisar\\\/?tipo=suv-4x4&quot;,&quot;postsNumber&quot;:188,&quot;type&quot;:&quot;vehica_term&quot;,&quot;parentTerm&quot;:false,&quot;carsEndpoint&quot;:&quot;https:\\\/\\\/motorpor.pt\\\/en\\\/wp-json\\\/vehica\\\/v1\\\/cars?tipo=suv-4x4&quot;,&quot;taxonomy&quot;:&quot;tipo&quot;,&quot;taxonomyKey&quot;:&quot;vehica_6655&quot;},{&quot;id&quot;:2825,&quot;key&quot;:&quot;vehica_2825&quot;,&quot;name&quot;:&quot;Berlina&quot;,&quot;slug&quot;:&quot;berlina&quot;,&quot;link&quot;:&quot;https:\\\/\\\/motorpor.pt\\\/en\\\/pesquisar\\\/?tipo=berlina&quot;,&quot;postsNumber&quot;:138,&quot;type&quot;:&quot;vehica_term&quot;,&quot;parentTerm&quot;:false,&quot;carsEndpoint&quot;:&quot;https:\\\/\\\/motorpor.pt\\\/en\\\/wp-json\\\/vehica\\\/v1\\\/cars?tipo=berlina&quot;,&quot;taxonomy&quot;:&quot;tipo&quot;,&quot;taxonomyKey&quot;:&quot;vehica_6655&quot;},{&quot;id&quot;:2624,&quot;key&quot;:&quot;vehica_2624&quot;,&quot;name&quot;:&quot;Carrinha&quot;,&quot;slug&quot;:&quot;carrinha&quot;,&quot;link&quot;:&quot;https:\\\/\\\/motorpor.pt\\\/en\\\/pesquisar\\\/?tipo=carrinha&quot;,&quot;postsNumber&quot;:22,&quot;type&quot;:&quot;vehica_term&quot;,&quot;parentTerm&quot;:false,&quot;carsEndpoint&quot;:&quot;https:\\\/\\\/motorpor.pt\\\/en\\\/wp-json\\\/vehica\\\/v1\\\/cars?tipo=carrinha&quot;,&quot;taxonomy&quot;:&quot;tipo&quot;,&quot;taxonomyKey&quot;:&quot;vehica_6655&quot;},{&quot;id&quot;:2838,&quot;key&quot;:&quot;vehica_2838&quot;,&quot;name&quot;:&quot;SUV - Compacto&quot;,&quot;slug&quot;:&quot;suv-compacto&quot;,&quot;link&quot;:&quot;https:\\\/\\\/motorpor.pt\\\/en\\\/pesquisar\\\/?tipo=suv-compacto&quot;,&quot;postsNumber&quot;:21,&quot;type&quot;:&quot;vehica_term&quot;,&quot;parentTerm&quot;:false,&quot;carsEndpoint&quot;:&quot;https:\\\/\\\/motorpor.pt\\\/en\\\/wp-json\\\/vehica\\\/v1\\\/cars?tipo=suv-compacto&quot;,&quot;taxonomy&quot;:&quot;tipo&quot;,&quot;taxonomyKey&quot;:&quot;vehica_6655&quot;},{&quot;id&quot;:2980,&quot;key&quot;:&quot;vehica_2980&quot;,&quot;name&quot;:&quot;SUV- UTILIT\\u00c1RIO&quot;,&quot;slug&quot;:&quot;suv-utilitario&quot;,&quot;link&quot;:&quot;https:\\\/\\\/motorpor.pt\\\/en\\\/pesquisar\\\/?tipo=suv-utilitario&quot;,&quot;postsNumber&quot;:17,&quot;type&quot;:&quot;vehica_term&quot;,&quot;parentTerm&quot;:false,&quot;carsEndpoint&quot;:&quot;https:\\\/\\\/motorpor.pt\\\/en\\\/wp-json\\\/vehica\\\/v1\\\/cars?tipo=suv-utilitario&quot;,&quot;taxonomy&quot;:&quot;tipo&quot;,&quot;taxonomyKey&quot;:&quot;vehica_6655&quot;},{&quot;id&quot;:2626,&quot;key&quot;:&quot;vehica_2626&quot;,&quot;name&quot;:&quot;Compacto&quot;,&quot;slug&quot;:&quot;compacto&quot;,&quot;link&quot;:&quot;https:\\\/\\\/motorpor.pt\\\/en\\\/pesquisar\\\/?tipo=compacto&quot;,&quot;postsNumber&quot;:13,&quot;type&quot;:&quot;vehica_term&quot;,&quot;parentTerm&quot;:false,&quot;carsEndpoint&quot;:&quot;https:\\\/\\\/motorpor.pt\\\/en\\\/wp-json\\\/vehica\\\/v1\\\/cars?tipo=compacto&quot;,&quot;taxonomy&quot;:&quot;tipo&quot;,&quot;taxonomyKey&quot;:&quot;vehica_6655&quot;},{&quot;id&quot;:2926,&quot;key&quot;:&quot;vehica_2926&quot;,&quot;name&quot;:&quot;Derivado De Passageiros&quot;,&quot;slug&quot;:&quot;derivado-de-passageiros&quot;,&quot;link&quot;:&quot;https:\\\/\\\/motorpor.pt\\\/en\\\/pesquisar\\\/?tipo=derivado-de-passageiros&quot;,&quot;postsNumber&quot;:14,&quot;type&quot;:&quot;vehica_term&quot;,&quot;parentTerm&quot;:false,&quot;carsEndpoint&quot;:&quot;https:\\\/\\\/motorpor.pt\\\/en\\\/wp-json\\\/vehica\\\/v1\\\/cars?tipo=derivado-de-passageiros&quot;,&quot;taxonomy&quot;:&quot;tipo&quot;,&quot;taxonomyKey&quot;:&quot;vehica_6655&quot;},{&quot;id&quot;:2824,&quot;key&quot;:&quot;vehica_2824&quot;,&quot;name&quot;:&quot;Furg\\u00e3o&quot;,&quot;slug&quot;:&quot;furgao&quot;,&quot;link&quot;:&quot;https:\\\/\\\/motorpor.pt\\\/en\\\/pesquisar\\\/?tipo=furgao&quot;,&quot;postsNumber&quot;:13,&quot;type&quot;:&quot;vehica_term&quot;,&quot;parentTerm&quot;:false,&quot;carsEndpoint&quot;:&quot;https:\\\/\\\/motorpor.pt\\\/en\\\/wp-json\\\/vehica\\\/v1\\\/cars?tipo=furgao&quot;,&quot;taxonomy&quot;:&quot;tipo&quot;,&quot;taxonomyKey&quot;:&quot;vehica_6655&quot;},{&quot;id&quot;:2840,&quot;key&quot;:&quot;vehica_2840&quot;,&quot;name&quot;:&quot;SUV - Familiar&quot;,&quot;slug&quot;:&quot;suv-familiar&quot;,&quot;link&quot;:&quot;https:\\\/\\\/motorpor.pt\\\/en\\\/pesquisar\\\/?tipo=suv-familiar&quot;,&quot;postsNumber&quot;:12,&quot;type&quot;:&quot;vehica_term&quot;,&quot;parentTerm&quot;:false,&quot;carsEndpoint&quot;:&quot;https:\\\/\\\/motorpor.pt\\\/en\\\/wp-json\\\/vehica\\\/v1\\\/cars?tipo=suv-familiar&quot;,&quot;taxonomy&quot;:&quot;tipo&quot;,&quot;taxonomyKey&quot;:&quot;vehica_6655&quot;},{&quot;id&quot;:2623,&quot;key&quot;:&quot;vehica_2623&quot;,&quot;name&quot;:&quot;Citadino&quot;,&quot;slug&quot;:&quot;citadino&quot;,&quot;link&quot;:&quot;https:\\\/\\\/motorpor.pt\\\/en\\\/pesquisar\\\/?tipo=citadino&quot;,&quot;postsNumber&quot;:10,&quot;type&quot;:&quot;vehica_term&quot;,&quot;parentTerm&quot;:false,&quot;carsEndpoint&quot;:&quot;https:\\\/\\\/motorpor.pt\\\/en\\\/wp-json\\\/vehica\\\/v1\\\/cars?tipo=citadino&quot;,&quot;taxonomy&quot;:&quot;tipo&quot;,&quot;taxonomyKey&quot;:&quot;vehica_6655&quot;},{&quot;id&quot;:2835,&quot;key&quot;:&quot;vehica_2835&quot;,&quot;name&quot;:&quot;Familiar&quot;,&quot;slug&quot;:&quot;familiar&quot;,&quot;link&quot;:&quot;https:\\\/\\\/motorpor.pt\\\/en\\\/pesquisar\\\/?tipo=familiar&quot;,&quot;postsNumber&quot;:9,&quot;type&quot;:&quot;vehica_term&quot;,&quot;parentTerm&quot;:false,&quot;carsEndpoint&quot;:&quot;https:\\\/\\\/motorpor.pt\\\/en\\\/wp-json\\\/vehica\\\/v1\\\/cars?tipo=familiar&quot;,&quot;taxonomy&quot;:&quot;tipo&quot;,&quot;taxonomyKey&quot;:&quot;vehica_6655&quot;},{&quot;id&quot;:3027,&quot;key&quot;:&quot;vehica_3027&quot;,&quot;name&quot;:&quot;Utilit\\u00e1rio&quot;,&quot;slug&quot;:&quot;utilitario&quot;,&quot;link&quot;:&quot;https:\\\/\\\/motorpor.pt\\\/en\\\/pesquisar\\\/?tipo=utilitario&quot;,&quot;postsNumber&quot;:8,&quot;type&quot;:&quot;vehica_term&quot;,&quot;parentTerm&quot;:false,&quot;carsEndpoint&quot;:&quot;https:\\\/\\\/motorpor.pt\\\/en\\\/wp-json\\\/vehica\\\/v1\\\/cars?tipo=utilitario&quot;,&quot;taxonomy&quot;:&quot;tipo&quot;,&quot;taxonomyKey&quot;:&quot;vehica_6655&quot;},{&quot;id&quot;:2849,&quot;key&quot;:&quot;vehica_2849&quot;,&quot;name&quot;:&quot;Furg\\u00e3o M\\u00e9dio&quot;,&quot;slug&quot;:&quot;furgao-medio&quot;,&quot;link&quot;:&quot;https:\\\/\\\/motorpor.pt\\\/en\\\/pesquisar\\\/?tipo=furgao-medio&quot;,&quot;postsNumber&quot;:8,&quot;type&quot;:&quot;vehica_term&quot;,&quot;parentTerm&quot;:false,&quot;carsEndpoint&quot;:&quot;https:\\\/\\\/motorpor.pt\\\/en\\\/wp-json\\\/vehica\\\/v1\\\/cars?tipo=furgao-medio&quot;,&quot;taxonomy&quot;:&quot;tipo&quot;,&quot;taxonomyKey&quot;:&quot;vehica_6655&quot;},{&quot;id&quot;:2616,&quot;key&quot;:&quot;vehica_2616&quot;,&quot;name&quot;:&quot;SUV&quot;,&quot;slug&quot;:&quot;suv&quot;,&quot;link&quot;:&quot;https:\\\/\\\/motorpor.pt\\\/en\\\/pesquisar\\\/?tipo=suv&quot;,&quot;postsNumber&quot;:5,&quot;type&quot;:&quot;vehica_term&quot;,&quot;parentTerm&quot;:false,&quot;carsEndpoint&quot;:&quot;https:\\\/\\\/motorpor.pt\\\/en\\\/wp-json\\\/vehica\\\/v1\\\/cars?tipo=suv&quot;,&quot;taxonomy&quot;:&quot;tipo&quot;,&quot;taxonomyKey&quot;:&quot;vehica_6655&quot;},{&quot;id&quot;:2832,&quot;key&quot;:&quot;vehica_2832&quot;,&quot;name&quot;:&quot;Furg\\u00e3o Grande&quot;,&quot;slug&quot;:&quot;furgao-grande&quot;,&quot;link&quot;:&quot;https:\\\/\\\/motorpor.pt\\\/en\\\/pesquisar\\\/?tipo=furgao-grande&quot;,&quot;postsNumber&quot;:6,&quot;type&quot;:&quot;vehica_term&quot;,&quot;parentTerm&quot;:false,&quot;carsEndpoint&quot;:&quot;https:\\\/\\\/motorpor.pt\\\/en\\\/wp-json\\\/vehica\\\/v1\\\/cars?tipo=furgao-grande&quot;,&quot;taxonomy&quot;:&quot;tipo&quot;,&quot;taxonomyKey&quot;:&quot;vehica_6655&quot;},{&quot;id&quot;:2930,&quot;key&quot;:&quot;vehica_2930&quot;,&quot;name&quot;:&quot;Monospace&quot;,&quot;slug&quot;:&quot;monospace&quot;,&quot;link&quot;:&quot;https:\\\/\\\/motorpor.pt\\\/en\\\/pesquisar\\\/?tipo=monospace&quot;,&quot;postsNumber&quot;:5,&quot;type&quot;:&quot;vehica_term&quot;,&quot;parentTerm&quot;:false,&quot;carsEndpoint&quot;:&quot;https:\\\/\\\/motorpor.pt\\\/en\\\/wp-json\\\/vehica\\\/v1\\\/cars?tipo=monospace&quot;,&quot;taxonomy&quot;:&quot;tipo&quot;,&quot;taxonomyKey&quot;:&quot;vehica_6655&quot;},{&quot;id&quot;:2618,&quot;key&quot;:&quot;vehica_2618&quot;,&quot;name&quot;:&quot;Pick-Up&quot;,&quot;slug&quot;:&quot;pick-up&quot;,&quot;link&quot;:&quot;https:\\\/\\\/motorpor.pt\\\/en\\\/pesquisar\\\/?tipo=pick-up&quot;,&quot;postsNumber&quot;:5,&quot;type&quot;:&quot;vehica_term&quot;,&quot;parentTerm&quot;:false,&quot;carsEndpoint&quot;:&quot;https:\\\/\\\/motorpor.pt\\\/en\\\/wp-json\\\/vehica\\\/v1\\\/cars?tipo=pick-up&quot;,&quot;taxonomy&quot;:&quot;tipo&quot;,&quot;taxonomyKey&quot;:&quot;vehica_6655&quot;},{&quot;id&quot;:2880,&quot;key&quot;:&quot;vehica_2880&quot;,&quot;name&quot;:&quot;Chassis Cabina&quot;,&quot;slug&quot;:&quot;chassis-cabina&quot;,&quot;link&quot;:&quot;https:\\\/\\\/motorpor.pt\\\/en\\\/pesquisar\\\/?tipo=chassis-cabina&quot;,&quot;postsNumber&quot;:4,&quot;type&quot;:&quot;vehica_term&quot;,&quot;parentTerm&quot;:false,&quot;carsEndpoint&quot;:&quot;https:\\\/\\\/motorpor.pt\\\/en\\\/wp-json\\\/vehica\\\/v1\\\/cars?tipo=chassis-cabina&quot;,&quot;taxonomy&quot;:&quot;tipo&quot;,&quot;taxonomyKey&quot;:&quot;vehica_6655&quot;},{&quot;id&quot;:2622,&quot;key&quot;:&quot;vehica_2622&quot;,&quot;name&quot;:&quot;Comercial&quot;,&quot;slug&quot;:&quot;comercial&quot;,&quot;link&quot;:&quot;https:\\\/\\\/motorpor.pt\\\/en\\\/pesquisar\\\/?tipo=comercial&quot;,&quot;postsNumber&quot;:2,&quot;type&quot;:&quot;vehica_term&quot;,&quot;parentTerm&quot;:false,&quot;carsEndpoint&quot;:&quot;https:\\\/\\\/motorpor.pt\\\/en\\\/wp-json\\\/vehica\\\/v1\\\/cars?tipo=comercial&quot;,&quot;taxonomy&quot;:&quot;tipo&quot;,&quot;taxonomyKey&quot;:&quot;vehica_6655&quot;},{&quot;id&quot;:2929,&quot;key&quot;:&quot;vehica_2929&quot;,&quot;name&quot;:&quot;CABRIOLET&quot;,&quot;slug&quot;:&quot;cabriolet&quot;,&quot;link&quot;:&quot;https:\\\/\\\/motorpor.pt\\\/en\\\/pesquisar\\\/?tipo=cabriolet&quot;,&quot;postsNumber&quot;:3,&quot;type&quot;:&quot;vehica_term&quot;,&quot;parentTerm&quot;:false,&quot;carsEndpoint&quot;:&quot;https:\\\/\\\/motorpor.pt\\\/en\\\/wp-json\\\/vehica\\\/v1\\\/cars?tipo=cabriolet&quot;,&quot;taxonomy&quot;:&quot;tipo&quot;,&quot;taxonomyKey&quot;:&quot;vehica_6655&quot;},{&quot;id&quot;:3011,&quot;key&quot;:&quot;vehica_3011&quot;,&quot;name&quot;:&quot;J-TT&quot;,&quot;slug&quot;:&quot;j-tt&quot;,&quot;link&quot;:&quot;https:\\\/\\\/motorpor.pt\\\/en\\\/pesquisar\\\/?tipo=j-tt&quot;,&quot;postsNumber&quot;:3,&quot;type&quot;:&quot;vehica_term&quot;,&quot;parentTerm&quot;:false,&quot;carsEndpoint&quot;:&quot;https:\\\/\\\/motorpor.pt\\\/en\\\/wp-json\\\/vehica\\\/v1\\\/cars?tipo=j-tt&quot;,&quot;taxonomy&quot;:&quot;tipo&quot;,&quot;taxonomyKey&quot;:&quot;vehica_6655&quot;},{&quot;id&quot;:2620,&quot;key&quot;:&quot;vehica_2620&quot;,&quot;name&quot;:&quot;Desportivo&quot;,&quot;slug&quot;:&quot;desportivo&quot;,&quot;link&quot;:&quot;https:\\\/\\\/motorpor.pt\\\/en\\\/pesquisar\\\/?tipo=desportivo&quot;,&quot;postsNumber&quot;:2,&quot;type&quot;:&quot;vehica_term&quot;,&quot;parentTerm&quot;:false,&quot;carsEndpoint&quot;:&quot;https:\\\/\\\/motorpor.pt\\\/en\\\/wp-json\\\/vehica\\\/v1\\\/cars?tipo=desportivo&quot;,&quot;taxonomy&quot;:&quot;tipo&quot;,&quot;taxonomyKey&quot;:&quot;vehica_6655&quot;},{&quot;id&quot;:3111,&quot;key&quot;:&quot;vehica_3111&quot;,&quot;name&quot;:&quot;Executivo&quot;,&quot;slug&quot;:&quot;executivo&quot;,&quot;link&quot;:&quot;https:\\\/\\\/motorpor.pt\\\/en\\\/pesquisar\\\/?tipo=executivo&quot;,&quot;postsNumber&quot;:2,&quot;type&quot;:&quot;vehica_term&quot;,&quot;parentTerm&quot;:false,&quot;carsEndpoint&quot;:&quot;https:\\\/\\\/motorpor.pt\\\/en\\\/wp-json\\\/vehica\\\/v1\\\/cars?tipo=executivo&quot;,&quot;taxonomy&quot;:&quot;tipo&quot;,&quot;taxonomyKey&quot;:&quot;vehica_6655&quot;},{&quot;id&quot;:3341,&quot;key&quot;:&quot;vehica_3341&quot;,&quot;name&quot;:&quot;Microh\\u00edbrido: Gasolina \\\/ El\\u00e9trico&quot;,&quot;slug&quot;:&quot;microhibrido-gasolina-eletrico&quot;,&quot;link&quot;:&quot;https:\\\/\\\/motorpor.pt\\\/en\\\/pesquisar\\\/?tipo=microhibrido-gasolina-eletrico&quot;,&quot;postsNumber&quot;:2,&quot;type&quot;:&quot;vehica_term&quot;,&quot;parentTerm&quot;:false,&quot;carsEndpoint&quot;:&quot;https:\\\/\\\/motorpor.pt\\\/en\\\/wp-json\\\/vehica\\\/v1\\\/cars?tipo=microhibrido-gasolina-eletrico&quot;,&quot;taxonomy&quot;:&quot;tipo&quot;,&quot;taxonomyKey&quot;:&quot;vehica_6655&quot;},{&quot;id&quot;:3049,&quot;key&quot;:&quot;vehica_3049&quot;,&quot;name&quot;:&quot;Minibus&quot;,&quot;slug&quot;:&quot;minibus&quot;,&quot;link&quot;:&quot;https:\\\/\\\/motorpor.pt\\\/en\\\/pesquisar\\\/?tipo=minibus&quot;,&quot;postsNumber&quot;:2,&quot;type&quot;:&quot;vehica_term&quot;,&quot;parentTerm&quot;:false,&quot;carsEndpoint&quot;:&quot;https:\\\/\\\/motorpor.pt\\\/en\\\/wp-json\\\/vehica\\\/v1\\\/cars?tipo=minibus&quot;,&quot;taxonomy&quot;:&quot;tipo&quot;,&quot;taxonomyKey&quot;:&quot;vehica_6655&quot;},{&quot;id&quot;:2845,&quot;key&quot;:&quot;vehica_2845&quot;,&quot;name&quot;:&quot;Furg\\u00e3o Pequeno&quot;,&quot;slug&quot;:&quot;furgao-pequeno&quot;,&quot;link&quot;:&quot;https:\\\/\\\/motorpor.pt\\\/en\\\/pesquisar\\\/?tipo=furgao-pequeno&quot;,&quot;postsNumber&quot;:1,&quot;type&quot;:&quot;vehica_term&quot;,&quot;parentTerm&quot;:false,&quot;carsEndpoint&quot;:&quot;https:\\\/\\\/motorpor.pt\\\/en\\\/wp-json\\\/vehica\\\/v1\\\/cars?tipo=furgao-pequeno&quot;,&quot;taxonomy&quot;:&quot;tipo&quot;,&quot;taxonomyKey&quot;:&quot;vehica_6655&quot;},{&quot;id&quot;:3404,&quot;key&quot;:&quot;vehica_3404&quot;,&quot;name&quot;:&quot;Ligeiro Mercadorias&quot;,&quot;slug&quot;:&quot;ligeiro-mercadorias&quot;,&quot;link&quot;:&quot;https:\\\/\\\/motorpor.pt\\\/en\\\/pesquisar\\\/?tipo=ligeiro-mercadorias&quot;,&quot;postsNumber&quot;:1,&quot;type&quot;:&quot;vehica_term&quot;,&quot;parentTerm&quot;:false,&quot;carsEndpoint&quot;:&quot;https:\\\/\\\/motorpor.pt\\\/en\\\/wp-json\\\/vehica\\\/v1\\\/cars?tipo=ligeiro-mercadorias&quot;,&quot;taxonomy&quot;:&quot;tipo&quot;,&quot;taxonomyKey&quot;:&quot;vehica_6655&quot;},{&quot;id&quot;:3395,&quot;key&quot;:&quot;vehica_3395&quot;,&quot;name&quot;:&quot;mercadorias&quot;,&quot;slug&quot;:&quot;mercadorias&quot;,&quot;link&quot;:&quot;https:\\\/\\\/motorpor.pt\\\/en\\\/pesquisar\\\/?tipo=mercadorias&quot;,&quot;postsNumber&quot;:1,&quot;type&quot;:&quot;vehica_term&quot;,&quot;parentTerm&quot;:false,&quot;carsEndpoint&quot;:&quot;https:\\\/\\\/motorpor.pt\\\/en\\\/wp-json\\\/vehica\\\/v1\\\/cars?tipo=mercadorias&quot;,&quot;taxonomy&quot;:&quot;tipo&quot;,&quot;taxonomyKey&quot;:&quot;vehica_6655&quot;},{&quot;id&quot;:2826,&quot;key&quot;:&quot;vehica_2826&quot;,&quot;name&quot;:&quot;SUV - Citadino&quot;,&quot;slug&quot;:&quot;suv-citadino&quot;,&quot;link&quot;:&quot;https:\\\/\\\/motorpor.pt\\\/en\\\/pesquisar\\\/?tipo=suv-citadino&quot;,&quot;postsNumber&quot;:0,&quot;type&quot;:&quot;vehica_term&quot;,&quot;parentTerm&quot;:false,&quot;carsEndpoint&quot;:&quot;https:\\\/\\\/motorpor.pt\\\/en\\\/wp-json\\\/vehica\\\/v1\\\/cars?tipo=suv-citadino&quot;,&quot;taxonomy&quot;:&quot;tipo&quot;,&quot;taxonomyKey&quot;:&quot;vehica_6655&quot;},{&quot;id&quot;:3188,&quot;key&quot;:&quot;vehica_3188&quot;,&quot;name&quot;:&quot;SUV - Executive&quot;,&quot;slug&quot;:&quot;suv-executive&quot;,&quot;link&quot;:&quot;https:\\\/\\\/motorpor.pt\\\/en\\\/pesquisar\\\/?tipo=suv-executive&quot;,&quot;postsNumber&quot;:1,&quot;type&quot;:&quot;vehica_term&quot;,&quot;parentTerm&quot;:false,&quot;carsEndpoint&quot;:&quot;https:\\\/\\\/motorpor.pt\\\/en\\\/wp-json\\\/vehica\\\/v1\\\/cars?tipo=suv-executive&quot;,&quot;taxonomy&quot;:&quot;tipo&quot;,&quot;taxonomyKey&quot;:&quot;vehica_6655&quot;},{&quot;id&quot;:3210,&quot;key&quot;:&quot;vehica_3210&quot;,&quot;name&quot;:&quot;TT&quot;,&quot;slug&quot;:&quot;tt&quot;,&quot;link&quot;:&quot;https:\\\/\\\/motorpor.pt\\\/en\\\/pesquisar\\\/?tipo=tt&quot;,&quot;postsNumber&quot;:1,&quot;type&quot;:&quot;vehica_term&quot;,&quot;parentTerm&quot;:false,&quot;carsEndpoint&quot;:&quot;https:\\\/\\\/motorpor.pt\\\/en\\\/wp-json\\\/vehica\\\/v1\\\/cars?tipo=tt&quot;,&quot;taxonomy&quot;:&quot;tipo&quot;,&quot;taxonomyKey&quot;:&quot;vehica_6655&quot;},{&quot;id&quot;:2625,&quot;key&quot;:&quot;vehica_2625&quot;,&quot;name&quot;:&quot;Cabrio&quot;,&quot;slug&quot;:&quot;cabrio&quot;,&quot;link&quot;:&quot;https:\\\/\\\/motorpor.pt\\\/en\\\/pesquisar\\\/?tipo=cabrio&quot;,&quot;postsNumber&quot;:0,&quot;type&quot;:&quot;vehica_term&quot;,&quot;parentTerm&quot;:false,&quot;carsEndpoint&quot;:&quot;https:\\\/\\\/motorpor.pt\\\/en\\\/wp-json\\\/vehica\\\/v1\\\/cars?tipo=cabrio&quot;,&quot;taxonomy&quot;:&quot;tipo&quot;,&quot;taxonomyKey&quot;:&quot;vehica_6655&quot;},{&quot;id&quot;:2928,&quot;key&quot;:&quot;vehica_2928&quot;,&quot;name&quot;:&quot;COMBI&quot;,&quot;slug&quot;:&quot;combi&quot;,&quot;link&quot;:&quot;https:\\\/\\\/motorpor.pt\\\/en\\\/pesquisar\\\/?tipo=combi&quot;,&quot;postsNumber&quot;:0,&quot;type&quot;:&quot;vehica_term&quot;,&quot;parentTerm&quot;:false,&quot;carsEndpoint&quot;:&quot;https:\\\/\\\/motorpor.pt\\\/en\\\/wp-json\\\/vehica\\\/v1\\\/cars?tipo=combi&quot;,&quot;taxonomy&quot;:&quot;tipo&quot;,&quot;taxonomyKey&quot;:&quot;vehica_6655&quot;},{&quot;id&quot;:3276,&quot;key&quot;:&quot;vehica_3276&quot;,&quot;name&quot;:&quot;Coup\\u00e3\\u00a9&quot;,&quot;slug&quot;:&quot;coupa&quot;,&quot;link&quot;:&quot;https:\\\/\\\/motorpor.pt\\\/en\\\/pesquisar\\\/?tipo=coupa&quot;,&quot;postsNumber&quot;:0,&quot;type&quot;:&quot;vehica_term&quot;,&quot;parentTerm&quot;:false,&quot;carsEndpoint&quot;:&quot;https:\\\/\\\/motorpor.pt\\\/en\\\/wp-json\\\/vehica\\\/v1\\\/cars?tipo=coupa&quot;,&quot;taxonomy&quot;:&quot;tipo&quot;,&quot;taxonomyKey&quot;:&quot;vehica_6655&quot;},{&quot;id&quot;:2621,&quot;key&quot;:&quot;vehica_2621&quot;,&quot;name&quot;:&quot;Coup\\u00e9&quot;,&quot;slug&quot;:&quot;coupe&quot;,&quot;link&quot;:&quot;https:\\\/\\\/motorpor.pt\\\/en\\\/pesquisar\\\/?tipo=coupe&quot;,&quot;postsNumber&quot;:0,&quot;type&quot;:&quot;vehica_term&quot;,&quot;parentTerm&quot;:false,&quot;carsEndpoint&quot;:&quot;https:\\\/\\\/motorpor.pt\\\/en\\\/wp-json\\\/vehica\\\/v1\\\/cars?tipo=coupe&quot;,&quot;taxonomy&quot;:&quot;tipo&quot;,&quot;taxonomyKey&quot;:&quot;vehica_6655&quot;},{&quot;id&quot;:2931,&quot;key&quot;:&quot;vehica_2931&quot;,&quot;name&quot;:&quot;Derivados de Turismo&quot;,&quot;slug&quot;:&quot;derivados-de-turismo&quot;,&quot;link&quot;:&quot;https:\\\/\\\/motorpor.pt\\\/en\\\/pesquisar\\\/?tipo=derivados-de-turismo&quot;,&quot;postsNumber&quot;:0,&quot;type&quot;:&quot;vehica_term&quot;,&quot;parentTerm&quot;:false,&quot;carsEndpoint&quot;:&quot;https:\\\/\\\/motorpor.pt\\\/en\\\/wp-json\\\/vehica\\\/v1\\\/cars?tipo=derivados-de-turismo&quot;,&quot;taxonomy&quot;:&quot;tipo&quot;,&quot;taxonomyKey&quot;:&quot;vehica_6655&quot;},{&quot;id&quot;:2923,&quot;key&quot;:&quot;vehica_2923&quot;,&quot;name&quot;:&quot;Hatchback&quot;,&quot;slug&quot;:&quot;hatchback&quot;,&quot;link&quot;:&quot;https:\\\/\\\/motorpor.pt\\\/en\\\/pesquisar\\\/?tipo=hatchback&quot;,&quot;postsNumber&quot;:0,&quot;type&quot;:&quot;vehica_term&quot;,&quot;parentTerm&quot;:false,&quot;carsEndpoint&quot;:&quot;https:\\\/\\\/motorpor.pt\\\/en\\\/wp-json\\\/vehica\\\/v1\\\/cars?tipo=hatchback&quot;,&quot;taxonomy&quot;:&quot;tipo&quot;,&quot;taxonomyKey&quot;:&quot;vehica_6655&quot;},{&quot;id&quot;:2925,&quot;key&quot;:&quot;vehica_2925&quot;,&quot;name&quot;:&quot;Monovolume&quot;,&quot;slug&quot;:&quot;monovolume&quot;,&quot;link&quot;:&quot;https:\\\/\\\/motorpor.pt\\\/en\\\/pesquisar\\\/?tipo=monovolume&quot;,&quot;postsNumber&quot;:0,&quot;type&quot;:&quot;vehica_term&quot;,&quot;parentTerm&quot;:false,&quot;carsEndpoint&quot;:&quot;https:\\\/\\\/motorpor.pt\\\/en\\\/wp-json\\\/vehica\\\/v1\\\/cars?tipo=monovolume&quot;,&quot;taxonomy&quot;:&quot;tipo&quot;,&quot;taxonomyKey&quot;:&quot;vehica_6655&quot;},{&quot;id&quot;:2619,&quot;key&quot;:&quot;vehica_2619&quot;,&quot;name&quot;:&quot;Monovolumes&quot;,&quot;slug&quot;:&quot;monovolumes&quot;,&quot;link&quot;:&quot;https:\\\/\\\/motorpor.pt\\\/en\\\/pesquisar\\\/?tipo=monovolumes&quot;,&quot;postsNumber&quot;:0,&quot;type&quot;:&quot;vehica_term&quot;,&quot;parentTerm&quot;:false,&quot;carsEndpoint&quot;:&quot;https:\\\/\\\/motorpor.pt\\\/en\\\/wp-json\\\/vehica\\\/v1\\\/cars?tipo=monovolumes&quot;,&quot;taxonomy&quot;:&quot;tipo&quot;,&quot;taxonomyKey&quot;:&quot;vehica_6655&quot;},{&quot;id&quot;:3346,&quot;key&quot;:&quot;vehica_3346&quot;,&quot;name&quot;:&quot;Roadster&quot;,&quot;slug&quot;:&quot;roadster&quot;,&quot;link&quot;:&quot;https:\\\/\\\/motorpor.pt\\\/en\\\/pesquisar\\\/?tipo=roadster&quot;,&quot;postsNumber&quot;:0,&quot;type&quot;:&quot;vehica_term&quot;,&quot;parentTerm&quot;:false,&quot;carsEndpoint&quot;:&quot;https:\\\/\\\/motorpor.pt\\\/en\\\/wp-json\\\/vehica\\\/v1\\\/cars?tipo=roadster&quot;,&quot;taxonomy&quot;:&quot;tipo&quot;,&quot;taxonomyKey&quot;:&quot;vehica_6655&quot;},{&quot;id&quot;:2617,&quot;key&quot;:&quot;vehica_2617&quot;,&quot;name&quot;:&quot;Sedan&quot;,&quot;slug&quot;:&quot;sedan&quot;,&quot;link&quot;:&quot;https:\\\/\\\/motorpor.pt\\\/en\\\/pesquisar\\\/?tipo=sedan&quot;,&quot;postsNumber&quot;:0,&quot;type&quot;:&quot;vehica_term&quot;,&quot;parentTerm&quot;:false,&quot;carsEndpoint&quot;:&quot;https:\\\/\\\/motorpor.pt\\\/en\\\/wp-json\\\/vehica\\\/v1\\\/cars?tipo=sedan&quot;,&quot;taxonomy&quot;:&quot;tipo&quot;,&quot;taxonomyKey&quot;:&quot;vehica_6655&quot;},{&quot;id&quot;:2949,&quot;key&quot;:&quot;vehica_2949&quot;,&quot;name&quot;:&quot;Targa&quot;,&quot;slug&quot;:&quot;targa&quot;,&quot;link&quot;:&quot;https:\\\/\\\/motorpor.pt\\\/en\\\/pesquisar\\\/?tipo=targa&quot;,&quot;postsNumber&quot;:0,&quot;type&quot;:&quot;vehica_term&quot;,&quot;parentTerm&quot;:false,&quot;carsEndpoint&quot;:&quot;https:\\\/\\\/motorpor.pt\\\/en\\\/wp-json\\\/vehica\\\/v1\\\/cars?tipo=targa&quot;,&quot;taxonomy&quot;:&quot;tipo&quot;,&quot;taxonomyKey&quot;:&quot;vehica_6655&quot;},{&quot;id&quot;:2927,&quot;key&quot;:&quot;vehica_2927&quot;,&quot;name&quot;:&quot;VE\\u00cdCULO MULTIUSO&quot;,&quot;slug&quot;:&quot;veiculo-multiuso&quot;,&quot;link&quot;:&quot;https:\\\/\\\/motorpor.pt\\\/en\\\/pesquisar\\\/?tipo=veiculo-multiuso&quot;,&quot;postsNumber&quot;:0,&quot;type&quot;:&quot;vehica_term&quot;,&quot;parentTerm&quot;:false,&quot;carsEndpoint&quot;:&quot;https:\\\/\\\/motorpor.pt\\\/en\\\/wp-json\\\/vehica\\\/v1\\\/cars?tipo=veiculo-multiuso&quot;,&quot;taxonomy&quot;:&quot;tipo&quot;,&quot;taxonomyKey&quot;:&quot;vehica_6655&quot;}]\"\r\n            when-empty=\"hide\"\r\n            :terms-count=\"searchFormProps.terms\"\r\n            :disable-sort=\"false\"\r\n            :has-parent=\"false\"\r\n            request-url=\"https:\/\/motorpor.pt\/wp-admin\/admin-post.php?action=vehica\/terms\/query\"\r\n                    >\r\n        <div slot-scope=\"taxonomyField\" :class=\"{'vehica-active-taxonomy': taxonomyField.selectedTerms.length > 0}\">\r\n            <h4 class=\"vehica-results__field__label\">\r\n                Tipo            <\/h4>\r\n\r\n                            <div v-if=\"false\" class=\"vehica-form-button\">\r\n                    Tipo de Veiculo                <\/div>\r\n\r\n                <template>\r\n                    <v-select\r\n                            label=\"name\"\r\n                            :options=\"taxonomyField.options\"\r\n                            :value=\"taxonomyField.getTerm(taxonomyField.selectedTerm)\"\r\n                            @input=\"taxonomyField.setTerm\"\r\n                            @search:focus=\"taxonomyField.onFocus\"\r\n                            :append-to-body=\"false\"\r\n                            :disabled=\"taxonomyField.disableField\"\r\n                            placeholder=\"Tipo de Veiculo\"\r\n                            :selectable=\"option => option.count > 0\"\r\n                                                    :searchable=\"false\"\r\n                                            >\r\n                        <template #option=\"option\">\r\n                            <div class=\"vehica-option\">\r\n                                <span v-html=\"option.name\"><\/span>\r\n\r\n                                                            <\/div>\r\n                        <\/template>\r\n\r\n                        <template #selected-option=\"option\">\r\n                            <span class=\"vehica-option-selected\" v-html=\"option.name\"><\/span>\r\n                        <\/template>\r\n\r\n                        <template #no-options=\"{ search, searching, loading }\">\r\n                            <span v-if=\"taxonomyField.inProgress\">\r\n                                <i class=\"vehica-loading-options-spinner fas fa-circle-notch fa-spin\"><\/i>\r\n\r\n                                Carregando                            <\/span>\r\n\r\n                            <span v-if=\"!taxonomyField.inProgress\">\r\n                                Nenhuma op\u00e7\u00e3o                            <\/span>\r\n                        <\/template>\r\n                    <\/v-select>\r\n                <\/template>\r\n                    <\/div>\r\n    <\/vehica-taxonomy-search-field>\r\n<\/div>\r\n<div class=\"vehica-results__field vehica-relation-field\">\r\n    <vehica-taxonomy-search-field\r\n            :taxonomy=\"{&quot;name&quot;:&quot;Marcas&quot;,&quot;key&quot;:&quot;vehica_6659&quot;,&quot;id&quot;:6659,&quot;parent&quot;:[],&quot;rewrite&quot;:&quot;marcas-carros&quot;}\"\r\n            :filters=\"searchFormProps.filters\"\r\n            :terms=\"[{&quot;id&quot;:2478,&quot;key&quot;:&quot;vehica_2478&quot;,&quot;name&quot;:&quot;Peugeot&quot;,&quot;slug&quot;:&quot;peugeot&quot;,&quot;link&quot;:&quot;https:\\\/\\\/motorpor.pt\\\/en\\\/pesquisar\\\/?marcas-carros=peugeot&quot;,&quot;postsNumber&quot;:138,&quot;type&quot;:&quot;vehica_term&quot;,&quot;parentTerm&quot;:false,&quot;carsEndpoint&quot;:&quot;https:\\\/\\\/motorpor.pt\\\/en\\\/wp-json\\\/vehica\\\/v1\\\/cars?marcas-carros=peugeot&quot;,&quot;taxonomy&quot;:&quot;marcas-carros&quot;,&quot;taxonomyKey&quot;:&quot;vehica_6659&quot;},{&quot;id&quot;:2486,&quot;key&quot;:&quot;vehica_2486&quot;,&quot;name&quot;:&quot;FIAT&quot;,&quot;slug&quot;:&quot;fiat&quot;,&quot;link&quot;:&quot;https:\\\/\\\/motorpor.pt\\\/en\\\/pesquisar\\\/?marcas-carros=fiat&quot;,&quot;postsNumber&quot;:64,&quot;type&quot;:&quot;vehica_term&quot;,&quot;parentTerm&quot;:false,&quot;carsEndpoint&quot;:&quot;https:\\\/\\\/motorpor.pt\\\/en\\\/wp-json\\\/vehica\\\/v1\\\/cars?marcas-carros=fiat&quot;,&quot;taxonomy&quot;:&quot;marcas-carros&quot;,&quot;taxonomyKey&quot;:&quot;vehica_6659&quot;},{&quot;id&quot;:2552,&quot;key&quot;:&quot;vehica_2552&quot;,&quot;name&quot;:&quot;OPEL&quot;,&quot;slug&quot;:&quot;opel&quot;,&quot;link&quot;:&quot;https:\\\/\\\/motorpor.pt\\\/en\\\/pesquisar\\\/?marcas-carros=opel&quot;,&quot;postsNumber&quot;:62,&quot;type&quot;:&quot;vehica_term&quot;,&quot;parentTerm&quot;:false,&quot;carsEndpoint&quot;:&quot;https:\\\/\\\/motorpor.pt\\\/en\\\/wp-json\\\/vehica\\\/v1\\\/cars?marcas-carros=opel&quot;,&quot;taxonomy&quot;:&quot;marcas-carros&quot;,&quot;taxonomyKey&quot;:&quot;vehica_6659&quot;},{&quot;id&quot;:2481,&quot;key&quot;:&quot;vehica_2481&quot;,&quot;name&quot;:&quot;Citroen&quot;,&quot;slug&quot;:&quot;citroen&quot;,&quot;link&quot;:&quot;https:\\\/\\\/motorpor.pt\\\/en\\\/pesquisar\\\/?marcas-carros=citroen&quot;,&quot;postsNumber&quot;:48,&quot;type&quot;:&quot;vehica_term&quot;,&quot;parentTerm&quot;:false,&quot;carsEndpoint&quot;:&quot;https:\\\/\\\/motorpor.pt\\\/en\\\/wp-json\\\/vehica\\\/v1\\\/cars?marcas-carros=citroen&quot;,&quot;taxonomy&quot;:&quot;marcas-carros&quot;,&quot;taxonomyKey&quot;:&quot;vehica_6659&quot;},{&quot;id&quot;:2489,&quot;key&quot;:&quot;vehica_2489&quot;,&quot;name&quot;:&quot;RENAULT&quot;,&quot;slug&quot;:&quot;renault&quot;,&quot;link&quot;:&quot;https:\\\/\\\/motorpor.pt\\\/en\\\/pesquisar\\\/?marcas-carros=renault&quot;,&quot;postsNumber&quot;:29,&quot;type&quot;:&quot;vehica_term&quot;,&quot;parentTerm&quot;:false,&quot;carsEndpoint&quot;:&quot;https:\\\/\\\/motorpor.pt\\\/en\\\/wp-json\\\/vehica\\\/v1\\\/cars?marcas-carros=renault&quot;,&quot;taxonomy&quot;:&quot;marcas-carros&quot;,&quot;taxonomyKey&quot;:&quot;vehica_6659&quot;},{&quot;id&quot;:2781,&quot;key&quot;:&quot;vehica_2781&quot;,&quot;name&quot;:&quot;Kia&quot;,&quot;slug&quot;:&quot;kia&quot;,&quot;link&quot;:&quot;https:\\\/\\\/motorpor.pt\\\/en\\\/pesquisar\\\/?marcas-carros=kia&quot;,&quot;postsNumber&quot;:37,&quot;type&quot;:&quot;vehica_term&quot;,&quot;parentTerm&quot;:false,&quot;carsEndpoint&quot;:&quot;https:\\\/\\\/motorpor.pt\\\/en\\\/wp-json\\\/vehica\\\/v1\\\/cars?marcas-carros=kia&quot;,&quot;taxonomy&quot;:&quot;marcas-carros&quot;,&quot;taxonomyKey&quot;:&quot;vehica_6659&quot;},{&quot;id&quot;:2801,&quot;key&quot;:&quot;vehica_2801&quot;,&quot;name&quot;:&quot;Jeep&quot;,&quot;slug&quot;:&quot;jeep&quot;,&quot;link&quot;:&quot;https:\\\/\\\/motorpor.pt\\\/en\\\/pesquisar\\\/?marcas-carros=jeep&quot;,&quot;postsNumber&quot;:26,&quot;type&quot;:&quot;vehica_term&quot;,&quot;parentTerm&quot;:false,&quot;carsEndpoint&quot;:&quot;https:\\\/\\\/motorpor.pt\\\/en\\\/wp-json\\\/vehica\\\/v1\\\/cars?marcas-carros=jeep&quot;,&quot;taxonomy&quot;:&quot;marcas-carros&quot;,&quot;taxonomyKey&quot;:&quot;vehica_6659&quot;},{&quot;id&quot;:2479,&quot;key&quot;:&quot;vehica_2479&quot;,&quot;name&quot;:&quot;Dacia&quot;,&quot;slug&quot;:&quot;dacia&quot;,&quot;link&quot;:&quot;https:\\\/\\\/motorpor.pt\\\/en\\\/pesquisar\\\/?marcas-carros=dacia&quot;,&quot;postsNumber&quot;:14,&quot;type&quot;:&quot;vehica_term&quot;,&quot;parentTerm&quot;:false,&quot;carsEndpoint&quot;:&quot;https:\\\/\\\/motorpor.pt\\\/en\\\/wp-json\\\/vehica\\\/v1\\\/cars?marcas-carros=dacia&quot;,&quot;taxonomy&quot;:&quot;marcas-carros&quot;,&quot;taxonomyKey&quot;:&quot;vehica_6659&quot;},{&quot;id&quot;:2759,&quot;key&quot;:&quot;vehica_2759&quot;,&quot;name&quot;:&quot;Alfa-Romeo&quot;,&quot;slug&quot;:&quot;alfa-romeo&quot;,&quot;link&quot;:&quot;https:\\\/\\\/motorpor.pt\\\/en\\\/pesquisar\\\/?marcas-carros=alfa-romeo&quot;,&quot;postsNumber&quot;:12,&quot;type&quot;:&quot;vehica_term&quot;,&quot;parentTerm&quot;:false,&quot;carsEndpoint&quot;:&quot;https:\\\/\\\/motorpor.pt\\\/en\\\/wp-json\\\/vehica\\\/v1\\\/cars?marcas-carros=alfa-romeo&quot;,&quot;taxonomy&quot;:&quot;marcas-carros&quot;,&quot;taxonomyKey&quot;:&quot;vehica_6659&quot;},{&quot;id&quot;:2744,&quot;key&quot;:&quot;vehica_2744&quot;,&quot;name&quot;:&quot;Mazda&quot;,&quot;slug&quot;:&quot;mazda&quot;,&quot;link&quot;:&quot;https:\\\/\\\/motorpor.pt\\\/en\\\/pesquisar\\\/?marcas-carros=mazda&quot;,&quot;postsNumber&quot;:11,&quot;type&quot;:&quot;vehica_term&quot;,&quot;parentTerm&quot;:false,&quot;carsEndpoint&quot;:&quot;https:\\\/\\\/motorpor.pt\\\/en\\\/wp-json\\\/vehica\\\/v1\\\/cars?marcas-carros=mazda&quot;,&quot;taxonomy&quot;:&quot;marcas-carros&quot;,&quot;taxonomyKey&quot;:&quot;vehica_6659&quot;},{&quot;id&quot;:2775,&quot;key&quot;:&quot;vehica_2775&quot;,&quot;name&quot;:&quot;Mitsubishi&quot;,&quot;slug&quot;:&quot;mitsubishi&quot;,&quot;link&quot;:&quot;https:\\\/\\\/motorpor.pt\\\/en\\\/pesquisar\\\/?marcas-carros=mitsubishi&quot;,&quot;postsNumber&quot;:10,&quot;type&quot;:&quot;vehica_term&quot;,&quot;parentTerm&quot;:false,&quot;carsEndpoint&quot;:&quot;https:\\\/\\\/motorpor.pt\\\/en\\\/wp-json\\\/vehica\\\/v1\\\/cars?marcas-carros=mitsubishi&quot;,&quot;taxonomy&quot;:&quot;marcas-carros&quot;,&quot;taxonomyKey&quot;:&quot;vehica_6659&quot;},{&quot;id&quot;:3067,&quot;key&quot;:&quot;vehica_3067&quot;,&quot;name&quot;:&quot;MG&quot;,&quot;slug&quot;:&quot;mg&quot;,&quot;link&quot;:&quot;https:\\\/\\\/motorpor.pt\\\/en\\\/pesquisar\\\/?marcas-carros=mg&quot;,&quot;postsNumber&quot;:8,&quot;type&quot;:&quot;vehica_term&quot;,&quot;parentTerm&quot;:false,&quot;carsEndpoint&quot;:&quot;https:\\\/\\\/motorpor.pt\\\/en\\\/wp-json\\\/vehica\\\/v1\\\/cars?marcas-carros=mg&quot;,&quot;taxonomy&quot;:&quot;marcas-carros&quot;,&quot;taxonomyKey&quot;:&quot;vehica_6659&quot;},{&quot;id&quot;:3172,&quot;key&quot;:&quot;vehica_3172&quot;,&quot;name&quot;:&quot;KGM&quot;,&quot;slug&quot;:&quot;kgm&quot;,&quot;link&quot;:&quot;https:\\\/\\\/motorpor.pt\\\/en\\\/pesquisar\\\/?marcas-carros=kgm&quot;,&quot;postsNumber&quot;:7,&quot;type&quot;:&quot;vehica_term&quot;,&quot;parentTerm&quot;:false,&quot;carsEndpoint&quot;:&quot;https:\\\/\\\/motorpor.pt\\\/en\\\/wp-json\\\/vehica\\\/v1\\\/cars?marcas-carros=kgm&quot;,&quot;taxonomy&quot;:&quot;marcas-carros&quot;,&quot;taxonomyKey&quot;:&quot;vehica_6659&quot;},{&quot;id&quot;:2482,&quot;key&quot;:&quot;vehica_2482&quot;,&quot;name&quot;:&quot;DS&quot;,&quot;slug&quot;:&quot;ds&quot;,&quot;link&quot;:&quot;https:\\\/\\\/motorpor.pt\\\/en\\\/pesquisar\\\/?marcas-carros=ds&quot;,&quot;postsNumber&quot;:6,&quot;type&quot;:&quot;vehica_term&quot;,&quot;parentTerm&quot;:false,&quot;carsEndpoint&quot;:&quot;https:\\\/\\\/motorpor.pt\\\/en\\\/wp-json\\\/vehica\\\/v1\\\/cars?marcas-carros=ds&quot;,&quot;taxonomy&quot;:&quot;marcas-carros&quot;,&quot;taxonomyKey&quot;:&quot;vehica_6659&quot;},{&quot;id&quot;:3106,&quot;key&quot;:&quot;vehica_3106&quot;,&quot;name&quot;:&quot;Ds Automobiles&quot;,&quot;slug&quot;:&quot;ds-automobiles&quot;,&quot;link&quot;:&quot;https:\\\/\\\/motorpor.pt\\\/en\\\/pesquisar\\\/?marcas-carros=ds-automobiles&quot;,&quot;postsNumber&quot;:6,&quot;type&quot;:&quot;vehica_term&quot;,&quot;parentTerm&quot;:false,&quot;carsEndpoint&quot;:&quot;https:\\\/\\\/motorpor.pt\\\/en\\\/wp-json\\\/vehica\\\/v1\\\/cars?marcas-carros=ds-automobiles&quot;,&quot;taxonomy&quot;:&quot;marcas-carros&quot;,&quot;taxonomyKey&quot;:&quot;vehica_6659&quot;},{&quot;id&quot;:3164,&quot;key&quot;:&quot;vehica_3164&quot;,&quot;name&quot;:&quot;Maxus&quot;,&quot;slug&quot;:&quot;maxus&quot;,&quot;link&quot;:&quot;https:\\\/\\\/motorpor.pt\\\/en\\\/pesquisar\\\/?marcas-carros=maxus&quot;,&quot;postsNumber&quot;:6,&quot;type&quot;:&quot;vehica_term&quot;,&quot;parentTerm&quot;:false,&quot;carsEndpoint&quot;:&quot;https:\\\/\\\/motorpor.pt\\\/en\\\/wp-json\\\/vehica\\\/v1\\\/cars?marcas-carros=maxus&quot;,&quot;taxonomy&quot;:&quot;marcas-carros&quot;,&quot;taxonomyKey&quot;:&quot;vehica_6659&quot;},{&quot;id&quot;:2761,&quot;key&quot;:&quot;vehica_2761&quot;,&quot;name&quot;:&quot;Nissan&quot;,&quot;slug&quot;:&quot;nissan&quot;,&quot;link&quot;:&quot;https:\\\/\\\/motorpor.pt\\\/en\\\/pesquisar\\\/?marcas-carros=nissan&quot;,&quot;postsNumber&quot;:6,&quot;type&quot;:&quot;vehica_term&quot;,&quot;parentTerm&quot;:false,&quot;carsEndpoint&quot;:&quot;https:\\\/\\\/motorpor.pt\\\/en\\\/wp-json\\\/vehica\\\/v1\\\/cars?marcas-carros=nissan&quot;,&quot;taxonomy&quot;:&quot;marcas-carros&quot;,&quot;taxonomyKey&quot;:&quot;vehica_6659&quot;},{&quot;id&quot;:2646,&quot;key&quot;:&quot;vehica_2646&quot;,&quot;name&quot;:&quot;Volkswagen&quot;,&quot;slug&quot;:&quot;volkswagen&quot;,&quot;link&quot;:&quot;https:\\\/\\\/motorpor.pt\\\/en\\\/pesquisar\\\/?marcas-carros=volkswagen&quot;,&quot;postsNumber&quot;:6,&quot;type&quot;:&quot;vehica_term&quot;,&quot;parentTerm&quot;:false,&quot;carsEndpoint&quot;:&quot;https:\\\/\\\/motorpor.pt\\\/en\\\/wp-json\\\/vehica\\\/v1\\\/cars?marcas-carros=volkswagen&quot;,&quot;taxonomy&quot;:&quot;marcas-carros&quot;,&quot;taxonomyKey&quot;:&quot;vehica_6659&quot;},{&quot;id&quot;:2955,&quot;key&quot;:&quot;vehica_2955&quot;,&quot;name&quot;:&quot;Mercedes&quot;,&quot;slug&quot;:&quot;mercedes&quot;,&quot;link&quot;:&quot;https:\\\/\\\/motorpor.pt\\\/en\\\/pesquisar\\\/?marcas-carros=mercedes&quot;,&quot;postsNumber&quot;:5,&quot;type&quot;:&quot;vehica_term&quot;,&quot;parentTerm&quot;:false,&quot;carsEndpoint&quot;:&quot;https:\\\/\\\/motorpor.pt\\\/en\\\/wp-json\\\/vehica\\\/v1\\\/cars?marcas-carros=mercedes&quot;,&quot;taxonomy&quot;:&quot;marcas-carros&quot;,&quot;taxonomyKey&quot;:&quot;vehica_6659&quot;},{&quot;id&quot;:2971,&quot;key&quot;:&quot;vehica_2971&quot;,&quot;name&quot;:&quot;Abarth&quot;,&quot;slug&quot;:&quot;abarth&quot;,&quot;link&quot;:&quot;https:\\\/\\\/motorpor.pt\\\/en\\\/pesquisar\\\/?marcas-carros=abarth&quot;,&quot;postsNumber&quot;:4,&quot;type&quot;:&quot;vehica_term&quot;,&quot;parentTerm&quot;:false,&quot;carsEndpoint&quot;:&quot;https:\\\/\\\/motorpor.pt\\\/en\\\/wp-json\\\/vehica\\\/v1\\\/cars?marcas-carros=abarth&quot;,&quot;taxonomy&quot;:&quot;marcas-carros&quot;,&quot;taxonomyKey&quot;:&quot;vehica_6659&quot;},{&quot;id&quot;:2794,&quot;key&quot;:&quot;vehica_2794&quot;,&quot;name&quot;:&quot;Hyundai&quot;,&quot;slug&quot;:&quot;hyundai&quot;,&quot;link&quot;:&quot;https:\\\/\\\/motorpor.pt\\\/en\\\/pesquisar\\\/?marcas-carros=hyundai&quot;,&quot;postsNumber&quot;:3,&quot;type&quot;:&quot;vehica_term&quot;,&quot;parentTerm&quot;:false,&quot;carsEndpoint&quot;:&quot;https:\\\/\\\/motorpor.pt\\\/en\\\/wp-json\\\/vehica\\\/v1\\\/cars?marcas-carros=hyundai&quot;,&quot;taxonomy&quot;:&quot;marcas-carros&quot;,&quot;taxonomyKey&quot;:&quot;vehica_6659&quot;},{&quot;id&quot;:2952,&quot;key&quot;:&quot;vehica_2952&quot;,&quot;name&quot;:&quot;Isuzu&quot;,&quot;slug&quot;:&quot;isuzu&quot;,&quot;link&quot;:&quot;https:\\\/\\\/motorpor.pt\\\/en\\\/pesquisar\\\/?marcas-carros=isuzu&quot;,&quot;postsNumber&quot;:3,&quot;type&quot;:&quot;vehica_term&quot;,&quot;parentTerm&quot;:false,&quot;carsEndpoint&quot;:&quot;https:\\\/\\\/motorpor.pt\\\/en\\\/wp-json\\\/vehica\\\/v1\\\/cars?marcas-carros=isuzu&quot;,&quot;taxonomy&quot;:&quot;marcas-carros&quot;,&quot;taxonomyKey&quot;:&quot;vehica_6659&quot;},{&quot;id&quot;:3384,&quot;key&quot;:&quot;vehica_3384&quot;,&quot;name&quot;:&quot;Leapmotor&quot;,&quot;slug&quot;:&quot;leapmotor&quot;,&quot;link&quot;:&quot;https:\\\/\\\/motorpor.pt\\\/en\\\/pesquisar\\\/?marcas-carros=leapmotor&quot;,&quot;postsNumber&quot;:3,&quot;type&quot;:&quot;vehica_term&quot;,&quot;parentTerm&quot;:false,&quot;carsEndpoint&quot;:&quot;https:\\\/\\\/motorpor.pt\\\/en\\\/wp-json\\\/vehica\\\/v1\\\/cars?marcas-carros=leapmotor&quot;,&quot;taxonomy&quot;:&quot;marcas-carros&quot;,&quot;taxonomyKey&quot;:&quot;vehica_6659&quot;},{&quot;id&quot;:2755,&quot;key&quot;:&quot;vehica_2755&quot;,&quot;name&quot;:&quot;Seat&quot;,&quot;slug&quot;:&quot;seat&quot;,&quot;link&quot;:&quot;https:\\\/\\\/motorpor.pt\\\/en\\\/pesquisar\\\/?marcas-carros=seat&quot;,&quot;postsNumber&quot;:3,&quot;type&quot;:&quot;vehica_term&quot;,&quot;parentTerm&quot;:false,&quot;carsEndpoint&quot;:&quot;https:\\\/\\\/motorpor.pt\\\/en\\\/wp-json\\\/vehica\\\/v1\\\/cars?marcas-carros=seat&quot;,&quot;taxonomy&quot;:&quot;marcas-carros&quot;,&quot;taxonomyKey&quot;:&quot;vehica_6659&quot;},{&quot;id&quot;:2341,&quot;key&quot;:&quot;vehica_2341&quot;,&quot;name&quot;:&quot;BMW&quot;,&quot;slug&quot;:&quot;bmw&quot;,&quot;link&quot;:&quot;https:\\\/\\\/motorpor.pt\\\/en\\\/pesquisar\\\/?marcas-carros=bmw&quot;,&quot;postsNumber&quot;:2,&quot;type&quot;:&quot;vehica_term&quot;,&quot;parentTerm&quot;:false,&quot;carsEndpoint&quot;:&quot;https:\\\/\\\/motorpor.pt\\\/en\\\/wp-json\\\/vehica\\\/v1\\\/cars?marcas-carros=bmw&quot;,&quot;taxonomy&quot;:&quot;marcas-carros&quot;,&quot;taxonomyKey&quot;:&quot;vehica_6659&quot;},{&quot;id&quot;:3237,&quot;key&quot;:&quot;vehica_3237&quot;,&quot;name&quot;:&quot;Changan&quot;,&quot;slug&quot;:&quot;changan&quot;,&quot;link&quot;:&quot;https:\\\/\\\/motorpor.pt\\\/en\\\/pesquisar\\\/?marcas-carros=changan&quot;,&quot;postsNumber&quot;:2,&quot;type&quot;:&quot;vehica_term&quot;,&quot;parentTerm&quot;:false,&quot;carsEndpoint&quot;:&quot;https:\\\/\\\/motorpor.pt\\\/en\\\/wp-json\\\/vehica\\\/v1\\\/cars?marcas-carros=changan&quot;,&quot;taxonomy&quot;:&quot;marcas-carros&quot;,&quot;taxonomyKey&quot;:&quot;vehica_6659&quot;},{&quot;id&quot;:3173,&quot;key&quot;:&quot;vehica_3173&quot;,&quot;name&quot;:&quot;FUSO&quot;,&quot;slug&quot;:&quot;fuso&quot;,&quot;link&quot;:&quot;https:\\\/\\\/motorpor.pt\\\/en\\\/pesquisar\\\/?marcas-carros=fuso&quot;,&quot;postsNumber&quot;:2,&quot;type&quot;:&quot;vehica_term&quot;,&quot;parentTerm&quot;:false,&quot;carsEndpoint&quot;:&quot;https:\\\/\\\/motorpor.pt\\\/en\\\/wp-json\\\/vehica\\\/v1\\\/cars?marcas-carros=fuso&quot;,&quot;taxonomy&quot;:&quot;marcas-carros&quot;,&quot;taxonomyKey&quot;:&quot;vehica_6659&quot;},{&quot;id&quot;:2506,&quot;key&quot;:&quot;vehica_2506&quot;,&quot;name&quot;:&quot;TOYOTA&quot;,&quot;slug&quot;:&quot;toyota&quot;,&quot;link&quot;:&quot;https:\\\/\\\/motorpor.pt\\\/en\\\/pesquisar\\\/?marcas-carros=toyota&quot;,&quot;postsNumber&quot;:2,&quot;type&quot;:&quot;vehica_term&quot;,&quot;parentTerm&quot;:false,&quot;carsEndpoint&quot;:&quot;https:\\\/\\\/motorpor.pt\\\/en\\\/wp-json\\\/vehica\\\/v1\\\/cars?marcas-carros=toyota&quot;,&quot;taxonomy&quot;:&quot;marcas-carros&quot;,&quot;taxonomyKey&quot;:&quot;vehica_6659&quot;},{&quot;id&quot;:3134,&quot;key&quot;:&quot;vehica_3134&quot;,&quot;name&quot;:&quot;Volvo&quot;,&quot;slug&quot;:&quot;volvo&quot;,&quot;link&quot;:&quot;https:\\\/\\\/motorpor.pt\\\/en\\\/pesquisar\\\/?marcas-carros=volvo&quot;,&quot;postsNumber&quot;:2,&quot;type&quot;:&quot;vehica_term&quot;,&quot;parentTerm&quot;:false,&quot;carsEndpoint&quot;:&quot;https:\\\/\\\/motorpor.pt\\\/en\\\/wp-json\\\/vehica\\\/v1\\\/cars?marcas-carros=volvo&quot;,&quot;taxonomy&quot;:&quot;marcas-carros&quot;,&quot;taxonomyKey&quot;:&quot;vehica_6659&quot;},{&quot;id&quot;:2329,&quot;key&quot;:&quot;vehica_2329&quot;,&quot;name&quot;:&quot;Ford&quot;,&quot;slug&quot;:&quot;ford&quot;,&quot;link&quot;:&quot;https:\\\/\\\/motorpor.pt\\\/en\\\/pesquisar\\\/?marcas-carros=ford&quot;,&quot;postsNumber&quot;:1,&quot;type&quot;:&quot;vehica_term&quot;,&quot;parentTerm&quot;:false,&quot;carsEndpoint&quot;:&quot;https:\\\/\\\/motorpor.pt\\\/en\\\/wp-json\\\/vehica\\\/v1\\\/cars?marcas-carros=ford&quot;,&quot;taxonomy&quot;:&quot;marcas-carros&quot;,&quot;taxonomyKey&quot;:&quot;vehica_6659&quot;},{&quot;id&quot;:3325,&quot;key&quot;:&quot;vehica_3325&quot;,&quot;name&quot;:&quot;Smart&quot;,&quot;slug&quot;:&quot;smart&quot;,&quot;link&quot;:&quot;https:\\\/\\\/motorpor.pt\\\/en\\\/pesquisar\\\/?marcas-carros=smart&quot;,&quot;postsNumber&quot;:1,&quot;type&quot;:&quot;vehica_term&quot;,&quot;parentTerm&quot;:false,&quot;carsEndpoint&quot;:&quot;https:\\\/\\\/motorpor.pt\\\/en\\\/wp-json\\\/vehica\\\/v1\\\/cars?marcas-carros=smart&quot;,&quot;taxonomy&quot;:&quot;marcas-carros&quot;,&quot;taxonomyKey&quot;:&quot;vehica_6659&quot;},{&quot;id&quot;:2339,&quot;key&quot;:&quot;vehica_2339&quot;,&quot;name&quot;:&quot;Audi&quot;,&quot;slug&quot;:&quot;audi&quot;,&quot;link&quot;:&quot;https:\\\/\\\/motorpor.pt\\\/en\\\/pesquisar\\\/?marcas-carros=audi&quot;,&quot;postsNumber&quot;:0,&quot;type&quot;:&quot;vehica_term&quot;,&quot;parentTerm&quot;:false,&quot;carsEndpoint&quot;:&quot;https:\\\/\\\/motorpor.pt\\\/en\\\/wp-json\\\/vehica\\\/v1\\\/cars?marcas-carros=audi&quot;,&quot;taxonomy&quot;:&quot;marcas-carros&quot;,&quot;taxonomyKey&quot;:&quot;vehica_6659&quot;},{&quot;id&quot;:2348,&quot;key&quot;:&quot;vehica_2348&quot;,&quot;name&quot;:&quot;Bentley&quot;,&quot;slug&quot;:&quot;bentley&quot;,&quot;link&quot;:&quot;https:\\\/\\\/motorpor.pt\\\/en\\\/pesquisar\\\/?marcas-carros=bentley&quot;,&quot;postsNumber&quot;:0,&quot;type&quot;:&quot;vehica_term&quot;,&quot;parentTerm&quot;:false,&quot;carsEndpoint&quot;:&quot;https:\\\/\\\/motorpor.pt\\\/en\\\/wp-json\\\/vehica\\\/v1\\\/cars?marcas-carros=bentley&quot;,&quot;taxonomy&quot;:&quot;marcas-carros&quot;,&quot;taxonomyKey&quot;:&quot;vehica_6659&quot;},{&quot;id&quot;:2350,&quot;key&quot;:&quot;vehica_2350&quot;,&quot;name&quot;:&quot;Cadillac&quot;,&quot;slug&quot;:&quot;cadillac&quot;,&quot;link&quot;:&quot;https:\\\/\\\/motorpor.pt\\\/en\\\/pesquisar\\\/?marcas-carros=cadillac&quot;,&quot;postsNumber&quot;:0,&quot;type&quot;:&quot;vehica_term&quot;,&quot;parentTerm&quot;:false,&quot;carsEndpoint&quot;:&quot;https:\\\/\\\/motorpor.pt\\\/en\\\/wp-json\\\/vehica\\\/v1\\\/cars?marcas-carros=cadillac&quot;,&quot;taxonomy&quot;:&quot;marcas-carros&quot;,&quot;taxonomyKey&quot;:&quot;vehica_6659&quot;},{&quot;id&quot;:2335,&quot;key&quot;:&quot;vehica_2335&quot;,&quot;name&quot;:&quot;Chevrolet&quot;,&quot;slug&quot;:&quot;chevrolet&quot;,&quot;link&quot;:&quot;https:\\\/\\\/motorpor.pt\\\/en\\\/pesquisar\\\/?marcas-carros=chevrolet&quot;,&quot;postsNumber&quot;:0,&quot;type&quot;:&quot;vehica_term&quot;,&quot;parentTerm&quot;:false,&quot;carsEndpoint&quot;:&quot;https:\\\/\\\/motorpor.pt\\\/en\\\/wp-json\\\/vehica\\\/v1\\\/cars?marcas-carros=chevrolet&quot;,&quot;taxonomy&quot;:&quot;marcas-carros&quot;,&quot;taxonomyKey&quot;:&quot;vehica_6659&quot;},{&quot;id&quot;:3162,&quot;key&quot;:&quot;vehica_3162&quot;,&quot;name&quot;:&quot;Cupra&quot;,&quot;slug&quot;:&quot;cupra&quot;,&quot;link&quot;:&quot;https:\\\/\\\/motorpor.pt\\\/en\\\/pesquisar\\\/?marcas-carros=cupra&quot;,&quot;postsNumber&quot;:0,&quot;type&quot;:&quot;vehica_term&quot;,&quot;parentTerm&quot;:false,&quot;carsEndpoint&quot;:&quot;https:\\\/\\\/motorpor.pt\\\/en\\\/wp-json\\\/vehica\\\/v1\\\/cars?marcas-carros=cupra&quot;,&quot;taxonomy&quot;:&quot;marcas-carros&quot;,&quot;taxonomyKey&quot;:&quot;vehica_6659&quot;},{&quot;id&quot;:2333,&quot;key&quot;:&quot;vehica_2333&quot;,&quot;name&quot;:&quot;Ferrari&quot;,&quot;slug&quot;:&quot;ferrari&quot;,&quot;link&quot;:&quot;https:\\\/\\\/motorpor.pt\\\/en\\\/pesquisar\\\/?marcas-carros=ferrari&quot;,&quot;postsNumber&quot;:0,&quot;type&quot;:&quot;vehica_term&quot;,&quot;parentTerm&quot;:false,&quot;carsEndpoint&quot;:&quot;https:\\\/\\\/motorpor.pt\\\/en\\\/wp-json\\\/vehica\\\/v1\\\/cars?marcas-carros=ferrari&quot;,&quot;taxonomy&quot;:&quot;marcas-carros&quot;,&quot;taxonomyKey&quot;:&quot;vehica_6659&quot;},{&quot;id&quot;:3116,&quot;key&quot;:&quot;vehica_3116&quot;,&quot;name&quot;:&quot;Honda&quot;,&quot;slug&quot;:&quot;honda&quot;,&quot;link&quot;:&quot;https:\\\/\\\/motorpor.pt\\\/en\\\/pesquisar\\\/?marcas-carros=honda&quot;,&quot;postsNumber&quot;:0,&quot;type&quot;:&quot;vehica_term&quot;,&quot;parentTerm&quot;:false,&quot;carsEndpoint&quot;:&quot;https:\\\/\\\/motorpor.pt\\\/en\\\/wp-json\\\/vehica\\\/v1\\\/cars?marcas-carros=honda&quot;,&quot;taxonomy&quot;:&quot;marcas-carros&quot;,&quot;taxonomyKey&quot;:&quot;vehica_6659&quot;},{&quot;id&quot;:2326,&quot;key&quot;:&quot;vehica_2326&quot;,&quot;name&quot;:&quot;Mercedes-Benz&quot;,&quot;slug&quot;:&quot;mercedes-benz&quot;,&quot;link&quot;:&quot;https:\\\/\\\/motorpor.pt\\\/en\\\/pesquisar\\\/?marcas-carros=mercedes-benz&quot;,&quot;postsNumber&quot;:0,&quot;type&quot;:&quot;vehica_term&quot;,&quot;parentTerm&quot;:false,&quot;carsEndpoint&quot;:&quot;https:\\\/\\\/motorpor.pt\\\/en\\\/wp-json\\\/vehica\\\/v1\\\/cars?marcas-carros=mercedes-benz&quot;,&quot;taxonomy&quot;:&quot;marcas-carros&quot;,&quot;taxonomyKey&quot;:&quot;vehica_6659&quot;},{&quot;id&quot;:3080,&quot;key&quot;:&quot;vehica_3080&quot;,&quot;name&quot;:&quot;Mini&quot;,&quot;slug&quot;:&quot;mini&quot;,&quot;link&quot;:&quot;https:\\\/\\\/motorpor.pt\\\/en\\\/pesquisar\\\/?marcas-carros=mini&quot;,&quot;postsNumber&quot;:0,&quot;type&quot;:&quot;vehica_term&quot;,&quot;parentTerm&quot;:false,&quot;carsEndpoint&quot;:&quot;https:\\\/\\\/motorpor.pt\\\/en\\\/wp-json\\\/vehica\\\/v1\\\/cars?marcas-carros=mini&quot;,&quot;taxonomy&quot;:&quot;marcas-carros&quot;,&quot;taxonomyKey&quot;:&quot;vehica_6659&quot;},{&quot;id&quot;:2649,&quot;key&quot;:&quot;vehica_2649&quot;,&quot;name&quot;:&quot;Skoda&quot;,&quot;slug&quot;:&quot;skoda&quot;,&quot;link&quot;:&quot;https:\\\/\\\/motorpor.pt\\\/en\\\/pesquisar\\\/?marcas-carros=skoda&quot;,&quot;postsNumber&quot;:0,&quot;type&quot;:&quot;vehica_term&quot;,&quot;parentTerm&quot;:false,&quot;carsEndpoint&quot;:&quot;https:\\\/\\\/motorpor.pt\\\/en\\\/wp-json\\\/vehica\\\/v1\\\/cars?marcas-carros=skoda&quot;,&quot;taxonomy&quot;:&quot;marcas-carros&quot;,&quot;taxonomyKey&quot;:&quot;vehica_6659&quot;},{&quot;id&quot;:3222,&quot;key&quot;:&quot;vehica_3222&quot;,&quot;name&quot;:&quot;Vw&quot;,&quot;slug&quot;:&quot;vw&quot;,&quot;link&quot;:&quot;https:\\\/\\\/motorpor.pt\\\/en\\\/pesquisar\\\/?marcas-carros=vw&quot;,&quot;postsNumber&quot;:0,&quot;type&quot;:&quot;vehica_term&quot;,&quot;parentTerm&quot;:false,&quot;carsEndpoint&quot;:&quot;https:\\\/\\\/motorpor.pt\\\/en\\\/wp-json\\\/vehica\\\/v1\\\/cars?marcas-carros=vw&quot;,&quot;taxonomy&quot;:&quot;marcas-carros&quot;,&quot;taxonomyKey&quot;:&quot;vehica_6659&quot;}]\"\r\n            when-empty=\"hide\"\r\n            :terms-count=\"searchFormProps.terms\"\r\n            :disable-sort=\"false\"\r\n            :has-parent=\"false\"\r\n            request-url=\"https:\/\/motorpor.pt\/wp-admin\/admin-post.php?action=vehica\/terms\/query\"\r\n                    >\r\n        <div slot-scope=\"taxonomyField\" :class=\"{'vehica-active-taxonomy': taxonomyField.selectedTerms.length > 0}\">\r\n            <h4 class=\"vehica-results__field__label\">\r\n                Marcas            <\/h4>\r\n\r\n                            <div v-if=\"false\" class=\"vehica-form-button\">\r\n                    Marcas                <\/div>\r\n\r\n                <template>\r\n                    <v-select\r\n                            label=\"name\"\r\n                            :options=\"taxonomyField.options\"\r\n                            :value=\"taxonomyField.getTerm(taxonomyField.selectedTerm)\"\r\n                            @input=\"taxonomyField.setTerm\"\r\n                            @search:focus=\"taxonomyField.onFocus\"\r\n                            :append-to-body=\"false\"\r\n                            :disabled=\"taxonomyField.disableField\"\r\n                            placeholder=\"Marcas\"\r\n                            :selectable=\"option => option.count > 0\"\r\n                                                    :searchable=\"true\"\r\n                                            >\r\n                        <template #option=\"option\">\r\n                            <div class=\"vehica-option\">\r\n                                <span v-html=\"option.name\"><\/span>\r\n\r\n                                                                    <template v-if=\"option.count\">\r\n                                        <span class=\"vehica-option__count\">({{ option.count }})<\/span>\r\n                                    <\/template>\r\n                                                            <\/div>\r\n                        <\/template>\r\n\r\n                        <template #selected-option=\"option\">\r\n                            <span class=\"vehica-option-selected\" v-html=\"option.name\"><\/span>\r\n                        <\/template>\r\n\r\n                        <template #no-options=\"{ search, searching, loading }\">\r\n                            <span v-if=\"taxonomyField.inProgress\">\r\n                                <i class=\"vehica-loading-options-spinner fas fa-circle-notch fa-spin\"><\/i>\r\n\r\n                                Carregando                            <\/span>\r\n\r\n                            <span v-if=\"!taxonomyField.inProgress\">\r\n                                Nenhuma op\u00e7\u00e3o                            <\/span>\r\n                        <\/template>\r\n                    <\/v-select>\r\n                <\/template>\r\n                    <\/div>\r\n    <\/vehica-taxonomy-search-field>\r\n<\/div>\r\n<div class=\"vehica-results__field vehica-relation-field\">\r\n    <vehica-taxonomy-search-field\r\n            :taxonomy=\"{&quot;name&quot;:&quot;Modelo&quot;,&quot;key&quot;:&quot;vehica_6660&quot;,&quot;id&quot;:6660,&quot;parent&quot;:[6659],&quot;rewrite&quot;:&quot;modelo&quot;}\"\r\n            :filters=\"searchFormProps.filters\"\r\n            :terms=\"[]\"\r\n            when-empty=\"hide\"\r\n            :terms-count=\"searchFormProps.terms\"\r\n            :disable-sort=\"false\"\r\n            :has-parent=\"true\"\r\n            request-url=\"https:\/\/motorpor.pt\/wp-admin\/admin-post.php?action=vehica\/terms\/query\"\r\n                    >\r\n        <div slot-scope=\"taxonomyField\" :class=\"{'vehica-active-taxonomy': taxonomyField.selectedTerms.length > 0}\">\r\n            <h4 class=\"vehica-results__field__label\">\r\n                Modelo            <\/h4>\r\n\r\n                            <div v-if=\"false\" class=\"vehica-form-button\">\r\n                    Modelo                <\/div>\r\n\r\n                <template>\r\n                    <v-select\r\n                            label=\"name\"\r\n                            :options=\"taxonomyField.options\"\r\n                            :value=\"taxonomyField.getTerm(taxonomyField.selectedTerm)\"\r\n                            @input=\"taxonomyField.setTerm\"\r\n                            @search:focus=\"taxonomyField.onFocus\"\r\n                            :append-to-body=\"false\"\r\n                            :disabled=\"taxonomyField.disableField\"\r\n                            placeholder=\"Modelo\"\r\n                            :selectable=\"option => option.count > 0\"\r\n                                                    :searchable=\"true\"\r\n                                            >\r\n                        <template #option=\"option\">\r\n                            <div class=\"vehica-option\">\r\n                                <span v-html=\"option.name\"><\/span>\r\n\r\n                                                                    <template v-if=\"option.count\">\r\n                                        <span class=\"vehica-option__count\">({{ option.count }})<\/span>\r\n                                    <\/template>\r\n                                                            <\/div>\r\n                        <\/template>\r\n\r\n                        <template #selected-option=\"option\">\r\n                            <span class=\"vehica-option-selected\" v-html=\"option.name\"><\/span>\r\n                        <\/template>\r\n\r\n                        <template #no-options=\"{ search, searching, loading }\">\r\n                            <span v-if=\"taxonomyField.inProgress\">\r\n                                <i class=\"vehica-loading-options-spinner fas fa-circle-notch fa-spin\"><\/i>\r\n\r\n                                Carregando                            <\/span>\r\n\r\n                            <span v-if=\"!taxonomyField.inProgress\">\r\n                                Nenhuma op\u00e7\u00e3o                            <\/span>\r\n                        <\/template>\r\n                    <\/v-select>\r\n                <\/template>\r\n                    <\/div>\r\n    <\/vehica-taxonomy-search-field>\r\n<\/div>\r\n    <div class=\"vehica-results__field vehica-results__field--price vehica-relation-field\">\r\n        <vehica-clear-search-field\r\n                field-key=\"vehica_6656\"\r\n                :filters=\"searchFormProps.filters\"\r\n        >\r\n            <div slot-scope=\"props\" :class=\"{'vehica-active-price': props.showClearButton}\">\r\n\r\n                                    <div class=\"vehica-number-range\">\r\n                        <vehica-price-search-field\r\n                                :price-field=\"{&quot;name&quot;:&quot;Pre\\u00e7o&quot;,&quot;key&quot;:&quot;vehica_6656&quot;,&quot;id&quot;:6656,&quot;rewrite&quot;:&quot;preco&quot;,&quot;rewriteFrom&quot;:&quot;preco-from&quot;,&quot;rewriteTo&quot;:&quot;preco-to&quot;,&quot;decimalPlaces&quot;:0,&quot;decimalSeparator&quot;:&quot;,&quot;,&quot;thousandsSeparator&quot;:&quot;  &quot;,&quot;numberType&quot;:&quot;integer&quot;,&quot;displayBefore&quot;:&quot;&quot;,&quot;displayAfter&quot;:&quot;&quot;}\"\r\n                                :filters=\"searchFormProps.filters\"\r\n                                price-type=\"From\"\r\n                                :delay=\"1000\"\r\n                                :validate-numbers=\"true\"\r\n                        >\r\n                            <div\r\n                                    slot-scope=\"priceField\"\r\n                                    class=\"vehica-number-range__1of2 vehica-number-range__1of2--left\"\r\n                            >\r\n                                <input\r\n                                        placeholder=\"Pre\u00e7o Min\"\r\n                                        :value=\"priceField.value\"\r\n                                        @input=\"priceField.onValueChange\"\r\n                                        type=\"text\"\r\n                                        :class=\"{'vehica-field-filled': priceField.value.toString().length > 0}\"\r\n                                >\r\n\r\n                                <template>\r\n                                    <span\r\n                                            v-if=\"priceField.value !== ''\"\r\n                                            class=\"vehica-form-button__clear vehica-form-button__clear--number-range\"\r\n                                            @click.prevent=\"priceField.clearSelection\"\r\n                                    >\r\n                                        <i class=\"fas fa-times\"><\/i>\r\n                                    <\/span>\r\n                                <\/template>\r\n                            <\/div>\r\n                        <\/vehica-price-search-field>\r\n\r\n                        <vehica-price-search-field\r\n                                :price-field=\"{&quot;name&quot;:&quot;Pre\\u00e7o&quot;,&quot;key&quot;:&quot;vehica_6656&quot;,&quot;id&quot;:6656,&quot;rewrite&quot;:&quot;preco&quot;,&quot;rewriteFrom&quot;:&quot;preco-from&quot;,&quot;rewriteTo&quot;:&quot;preco-to&quot;,&quot;decimalPlaces&quot;:0,&quot;decimalSeparator&quot;:&quot;,&quot;,&quot;thousandsSeparator&quot;:&quot;  &quot;,&quot;numberType&quot;:&quot;integer&quot;,&quot;displayBefore&quot;:&quot;&quot;,&quot;displayAfter&quot;:&quot;&quot;}\"\r\n                                :filters=\"searchFormProps.filters\"\r\n                                price-type=\"To\"\r\n                                :delay=\"1000\"\r\n                                :validate-numbers=\"true\"\r\n                        >\r\n                            <div\r\n                                    slot-scope=\"priceField\"\r\n                                    class=\"vehica-number-range__1of2 vehica-number-range__1of2--right\"\r\n                            >\r\n                                <input\r\n                                        placeholder=\"Pre\u00e7o Max\"\r\n                                        :value=\"priceField.value\"\r\n                                        @input=\"priceField.onValueChange\"\r\n                                        type=\"text\"\r\n                                        :class=\"{'vehica-field-filled': priceField.value.toString().length > 0}\"\r\n                                >\r\n\r\n                                <template>\r\n                                    <span\r\n                                            v-if=\"priceField.value !== ''\"\r\n                                            class=\"vehica-form-button__clear vehica-form-button__clear--number-range\"\r\n                                            @click.prevent=\"priceField.clearSelection\"\r\n                                    >\r\n                                        <i class=\"fas fa-times\"><\/i>\r\n                                    <\/span>\r\n                                <\/template>\r\n                            <\/div>\r\n                        <\/vehica-price-search-field>\r\n                    <\/div>\r\n                            <\/div>\r\n        <\/vehica-clear-search-field>\r\n    <\/div>\r\n    <div class=\"vehica-results__field vehica-results__field--price vehica-relation-field\">\r\n        <vehica-clear-search-field\r\n                field-key=\"vehica_25489\"\r\n                :filters=\"searchFormProps.filters\"\r\n        >\r\n            <div slot-scope=\"props\" :class=\"{'vehica-active-price': props.showClearButton}\">\r\n\r\n                                    <div class=\"vehica-number-range\">\r\n                        <vehica-price-search-field\r\n                                :price-field=\"{&quot;name&quot;:&quot;Mensalidade&quot;,&quot;key&quot;:&quot;vehica_25489&quot;,&quot;id&quot;:25489,&quot;rewrite&quot;:&quot;mensalidade&quot;,&quot;rewriteFrom&quot;:&quot;mensalidade-from&quot;,&quot;rewriteTo&quot;:&quot;mensalidade-to&quot;,&quot;decimalPlaces&quot;:0,&quot;decimalSeparator&quot;:&quot;,&quot;,&quot;thousandsSeparator&quot;:&quot;  &quot;,&quot;numberType&quot;:&quot;integer&quot;,&quot;displayBefore&quot;:&quot;&quot;,&quot;displayAfter&quot;:&quot;&quot;}\"\r\n                                :filters=\"searchFormProps.filters\"\r\n                                price-type=\"From\"\r\n                                :delay=\"1000\"\r\n                                :validate-numbers=\"true\"\r\n                        >\r\n                            <div\r\n                                    slot-scope=\"priceField\"\r\n                                    class=\"vehica-number-range__1of2 vehica-number-range__1of2--left\"\r\n                            >\r\n                                <input\r\n                                        placeholder=\"Min Mensal\"\r\n                                        :value=\"priceField.value\"\r\n                                        @input=\"priceField.onValueChange\"\r\n                                        type=\"text\"\r\n                                        :class=\"{'vehica-field-filled': priceField.value.toString().length > 0}\"\r\n                                >\r\n\r\n                                <template>\r\n                                    <span\r\n                                            v-if=\"priceField.value !== ''\"\r\n                                            class=\"vehica-form-button__clear vehica-form-button__clear--number-range\"\r\n                                            @click.prevent=\"priceField.clearSelection\"\r\n                                    >\r\n                                        <i class=\"fas fa-times\"><\/i>\r\n                                    <\/span>\r\n                                <\/template>\r\n                            <\/div>\r\n                        <\/vehica-price-search-field>\r\n\r\n                        <vehica-price-search-field\r\n                                :price-field=\"{&quot;name&quot;:&quot;Mensalidade&quot;,&quot;key&quot;:&quot;vehica_25489&quot;,&quot;id&quot;:25489,&quot;rewrite&quot;:&quot;mensalidade&quot;,&quot;rewriteFrom&quot;:&quot;mensalidade-from&quot;,&quot;rewriteTo&quot;:&quot;mensalidade-to&quot;,&quot;decimalPlaces&quot;:0,&quot;decimalSeparator&quot;:&quot;,&quot;,&quot;thousandsSeparator&quot;:&quot;  &quot;,&quot;numberType&quot;:&quot;integer&quot;,&quot;displayBefore&quot;:&quot;&quot;,&quot;displayAfter&quot;:&quot;&quot;}\"\r\n                                :filters=\"searchFormProps.filters\"\r\n                                price-type=\"To\"\r\n                                :delay=\"1000\"\r\n                                :validate-numbers=\"true\"\r\n                        >\r\n                            <div\r\n                                    slot-scope=\"priceField\"\r\n                                    class=\"vehica-number-range__1of2 vehica-number-range__1of2--right\"\r\n                            >\r\n                                <input\r\n                                        placeholder=\"Max Mensal\"\r\n                                        :value=\"priceField.value\"\r\n                                        @input=\"priceField.onValueChange\"\r\n                                        type=\"text\"\r\n                                        :class=\"{'vehica-field-filled': priceField.value.toString().length > 0}\"\r\n                                >\r\n\r\n                                <template>\r\n                                    <span\r\n                                            v-if=\"priceField.value !== ''\"\r\n                                            class=\"vehica-form-button__clear vehica-form-button__clear--number-range\"\r\n                                            @click.prevent=\"priceField.clearSelection\"\r\n                                    >\r\n                                        <i class=\"fas fa-times\"><\/i>\r\n                                    <\/span>\r\n                                <\/template>\r\n                            <\/div>\r\n                        <\/vehica-price-search-field>\r\n                    <\/div>\r\n                            <\/div>\r\n        <\/vehica-clear-search-field>\r\n    <\/div>\r\n<div class=\"vehica-results__field vehica-results__field--number vehica-relation-field\">\r\n            <div class=\"vehica-number-range\">\r\n            <vehica-number-search-field\r\n                    :number-field=\"{&quot;name&quot;:&quot;Ano&quot;,&quot;key&quot;:&quot;vehica_14696&quot;,&quot;id&quot;:14696,&quot;rewrite&quot;:&quot;ano&quot;,&quot;rewriteFrom&quot;:&quot;ano-from&quot;,&quot;rewriteTo&quot;:&quot;ano-to&quot;,&quot;decimalPlaces&quot;:0,&quot;decimalSeparator&quot;:&quot;,&quot;,&quot;thousandsSeparator&quot;:&quot;  &quot;,&quot;numberType&quot;:&quot;integer&quot;,&quot;displayBefore&quot;:&quot;&quot;,&quot;displayAfter&quot;:&quot;&quot;}\"\r\n                    :filters=\"searchFormProps.filters\"\r\n                    number-type=\"From\"\r\n                    :delay=\"1000\"\r\n                    :disable-greater-than-filter=\"true\"\r\n                    class=\"vehica-number-range__1of2 vehica-number-range__1of2--left\"\r\n                    :validate-numbers=\"true\"\r\n            >\r\n                <div slot-scope=\"numberField\" :class=\"{'vehica-active-number': numberField.value !== ''}\">\r\n                    <input\r\n                            placeholder=\"Ano Min\"\r\n                            :value=\"numberField.value\"\r\n                            @input=\"numberField.onValueChange\"\r\n                            type=\"text\"\r\n                    >\r\n                    <template>\r\n                        <span class=\"vehica-form-button__clear vehica-form-button__clear--number-range\"\r\n                              v-if=\"numberField.value !== ''\" @click.prevent=\"numberField.clearSelection\">\r\n                            <i class=\"fas fa-times\"><\/i>\r\n                        <\/span>\r\n                    <\/template>\r\n                <\/div>\r\n            <\/vehica-number-search-field>\r\n\r\n            <vehica-number-search-field\r\n                    :number-field=\"{&quot;name&quot;:&quot;Ano&quot;,&quot;key&quot;:&quot;vehica_14696&quot;,&quot;id&quot;:14696,&quot;rewrite&quot;:&quot;ano&quot;,&quot;rewriteFrom&quot;:&quot;ano-from&quot;,&quot;rewriteTo&quot;:&quot;ano-to&quot;,&quot;decimalPlaces&quot;:0,&quot;decimalSeparator&quot;:&quot;,&quot;,&quot;thousandsSeparator&quot;:&quot;  &quot;,&quot;numberType&quot;:&quot;integer&quot;,&quot;displayBefore&quot;:&quot;&quot;,&quot;displayAfter&quot;:&quot;&quot;}\"\r\n                    :filters=\"searchFormProps.filters\"\r\n                    number-type=\"To\"\r\n                    :delay=\"1000\"\r\n                    :disable-greater-than-filter=\"true\"\r\n                    class=\"vehica-number-range__1of2 vehica-number-range__1of2--right\"\r\n                    :validate-numbers=\"true\"\r\n            >\r\n                <div slot-scope=\"numberField\" :class=\"{'vehica-active-number': numberField.value !== ''}\">\r\n                    <input\r\n                            placeholder=\"Ano Max\"\r\n                            :value=\"numberField.value\"\r\n                            @input=\"numberField.onValueChange\"\r\n                            type=\"text\"\r\n                    >\r\n                    <template>\r\n                        <span class=\"vehica-form-button__clear vehica-form-button__clear--number-range\"\r\n                              v-if=\"numberField.value !== ''\" @click.prevent=\"numberField.clearSelection\">\r\n                            <i class=\"fas fa-times\"><\/i>\r\n                        <\/span>\r\n                    <\/template>\r\n                <\/div>\r\n            <\/vehica-number-search-field>\r\n        <\/div>\r\n    <\/div><div class=\"vehica-results__field vehica-results__field--number vehica-relation-field\">\r\n            <div v-if=\"false\" class=\"vehica-form-button\">\r\n            Quilometragem        <\/div>\r\n\r\n        <vehica-number-search-field\r\n                :number-field=\"{&quot;name&quot;:&quot;Quilometragem&quot;,&quot;key&quot;:&quot;vehica_6664&quot;,&quot;id&quot;:6664,&quot;rewrite&quot;:&quot;quilometragem&quot;,&quot;rewriteFrom&quot;:&quot;quilometragem-from&quot;,&quot;rewriteTo&quot;:&quot;quilometragem-to&quot;,&quot;decimalPlaces&quot;:0,&quot;decimalSeparator&quot;:&quot;,&quot;,&quot;thousandsSeparator&quot;:&quot;  &quot;,&quot;numberType&quot;:&quot;integer&quot;,&quot;displayBefore&quot;:&quot;&quot;,&quot;displayAfter&quot;:&quot; &quot;}\"\r\n                :filters=\"searchFormProps.filters\"\r\n                                        number-type=\"To\"\r\n                                        :static-values=\"[{&quot;display&quot;:&quot;10000 &quot;,&quot;controlDisplay&quot;:&quot;&lt; 10000 &quot;,&quot;value&quot;:10000},{&quot;display&quot;:&quot;50000 &quot;,&quot;controlDisplay&quot;:&quot;&lt; 50000 &quot;,&quot;value&quot;:50000},{&quot;display&quot;:&quot;100000 &quot;,&quot;controlDisplay&quot;:&quot;&lt; 100000 &quot;,&quot;value&quot;:100000},{&quot;display&quot;:&quot;150000 &quot;,&quot;controlDisplay&quot;:&quot;&lt; 150000 &quot;,&quot;value&quot;:150000},{&quot;display&quot;:&quot;200000 &quot;,&quot;controlDisplay&quot;:&quot;&lt; 200000 &quot;,&quot;value&quot;:200000}]\"\r\n                                        :greater-than-value=\"250000\"\r\n                greater-than-display=\"250000 +\"\r\n                    >\r\n            <div slot-scope=\"numberField\" :class=\"{'vehica-active-number': numberField.value !== ''}\">\r\n                <v-select\r\n                        label=\"display\"\r\n                        :options=\"numberField.staticValues\"\r\n                        :value=\"numberField.currentOption\"\r\n                        @input=\"numberField.onSelectValueChange\"\r\n                        :append-to-body=\"false\"\r\n                        :searchable=\"false\"\r\n                        placeholder=\"Quilometragem\"\r\n                >\r\n                    <template #option=\"option\">\r\n                        <div class=\"vehica-option\">\r\n                            {{ option.controlDisplay }}\r\n                        <\/div>\r\n                    <\/template>\r\n\r\n                    <template #selected-option=\"option\">\r\n                        <div class=\"vehica-option\">\r\n                            {{ option.controlDisplay }}\r\n                        <\/div>\r\n                    <\/template>\r\n                <\/v-select>\r\n            <\/div>\r\n        <\/vehica-number-search-field>\r\n    <\/div><div class=\"vehica-results__field vehica-relation-field\">\r\n    <vehica-taxonomy-search-field\r\n            :taxonomy=\"{&quot;name&quot;:&quot;Combust\\u00edvel&quot;,&quot;key&quot;:&quot;vehica_6663&quot;,&quot;id&quot;:6663,&quot;parent&quot;:[],&quot;rewrite&quot;:&quot;combustivel&quot;}\"\r\n            :filters=\"searchFormProps.filters\"\r\n            :terms=\"[{&quot;id&quot;:2488,&quot;key&quot;:&quot;vehica_2488&quot;,&quot;name&quot;:&quot;Gasolina&quot;,&quot;slug&quot;:&quot;gasolina&quot;,&quot;link&quot;:&quot;https:\\\/\\\/motorpor.pt\\\/en\\\/pesquisar\\\/?combustivel=gasolina&quot;,&quot;postsNumber&quot;:215,&quot;type&quot;:&quot;vehica_term&quot;,&quot;parentTerm&quot;:false,&quot;carsEndpoint&quot;:&quot;https:\\\/\\\/motorpor.pt\\\/en\\\/wp-json\\\/vehica\\\/v1\\\/cars?combustivel=gasolina&quot;,&quot;taxonomy&quot;:&quot;combustivel&quot;,&quot;taxonomyKey&quot;:&quot;vehica_6663&quot;},{&quot;id&quot;:2933,&quot;key&quot;:&quot;vehica_2933&quot;,&quot;name&quot;:&quot;El\\u00e9ctrico&quot;,&quot;slug&quot;:&quot;electrico&quot;,&quot;link&quot;:&quot;https:\\\/\\\/motorpor.pt\\\/en\\\/pesquisar\\\/?combustivel=electrico&quot;,&quot;postsNumber&quot;:135,&quot;type&quot;:&quot;vehica_term&quot;,&quot;parentTerm&quot;:false,&quot;carsEndpoint&quot;:&quot;https:\\\/\\\/motorpor.pt\\\/en\\\/wp-json\\\/vehica\\\/v1\\\/cars?combustivel=electrico&quot;,&quot;taxonomy&quot;:&quot;combustivel&quot;,&quot;taxonomyKey&quot;:&quot;vehica_6663&quot;},{&quot;id&quot;:2797,&quot;key&quot;:&quot;vehica_2797&quot;,&quot;name&quot;:&quot;H\\u00edbrido ( Gasolina - El\\u00e9ctrico )&quot;,&quot;slug&quot;:&quot;hibrido-gasolina-electrico&quot;,&quot;link&quot;:&quot;https:\\\/\\\/motorpor.pt\\\/en\\\/pesquisar\\\/?combustivel=hibrido-gasolina-electrico&quot;,&quot;postsNumber&quot;:96,&quot;type&quot;:&quot;vehica_term&quot;,&quot;parentTerm&quot;:false,&quot;carsEndpoint&quot;:&quot;https:\\\/\\\/motorpor.pt\\\/en\\\/wp-json\\\/vehica\\\/v1\\\/cars?combustivel=hibrido-gasolina-electrico&quot;,&quot;taxonomy&quot;:&quot;combustivel&quot;,&quot;taxonomyKey&quot;:&quot;vehica_6663&quot;},{&quot;id&quot;:2772,&quot;key&quot;:&quot;vehica_2772&quot;,&quot;name&quot;:&quot;Gas\\u00f3leo&quot;,&quot;slug&quot;:&quot;gasoleo&quot;,&quot;link&quot;:&quot;https:\\\/\\\/motorpor.pt\\\/en\\\/pesquisar\\\/?combustivel=gasoleo&quot;,&quot;postsNumber&quot;:47,&quot;type&quot;:&quot;vehica_term&quot;,&quot;parentTerm&quot;:false,&quot;carsEndpoint&quot;:&quot;https:\\\/\\\/motorpor.pt\\\/en\\\/wp-json\\\/vehica\\\/v1\\\/cars?combustivel=gasoleo&quot;,&quot;taxonomy&quot;:&quot;combustivel&quot;,&quot;taxonomyKey&quot;:&quot;vehica_6663&quot;},{&quot;id&quot;:3079,&quot;key&quot;:&quot;vehica_3079&quot;,&quot;name&quot;:&quot;Gpl&quot;,&quot;slug&quot;:&quot;gpl&quot;,&quot;link&quot;:&quot;https:\\\/\\\/motorpor.pt\\\/en\\\/pesquisar\\\/?combustivel=gpl&quot;,&quot;postsNumber&quot;:11,&quot;type&quot;:&quot;vehica_term&quot;,&quot;parentTerm&quot;:false,&quot;carsEndpoint&quot;:&quot;https:\\\/\\\/motorpor.pt\\\/en\\\/wp-json\\\/vehica\\\/v1\\\/cars?combustivel=gpl&quot;,&quot;taxonomy&quot;:&quot;combustivel&quot;,&quot;taxonomyKey&quot;:&quot;vehica_6663&quot;},{&quot;id&quot;:3112,&quot;key&quot;:&quot;vehica_3112&quot;,&quot;name&quot;:&quot;Microh\\u00edbrido ( Gasolina \\u2013 El\\u00e9ctrico )&quot;,&quot;slug&quot;:&quot;microhibrido-gasolina-electrico&quot;,&quot;link&quot;:&quot;https:\\\/\\\/motorpor.pt\\\/en\\\/pesquisar\\\/?combustivel=microhibrido-gasolina-electrico&quot;,&quot;postsNumber&quot;:15,&quot;type&quot;:&quot;vehica_term&quot;,&quot;parentTerm&quot;:false,&quot;carsEndpoint&quot;:&quot;https:\\\/\\\/motorpor.pt\\\/en\\\/wp-json\\\/vehica\\\/v1\\\/cars?combustivel=microhibrido-gasolina-electrico&quot;,&quot;taxonomy&quot;:&quot;combustivel&quot;,&quot;taxonomyKey&quot;:&quot;vehica_6663&quot;},{&quot;id&quot;:3242,&quot;key&quot;:&quot;vehica_3242&quot;,&quot;name&quot;:&quot;El\\u00e9trico&quot;,&quot;slug&quot;:&quot;eletrico&quot;,&quot;link&quot;:&quot;https:\\\/\\\/motorpor.pt\\\/en\\\/pesquisar\\\/?combustivel=eletrico&quot;,&quot;postsNumber&quot;:12,&quot;type&quot;:&quot;vehica_term&quot;,&quot;parentTerm&quot;:false,&quot;carsEndpoint&quot;:&quot;https:\\\/\\\/motorpor.pt\\\/en\\\/wp-json\\\/vehica\\\/v1\\\/cars?combustivel=eletrico&quot;,&quot;taxonomy&quot;:&quot;combustivel&quot;,&quot;taxonomyKey&quot;:&quot;vehica_6663&quot;},{&quot;id&quot;:3179,&quot;key&quot;:&quot;vehica_3179&quot;,&quot;name&quot;:&quot;Diesel&quot;,&quot;slug&quot;:&quot;diesel&quot;,&quot;link&quot;:&quot;https:\\\/\\\/motorpor.pt\\\/en\\\/pesquisar\\\/?combustivel=diesel&quot;,&quot;postsNumber&quot;:6,&quot;type&quot;:&quot;vehica_term&quot;,&quot;parentTerm&quot;:false,&quot;carsEndpoint&quot;:&quot;https:\\\/\\\/motorpor.pt\\\/en\\\/wp-json\\\/vehica\\\/v1\\\/cars?combustivel=diesel&quot;,&quot;taxonomy&quot;:&quot;combustivel&quot;,&quot;taxonomyKey&quot;:&quot;vehica_6663&quot;},{&quot;id&quot;:3247,&quot;key&quot;:&quot;vehica_3247&quot;,&quot;name&quot;:&quot;Hibrido ( Gasoleo - Electrico )&quot;,&quot;slug&quot;:&quot;hibrido-gasoleo-electrico&quot;,&quot;link&quot;:&quot;https:\\\/\\\/motorpor.pt\\\/en\\\/pesquisar\\\/?combustivel=hibrido-gasoleo-electrico&quot;,&quot;postsNumber&quot;:2,&quot;type&quot;:&quot;vehica_term&quot;,&quot;parentTerm&quot;:false,&quot;carsEndpoint&quot;:&quot;https:\\\/\\\/motorpor.pt\\\/en\\\/wp-json\\\/vehica\\\/v1\\\/cars?combustivel=hibrido-gasoleo-electrico&quot;,&quot;taxonomy&quot;:&quot;combustivel&quot;,&quot;taxonomyKey&quot;:&quot;vehica_6663&quot;},{&quot;id&quot;:2581,&quot;key&quot;:&quot;vehica_2581&quot;,&quot;name&quot;:&quot;H\\u00edbrido Plug-In&quot;,&quot;slug&quot;:&quot;hibrido-plug-in&quot;,&quot;link&quot;:&quot;https:\\\/\\\/motorpor.pt\\\/en\\\/pesquisar\\\/?combustivel=hibrido-plug-in&quot;,&quot;postsNumber&quot;:2,&quot;type&quot;:&quot;vehica_term&quot;,&quot;parentTerm&quot;:false,&quot;carsEndpoint&quot;:&quot;https:\\\/\\\/motorpor.pt\\\/en\\\/wp-json\\\/vehica\\\/v1\\\/cars?combustivel=hibrido-plug-in&quot;,&quot;taxonomy&quot;:&quot;combustivel&quot;,&quot;taxonomyKey&quot;:&quot;vehica_6663&quot;},{&quot;id&quot;:3221,&quot;key&quot;:&quot;vehica_3221&quot;,&quot;name&quot;:&quot;H\\u00edbrido-(gasolina)&quot;,&quot;slug&quot;:&quot;hibrido-gasolina&quot;,&quot;link&quot;:&quot;https:\\\/\\\/motorpor.pt\\\/en\\\/pesquisar\\\/?combustivel=hibrido-gasolina&quot;,&quot;postsNumber&quot;:0,&quot;type&quot;:&quot;vehica_term&quot;,&quot;parentTerm&quot;:false,&quot;carsEndpoint&quot;:&quot;https:\\\/\\\/motorpor.pt\\\/en\\\/wp-json\\\/vehica\\\/v1\\\/cars?combustivel=hibrido-gasolina&quot;,&quot;taxonomy&quot;:&quot;combustivel&quot;,&quot;taxonomyKey&quot;:&quot;vehica_6663&quot;}]\"\r\n            when-empty=\"disable\"\r\n            :terms-count=\"searchFormProps.terms\"\r\n            :disable-sort=\"false\"\r\n            :has-parent=\"false\"\r\n            request-url=\"https:\/\/motorpor.pt\/wp-admin\/admin-post.php?action=vehica\/terms\/query\"\r\n                    >\r\n        <div slot-scope=\"taxonomyField\" :class=\"{'vehica-active-taxonomy': taxonomyField.selectedTerms.length > 0}\">\r\n            <h4 class=\"vehica-results__field__label\">\r\n                Combust\u00edvel            <\/h4>\r\n\r\n                            <div v-if=\"false\" class=\"vehica-form-button\">\r\n                    Combust\u00edvel                <\/div>\r\n\r\n                <template>\r\n                    <v-select\r\n                            label=\"name\"\r\n                            :options=\"taxonomyField.options\"\r\n                            :value=\"taxonomyField.getTerm(taxonomyField.selectedTerm)\"\r\n                            @input=\"taxonomyField.setTerm\"\r\n                            @search:focus=\"taxonomyField.onFocus\"\r\n                            :append-to-body=\"false\"\r\n                            :disabled=\"taxonomyField.disableField\"\r\n                            placeholder=\"Combust\u00edvel\"\r\n                            :selectable=\"option => option.count > 0\"\r\n                                                    :searchable=\"false\"\r\n                                            >\r\n                        <template #option=\"option\">\r\n                            <div class=\"vehica-option\">\r\n                                <span v-html=\"option.name\"><\/span>\r\n\r\n                                                                    <template v-if=\"option.count\">\r\n                                        <span class=\"vehica-option__count\">({{ option.count }})<\/span>\r\n                                    <\/template>\r\n                                                            <\/div>\r\n                        <\/template>\r\n\r\n                        <template #selected-option=\"option\">\r\n                            <span class=\"vehica-option-selected\" v-html=\"option.name\"><\/span>\r\n                        <\/template>\r\n\r\n                        <template #no-options=\"{ search, searching, loading }\">\r\n                            <span v-if=\"taxonomyField.inProgress\">\r\n                                <i class=\"vehica-loading-options-spinner fas fa-circle-notch fa-spin\"><\/i>\r\n\r\n                                Carregando                            <\/span>\r\n\r\n                            <span v-if=\"!taxonomyField.inProgress\">\r\n                                Nenhuma op\u00e7\u00e3o                            <\/span>\r\n                        <\/template>\r\n                    <\/v-select>\r\n                <\/template>\r\n                    <\/div>\r\n    <\/vehica-taxonomy-search-field>\r\n<\/div>\r\n<div class=\"vehica-results__field vehica-relation-field\">\r\n    <vehica-taxonomy-search-field\r\n            :taxonomy=\"{&quot;name&quot;:&quot;Caixa&quot;,&quot;key&quot;:&quot;vehica_6662&quot;,&quot;id&quot;:6662,&quot;parent&quot;:[],&quot;rewrite&quot;:&quot;caixa&quot;}\"\r\n            :filters=\"searchFormProps.filters\"\r\n            :terms=\"[{&quot;id&quot;:2313,&quot;key&quot;:&quot;vehica_2313&quot;,&quot;name&quot;:&quot;Autom\\u00e1tica&quot;,&quot;slug&quot;:&quot;automatica&quot;,&quot;link&quot;:&quot;https:\\\/\\\/motorpor.pt\\\/en\\\/pesquisar\\\/?caixa=automatica&quot;,&quot;postsNumber&quot;:254,&quot;type&quot;:&quot;vehica_term&quot;,&quot;parentTerm&quot;:false,&quot;carsEndpoint&quot;:&quot;https:\\\/\\\/motorpor.pt\\\/en\\\/wp-json\\\/vehica\\\/v1\\\/cars?caixa=automatica&quot;,&quot;taxonomy&quot;:&quot;caixa&quot;,&quot;taxonomyKey&quot;:&quot;vehica_6662&quot;},{&quot;id&quot;:2314,&quot;key&quot;:&quot;vehica_2314&quot;,&quot;name&quot;:&quot;Manual&quot;,&quot;slug&quot;:&quot;manual&quot;,&quot;link&quot;:&quot;https:\\\/\\\/motorpor.pt\\\/en\\\/pesquisar\\\/?caixa=manual&quot;,&quot;postsNumber&quot;:252,&quot;type&quot;:&quot;vehica_term&quot;,&quot;parentTerm&quot;:false,&quot;carsEndpoint&quot;:&quot;https:\\\/\\\/motorpor.pt\\\/en\\\/wp-json\\\/vehica\\\/v1\\\/cars?caixa=manual&quot;,&quot;taxonomy&quot;:&quot;caixa&quot;,&quot;taxonomyKey&quot;:&quot;vehica_6662&quot;},{&quot;id&quot;:2872,&quot;key&quot;:&quot;vehica_2872&quot;,&quot;name&quot;:&quot;Manual Robotizada&quot;,&quot;slug&quot;:&quot;manual-robotizada&quot;,&quot;link&quot;:&quot;https:\\\/\\\/motorpor.pt\\\/en\\\/pesquisar\\\/?caixa=manual-robotizada&quot;,&quot;postsNumber&quot;:12,&quot;type&quot;:&quot;vehica_term&quot;,&quot;parentTerm&quot;:false,&quot;carsEndpoint&quot;:&quot;https:\\\/\\\/motorpor.pt\\\/en\\\/wp-json\\\/vehica\\\/v1\\\/cars?caixa=manual-robotizada&quot;,&quot;taxonomy&quot;:&quot;caixa&quot;,&quot;taxonomyKey&quot;:&quot;vehica_6662&quot;},{&quot;id&quot;:2911,&quot;key&quot;:&quot;vehica_2911&quot;,&quot;name&quot;:&quot;CVT&quot;,&quot;slug&quot;:&quot;cvt&quot;,&quot;link&quot;:&quot;https:\\\/\\\/motorpor.pt\\\/en\\\/pesquisar\\\/?caixa=cvt&quot;,&quot;postsNumber&quot;:3,&quot;type&quot;:&quot;vehica_term&quot;,&quot;parentTerm&quot;:false,&quot;carsEndpoint&quot;:&quot;https:\\\/\\\/motorpor.pt\\\/en\\\/wp-json\\\/vehica\\\/v1\\\/cars?caixa=cvt&quot;,&quot;taxonomy&quot;:&quot;caixa&quot;,&quot;taxonomyKey&quot;:&quot;vehica_6662&quot;},{&quot;id&quot;:3138,&quot;key&quot;:&quot;vehica_3138&quot;,&quot;name&quot;:&quot;Automatique&quot;,&quot;slug&quot;:&quot;automatique&quot;,&quot;link&quot;:&quot;https:\\\/\\\/motorpor.pt\\\/en\\\/pesquisar\\\/?caixa=automatique&quot;,&quot;postsNumber&quot;:1,&quot;type&quot;:&quot;vehica_term&quot;,&quot;parentTerm&quot;:false,&quot;carsEndpoint&quot;:&quot;https:\\\/\\\/motorpor.pt\\\/en\\\/wp-json\\\/vehica\\\/v1\\\/cars?caixa=automatique&quot;,&quot;taxonomy&quot;:&quot;caixa&quot;,&quot;taxonomyKey&quot;:&quot;vehica_6662&quot;},{&quot;id&quot;:3257,&quot;key&quot;:&quot;vehica_3257&quot;,&quot;name&quot;:&quot;automotica&quot;,&quot;slug&quot;:&quot;automotica&quot;,&quot;link&quot;:&quot;https:\\\/\\\/motorpor.pt\\\/en\\\/pesquisar\\\/?caixa=automotica&quot;,&quot;postsNumber&quot;:0,&quot;type&quot;:&quot;vehica_term&quot;,&quot;parentTerm&quot;:false,&quot;carsEndpoint&quot;:&quot;https:\\\/\\\/motorpor.pt\\\/en\\\/wp-json\\\/vehica\\\/v1\\\/cars?caixa=automotica&quot;,&quot;taxonomy&quot;:&quot;caixa&quot;,&quot;taxonomyKey&quot;:&quot;vehica_6662&quot;},{&quot;id&quot;:2315,&quot;key&quot;:&quot;vehica_2315&quot;,&quot;name&quot;:&quot;Semi-Autom\\u00e1tica&quot;,&quot;slug&quot;:&quot;semi-automatica&quot;,&quot;link&quot;:&quot;https:\\\/\\\/motorpor.pt\\\/en\\\/pesquisar\\\/?caixa=semi-automatica&quot;,&quot;postsNumber&quot;:0,&quot;type&quot;:&quot;vehica_term&quot;,&quot;parentTerm&quot;:false,&quot;carsEndpoint&quot;:&quot;https:\\\/\\\/motorpor.pt\\\/en\\\/wp-json\\\/vehica\\\/v1\\\/cars?caixa=semi-automatica&quot;,&quot;taxonomy&quot;:&quot;caixa&quot;,&quot;taxonomyKey&quot;:&quot;vehica_6662&quot;}]\"\r\n            when-empty=\"disable\"\r\n            :terms-count=\"searchFormProps.terms\"\r\n            :disable-sort=\"false\"\r\n            :has-parent=\"false\"\r\n            request-url=\"https:\/\/motorpor.pt\/wp-admin\/admin-post.php?action=vehica\/terms\/query\"\r\n                    >\r\n        <div slot-scope=\"taxonomyField\" :class=\"{'vehica-active-taxonomy': taxonomyField.selectedTerms.length > 0}\">\r\n            <h4 class=\"vehica-results__field__label\">\r\n                Caixa            <\/h4>\r\n\r\n                            <div v-if=\"false\" class=\"vehica-form-button\">\r\n                    Caixa                <\/div>\r\n\r\n                <template>\r\n                    <v-select\r\n                            label=\"name\"\r\n                            :options=\"taxonomyField.options\"\r\n                            :value=\"taxonomyField.getTerm(taxonomyField.selectedTerm)\"\r\n                            @input=\"taxonomyField.setTerm\"\r\n                            @search:focus=\"taxonomyField.onFocus\"\r\n                            :append-to-body=\"false\"\r\n                            :disabled=\"taxonomyField.disableField\"\r\n                            placeholder=\"Caixa\"\r\n                            :selectable=\"option => option.count > 0\"\r\n                                                    :searchable=\"false\"\r\n                                            >\r\n                        <template #option=\"option\">\r\n                            <div class=\"vehica-option\">\r\n                                <span v-html=\"option.name\"><\/span>\r\n\r\n                                                                    <template v-if=\"option.count\">\r\n                                        <span class=\"vehica-option__count\">({{ option.count }})<\/span>\r\n                                    <\/template>\r\n                                                            <\/div>\r\n                        <\/template>\r\n\r\n                        <template #selected-option=\"option\">\r\n                            <span class=\"vehica-option-selected\" v-html=\"option.name\"><\/span>\r\n                        <\/template>\r\n\r\n                        <template #no-options=\"{ search, searching, loading }\">\r\n                            <span v-if=\"taxonomyField.inProgress\">\r\n                                <i class=\"vehica-loading-options-spinner fas fa-circle-notch fa-spin\"><\/i>\r\n\r\n                                Carregando                            <\/span>\r\n\r\n                            <span v-if=\"!taxonomyField.inProgress\">\r\n                                Nenhuma op\u00e7\u00e3o                            <\/span>\r\n                        <\/template>\r\n                    <\/v-select>\r\n                <\/template>\r\n                    <\/div>\r\n    <\/vehica-taxonomy-search-field>\r\n<\/div>\r\n<div class=\"vehica-results__field vehica-relation-field\">\r\n    <vehica-taxonomy-search-field\r\n            :taxonomy=\"{&quot;name&quot;:&quot;Cor&quot;,&quot;key&quot;:&quot;vehica_6666&quot;,&quot;id&quot;:6666,&quot;parent&quot;:[],&quot;rewrite&quot;:&quot;cor&quot;}\"\r\n            :filters=\"searchFormProps.filters\"\r\n            :terms=\"[{&quot;id&quot;:2591,&quot;key&quot;:&quot;vehica_2591&quot;,&quot;name&quot;:&quot;CINZENTO&quot;,&quot;slug&quot;:&quot;cinzento&quot;,&quot;link&quot;:&quot;https:\\\/\\\/motorpor.pt\\\/en\\\/pesquisar\\\/?cor=cinzento&quot;,&quot;postsNumber&quot;:143,&quot;type&quot;:&quot;vehica_term&quot;,&quot;parentTerm&quot;:false,&quot;carsEndpoint&quot;:&quot;https:\\\/\\\/motorpor.pt\\\/en\\\/wp-json\\\/vehica\\\/v1\\\/cars?cor=cinzento&quot;,&quot;taxonomy&quot;:&quot;cor&quot;,&quot;taxonomyKey&quot;:&quot;vehica_6666&quot;},{&quot;id&quot;:2651,&quot;key&quot;:&quot;vehica_2651&quot;,&quot;name&quot;:&quot;Branco&quot;,&quot;slug&quot;:&quot;branco&quot;,&quot;link&quot;:&quot;https:\\\/\\\/motorpor.pt\\\/en\\\/pesquisar\\\/?cor=branco&quot;,&quot;postsNumber&quot;:113,&quot;type&quot;:&quot;vehica_term&quot;,&quot;parentTerm&quot;:false,&quot;carsEndpoint&quot;:&quot;https:\\\/\\\/motorpor.pt\\\/en\\\/wp-json\\\/vehica\\\/v1\\\/cars?cor=branco&quot;,&quot;taxonomy&quot;:&quot;cor&quot;,&quot;taxonomyKey&quot;:&quot;vehica_6666&quot;},{&quot;id&quot;:2598,&quot;key&quot;:&quot;vehica_2598&quot;,&quot;name&quot;:&quot;PRETO&quot;,&quot;slug&quot;:&quot;preto&quot;,&quot;link&quot;:&quot;https:\\\/\\\/motorpor.pt\\\/en\\\/pesquisar\\\/?cor=preto&quot;,&quot;postsNumber&quot;:62,&quot;type&quot;:&quot;vehica_term&quot;,&quot;parentTerm&quot;:false,&quot;carsEndpoint&quot;:&quot;https:\\\/\\\/motorpor.pt\\\/en\\\/wp-json\\\/vehica\\\/v1\\\/cars?cor=preto&quot;,&quot;taxonomy&quot;:&quot;cor&quot;,&quot;taxonomyKey&quot;:&quot;vehica_6666&quot;},{&quot;id&quot;:2324,&quot;key&quot;:&quot;vehica_2324&quot;,&quot;name&quot;:&quot;AZUL&quot;,&quot;slug&quot;:&quot;azul&quot;,&quot;link&quot;:&quot;https:\\\/\\\/motorpor.pt\\\/en\\\/pesquisar\\\/?cor=azul&quot;,&quot;postsNumber&quot;:28,&quot;type&quot;:&quot;vehica_term&quot;,&quot;parentTerm&quot;:false,&quot;carsEndpoint&quot;:&quot;https:\\\/\\\/motorpor.pt\\\/en\\\/wp-json\\\/vehica\\\/v1\\\/cars?cor=azul&quot;,&quot;taxonomy&quot;:&quot;cor&quot;,&quot;taxonomyKey&quot;:&quot;vehica_6666&quot;},{&quot;id&quot;:2337,&quot;key&quot;:&quot;vehica_2337&quot;,&quot;name&quot;:&quot;VERMELHO&quot;,&quot;slug&quot;:&quot;vermelho&quot;,&quot;link&quot;:&quot;https:\\\/\\\/motorpor.pt\\\/en\\\/pesquisar\\\/?cor=vermelho&quot;,&quot;postsNumber&quot;:12,&quot;type&quot;:&quot;vehica_term&quot;,&quot;parentTerm&quot;:false,&quot;carsEndpoint&quot;:&quot;https:\\\/\\\/motorpor.pt\\\/en\\\/wp-json\\\/vehica\\\/v1\\\/cars?cor=vermelho&quot;,&quot;taxonomy&quot;:&quot;cor&quot;,&quot;taxonomyKey&quot;:&quot;vehica_6666&quot;},{&quot;id&quot;:2600,&quot;key&quot;:&quot;vehica_2600&quot;,&quot;name&quot;:&quot;VERDE&quot;,&quot;slug&quot;:&quot;verde&quot;,&quot;link&quot;:&quot;https:\\\/\\\/motorpor.pt\\\/en\\\/pesquisar\\\/?cor=verde&quot;,&quot;postsNumber&quot;:8,&quot;type&quot;:&quot;vehica_term&quot;,&quot;parentTerm&quot;:false,&quot;carsEndpoint&quot;:&quot;https:\\\/\\\/motorpor.pt\\\/en\\\/wp-json\\\/vehica\\\/v1\\\/cars?cor=verde&quot;,&quot;taxonomy&quot;:&quot;cor&quot;,&quot;taxonomyKey&quot;:&quot;vehica_6666&quot;},{&quot;id&quot;:2939,&quot;key&quot;:&quot;vehica_2939&quot;,&quot;name&quot;:&quot;Bege&quot;,&quot;slug&quot;:&quot;bege&quot;,&quot;link&quot;:&quot;https:\\\/\\\/motorpor.pt\\\/en\\\/pesquisar\\\/?cor=bege&quot;,&quot;postsNumber&quot;:6,&quot;type&quot;:&quot;vehica_term&quot;,&quot;parentTerm&quot;:false,&quot;carsEndpoint&quot;:&quot;https:\\\/\\\/motorpor.pt\\\/en\\\/wp-json\\\/vehica\\\/v1\\\/cars?cor=bege&quot;,&quot;taxonomy&quot;:&quot;cor&quot;,&quot;taxonomyKey&quot;:&quot;vehica_6666&quot;},{&quot;id&quot;:2505,&quot;key&quot;:&quot;vehica_2505&quot;,&quot;name&quot;:&quot;BRANCA&quot;,&quot;slug&quot;:&quot;branca&quot;,&quot;link&quot;:&quot;https:\\\/\\\/motorpor.pt\\\/en\\\/pesquisar\\\/?cor=branca&quot;,&quot;postsNumber&quot;:0,&quot;type&quot;:&quot;vehica_term&quot;,&quot;parentTerm&quot;:false,&quot;carsEndpoint&quot;:&quot;https:\\\/\\\/motorpor.pt\\\/en\\\/wp-json\\\/vehica\\\/v1\\\/cars?cor=branca&quot;,&quot;taxonomy&quot;:&quot;cor&quot;,&quot;taxonomyKey&quot;:&quot;vehica_6666&quot;},{&quot;id&quot;:2352,&quot;key&quot;:&quot;vehica_2352&quot;,&quot;name&quot;:&quot;CASTANHO&quot;,&quot;slug&quot;:&quot;castanho&quot;,&quot;link&quot;:&quot;https:\\\/\\\/motorpor.pt\\\/en\\\/pesquisar\\\/?cor=castanho&quot;,&quot;postsNumber&quot;:2,&quot;type&quot;:&quot;vehica_term&quot;,&quot;parentTerm&quot;:false,&quot;carsEndpoint&quot;:&quot;https:\\\/\\\/motorpor.pt\\\/en\\\/wp-json\\\/vehica\\\/v1\\\/cars?cor=castanho&quot;,&quot;taxonomy&quot;:&quot;cor&quot;,&quot;taxonomyKey&quot;:&quot;vehica_6666&quot;},{&quot;id&quot;:2370,&quot;key&quot;:&quot;vehica_2370&quot;,&quot;name&quot;:&quot;AMARELO&quot;,&quot;slug&quot;:&quot;amarelo&quot;,&quot;link&quot;:&quot;https:\\\/\\\/motorpor.pt\\\/en\\\/pesquisar\\\/?cor=amarelo&quot;,&quot;postsNumber&quot;:1,&quot;type&quot;:&quot;vehica_term&quot;,&quot;parentTerm&quot;:false,&quot;carsEndpoint&quot;:&quot;https:\\\/\\\/motorpor.pt\\\/en\\\/wp-json\\\/vehica\\\/v1\\\/cars?cor=amarelo&quot;,&quot;taxonomy&quot;:&quot;cor&quot;,&quot;taxonomyKey&quot;:&quot;vehica_6666&quot;},{&quot;id&quot;:3330,&quot;key&quot;:&quot;vehica_3330&quot;,&quot;name&quot;:&quot;Azul\\\/preto&quot;,&quot;slug&quot;:&quot;azul-preto&quot;,&quot;link&quot;:&quot;https:\\\/\\\/motorpor.pt\\\/en\\\/pesquisar\\\/?cor=azul-preto&quot;,&quot;postsNumber&quot;:0,&quot;type&quot;:&quot;vehica_term&quot;,&quot;parentTerm&quot;:false,&quot;carsEndpoint&quot;:&quot;https:\\\/\\\/motorpor.pt\\\/en\\\/wp-json\\\/vehica\\\/v1\\\/cars?cor=azul-preto&quot;,&quot;taxonomy&quot;:&quot;cor&quot;,&quot;taxonomyKey&quot;:&quot;vehica_6666&quot;},{&quot;id&quot;:2516,&quot;key&quot;:&quot;vehica_2516&quot;,&quot;name&quot;:&quot;BRANCO E OUTRAS&quot;,&quot;slug&quot;:&quot;branco-e-outras&quot;,&quot;link&quot;:&quot;https:\\\/\\\/motorpor.pt\\\/en\\\/pesquisar\\\/?cor=branco-e-outras&quot;,&quot;postsNumber&quot;:0,&quot;type&quot;:&quot;vehica_term&quot;,&quot;parentTerm&quot;:false,&quot;carsEndpoint&quot;:&quot;https:\\\/\\\/motorpor.pt\\\/en\\\/wp-json\\\/vehica\\\/v1\\\/cars?cor=branco-e-outras&quot;,&quot;taxonomy&quot;:&quot;cor&quot;,&quot;taxonomyKey&quot;:&quot;vehica_6666&quot;},{&quot;id&quot;:3254,&quot;key&quot;:&quot;vehica_3254&quot;,&quot;name&quot;:&quot;cinza&quot;,&quot;slug&quot;:&quot;cinza&quot;,&quot;link&quot;:&quot;https:\\\/\\\/motorpor.pt\\\/en\\\/pesquisar\\\/?cor=cinza&quot;,&quot;postsNumber&quot;:0,&quot;type&quot;:&quot;vehica_term&quot;,&quot;parentTerm&quot;:false,&quot;carsEndpoint&quot;:&quot;https:\\\/\\\/motorpor.pt\\\/en\\\/wp-json\\\/vehica\\\/v1\\\/cars?cor=cinza&quot;,&quot;taxonomy&quot;:&quot;cor&quot;,&quot;taxonomyKey&quot;:&quot;vehica_6666&quot;},{&quot;id&quot;:3259,&quot;key&quot;:&quot;vehica_3259&quot;,&quot;name&quot;:&quot;cinza selenium&quot;,&quot;slug&quot;:&quot;cinza-selenium&quot;,&quot;link&quot;:&quot;https:\\\/\\\/motorpor.pt\\\/en\\\/pesquisar\\\/?cor=cinza-selenium&quot;,&quot;postsNumber&quot;:0,&quot;type&quot;:&quot;vehica_term&quot;,&quot;parentTerm&quot;:false,&quot;carsEndpoint&quot;:&quot;https:\\\/\\\/motorpor.pt\\\/en\\\/wp-json\\\/vehica\\\/v1\\\/cars?cor=cinza-selenium&quot;,&quot;taxonomy&quot;:&quot;cor&quot;,&quot;taxonomyKey&quot;:&quot;vehica_6666&quot;},{&quot;id&quot;:2551,&quot;key&quot;:&quot;vehica_2551&quot;,&quot;name&quot;:&quot;CINZENTO E OUTRAS&quot;,&quot;slug&quot;:&quot;cinzento-e-outras&quot;,&quot;link&quot;:&quot;https:\\\/\\\/motorpor.pt\\\/en\\\/pesquisar\\\/?cor=cinzento-e-outras&quot;,&quot;postsNumber&quot;:0,&quot;type&quot;:&quot;vehica_term&quot;,&quot;parentTerm&quot;:false,&quot;carsEndpoint&quot;:&quot;https:\\\/\\\/motorpor.pt\\\/en\\\/wp-json\\\/vehica\\\/v1\\\/cars?cor=cinzento-e-outras&quot;,&quot;taxonomy&quot;:&quot;cor&quot;,&quot;taxonomyKey&quot;:&quot;vehica_6666&quot;},{&quot;id&quot;:3252,&quot;key&quot;:&quot;vehica_3252&quot;,&quot;name&quot;:&quot;Cinzento Titane&quot;,&quot;slug&quot;:&quot;cinzento-titane&quot;,&quot;link&quot;:&quot;https:\\\/\\\/motorpor.pt\\\/en\\\/pesquisar\\\/?cor=cinzento-titane&quot;,&quot;postsNumber&quot;:0,&quot;type&quot;:&quot;vehica_term&quot;,&quot;parentTerm&quot;:false,&quot;carsEndpoint&quot;:&quot;https:\\\/\\\/motorpor.pt\\\/en\\\/wp-json\\\/vehica\\\/v1\\\/cars?cor=cinzento-titane&quot;,&quot;taxonomy&quot;:&quot;cor&quot;,&quot;taxonomyKey&quot;:&quot;vehica_6666&quot;},{&quot;id&quot;:2366,&quot;key&quot;:&quot;vehica_2366&quot;,&quot;name&quot;:&quot;DOURADO&quot;,&quot;slug&quot;:&quot;dourado&quot;,&quot;link&quot;:&quot;https:\\\/\\\/motorpor.pt\\\/en\\\/pesquisar\\\/?cor=dourado&quot;,&quot;postsNumber&quot;:0,&quot;type&quot;:&quot;vehica_term&quot;,&quot;parentTerm&quot;:false,&quot;carsEndpoint&quot;:&quot;https:\\\/\\\/motorpor.pt\\\/en\\\/wp-json\\\/vehica\\\/v1\\\/cars?cor=dourado&quot;,&quot;taxonomy&quot;:&quot;cor&quot;,&quot;taxonomyKey&quot;:&quot;vehica_6666&quot;},{&quot;id&quot;:2331,&quot;key&quot;:&quot;vehica_2331&quot;,&quot;name&quot;:&quot;LARANJA&quot;,&quot;slug&quot;:&quot;laranja&quot;,&quot;link&quot;:&quot;https:\\\/\\\/motorpor.pt\\\/en\\\/pesquisar\\\/?cor=laranja&quot;,&quot;postsNumber&quot;:0,&quot;type&quot;:&quot;vehica_term&quot;,&quot;parentTerm&quot;:false,&quot;carsEndpoint&quot;:&quot;https:\\\/\\\/motorpor.pt\\\/en\\\/wp-json\\\/vehica\\\/v1\\\/cars?cor=laranja&quot;,&quot;taxonomy&quot;:&quot;cor&quot;,&quot;taxonomyKey&quot;:&quot;vehica_6666&quot;},{&quot;id&quot;:2347,&quot;key&quot;:&quot;vehica_2347&quot;,&quot;name&quot;:&quot;PRATA&quot;,&quot;slug&quot;:&quot;prata&quot;,&quot;link&quot;:&quot;https:\\\/\\\/motorpor.pt\\\/en\\\/pesquisar\\\/?cor=prata&quot;,&quot;postsNumber&quot;:0,&quot;type&quot;:&quot;vehica_term&quot;,&quot;parentTerm&quot;:false,&quot;carsEndpoint&quot;:&quot;https:\\\/\\\/motorpor.pt\\\/en\\\/wp-json\\\/vehica\\\/v1\\\/cars?cor=prata&quot;,&quot;taxonomy&quot;:&quot;cor&quot;,&quot;taxonomyKey&quot;:&quot;vehica_6666&quot;},{&quot;id&quot;:2520,&quot;key&quot;:&quot;vehica_2520&quot;,&quot;name&quot;:&quot;PRETO E OUTRAS&quot;,&quot;slug&quot;:&quot;preto-e-outras&quot;,&quot;link&quot;:&quot;https:\\\/\\\/motorpor.pt\\\/en\\\/pesquisar\\\/?cor=preto-e-outras&quot;,&quot;postsNumber&quot;:0,&quot;type&quot;:&quot;vehica_term&quot;,&quot;parentTerm&quot;:false,&quot;carsEndpoint&quot;:&quot;https:\\\/\\\/motorpor.pt\\\/en\\\/wp-json\\\/vehica\\\/v1\\\/cars?cor=preto-e-outras&quot;,&quot;taxonomy&quot;:&quot;cor&quot;,&quot;taxonomyKey&quot;:&quot;vehica_6666&quot;},{&quot;id&quot;:3328,&quot;key&quot;:&quot;vehica_3328&quot;,&quot;name&quot;:&quot;Ptrto&quot;,&quot;slug&quot;:&quot;ptrto&quot;,&quot;link&quot;:&quot;https:\\\/\\\/motorpor.pt\\\/en\\\/pesquisar\\\/?cor=ptrto&quot;,&quot;postsNumber&quot;:0,&quot;type&quot;:&quot;vehica_term&quot;,&quot;parentTerm&quot;:false,&quot;carsEndpoint&quot;:&quot;https:\\\/\\\/motorpor.pt\\\/en\\\/wp-json\\\/vehica\\\/v1\\\/cars?cor=ptrto&quot;,&quot;taxonomy&quot;:&quot;cor&quot;,&quot;taxonomyKey&quot;:&quot;vehica_6666&quot;}]\"\r\n            when-empty=\"disable\"\r\n            :terms-count=\"searchFormProps.terms\"\r\n            :disable-sort=\"false\"\r\n            :has-parent=\"false\"\r\n            request-url=\"https:\/\/motorpor.pt\/wp-admin\/admin-post.php?action=vehica\/terms\/query\"\r\n                    >\r\n        <div slot-scope=\"taxonomyField\" :class=\"{'vehica-active-taxonomy': taxonomyField.selectedTerms.length > 0}\">\r\n            <h4 class=\"vehica-results__field__label\">\r\n                Cor            <\/h4>\r\n\r\n                            <div v-if=\"false\" class=\"vehica-form-button\">\r\n                    Cor                <\/div>\r\n\r\n                <template>\r\n                    <v-select\r\n                            label=\"name\"\r\n                            :options=\"taxonomyField.options\"\r\n                            :value=\"taxonomyField.getTerm(taxonomyField.selectedTerm)\"\r\n                            @input=\"taxonomyField.setTerm\"\r\n                            @search:focus=\"taxonomyField.onFocus\"\r\n                            :append-to-body=\"false\"\r\n                            :disabled=\"taxonomyField.disableField\"\r\n                            placeholder=\"Cor\"\r\n                            :selectable=\"option => option.count > 0\"\r\n                                                    :searchable=\"false\"\r\n                                            >\r\n                        <template #option=\"option\">\r\n                            <div class=\"vehica-option\">\r\n                                <span v-html=\"option.name\"><\/span>\r\n\r\n                                                                    <template v-if=\"option.count\">\r\n                                        <span class=\"vehica-option__count\">({{ option.count }})<\/span>\r\n                                    <\/template>\r\n                                                            <\/div>\r\n                        <\/template>\r\n\r\n                        <template #selected-option=\"option\">\r\n                            <span class=\"vehica-option-selected\" v-html=\"option.name\"><\/span>\r\n                        <\/template>\r\n\r\n                        <template #no-options=\"{ search, searching, loading }\">\r\n                            <span v-if=\"taxonomyField.inProgress\">\r\n                                <i class=\"vehica-loading-options-spinner fas fa-circle-notch fa-spin\"><\/i>\r\n\r\n                                Carregando                            <\/span>\r\n\r\n                            <span v-if=\"!taxonomyField.inProgress\">\r\n                                Nenhuma op\u00e7\u00e3o                            <\/span>\r\n                        <\/template>\r\n                    <\/v-select>\r\n                <\/template>\r\n                    <\/div>\r\n    <\/vehica-taxonomy-search-field>\r\n<\/div>\r\n<div class=\"vehica-results__field vehica-relation-field\">\r\n    <vehica-taxonomy-search-field\r\n            :taxonomy=\"{&quot;name&quot;:&quot;Portas&quot;,&quot;key&quot;:&quot;vehica_12770&quot;,&quot;id&quot;:12770,&quot;parent&quot;:[],&quot;rewrite&quot;:&quot;portas&quot;}\"\r\n            :filters=\"searchFormProps.filters\"\r\n            :terms=\"[{&quot;id&quot;:2504,&quot;key&quot;:&quot;vehica_2504&quot;,&quot;name&quot;:&quot;5 Portas&quot;,&quot;slug&quot;:&quot;5-portas&quot;,&quot;link&quot;:&quot;https:\\\/\\\/motorpor.pt\\\/en\\\/pesquisar\\\/?portas=5-portas&quot;,&quot;postsNumber&quot;:354,&quot;type&quot;:&quot;vehica_term&quot;,&quot;parentTerm&quot;:false,&quot;carsEndpoint&quot;:&quot;https:\\\/\\\/motorpor.pt\\\/en\\\/wp-json\\\/vehica\\\/v1\\\/cars?portas=5-portas&quot;,&quot;taxonomy&quot;:&quot;portas&quot;,&quot;taxonomyKey&quot;:&quot;vehica_12770&quot;},{&quot;id&quot;:2823,&quot;key&quot;:&quot;vehica_2823&quot;,&quot;name&quot;:&quot;5&quot;,&quot;slug&quot;:&quot;5&quot;,&quot;link&quot;:&quot;https:\\\/\\\/motorpor.pt\\\/en\\\/pesquisar\\\/?portas=5&quot;,&quot;postsNumber&quot;:83,&quot;type&quot;:&quot;vehica_term&quot;,&quot;parentTerm&quot;:false,&quot;carsEndpoint&quot;:&quot;https:\\\/\\\/motorpor.pt\\\/en\\\/wp-json\\\/vehica\\\/v1\\\/cars?portas=5&quot;,&quot;taxonomy&quot;:&quot;portas&quot;,&quot;taxonomyKey&quot;:&quot;vehica_12770&quot;},{&quot;id&quot;:2848,&quot;key&quot;:&quot;vehica_2848&quot;,&quot;name&quot;:&quot;4&quot;,&quot;slug&quot;:&quot;4&quot;,&quot;link&quot;:&quot;https:\\\/\\\/motorpor.pt\\\/en\\\/pesquisar\\\/?portas=4&quot;,&quot;postsNumber&quot;:24,&quot;type&quot;:&quot;vehica_term&quot;,&quot;parentTerm&quot;:false,&quot;carsEndpoint&quot;:&quot;https:\\\/\\\/motorpor.pt\\\/en\\\/wp-json\\\/vehica\\\/v1\\\/cars?portas=4&quot;,&quot;taxonomy&quot;:&quot;portas&quot;,&quot;taxonomyKey&quot;:&quot;vehica_12770&quot;},{&quot;id&quot;:2400,&quot;key&quot;:&quot;vehica_2400&quot;,&quot;name&quot;:&quot;3 Portas&quot;,&quot;slug&quot;:&quot;3-portas&quot;,&quot;link&quot;:&quot;https:\\\/\\\/motorpor.pt\\\/en\\\/pesquisar\\\/?portas=3-portas&quot;,&quot;postsNumber&quot;:21,&quot;type&quot;:&quot;vehica_term&quot;,&quot;parentTerm&quot;:false,&quot;carsEndpoint&quot;:&quot;https:\\\/\\\/motorpor.pt\\\/en\\\/wp-json\\\/vehica\\\/v1\\\/cars?portas=3-portas&quot;,&quot;taxonomy&quot;:&quot;portas&quot;,&quot;taxonomyKey&quot;:&quot;vehica_12770&quot;},{&quot;id&quot;:2521,&quot;key&quot;:&quot;vehica_2521&quot;,&quot;name&quot;:&quot;4 Portas&quot;,&quot;slug&quot;:&quot;4-portas&quot;,&quot;link&quot;:&quot;https:\\\/\\\/motorpor.pt\\\/en\\\/pesquisar\\\/?portas=4-portas&quot;,&quot;postsNumber&quot;:18,&quot;type&quot;:&quot;vehica_term&quot;,&quot;parentTerm&quot;:false,&quot;carsEndpoint&quot;:&quot;https:\\\/\\\/motorpor.pt\\\/en\\\/wp-json\\\/vehica\\\/v1\\\/cars?portas=4-portas&quot;,&quot;taxonomy&quot;:&quot;portas&quot;,&quot;taxonomyKey&quot;:&quot;vehica_12770&quot;},{&quot;id&quot;:2879,&quot;key&quot;:&quot;vehica_2879&quot;,&quot;name&quot;:&quot;2&quot;,&quot;slug&quot;:&quot;2&quot;,&quot;link&quot;:&quot;https:\\\/\\\/motorpor.pt\\\/en\\\/pesquisar\\\/?portas=2&quot;,&quot;postsNumber&quot;:12,&quot;type&quot;:&quot;vehica_term&quot;,&quot;parentTerm&quot;:false,&quot;carsEndpoint&quot;:&quot;https:\\\/\\\/motorpor.pt\\\/en\\\/wp-json\\\/vehica\\\/v1\\\/cars?portas=2&quot;,&quot;taxonomy&quot;:&quot;portas&quot;,&quot;taxonomyKey&quot;:&quot;vehica_12770&quot;},{&quot;id&quot;:2397,&quot;key&quot;:&quot;vehica_2397&quot;,&quot;name&quot;:&quot;2 Portas&quot;,&quot;slug&quot;:&quot;2-portas&quot;,&quot;link&quot;:&quot;https:\\\/\\\/motorpor.pt\\\/en\\\/pesquisar\\\/?portas=2-portas&quot;,&quot;postsNumber&quot;:8,&quot;type&quot;:&quot;vehica_term&quot;,&quot;parentTerm&quot;:false,&quot;carsEndpoint&quot;:&quot;https:\\\/\\\/motorpor.pt\\\/en\\\/wp-json\\\/vehica\\\/v1\\\/cars?portas=2-portas&quot;,&quot;taxonomy&quot;:&quot;portas&quot;,&quot;taxonomyKey&quot;:&quot;vehica_12770&quot;},{&quot;id&quot;:2973,&quot;key&quot;:&quot;vehica_2973&quot;,&quot;name&quot;:&quot;3&quot;,&quot;slug&quot;:&quot;3&quot;,&quot;link&quot;:&quot;https:\\\/\\\/motorpor.pt\\\/en\\\/pesquisar\\\/?portas=3&quot;,&quot;postsNumber&quot;:3,&quot;type&quot;:&quot;vehica_term&quot;,&quot;parentTerm&quot;:false,&quot;carsEndpoint&quot;:&quot;https:\\\/\\\/motorpor.pt\\\/en\\\/wp-json\\\/vehica\\\/v1\\\/cars?portas=3&quot;,&quot;taxonomy&quot;:&quot;portas&quot;,&quot;taxonomyKey&quot;:&quot;vehica_12770&quot;},{&quot;id&quot;:2785,&quot;key&quot;:&quot;vehica_2785&quot;,&quot;name&quot;:&quot;0 Portas&quot;,&quot;slug&quot;:&quot;0-portas&quot;,&quot;link&quot;:&quot;https:\\\/\\\/motorpor.pt\\\/en\\\/pesquisar\\\/?portas=0-portas&quot;,&quot;postsNumber&quot;:0,&quot;type&quot;:&quot;vehica_term&quot;,&quot;parentTerm&quot;:false,&quot;carsEndpoint&quot;:&quot;https:\\\/\\\/motorpor.pt\\\/en\\\/wp-json\\\/vehica\\\/v1\\\/cars?portas=0-portas&quot;,&quot;taxonomy&quot;:&quot;portas&quot;,&quot;taxonomyKey&quot;:&quot;vehica_12770&quot;},{&quot;id&quot;:2783,&quot;key&quot;:&quot;vehica_2783&quot;,&quot;name&quot;:&quot;Portas&quot;,&quot;slug&quot;:&quot;portas&quot;,&quot;link&quot;:&quot;https:\\\/\\\/motorpor.pt\\\/en\\\/pesquisar\\\/?portas=portas&quot;,&quot;postsNumber&quot;:0,&quot;type&quot;:&quot;vehica_term&quot;,&quot;parentTerm&quot;:false,&quot;carsEndpoint&quot;:&quot;https:\\\/\\\/motorpor.pt\\\/en\\\/wp-json\\\/vehica\\\/v1\\\/cars?portas=portas&quot;,&quot;taxonomy&quot;:&quot;portas&quot;,&quot;taxonomyKey&quot;:&quot;vehica_12770&quot;},{&quot;id&quot;:3214,&quot;key&quot;:&quot;vehica_3214&quot;,&quot;name&quot;:&quot;undefined Portas&quot;,&quot;slug&quot;:&quot;undefined-portas&quot;,&quot;link&quot;:&quot;https:\\\/\\\/motorpor.pt\\\/en\\\/pesquisar\\\/?portas=undefined-portas&quot;,&quot;postsNumber&quot;:0,&quot;type&quot;:&quot;vehica_term&quot;,&quot;parentTerm&quot;:false,&quot;carsEndpoint&quot;:&quot;https:\\\/\\\/motorpor.pt\\\/en\\\/wp-json\\\/vehica\\\/v1\\\/cars?portas=undefined-portas&quot;,&quot;taxonomy&quot;:&quot;portas&quot;,&quot;taxonomyKey&quot;:&quot;vehica_12770&quot;}]\"\r\n            when-empty=\"disable\"\r\n            :terms-count=\"searchFormProps.terms\"\r\n            :disable-sort=\"false\"\r\n            :has-parent=\"false\"\r\n            request-url=\"https:\/\/motorpor.pt\/wp-admin\/admin-post.php?action=vehica\/terms\/query\"\r\n                    >\r\n        <div slot-scope=\"taxonomyField\" :class=\"{'vehica-active-taxonomy': taxonomyField.selectedTerms.length > 0}\">\r\n            <h4 class=\"vehica-results__field__label\">\r\n                Portas            <\/h4>\r\n\r\n                            <div v-if=\"false\" class=\"vehica-form-button\">\r\n                    Portas                <\/div>\r\n\r\n                <template>\r\n                    <v-select\r\n                            label=\"name\"\r\n                            :options=\"taxonomyField.options\"\r\n                            :value=\"taxonomyField.getTerm(taxonomyField.selectedTerm)\"\r\n                            @input=\"taxonomyField.setTerm\"\r\n                            @search:focus=\"taxonomyField.onFocus\"\r\n                            :append-to-body=\"false\"\r\n                            :disabled=\"taxonomyField.disableField\"\r\n                            placeholder=\"Portas\"\r\n                            :selectable=\"option => option.count > 0\"\r\n                                                    :searchable=\"false\"\r\n                                            >\r\n                        <template #option=\"option\">\r\n                            <div class=\"vehica-option\">\r\n                                <span v-html=\"option.name\"><\/span>\r\n\r\n                                                                    <template v-if=\"option.count\">\r\n                                        <span class=\"vehica-option__count\">({{ option.count }})<\/span>\r\n                                    <\/template>\r\n                                                            <\/div>\r\n                        <\/template>\r\n\r\n                        <template #selected-option=\"option\">\r\n                            <span class=\"vehica-option-selected\" v-html=\"option.name\"><\/span>\r\n                        <\/template>\r\n\r\n                        <template #no-options=\"{ search, searching, loading }\">\r\n                            <span v-if=\"taxonomyField.inProgress\">\r\n                                <i class=\"vehica-loading-options-spinner fas fa-circle-notch fa-spin\"><\/i>\r\n\r\n                                Carregando                            <\/span>\r\n\r\n                            <span v-if=\"!taxonomyField.inProgress\">\r\n                                Nenhuma op\u00e7\u00e3o                            <\/span>\r\n                        <\/template>\r\n                    <\/v-select>\r\n                <\/template>\r\n                    <\/div>\r\n    <\/vehica-taxonomy-search-field>\r\n<\/div>\r\n<div class=\"vehica-results__field vehica-results__field--number vehica-relation-field\">\r\n            <div v-if=\"false\" class=\"vehica-form-button\">\r\n            Lugares        <\/div>\r\n\r\n        <vehica-number-search-field\r\n                :number-field=\"{&quot;name&quot;:&quot;Lugares&quot;,&quot;key&quot;:&quot;vehica_21126&quot;,&quot;id&quot;:21126,&quot;rewrite&quot;:&quot;lugares&quot;,&quot;rewriteFrom&quot;:&quot;lugares-from&quot;,&quot;rewriteTo&quot;:&quot;lugares-to&quot;,&quot;decimalPlaces&quot;:0,&quot;decimalSeparator&quot;:&quot;,&quot;,&quot;thousandsSeparator&quot;:&quot;  &quot;,&quot;numberType&quot;:&quot;integer&quot;,&quot;displayBefore&quot;:&quot;&quot;,&quot;displayAfter&quot;:&quot;&quot;}\"\r\n                :filters=\"searchFormProps.filters\"\r\n                                                    :static-values=\"[{&quot;display&quot;:&quot;1&quot;,&quot;controlDisplay&quot;:&quot;Lugares = 1&quot;,&quot;value&quot;:1},{&quot;display&quot;:&quot;2&quot;,&quot;controlDisplay&quot;:&quot;Lugares = 2&quot;,&quot;value&quot;:2},{&quot;display&quot;:&quot;3&quot;,&quot;controlDisplay&quot;:&quot;Lugares = 3&quot;,&quot;value&quot;:3},{&quot;display&quot;:&quot;4&quot;,&quot;controlDisplay&quot;:&quot;Lugares = 4&quot;,&quot;value&quot;:4},{&quot;display&quot;:&quot;5&quot;,&quot;controlDisplay&quot;:&quot;Lugares = 5&quot;,&quot;value&quot;:5}]\"\r\n                                >\r\n            <div slot-scope=\"numberField\" :class=\"{'vehica-active-number': numberField.value !== ''}\">\r\n                <v-select\r\n                        label=\"display\"\r\n                        :options=\"numberField.staticValues\"\r\n                        :value=\"numberField.currentOption\"\r\n                        @input=\"numberField.onSelectValueChange\"\r\n                        :append-to-body=\"false\"\r\n                        :searchable=\"false\"\r\n                        placeholder=\"Lugares\"\r\n                >\r\n                    <template #option=\"option\">\r\n                        <div class=\"vehica-option\">\r\n                            {{ option.controlDisplay }}\r\n                        <\/div>\r\n                    <\/template>\r\n\r\n                    <template #selected-option=\"option\">\r\n                        <div class=\"vehica-option\">\r\n                            {{ option.controlDisplay }}\r\n                        <\/div>\r\n                    <\/template>\r\n                <\/v-select>\r\n            <\/div>\r\n        <\/vehica-number-search-field>\r\n    <\/div><div class=\"vehica-results__field vehica-relation-field\">\r\n    <vehica-taxonomy-search-field\r\n            :taxonomy=\"{&quot;name&quot;:&quot;Localiza\\u00e7\\u00e3o&quot;,&quot;key&quot;:&quot;vehica_24503&quot;,&quot;id&quot;:24503,&quot;parent&quot;:[],&quot;rewrite&quot;:&quot;localizacao&quot;}\"\r\n            :filters=\"searchFormProps.filters\"\r\n            :terms=\"[{&quot;id&quot;:3263,&quot;key&quot;:&quot;vehica_3263&quot;,&quot;name&quot;:&quot;Penafiel&quot;,&quot;slug&quot;:&quot;penafiel&quot;,&quot;link&quot;:&quot;https:\\\/\\\/motorpor.pt\\\/en\\\/pesquisar\\\/?localizacao=penafiel&quot;,&quot;postsNumber&quot;:96,&quot;type&quot;:&quot;vehica_term&quot;,&quot;parentTerm&quot;:false,&quot;carsEndpoint&quot;:&quot;https:\\\/\\\/motorpor.pt\\\/en\\\/wp-json\\\/vehica\\\/v1\\\/cars?localizacao=penafiel&quot;,&quot;taxonomy&quot;:&quot;localizacao&quot;,&quot;taxonomyKey&quot;:&quot;vehica_24503&quot;},{&quot;id&quot;:2635,&quot;key&quot;:&quot;vehica_2635&quot;,&quot;name&quot;:&quot;Faro&quot;,&quot;slug&quot;:&quot;faro&quot;,&quot;link&quot;:&quot;https:\\\/\\\/motorpor.pt\\\/en\\\/pesquisar\\\/?localizacao=faro&quot;,&quot;postsNumber&quot;:67,&quot;type&quot;:&quot;vehica_term&quot;,&quot;parentTerm&quot;:false,&quot;carsEndpoint&quot;:&quot;https:\\\/\\\/motorpor.pt\\\/en\\\/wp-json\\\/vehica\\\/v1\\\/cars?localizacao=faro&quot;,&quot;taxonomy&quot;:&quot;localizacao&quot;,&quot;taxonomyKey&quot;:&quot;vehica_24503&quot;},{&quot;id&quot;:3271,&quot;key&quot;:&quot;vehica_3271&quot;,&quot;name&quot;:&quot;Palmela&quot;,&quot;slug&quot;:&quot;palmela&quot;,&quot;link&quot;:&quot;https:\\\/\\\/motorpor.pt\\\/en\\\/pesquisar\\\/?localizacao=palmela&quot;,&quot;postsNumber&quot;:65,&quot;type&quot;:&quot;vehica_term&quot;,&quot;parentTerm&quot;:false,&quot;carsEndpoint&quot;:&quot;https:\\\/\\\/motorpor.pt\\\/en\\\/wp-json\\\/vehica\\\/v1\\\/cars?localizacao=palmela&quot;,&quot;taxonomy&quot;:&quot;localizacao&quot;,&quot;taxonomyKey&quot;:&quot;vehica_24503&quot;},{&quot;id&quot;:2634,&quot;key&quot;:&quot;vehica_2634&quot;,&quot;name&quot;:&quot;\\u00c9vora&quot;,&quot;slug&quot;:&quot;evora&quot;,&quot;link&quot;:&quot;https:\\\/\\\/motorpor.pt\\\/en\\\/pesquisar\\\/?localizacao=evora&quot;,&quot;postsNumber&quot;:59,&quot;type&quot;:&quot;vehica_term&quot;,&quot;parentTerm&quot;:false,&quot;carsEndpoint&quot;:&quot;https:\\\/\\\/motorpor.pt\\\/en\\\/wp-json\\\/vehica\\\/v1\\\/cars?localizacao=evora&quot;,&quot;taxonomy&quot;:&quot;localizacao&quot;,&quot;taxonomyKey&quot;:&quot;vehica_24503&quot;},{&quot;id&quot;:2639,&quot;key&quot;:&quot;vehica_2639&quot;,&quot;name&quot;:&quot;Portalegre&quot;,&quot;slug&quot;:&quot;portalegre&quot;,&quot;link&quot;:&quot;https:\\\/\\\/motorpor.pt\\\/en\\\/pesquisar\\\/?localizacao=portalegre&quot;,&quot;postsNumber&quot;:30,&quot;type&quot;:&quot;vehica_term&quot;,&quot;parentTerm&quot;:false,&quot;carsEndpoint&quot;:&quot;https:\\\/\\\/motorpor.pt\\\/en\\\/wp-json\\\/vehica\\\/v1\\\/cars?localizacao=portalegre&quot;,&quot;taxonomy&quot;:&quot;localizacao&quot;,&quot;taxonomyKey&quot;:&quot;vehica_24503&quot;},{&quot;id&quot;:2642,&quot;key&quot;:&quot;vehica_2642&quot;,&quot;name&quot;:&quot;Set\\u00fabal&quot;,&quot;slug&quot;:&quot;setubal&quot;,&quot;link&quot;:&quot;https:\\\/\\\/motorpor.pt\\\/en\\\/pesquisar\\\/?localizacao=setubal&quot;,&quot;postsNumber&quot;:18,&quot;type&quot;:&quot;vehica_term&quot;,&quot;parentTerm&quot;:false,&quot;carsEndpoint&quot;:&quot;https:\\\/\\\/motorpor.pt\\\/en\\\/wp-json\\\/vehica\\\/v1\\\/cars?localizacao=setubal&quot;,&quot;taxonomy&quot;:&quot;localizacao&quot;,&quot;taxonomyKey&quot;:&quot;vehica_24503&quot;},{&quot;id&quot;:2727,&quot;key&quot;:&quot;vehica_2727&quot;,&quot;name&quot;:&quot;Portim\\u00e3o&quot;,&quot;slug&quot;:&quot;portimao&quot;,&quot;link&quot;:&quot;https:\\\/\\\/motorpor.pt\\\/en\\\/pesquisar\\\/?localizacao=portimao&quot;,&quot;postsNumber&quot;:19,&quot;type&quot;:&quot;vehica_term&quot;,&quot;parentTerm&quot;:false,&quot;carsEndpoint&quot;:&quot;https:\\\/\\\/motorpor.pt\\\/en\\\/wp-json\\\/vehica\\\/v1\\\/cars?localizacao=portimao&quot;,&quot;taxonomy&quot;:&quot;localizacao&quot;,&quot;taxonomyKey&quot;:&quot;vehica_24503&quot;},{&quot;id&quot;:3273,&quot;key&quot;:&quot;vehica_3273&quot;,&quot;name&quot;:&quot;Almada&quot;,&quot;slug&quot;:&quot;almada&quot;,&quot;link&quot;:&quot;https:\\\/\\\/motorpor.pt\\\/en\\\/pesquisar\\\/?localizacao=almada&quot;,&quot;postsNumber&quot;:6,&quot;type&quot;:&quot;vehica_term&quot;,&quot;parentTerm&quot;:false,&quot;carsEndpoint&quot;:&quot;https:\\\/\\\/motorpor.pt\\\/en\\\/wp-json\\\/vehica\\\/v1\\\/cars?localizacao=almada&quot;,&quot;taxonomy&quot;:&quot;localizacao&quot;,&quot;taxonomyKey&quot;:&quot;vehica_24503&quot;},{&quot;id&quot;:3402,&quot;key&quot;:&quot;vehica_3402&quot;,&quot;name&quot;:&quot;Loures&quot;,&quot;slug&quot;:&quot;loures&quot;,&quot;link&quot;:&quot;https:\\\/\\\/motorpor.pt\\\/en\\\/pesquisar\\\/?localizacao=loures&quot;,&quot;postsNumber&quot;:6,&quot;type&quot;:&quot;vehica_term&quot;,&quot;parentTerm&quot;:false,&quot;carsEndpoint&quot;:&quot;https:\\\/\\\/motorpor.pt\\\/en\\\/wp-json\\\/vehica\\\/v1\\\/cars?localizacao=loures&quot;,&quot;taxonomy&quot;:&quot;localizacao&quot;,&quot;taxonomyKey&quot;:&quot;vehica_24503&quot;},{&quot;id&quot;:2629,&quot;key&quot;:&quot;vehica_2629&quot;,&quot;name&quot;:&quot;Beja&quot;,&quot;slug&quot;:&quot;beja&quot;,&quot;link&quot;:&quot;https:\\\/\\\/motorpor.pt\\\/en\\\/pesquisar\\\/?localizacao=beja&quot;,&quot;postsNumber&quot;:5,&quot;type&quot;:&quot;vehica_term&quot;,&quot;parentTerm&quot;:false,&quot;carsEndpoint&quot;:&quot;https:\\\/\\\/motorpor.pt\\\/en\\\/wp-json\\\/vehica\\\/v1\\\/cars?localizacao=beja&quot;,&quot;taxonomy&quot;:&quot;localizacao&quot;,&quot;taxonomyKey&quot;:&quot;vehica_24503&quot;},{&quot;id&quot;:2740,&quot;key&quot;:&quot;vehica_2740&quot;,&quot;name&quot;:&quot;Sines&quot;,&quot;slug&quot;:&quot;sines&quot;,&quot;link&quot;:&quot;https:\\\/\\\/motorpor.pt\\\/en\\\/pesquisar\\\/?localizacao=sines&quot;,&quot;postsNumber&quot;:5,&quot;type&quot;:&quot;vehica_term&quot;,&quot;parentTerm&quot;:false,&quot;carsEndpoint&quot;:&quot;https:\\\/\\\/motorpor.pt\\\/en\\\/wp-json\\\/vehica\\\/v1\\\/cars?localizacao=sines&quot;,&quot;taxonomy&quot;:&quot;localizacao&quot;,&quot;taxonomyKey&quot;:&quot;vehica_24503&quot;},{&quot;id&quot;:2628,&quot;key&quot;:&quot;vehica_2628&quot;,&quot;name&quot;:&quot;Aveiro&quot;,&quot;slug&quot;:&quot;aveiro&quot;,&quot;link&quot;:&quot;https:\\\/\\\/motorpor.pt\\\/en\\\/pesquisar\\\/?localizacao=aveiro&quot;,&quot;postsNumber&quot;:0,&quot;type&quot;:&quot;vehica_term&quot;,&quot;parentTerm&quot;:false,&quot;carsEndpoint&quot;:&quot;https:\\\/\\\/motorpor.pt\\\/en\\\/wp-json\\\/vehica\\\/v1\\\/cars?localizacao=aveiro&quot;,&quot;taxonomy&quot;:&quot;localizacao&quot;,&quot;taxonomyKey&quot;:&quot;vehica_24503&quot;},{&quot;id&quot;:2630,&quot;key&quot;:&quot;vehica_2630&quot;,&quot;name&quot;:&quot;Braga&quot;,&quot;slug&quot;:&quot;braga&quot;,&quot;link&quot;:&quot;https:\\\/\\\/motorpor.pt\\\/en\\\/pesquisar\\\/?localizacao=braga&quot;,&quot;postsNumber&quot;:0,&quot;type&quot;:&quot;vehica_term&quot;,&quot;parentTerm&quot;:false,&quot;carsEndpoint&quot;:&quot;https:\\\/\\\/motorpor.pt\\\/en\\\/wp-json\\\/vehica\\\/v1\\\/cars?localizacao=braga&quot;,&quot;taxonomy&quot;:&quot;localizacao&quot;,&quot;taxonomyKey&quot;:&quot;vehica_24503&quot;},{&quot;id&quot;:2631,&quot;key&quot;:&quot;vehica_2631&quot;,&quot;name&quot;:&quot;Bragan\\u00e7a&quot;,&quot;slug&quot;:&quot;braganca&quot;,&quot;link&quot;:&quot;https:\\\/\\\/motorpor.pt\\\/en\\\/pesquisar\\\/?localizacao=braganca&quot;,&quot;postsNumber&quot;:0,&quot;type&quot;:&quot;vehica_term&quot;,&quot;parentTerm&quot;:false,&quot;carsEndpoint&quot;:&quot;https:\\\/\\\/motorpor.pt\\\/en\\\/wp-json\\\/vehica\\\/v1\\\/cars?localizacao=braganca&quot;,&quot;taxonomy&quot;:&quot;localizacao&quot;,&quot;taxonomyKey&quot;:&quot;vehica_24503&quot;},{&quot;id&quot;:2632,&quot;key&quot;:&quot;vehica_2632&quot;,&quot;name&quot;:&quot;Castelo Branco&quot;,&quot;slug&quot;:&quot;castelo-branco&quot;,&quot;link&quot;:&quot;https:\\\/\\\/motorpor.pt\\\/en\\\/pesquisar\\\/?localizacao=castelo-branco&quot;,&quot;postsNumber&quot;:0,&quot;type&quot;:&quot;vehica_term&quot;,&quot;parentTerm&quot;:false,&quot;carsEndpoint&quot;:&quot;https:\\\/\\\/motorpor.pt\\\/en\\\/wp-json\\\/vehica\\\/v1\\\/cars?localizacao=castelo-branco&quot;,&quot;taxonomy&quot;:&quot;localizacao&quot;,&quot;taxonomyKey&quot;:&quot;vehica_24503&quot;},{&quot;id&quot;:2633,&quot;key&quot;:&quot;vehica_2633&quot;,&quot;name&quot;:&quot;Coimbra&quot;,&quot;slug&quot;:&quot;coimbra&quot;,&quot;link&quot;:&quot;https:\\\/\\\/motorpor.pt\\\/en\\\/pesquisar\\\/?localizacao=coimbra&quot;,&quot;postsNumber&quot;:0,&quot;type&quot;:&quot;vehica_term&quot;,&quot;parentTerm&quot;:false,&quot;carsEndpoint&quot;:&quot;https:\\\/\\\/motorpor.pt\\\/en\\\/wp-json\\\/vehica\\\/v1\\\/cars?localizacao=coimbra&quot;,&quot;taxonomy&quot;:&quot;localizacao&quot;,&quot;taxonomyKey&quot;:&quot;vehica_24503&quot;},{&quot;id&quot;:2685,&quot;key&quot;:&quot;vehica_2685&quot;,&quot;name&quot;:&quot;Estremoz&quot;,&quot;slug&quot;:&quot;estremoz&quot;,&quot;link&quot;:&quot;https:\\\/\\\/motorpor.pt\\\/en\\\/pesquisar\\\/?localizacao=estremoz&quot;,&quot;postsNumber&quot;:0,&quot;type&quot;:&quot;vehica_term&quot;,&quot;parentTerm&quot;:false,&quot;carsEndpoint&quot;:&quot;https:\\\/\\\/motorpor.pt\\\/en\\\/wp-json\\\/vehica\\\/v1\\\/cars?localizacao=estremoz&quot;,&quot;taxonomy&quot;:&quot;localizacao&quot;,&quot;taxonomyKey&quot;:&quot;vehica_24503&quot;},{&quot;id&quot;:2636,&quot;key&quot;:&quot;vehica_2636&quot;,&quot;name&quot;:&quot;Guarda&quot;,&quot;slug&quot;:&quot;guarda&quot;,&quot;link&quot;:&quot;https:\\\/\\\/motorpor.pt\\\/en\\\/pesquisar\\\/?localizacao=guarda&quot;,&quot;postsNumber&quot;:0,&quot;type&quot;:&quot;vehica_term&quot;,&quot;parentTerm&quot;:false,&quot;carsEndpoint&quot;:&quot;https:\\\/\\\/motorpor.pt\\\/en\\\/wp-json\\\/vehica\\\/v1\\\/cars?localizacao=guarda&quot;,&quot;taxonomy&quot;:&quot;localizacao&quot;,&quot;taxonomyKey&quot;:&quot;vehica_24503&quot;},{&quot;id&quot;:2637,&quot;key&quot;:&quot;vehica_2637&quot;,&quot;name&quot;:&quot;Leiria&quot;,&quot;slug&quot;:&quot;leiria&quot;,&quot;link&quot;:&quot;https:\\\/\\\/motorpor.pt\\\/en\\\/pesquisar\\\/?localizacao=leiria&quot;,&quot;postsNumber&quot;:0,&quot;type&quot;:&quot;vehica_term&quot;,&quot;parentTerm&quot;:false,&quot;carsEndpoint&quot;:&quot;https:\\\/\\\/motorpor.pt\\\/en\\\/wp-json\\\/vehica\\\/v1\\\/cars?localizacao=leiria&quot;,&quot;taxonomy&quot;:&quot;localizacao&quot;,&quot;taxonomyKey&quot;:&quot;vehica_24503&quot;},{&quot;id&quot;:2638,&quot;key&quot;:&quot;vehica_2638&quot;,&quot;name&quot;:&quot;Lisboa&quot;,&quot;slug&quot;:&quot;lisboa&quot;,&quot;link&quot;:&quot;https:\\\/\\\/motorpor.pt\\\/en\\\/pesquisar\\\/?localizacao=lisboa&quot;,&quot;postsNumber&quot;:0,&quot;type&quot;:&quot;vehica_term&quot;,&quot;parentTerm&quot;:false,&quot;carsEndpoint&quot;:&quot;https:\\\/\\\/motorpor.pt\\\/en\\\/wp-json\\\/vehica\\\/v1\\\/cars?localizacao=lisboa&quot;,&quot;taxonomy&quot;:&quot;localizacao&quot;,&quot;taxonomyKey&quot;:&quot;vehica_24503&quot;},{&quot;id&quot;:2640,&quot;key&quot;:&quot;vehica_2640&quot;,&quot;name&quot;:&quot;Porto&quot;,&quot;slug&quot;:&quot;porto&quot;,&quot;link&quot;:&quot;https:\\\/\\\/motorpor.pt\\\/en\\\/pesquisar\\\/?localizacao=porto&quot;,&quot;postsNumber&quot;:0,&quot;type&quot;:&quot;vehica_term&quot;,&quot;parentTerm&quot;:false,&quot;carsEndpoint&quot;:&quot;https:\\\/\\\/motorpor.pt\\\/en\\\/wp-json\\\/vehica\\\/v1\\\/cars?localizacao=porto&quot;,&quot;taxonomy&quot;:&quot;localizacao&quot;,&quot;taxonomyKey&quot;:&quot;vehica_24503&quot;},{&quot;id&quot;:2641,&quot;key&quot;:&quot;vehica_2641&quot;,&quot;name&quot;:&quot;Santar\\u00e9m&quot;,&quot;slug&quot;:&quot;santarem&quot;,&quot;link&quot;:&quot;https:\\\/\\\/motorpor.pt\\\/en\\\/pesquisar\\\/?localizacao=santarem&quot;,&quot;postsNumber&quot;:0,&quot;type&quot;:&quot;vehica_term&quot;,&quot;parentTerm&quot;:false,&quot;carsEndpoint&quot;:&quot;https:\\\/\\\/motorpor.pt\\\/en\\\/wp-json\\\/vehica\\\/v1\\\/cars?localizacao=santarem&quot;,&quot;taxonomy&quot;:&quot;localizacao&quot;,&quot;taxonomyKey&quot;:&quot;vehica_24503&quot;},{&quot;id&quot;:2932,&quot;key&quot;:&quot;vehica_2932&quot;,&quot;name&quot;:&quot;Sintra&quot;,&quot;slug&quot;:&quot;sintra&quot;,&quot;link&quot;:&quot;https:\\\/\\\/motorpor.pt\\\/en\\\/pesquisar\\\/?localizacao=sintra&quot;,&quot;postsNumber&quot;:0,&quot;type&quot;:&quot;vehica_term&quot;,&quot;parentTerm&quot;:false,&quot;carsEndpoint&quot;:&quot;https:\\\/\\\/motorpor.pt\\\/en\\\/wp-json\\\/vehica\\\/v1\\\/cars?localizacao=sintra&quot;,&quot;taxonomy&quot;:&quot;localizacao&quot;,&quot;taxonomyKey&quot;:&quot;vehica_24503&quot;},{&quot;id&quot;:2643,&quot;key&quot;:&quot;vehica_2643&quot;,&quot;name&quot;:&quot;Viana do Castelo&quot;,&quot;slug&quot;:&quot;viana-do-castelo&quot;,&quot;link&quot;:&quot;https:\\\/\\\/motorpor.pt\\\/en\\\/pesquisar\\\/?localizacao=viana-do-castelo&quot;,&quot;postsNumber&quot;:0,&quot;type&quot;:&quot;vehica_term&quot;,&quot;parentTerm&quot;:false,&quot;carsEndpoint&quot;:&quot;https:\\\/\\\/motorpor.pt\\\/en\\\/wp-json\\\/vehica\\\/v1\\\/cars?localizacao=viana-do-castelo&quot;,&quot;taxonomy&quot;:&quot;localizacao&quot;,&quot;taxonomyKey&quot;:&quot;vehica_24503&quot;},{&quot;id&quot;:2644,&quot;key&quot;:&quot;vehica_2644&quot;,&quot;name&quot;:&quot;Vila Real&quot;,&quot;slug&quot;:&quot;vila-real&quot;,&quot;link&quot;:&quot;https:\\\/\\\/motorpor.pt\\\/en\\\/pesquisar\\\/?localizacao=vila-real&quot;,&quot;postsNumber&quot;:0,&quot;type&quot;:&quot;vehica_term&quot;,&quot;parentTerm&quot;:false,&quot;carsEndpoint&quot;:&quot;https:\\\/\\\/motorpor.pt\\\/en\\\/wp-json\\\/vehica\\\/v1\\\/cars?localizacao=vila-real&quot;,&quot;taxonomy&quot;:&quot;localizacao&quot;,&quot;taxonomyKey&quot;:&quot;vehica_24503&quot;},{&quot;id&quot;:2645,&quot;key&quot;:&quot;vehica_2645&quot;,&quot;name&quot;:&quot;Viseu&quot;,&quot;slug&quot;:&quot;viseu&quot;,&quot;link&quot;:&quot;https:\\\/\\\/motorpor.pt\\\/en\\\/pesquisar\\\/?localizacao=viseu&quot;,&quot;postsNumber&quot;:0,&quot;type&quot;:&quot;vehica_term&quot;,&quot;parentTerm&quot;:false,&quot;carsEndpoint&quot;:&quot;https:\\\/\\\/motorpor.pt\\\/en\\\/wp-json\\\/vehica\\\/v1\\\/cars?localizacao=viseu&quot;,&quot;taxonomy&quot;:&quot;localizacao&quot;,&quot;taxonomyKey&quot;:&quot;vehica_24503&quot;}]\"\r\n            when-empty=\"hide\"\r\n            :terms-count=\"searchFormProps.terms\"\r\n            :disable-sort=\"false\"\r\n            :has-parent=\"false\"\r\n            request-url=\"https:\/\/motorpor.pt\/wp-admin\/admin-post.php?action=vehica\/terms\/query\"\r\n                    >\r\n        <div slot-scope=\"taxonomyField\" :class=\"{'vehica-active-taxonomy': taxonomyField.selectedTerms.length > 0}\">\r\n            <h4 class=\"vehica-results__field__label\">\r\n                Localiza\u00e7\u00e3o            <\/h4>\r\n\r\n                            <div v-if=\"false\" class=\"vehica-form-button\">\r\n                    Localiza\u00e7\u00e3o                <\/div>\r\n\r\n                <template>\r\n                    <v-select\r\n                            label=\"name\"\r\n                            :options=\"taxonomyField.options\"\r\n                            :value=\"taxonomyField.getTerm(taxonomyField.selectedTerm)\"\r\n                            @input=\"taxonomyField.setTerm\"\r\n                            @search:focus=\"taxonomyField.onFocus\"\r\n                            :append-to-body=\"false\"\r\n                            :disabled=\"taxonomyField.disableField\"\r\n                            placeholder=\"Localiza\u00e7\u00e3o\"\r\n                            :selectable=\"option => option.count > 0\"\r\n                                                    :searchable=\"false\"\r\n                                            >\r\n                        <template #option=\"option\">\r\n                            <div class=\"vehica-option\">\r\n                                <span v-html=\"option.name\"><\/span>\r\n\r\n                                                                    <template v-if=\"option.count\">\r\n                                        <span class=\"vehica-option__count\">({{ option.count }})<\/span>\r\n                                    <\/template>\r\n                                                            <\/div>\r\n                        <\/template>\r\n\r\n                        <template #selected-option=\"option\">\r\n                            <span class=\"vehica-option-selected\" v-html=\"option.name\"><\/span>\r\n                        <\/template>\r\n\r\n                        <template #no-options=\"{ search, searching, loading }\">\r\n                            <span v-if=\"taxonomyField.inProgress\">\r\n                                <i class=\"vehica-loading-options-spinner fas fa-circle-notch fa-spin\"><\/i>\r\n\r\n                                Carregando                            <\/span>\r\n\r\n                            <span v-if=\"!taxonomyField.inProgress\">\r\n                                Nenhuma op\u00e7\u00e3o                            <\/span>\r\n                        <\/template>\r\n                    <\/v-select>\r\n                <\/template>\r\n                    <\/div>\r\n    <\/vehica-taxonomy-search-field>\r\n<\/div>\r\n                                <div class=\"vehica-results__fields__clear-load-more\">\r\n                                    <div\r\n                                            class=\"vehica-results__fields__clear\"\r\n                                            @click=\"searchFormProps.reset\"\r\n                                    >\r\n                                        Limpar Filtros                                    <\/div>\r\n\r\n                                    <div\r\n                                            v-if=\"showAdvancedFields.showAdvancedButton\"\r\n                                            class=\"vehica-results__advanced-button vehica-results__advanced-button--show-desktop vehica-results__advanced-button--show-tablet\"\r\n                                            @click.prevent=\"showAdvancedFields.onShowAdvanced\"\r\n                                    >\r\n                                        <div v-if=\"!showAdvancedFields.showAdvanced\">\r\n                                            <i class=\"fas fa-angle-double-down\"><\/i> Mais Filtros                                        <\/div>\r\n\r\n                                        <template>\r\n                                            <div v-if=\"showAdvancedFields.showAdvanced\">\r\n                                                <i class=\"fas fa-angle-double-up\"><\/i> Menos Filtros                                            <\/div>\r\n                                        <\/template>\r\n                                    <\/div>\r\n                                <\/div>\r\n\r\n                                <div\r\n                                        @click.prevent=\"searchFormProps.hideMobileMenu\"\r\n                                        class=\"vehica-results__fields__mobile-section-bottom\"\r\n                                >\r\n                                    <button class=\"vehica-button\">\r\n                                        Aplicar                                    <\/button>\r\n                                <\/div>\r\n                            <\/div>\r\n                        <\/vehica-show-advanced-fields>\r\n\r\n                        <div class=\"vehica-inventory-v1__bar\">\r\n                            <div class=\"vehica-inventory-v1__bar__left\">\r\n                                                                    <vehica-taxonomy-search-field\r\n                                            :taxonomy=\"{&quot;id&quot;:6654,&quot;key&quot;:&quot;vehica_6654&quot;,&quot;name&quot;:&quot;Estado&quot;,&quot;type&quot;:&quot;taxonomy&quot;,&quot;prettyType&quot;:&quot;taxonomy&quot;,&quot;typeName&quot;:&quot;Taxonomy&quot;,&quot;isRequired&quot;:true,&quot;editLink&quot;:&quot;https:\\\/\\\/motorpor.pt\\\/wp-admin\\\/admin.php?page=vehica_6654&amp;vehica_type=field&quot;,&quot;rewritable&quot;:true,&quot;parentTaxonomy&quot;:[],&quot;rewrite&quot;:&quot;estado&quot;,&quot;allowMultiple&quot;:false,&quot;fieldsDependencyEnabled&quot;:false,&quot;create&quot;:true,&quot;allowNewValues&quot;:false,&quot;parent&quot;:[]}\"\r\n                                            :filters=\"searchFormProps.filters\"\r\n                                            :terms=\"[{&quot;id&quot;:2073,&quot;key&quot;:&quot;vehica_2073&quot;,&quot;name&quot;:&quot;Usados&quot;,&quot;slug&quot;:&quot;usados&quot;,&quot;link&quot;:&quot;https:\\\/\\\/motorpor.pt\\\/en\\\/pesquisar\\\/usados\\\/?&quot;,&quot;postsNumber&quot;:269,&quot;type&quot;:&quot;vehica_term&quot;,&quot;parentTerm&quot;:false,&quot;carsEndpoint&quot;:&quot;https:\\\/\\\/motorpor.pt\\\/en\\\/wp-json\\\/vehica\\\/v1\\\/cars?estado=usados&quot;,&quot;taxonomy&quot;:&quot;estado&quot;,&quot;taxonomyKey&quot;:&quot;vehica_6654&quot;},{&quot;id&quot;:2937,&quot;key&quot;:&quot;vehica_2937&quot;,&quot;name&quot;:&quot;Servi\\u00e7o&quot;,&quot;slug&quot;:&quot;servico&quot;,&quot;link&quot;:&quot;https:\\\/\\\/motorpor.pt\\\/en\\\/pesquisar\\\/servico\\\/?&quot;,&quot;postsNumber&quot;:105,&quot;type&quot;:&quot;vehica_term&quot;,&quot;parentTerm&quot;:false,&quot;carsEndpoint&quot;:&quot;https:\\\/\\\/motorpor.pt\\\/en\\\/wp-json\\\/vehica\\\/v1\\\/cars?estado=servico&quot;,&quot;taxonomy&quot;:&quot;estado&quot;,&quot;taxonomyKey&quot;:&quot;vehica_6654&quot;}]\"\r\n                                            :terms-count=\"searchFormProps.terms\"\r\n                                            :show-always=\"true\"\r\n                                    >\r\n                                        <div\r\n                                                slot-scope=\"taxonomyField\"\r\n                                                class=\"vehica-search-v1__tabs\"\r\n                                                v-dragscroll.pass=\"true\"\r\n                                        >\r\n                                            <div\r\n                                                    class=\"vehica-search-v1__tab vehica-search-v1__tab--all\"\r\n                                                    :class=\"{'vehica-search-v1__tab--active': taxonomyField.showAll}\"\r\n                                            >\r\n                                                <button\r\n                                                        @click.prevent=\"taxonomyField.clearSelection\"\r\n                                                        class=\"vehica-search-v1__tab-button\"\r\n                                                >\r\n                                                    Todos                                                    <template>\r\n                                                        <span class=\"vehica-search-v1__tab-count\">\r\n                                                            ({{ taxonomyField.getTermCount(taxonomyField.key) }})\r\n                                                        <\/span>\r\n                                                    <\/template>\r\n                                                <\/button>\r\n                                            <\/div>\r\n\r\n                                                                                            <div\r\n                                                        class=\"vehica-search-v1__tab\"\r\n                                                        :class=\"{'vehica-search-v1__tab--active': taxonomyField.isTermSelected(2073)}\"\r\n                                                >\r\n                                                    <button\r\n                                                            @click.prevent=\"taxonomyField.setTermId(2073)\"\r\n                                                            :disabled=\"taxonomyField.isTermDisabled(2073)\"\r\n                                                            class=\"vehica-search-v1__tab-button\"\r\n                                                    >\r\n                                                        Usados                                                        <template>\r\n                                                            <span class=\"vehica-search-v1__tab-count\">\r\n                                                                ({{ taxonomyField.getTermCount(2073)}})\r\n                                                            <\/span>\r\n                                                        <\/template>\r\n                                                    <\/button>\r\n                                                <\/div>\r\n                                                                                            <div\r\n                                                        class=\"vehica-search-v1__tab\"\r\n                                                        :class=\"{'vehica-search-v1__tab--active': taxonomyField.isTermSelected(2937)}\"\r\n                                                >\r\n                                                    <button\r\n                                                            @click.prevent=\"taxonomyField.setTermId(2937)\"\r\n                                                            :disabled=\"taxonomyField.isTermDisabled(2937)\"\r\n                                                            class=\"vehica-search-v1__tab-button\"\r\n                                                    >\r\n                                                        Servi\u00e7o                                                        <template>\r\n                                                            <span class=\"vehica-search-v1__tab-count\">\r\n                                                                ({{ taxonomyField.getTermCount(2937)}})\r\n                                                            <\/span>\r\n                                                        <\/template>\r\n                                                    <\/button>\r\n                                                <\/div>\r\n                                                                                    <\/div>\r\n                                    <\/vehica-taxonomy-search-field>\r\n                                                            <\/div>\r\n\r\n                            <div class=\"vehica-inventory-v1__bar__right\">\r\n                                                                    <vehica-compare>\r\n                                        <div\r\n                                                slot-scope=\"compare\"\r\n                                                class=\"vehica-inventory-v1__compare\"\r\n                                                :class=\"{'vehica-inventory-v1__compare--active': compare.compareMode}\"\r\n                                                @click.prevent=\"compare.setCompareMode\"\r\n                                        >\r\n                                            <i class=\"fas fa-exchange-alt\"><\/i>\r\n\r\n                                            Comparar\r\n                                            <template v-if=\"compare.compareMode\">\r\n                                                ({{ compare.cars.length }})\r\n                                            <\/template>\r\n                                        <\/div>\r\n                                    <\/vehica-compare>\r\n                                \r\n                                                                    <div\r\n                                            class=\"vehica-inventory-v1__keyword\"\r\n                                            :class=\"{'vehica-inventory-v1__keyword--active': searchFormProps.keyword.length > 0}\"\r\n                                    >\r\n                                        <input\r\n                                                @input=\"searchFormProps.setKeyword($event.target.value)\"\r\n                                                :value=\"searchFormProps.keyword\"\r\n                                                type=\"text\"\r\n                                                maxlength=\"25\"\r\n                                                placeholder=\"Pesquisar\"\r\n                                                value=\"\"\r\n                                        >\r\n\r\n                                        <div\r\n                                                v-if=\"searchFormProps.keyword.length > 0\"\r\n                                                @click=\"searchFormProps.setKeyword('')\"\r\n                                                class=\"vehica-inventory-v1__clear-keyword\"\r\n                                        >\r\n                                            <svg xmlns=\"http:\/\/www.w3.org\/2000\/svg\"\r\n                                                 width=\"10\" height=\"10\">\r\n                                                <path d=\"M6.895455 5l2.842897-2.842898c.348864-.348863.348864-.914488 0-1.263636L9.106534.261648c-.348864-.348864-.914489-.348864-1.263636 0L5 3.104545 2.157102.261648c-.348863-.348864-.914488-.348864-1.263636 0L.261648.893466c-.348864.348864-.348864.914489 0 1.263636L3.104545 5 .261648 7.842898c-.348864.348863-.348864.914488 0 1.263636l.631818.631818c.348864.348864.914773.348864 1.263636 0L5 6.895455l2.842898 2.842897c.348863.348864.914772.348864 1.263636 0l.631818-.631818c.348864-.348864.348864-.914489 0-1.263636L6.895455 5z\"><\/path>\r\n                                            <\/svg>\r\n                                        <\/div>\r\n\r\n                                        <div class=\"vehica-inventory-v1__keyword__icon\">\r\n                                            <i class=\"fas fa-search\"><\/i>\r\n                                        <\/div>\r\n                                    <\/div>\r\n                                \r\n                            <\/div>\r\n                        <\/div>\r\n                    <\/div>\r\n                <\/div>\r\n\r\n                <div class=\"vehica-inventory-v1__loader\">\r\n                    <svg width=\"120\" height=\"30\" viewBox=\"0 0 120 30\" xmlns=\"http:\/\/www.w3.org\/2000\/svg\" fill=\"#fff\">\r\n                        <circle cx=\"15\" cy=\"15\" r=\"15\">\r\n                            <animate attributeName=\"r\" from=\"15\" to=\"15\"\r\n                                     begin=\"0s\" dur=\"0.8s\"\r\n                                     values=\"15;9;15\" calcMode=\"linear\"\r\n                                     repeatCount=\"indefinite\"\/>\r\n                            <animate attributeName=\"fill-opacity\" from=\"1\" to=\"1\"\r\n                                     begin=\"0s\" dur=\"0.8s\"\r\n                                     values=\"1;.5;1\" calcMode=\"linear\"\r\n                                     repeatCount=\"indefinite\"\/>\r\n                        <\/circle>\r\n                        <circle cx=\"60\" cy=\"15\" r=\"9\" fill-opacity=\"0.3\">\r\n                            <animate attributeName=\"r\" from=\"9\" to=\"9\"\r\n                                     begin=\"0s\" dur=\"0.8s\"\r\n                                     values=\"9;15;9\" calcMode=\"linear\"\r\n                                     repeatCount=\"indefinite\"\/>\r\n                            <animate attributeName=\"fill-opacity\" from=\"0.5\" to=\"0.5\"\r\n                                     begin=\"0s\" dur=\"0.8s\"\r\n                                     values=\".5;1;.5\" calcMode=\"linear\"\r\n                                     repeatCount=\"indefinite\"\/>\r\n                        <\/circle>\r\n                        <circle cx=\"105\" cy=\"15\" r=\"15\">\r\n                            <animate attributeName=\"r\" from=\"15\" to=\"15\"\r\n                                     begin=\"0s\" dur=\"0.8s\"\r\n                                     values=\"15;9;15\" calcMode=\"linear\"\r\n                                     repeatCount=\"indefinite\"\/>\r\n                            <animate attributeName=\"fill-opacity\" from=\"1\" to=\"1\"\r\n                                     begin=\"0s\" dur=\"0.8s\"\r\n                                     values=\"1;.5;1\" calcMode=\"linear\"\r\n                                     repeatCount=\"indefinite\"\/>\r\n                        <\/circle>\r\n                    <\/svg>\r\n                <\/div>\r\n\r\n                <div class=\"vehica-inventory-v1__middle\">\r\n                    <div>\r\n                        <div v-if=\"false\" class=\"vehica-inventory-v1__title\">\r\n                            <span>559<\/span>\r\n                                                            Carros                                                    <\/div>\r\n\r\n                        <template>\r\n                            <div class=\"vehica-inventory-v1__title\">\r\n                                <template v-if=\"searchFormProps.resultsCount === 1\">\r\n                                    {{ searchFormProps.resultsCount }}\r\n                                    Resultado                                <\/template>\r\n\r\n                                <template v-if=\"searchFormProps.resultsCount !== 1\">\r\n                                    {{ searchFormProps.resultsCount }}\r\n                                    Carros                                <\/template>\r\n                            <\/div>\r\n                        <\/template>\r\n                    <\/div>\r\n\r\n                                            <div class=\"vehica-inventory-v1__sort\">\r\n                                                            <div class=\"vehica-inventory-v1__view\">\r\n                                    <button\r\n                                            @click.prevent=\"searchFormProps.setView('v2')\"\r\n                                                                            >\r\n\r\n                                        <svg xmlns=\"http:\/\/www.w3.org\/2000\/svg\"\r\n                                             width=\"20\" height=\"20\"\r\n                                             viewBox=\"0 0 20 20\">\r\n                                            <g\r\n                                                    transform=\"translate(-819 -493)\">\r\n                                                <rect\r\n                                                        data-name=\"Rectangle 5\"\r\n                                                        width=\"9\" height=\"8\"\r\n                                                        rx=\"3\"\r\n                                                        transform=\"translate(819 493)\"\r\n                                                        fill=\"#888e95\"\r\n                                                \/>\r\n                                                <rect\r\n                                                        data-name=\"Rectangle 6\"\r\n                                                        width=\"9\" height=\"8\"\r\n                                                        rx=\"3\"\r\n                                                        transform=\"translate(830 493)\"\r\n                                                        fill=\"#888e95\"\r\n                                                \/>\r\n                                                <rect\r\n                                                        data-name=\"Rectangle 7\"\r\n                                                        width=\"9\" height=\"8\"\r\n                                                        rx=\"3\"\r\n                                                        transform=\"translate(830 505)\"\r\n                                                        fill=\"#888e95\"\r\n                                                \/>\r\n                                                <rect\r\n                                                        data-name=\"Rectangle 8\"\r\n                                                        width=\"9\" height=\"8\"\r\n                                                        rx=\"3\"\r\n                                                        transform=\"translate(819 505)\"\r\n                                                        fill=\"#888e95\"\r\n                                                \/>\r\n                                            <\/g>\r\n                                        <\/svg>\r\n                                    <\/button>\r\n\r\n                                    <button\r\n                                            @click.prevent=\"searchFormProps.setView('v3')\"\r\n                                                                                    class=\"vehica-inventory-v1__view__button-active\"\r\n                                                                            >\r\n                                        <svg xmlns=\"http:\/\/www.w3.org\/2000\/svg\"\r\n                                             width=\"25\" height=\"20\"\r\n                                             viewBox=\"0 0 25 20\">\r\n                                            <g id=\"lista\"\r\n                                               transform=\"translate(-830 -493)\">\r\n                                                <rect\r\n                                                        data-name=\"Rectangle 6\"\r\n                                                        width=\"25\" height=\"8\"\r\n                                                        rx=\"3\"\r\n                                                        transform=\"translate(830 493)\"\r\n                                                        fill=\"#888e95\"\r\n                                                \/>\r\n                                                <rect\r\n                                                        data-name=\"Rectangle 7\"\r\n                                                        width=\"25\" height=\"8\"\r\n                                                        rx=\"3\"\r\n                                                        transform=\"translate(830 505)\"\r\n                                                        fill=\"#888e95\"\r\n                                                \/>\r\n                                            <\/g>\r\n                                        <\/svg>\r\n                                    <\/button>\r\n                                <\/div>\r\n                                                        <div class=\"vehica-inventory-v1__sort__heading\">\r\n                                Ordenar por:\r\n                            <\/div>\r\n\r\n                            <div class=\"vehica-inventory-v1__sort__select\">\r\n                                <div v-if=\"false\" class=\"vehica-form-button\">\r\n                                    Ultimos Inseridos                                <\/div>\r\n\r\n                                <template>\r\n                                    <v-select\r\n                                            :options=\"[{&quot;name&quot;:&quot;Pre\\u00e7o Descendente&quot;,&quot;key&quot;:&quot;preco-high-to-low&quot;},{&quot;name&quot;:&quot;Pre\\u00e7o Ascendente&quot;,&quot;key&quot;:&quot;preco-low-to-high&quot;},{&quot;name&quot;:&quot;Mais Relevantes&quot;,&quot;key&quot;:&quot;featured&quot;},{&quot;name&quot;:&quot;Ultimos Inseridos&quot;,&quot;key&quot;:&quot;newest&quot;}]\"\r\n                                            label=\"name\"\r\n                                            :append-to-body=\"false\"\r\n                                            :reduce=\"option => option.key\"\r\n                                            @input=\"searchFormProps.setSortBy\"\r\n                                            :clearable=\"false\"\r\n                                            :value=\"searchFormProps.sortBy\"\r\n                                            :searchable=\"false\"\r\n                                    >\r\n                                    <\/v-select>\r\n                                <\/template>\r\n                            <\/div>\r\n                        <\/div>\r\n                                    <\/div>\r\n\r\n                <div>\r\n                                            <div class=\"vehica-inventory-v1__2-cols\">\r\n                            <div class=\"vehica-inventory-v1__2-cols__left\">\r\n                                <div class=\"vehica-inventory-v1__row-grid\">\r\n                                                                            \n<div\n\n        id=\"vehica-car-606546\"\n\n        class=\"vehica-car-card-row-wrapper vehica-car\"\n\n        key=\"606546\"\n\n        data-id=\"606546\"\n\n>\n\n    <div class=\"vehica-car-card-row \n\t\t\t\t\tcarro-usado                                                                        \t\t\t\t\t\n\t\n\t\">\n\n        <a href=\"https:\/\/motorpor.pt\/en\/carros\/renault-captur-10\/\" class=\"vehica-car-card-link\"><\/a>\n\n\n\n        <div class=\"vehica-car-card-row__inner\">\n\n            <div class=\"vehica-car-card-row__image\">\n\n                \n                    \n                    \n                \n\n\n                <div class=\"vehica-car-card__image-bg\">\n\n                    <div\n\n                            class=\"vehica-car-card__image\"\n\n                            style=\"padding-top: 55.522388059701%;\"\n\n                    >\n\n                        \n                            <img decoding=\"async\"\n\n                                \n                                    class=\"lazyload\"\n\n                                    src=\"data:image\/gif;base64,R0lGODlhAQABAAAAACH5BAEKAAEALAAAAAABAAEAAAICTAEAOw==\"\n\n                                    data-srcset=\"https:\/\/motorpor.pt\/wp-content\/uploads\/2026\/05\/RenaultCaptur-19857-01-335x186.jpg 335w, https:\/\/motorpor.pt\/wp-content\/uploads\/2026\/05\/RenaultCaptur-19857-01-167x93.jpg 167w, https:\/\/motorpor.pt\/wp-content\/uploads\/2026\/05\/RenaultCaptur-19857-01-670x372.jpg 670w\"\n\n                                    data-sizes=\"auto\"\n\n                                \n                                    alt=\"Renault Captur\"\n\n                            >\n\n                        \n\n\n                        \n                            <div class=\"vehica-car-card__image-info\">\n\n                                <span class=\"vehica-car-card__image-info__photos\">\n\n                                    <i class=\"far fa-images\"><\/i>\n\n                                    <span>26<\/span>\n\n                                <\/span>\n\n                            <\/div>\n\t\t\t\t\t\t\n\t\t\t\t\t\n\n                        \n                    <\/div>\n\n                <\/div>\n\n            <\/div>\n\n\n\n            \n                <template>\n\n                    <vehica-add-to-compare\n\n                            :car-id=\"606546\"\n\n                            :add-class=\"true\"\n\n                    >\n\n                        <div slot-scope=\"addToCompare\">\n\n                            <transition name=\"vehica-car-card__compare\">\n\n                                <div\n\n                                        v-if=\"addToCompare.compareMode\"\n\n                                        class=\"vehica-car-card__compare\"\n\n                                >\n\n                                    <div class=\"vehica-compare-add\">\n\n                                        <div\n\n                                                class=\"vehica-checkbox\"\n\n                                                @click.prevent=\"addToCompare.set\"\n\n                                        >\n\n                                            <input\n\n                                                    id=\"vehica-compare--606546\"\n\n                                                    type=\"checkbox\"\n\n                                                    :checked=\"addToCompare.isAdded\"\n\n                                            >\n\n\n\n                                            <label for=\"vehica-compare--606546\">\n\n                                                Comparar\n                                            <\/label>\n\n                                        <\/div>\n\n                                    <\/div>\n\n                                <\/div>\n\n                            <\/transition>\n\n                        <\/div>\n\n                    <\/vehica-add-to-compare>\n\n                <\/template>\n\n            \n\n\n            <div class=\"vehica-car-row__content\">\n\n                <span class=\"vehica-car-card-row__name\" title=\"Renault Captur\">\n\t\t\t\t\t<div class=\"name-car-motorpor\">\n\t\t\t\t\t<div class=\"titulo\">\n                    Renault Captur\t\t\t\t\t<p class='versao'>1.2 Tce 120 Energy Intens<\/p>\t\t\t\t\t<\/div>\n\t\t\t\t\t\t\t<div class=\"logo-brand-mobile-v3\" > \n\t\t\t\t\t\t\t\t\t\t\t\t\t\t\t\t\t\t\t<img decoding=\"async\" style=\"width:60px; \" src=\"https:\/\/motorpor.pt\/wp-content\/uploads\/2022\/09\/logo-renew400x115.png\"\/>\n\t\t\t\t\t\t\t\t\t\t\t\t\t\t\t\t\t<\/div>\n\t\t\t\t\t<\/div>\n                <\/span>\n\n\n\n                \n                    <div class=\"vehica-car-card__price-mobile\">\n\n                        11 990,00\u20ac\t\t\t\t\t\t<span style=\"font-size: 16px ; color: #FF5100; text-decoration: line-through\">\n\n                             <\/span>\n\n                    <\/div>\n\t\t\t\t\t\n                \n\n\t\t\t\t\t\t\n\n                \n\n\n                \n                    <div class=\"vehica-car-card__info\">\n\n                        \t\t\t\t\t\t\n\t\t\t\t\t\t\t\t\t\t\t\t\t<div class=\"vehica-car-card__info__single \">\n\t\t\t\t\t\t\t\t<i class=\"fas fa-circle\"><\/i>\n\t\t\t\t\t\t\t\t<span>Usados<\/span>\n\t\t\t\t\t\t\t<\/div>                           \n\n                        \t\t\t\t\t\t\n\t\t\t\t\t\t\t\t\t\t\t\t\t<div class=\"vehica-car-card__info__single \">\n\t\t\t\t\t\t\t\t<i class=\"fas fa-circle\"><\/i>\n\t\t\t\t\t\t\t\t<span>Manual<\/span>\n\t\t\t\t\t\t\t<\/div>                           \n\n                        \t\t\t\t\t\t\n\t\t\t\t\t\t\t\t\t\t\t\t\t<div class=\"vehica-car-card__info__single \">\n\t\t\t\t\t\t\t\t<i class=\"fas fa-circle\"><\/i>\n\t\t\t\t\t\t\t\t<span>Gasolina<\/span>\n\t\t\t\t\t\t\t<\/div>                           \n\n                        \t\t\t\t\t\t\n\t\t\t\t\t\t\t\t\t\t\t\t\t<div class=\"vehica-car-card__info__single \">\n\t\t\t\t\t\t\t\t<i class=\"fas fa-circle\"><\/i>\n\t\t\t\t\t\t\t\t<span>2017<\/span>\n\t\t\t\t\t\t\t<\/div>                           \n\n                        \t\t\t\t\t\t\n\t\t\t\t\t\t\t\t\t\t\t\t\t<div class=\"vehica-car-card__info__single \">\n\t\t\t\t\t\t\t\t<i class=\"fas fa-circle\"><\/i>\n\t\t\t\t\t\t\t\t<span>71796 <\/span>\n\t\t\t\t\t\t\t<\/div>                           \n\n                        \t\t\t\t\t\t\n\t\t\t\t\t\t\t\t\t\t\t\t\t<div class=\"vehica-car-card__info__single \">\n\t\t\t\t\t\t\t\t<i class=\"fas fa-circle\"><\/i>\n\t\t\t\t\t\t\t\t<span>5 Portas<\/span>\n\t\t\t\t\t\t\t<\/div>                           \n\n                        \n                    <\/div>\n\n                \t\n\t\t\t\t\t                \n            <\/div>\n\n\n\n            <div class=\"vehica-car-card-row__right\">\n\t\t\t\t<div class=\"logo-brand\" >\n\t\t\t\t\t<div>\n\t\t\t\t\t\t\t\t\t\t\t<img decoding=\"async\" style=\"width:150px; \" src=\"https:\/\/motorpor.pt\/wp-content\/uploads\/2022\/09\/logo-renew400x115.png\"\/>\n\t\t\t\t\t\t\t\t\t\t\t\t\t\t\t<\/div>\n\n                \n                    <vehica-add-to-favorite\n\n                            :car-id=\"606546\"\n\n                            request-url=\"https:\/\/motorpor.pt\/wp-admin\/admin-ajax.php?action=vehica_favorite\"\n\n                            redirect-url=\"https:\/\/motorpor.pt\/en\/login-register\/\"\n\n                            vehica-nonce=\"5ebfe27395\"\n\n                        \n                            :is-logged=\"false\"\n\n                            :initial-is-favorite=\"false\"\n\n                        \n                    >\n\n                        <div slot-scope=\"props\">\n\n                            <div\n\n                                    class=\"vehica-car-card-row__favorite\"\n\n                                    v-if=\"!props.isFavorite\"\n\n                                    @click.prevent=\"props.onAdd\"\n\n                            >\n\n                                <i class=\"far fa-star\"><\/i>\n\n                            <\/div>\n\n\n\n                            <template>\n\n                                <div\n\n                                        v-if=\"props.isFavorite\"\n\n                                        class=\"vehica-car-card-row__favorite vehica-car-card-row__favorite--is-favorite\"\n\n                                        @click.prevent=\"props.onAdd\"\n\n                                >\n\n                                    <i class=\"fas fa-star\"><\/i>\n\n                                <\/div>\n\n                            <\/template>\n\n                        <\/div>\n\n                    <\/vehica-add-to-favorite>\n\n                \t\t\t\t<\/div>\n\n\n                \n                    <div class=\"vehica-car-card-row__price-desktop\">\n\n                        11 990,00\u20ac\t\t\t\t\t\t\n\t\t\t\t\t\t\n\n\n                    <\/div>\n\t\t\t\t\t<div class=\"preco-antigo\" style=\"text-align: center; \">\n\t\t\t\t\t <span style=\"font-size: 20px ; color: #FF5100; text-decoration: line-through\">\n\n                             <\/span>\n\t\t\t\t\t<\/div>\n\t\t\t\t\t                \t\t\t\t\n\n\n                \n            <\/div>\n\n        <\/div>\n\n    <\/div>\n\n<\/div>                                                                            \n<div\n\n        id=\"vehica-car-606530\"\n\n        class=\"vehica-car-card-row-wrapper vehica-car\"\n\n        key=\"606530\"\n\n        data-id=\"606530\"\n\n>\n\n    <div class=\"vehica-car-card-row \n\t\t\t\t\tcarro-usado                                                                        \t\t\t\t\t\n\t\n\t\">\n\n        <a href=\"https:\/\/motorpor.pt\/en\/carros\/kia-xceed-4\/\" class=\"vehica-car-card-link\"><\/a>\n\n\n\n        <div class=\"vehica-car-card-row__inner\">\n\n            <div class=\"vehica-car-card-row__image\">\n\n                \n                    \n                    \n                \n\n\n                <div class=\"vehica-car-card__image-bg\">\n\n                    <div\n\n                            class=\"vehica-car-card__image\"\n\n                            style=\"padding-top: 55.522388059701%;\"\n\n                    >\n\n                        \n                            <img decoding=\"async\"\n\n                                \n                                    class=\"lazyload\"\n\n                                    src=\"data:image\/gif;base64,R0lGODlhAQABAAAAACH5BAEKAAEALAAAAAABAAEAAAICTAEAOw==\"\n\n                                    data-srcset=\"https:\/\/motorpor.pt\/wp-content\/uploads\/2026\/05\/KiaXCeed-15627-01-335x186.jpg 335w, https:\/\/motorpor.pt\/wp-content\/uploads\/2026\/05\/KiaXCeed-15627-01-167x93.jpg 167w, https:\/\/motorpor.pt\/wp-content\/uploads\/2026\/05\/KiaXCeed-15627-01-670x372.jpg 670w\"\n\n                                    data-sizes=\"auto\"\n\n                                \n                                    alt=\"Kia XCeed\"\n\n                            >\n\n                        \n\n\n                        \n                            <div class=\"vehica-car-card__image-info\">\n\n                                <span class=\"vehica-car-card__image-info__photos\">\n\n                                    <i class=\"far fa-images\"><\/i>\n\n                                    <span>15<\/span>\n\n                                <\/span>\n\n                            <\/div>\n\t\t\t\t\t\t\n\t\t\t\t\t\n\n                        \n                    <\/div>\n\n                <\/div>\n\n            <\/div>\n\n\n\n            \n                <template>\n\n                    <vehica-add-to-compare\n\n                            :car-id=\"606530\"\n\n                            :add-class=\"true\"\n\n                    >\n\n                        <div slot-scope=\"addToCompare\">\n\n                            <transition name=\"vehica-car-card__compare\">\n\n                                <div\n\n                                        v-if=\"addToCompare.compareMode\"\n\n                                        class=\"vehica-car-card__compare\"\n\n                                >\n\n                                    <div class=\"vehica-compare-add\">\n\n                                        <div\n\n                                                class=\"vehica-checkbox\"\n\n                                                @click.prevent=\"addToCompare.set\"\n\n                                        >\n\n                                            <input\n\n                                                    id=\"vehica-compare--606530\"\n\n                                                    type=\"checkbox\"\n\n                                                    :checked=\"addToCompare.isAdded\"\n\n                                            >\n\n\n\n                                            <label for=\"vehica-compare--606530\">\n\n                                                Comparar\n                                            <\/label>\n\n                                        <\/div>\n\n                                    <\/div>\n\n                                <\/div>\n\n                            <\/transition>\n\n                        <\/div>\n\n                    <\/vehica-add-to-compare>\n\n                <\/template>\n\n            \n\n\n            <div class=\"vehica-car-row__content\">\n\n                <span class=\"vehica-car-card-row__name\" title=\"Kia XCeed\">\n\t\t\t\t\t<div class=\"name-car-motorpor\">\n\t\t\t\t\t<div class=\"titulo\">\n                    Kia XCeed\t\t\t\t\t<p class='versao'>1.0 T-GDI Drive<\/p>\t\t\t\t\t<\/div>\n\t\t\t\t\t\t\t<div class=\"logo-brand-mobile-v3\" > \n\t\t\t\t\t\t\t\t\t\t\t\t\t\t\t\t\t\t\t<img decoding=\"async\" style=\"width:60px; \" src=\"https:\/\/motorpor.pt\/wp-content\/uploads\/2023\/06\/Logo-usados-motorpor-400x115-1.png\"\/>\n\t\t\t\t\t\t\t\t\t\t\t\t\t\t\t\t\t<\/div>\n\t\t\t\t\t<\/div>\n                <\/span>\n\n\n\n                \n                    <div class=\"vehica-car-card__price-mobile\">\n\n                        18 990,00\u20ac\t\t\t\t\t\t<span style=\"font-size: 16px ; color: #FF5100; text-decoration: line-through\">\n\n                             <\/span>\n\n                    <\/div>\n\t\t\t\t\t\t\t\t\t    <div class=\"mensalidade-mobile-v3\" style=\"text-align: left;  margin-top: -15px \">\n\t\t\t\t\t <span  style=\"font-size: 12px ; color: #FF5100;\">\n\n                            <b>Desde: 220,90\u20ac<\/b> <\/span>\n\t\t\t\t\t<\/div>\n\t\t\t\t\n                \n\n\t\t\t\t\t\t\n\n                \n\n\n                \n                    <div class=\"vehica-car-card__info\">\n\n                        \t\t\t\t\t\t\n\t\t\t\t\t\t\t\t\t\t\t\t\t<div class=\"vehica-car-card__info__single \">\n\t\t\t\t\t\t\t\t<i class=\"fas fa-circle\"><\/i>\n\t\t\t\t\t\t\t\t<span>Usados<\/span>\n\t\t\t\t\t\t\t<\/div>                           \n\n                        \t\t\t\t\t\t\n\t\t\t\t\t\t\t\t\t\t\t\t\t<div class=\"vehica-car-card__info__single \">\n\t\t\t\t\t\t\t\t<i class=\"fas fa-circle\"><\/i>\n\t\t\t\t\t\t\t\t<span>Manual<\/span>\n\t\t\t\t\t\t\t<\/div>                           \n\n                        \t\t\t\t\t\t\n\t\t\t\t\t\t\t\t\t\t\t\t\t<div class=\"vehica-car-card__info__single \">\n\t\t\t\t\t\t\t\t<i class=\"fas fa-circle\"><\/i>\n\t\t\t\t\t\t\t\t<span>Gasolina<\/span>\n\t\t\t\t\t\t\t<\/div>                           \n\n                        \t\t\t\t\t\t\n\t\t\t\t\t\t\t\t\t\t\t\t\t<div class=\"vehica-car-card__info__single \">\n\t\t\t\t\t\t\t\t<i class=\"fas fa-circle\"><\/i>\n\t\t\t\t\t\t\t\t<span>2023<\/span>\n\t\t\t\t\t\t\t<\/div>                           \n\n                        \t\t\t\t\t\t\n\t\t\t\t\t\t\t\t\t\t\t\t\t<div class=\"vehica-car-card__info__single \">\n\t\t\t\t\t\t\t\t<i class=\"fas fa-circle\"><\/i>\n\t\t\t\t\t\t\t\t<span>34696 <\/span>\n\t\t\t\t\t\t\t<\/div>                           \n\n                        \t\t\t\t\t\t\n\t\t\t\t\t\t\t\t\t\t\t\t\t<div class=\"vehica-car-card__info__single \">\n\t\t\t\t\t\t\t\t<i class=\"fas fa-circle\"><\/i>\n\t\t\t\t\t\t\t\t<span>5 Portas<\/span>\n\t\t\t\t\t\t\t<\/div>                           \n\n                        \n                    <\/div>\n\n                \t\n\t\t\t\t\t\t\t\t\t    <div class=\"mensalidade\" style=\"color:#99a1b2; font-size: 13px; \">\n\n                            Presta\u00e7\u00e3o Mensal desde: <span  style='color: #FF5100;'><b>220,90\u20ac<\/b><\/span><br> TAEG: <b>10.14%<\/b> | Prazo: <b>120 meses<\/b> <br>Entrada Inicial: <b>4 000,00\u20ac<\/b> | Montante financiado: <b>15 290,00\u20ac<\/b> \n\t\t\t\t\t<\/div>\n\t\t\t\t                \n            <\/div>\n\n\n\n            <div class=\"vehica-car-card-row__right\">\n\t\t\t\t<div class=\"logo-brand\" >\n\t\t\t\t\t<div>\n\t\t\t\t\t\t\t\t\t\t\t<img decoding=\"async\" style=\"width:150px; \" src=\"https:\/\/motorpor.pt\/wp-content\/uploads\/2023\/06\/Logo-usados-motorpor-400x115-1.png\"\/>\n\t\t\t\t\t\t\t\t\t\t\t\t\t\t\t<\/div>\n\n                \n                    <vehica-add-to-favorite\n\n                            :car-id=\"606530\"\n\n                            request-url=\"https:\/\/motorpor.pt\/wp-admin\/admin-ajax.php?action=vehica_favorite\"\n\n                            redirect-url=\"https:\/\/motorpor.pt\/en\/login-register\/\"\n\n                            vehica-nonce=\"5ebfe27395\"\n\n                        \n                            :is-logged=\"false\"\n\n                            :initial-is-favorite=\"false\"\n\n                        \n                    >\n\n                        <div slot-scope=\"props\">\n\n                            <div\n\n                                    class=\"vehica-car-card-row__favorite\"\n\n                                    v-if=\"!props.isFavorite\"\n\n                                    @click.prevent=\"props.onAdd\"\n\n                            >\n\n                                <i class=\"far fa-star\"><\/i>\n\n                            <\/div>\n\n\n\n                            <template>\n\n                                <div\n\n                                        v-if=\"props.isFavorite\"\n\n                                        class=\"vehica-car-card-row__favorite vehica-car-card-row__favorite--is-favorite\"\n\n                                        @click.prevent=\"props.onAdd\"\n\n                                >\n\n                                    <i class=\"fas fa-star\"><\/i>\n\n                                <\/div>\n\n                            <\/template>\n\n                        <\/div>\n\n                    <\/vehica-add-to-favorite>\n\n                \t\t\t\t<\/div>\n\n\n                \n                    <div class=\"vehica-car-card-row__price-desktop\">\n\n                        18 990,00\u20ac\t\t\t\t\t\t\n\t\t\t\t\t\t\n\n\n                    <\/div>\n\t\t\t\t\t<div class=\"preco-antigo\" style=\"text-align: center; \">\n\t\t\t\t\t <span style=\"font-size: 20px ; color: #FF5100; text-decoration: line-through\">\n\n                             <\/span>\n\t\t\t\t\t<\/div>\n\t\t\t\t\t\t\t\t\t    <div class=\"mensalidade\" style=\"text-align: center; \">\n\t\t\t\t\t <span  style=\"font-size: 16px ; color: #FF5100;\">\n\n                            <b>Desde: 220,90\u20ac<\/b> <\/span>\n\t\t\t\t\t<\/div>\n\t\t\t\t                \t\t\t\t\n\n\n                \n            <\/div>\n\n        <\/div>\n\n    <\/div>\n\n<\/div>                                                                            \n<div\n\n        id=\"vehica-car-606514\"\n\n        class=\"vehica-car-card-row-wrapper vehica-car\"\n\n        key=\"606514\"\n\n        data-id=\"606514\"\n\n>\n\n    <div class=\"vehica-car-card-row \n\t\t\t\t\tcarro-usado                                                                        \t\t\t\t\t\n\t\n\t\">\n\n        <a href=\"https:\/\/motorpor.pt\/en\/carros\/fiat-500-5\/\" class=\"vehica-car-card-link\"><\/a>\n\n\n\n        <div class=\"vehica-car-card-row__inner\">\n\n            <div class=\"vehica-car-card-row__image\">\n\n                \n                    \n                    \n                \n\n\n                <div class=\"vehica-car-card__image-bg\">\n\n                    <div\n\n                            class=\"vehica-car-card__image\"\n\n                            style=\"padding-top: 55.522388059701%;\"\n\n                    >\n\n                        \n                            <img decoding=\"async\"\n\n                                \n                                    class=\"lazyload\"\n\n                                    src=\"data:image\/gif;base64,R0lGODlhAQABAAAAACH5BAEKAAEALAAAAAABAAEAAAICTAEAOw==\"\n\n                                    data-srcset=\"https:\/\/motorpor.pt\/wp-content\/uploads\/2026\/05\/Fiat500-19630-01-335x186.jpg 335w, https:\/\/motorpor.pt\/wp-content\/uploads\/2026\/05\/Fiat500-19630-01-167x93.jpg 167w, https:\/\/motorpor.pt\/wp-content\/uploads\/2026\/05\/Fiat500-19630-01-670x372.jpg 670w\"\n\n                                    data-sizes=\"auto\"\n\n                                \n                                    alt=\"Fiat 500\"\n\n                            >\n\n                        \n\n\n                        \n                            <div class=\"vehica-car-card__image-info\">\n\n                                <span class=\"vehica-car-card__image-info__photos\">\n\n                                    <i class=\"far fa-images\"><\/i>\n\n                                    <span>15<\/span>\n\n                                <\/span>\n\n                            <\/div>\n\t\t\t\t\t\t\n\t\t\t\t\t\n\n                        \n                    <\/div>\n\n                <\/div>\n\n            <\/div>\n\n\n\n            \n                <template>\n\n                    <vehica-add-to-compare\n\n                            :car-id=\"606514\"\n\n                            :add-class=\"true\"\n\n                    >\n\n                        <div slot-scope=\"addToCompare\">\n\n                            <transition name=\"vehica-car-card__compare\">\n\n                                <div\n\n                                        v-if=\"addToCompare.compareMode\"\n\n                                        class=\"vehica-car-card__compare\"\n\n                                >\n\n                                    <div class=\"vehica-compare-add\">\n\n                                        <div\n\n                                                class=\"vehica-checkbox\"\n\n                                                @click.prevent=\"addToCompare.set\"\n\n                                        >\n\n                                            <input\n\n                                                    id=\"vehica-compare--606514\"\n\n                                                    type=\"checkbox\"\n\n                                                    :checked=\"addToCompare.isAdded\"\n\n                                            >\n\n\n\n                                            <label for=\"vehica-compare--606514\">\n\n                                                Comparar\n                                            <\/label>\n\n                                        <\/div>\n\n                                    <\/div>\n\n                                <\/div>\n\n                            <\/transition>\n\n                        <\/div>\n\n                    <\/vehica-add-to-compare>\n\n                <\/template>\n\n            \n\n\n            <div class=\"vehica-car-row__content\">\n\n                <span class=\"vehica-car-card-row__name\" title=\"Fiat 500\">\n\t\t\t\t\t<div class=\"name-car-motorpor\">\n\t\t\t\t\t<div class=\"titulo\">\n                    Fiat 500\t\t\t\t\t<p class='versao'>1.0 70 Mhev Hybrid<\/p>\t\t\t\t\t<\/div>\n\t\t\t\t\t\t\t<div class=\"logo-brand-mobile-v3\" > \n\t\t\t\t\t\t\t\t\t\t\t\t\t\t\t\t\t\t\t<img decoding=\"async\" style=\"width:60px; \" src=\"https:\/\/motorpor.pt\/wp-content\/uploads\/2023\/06\/Logo-usados-motorpor-400x115-1.png\"\/>\n\t\t\t\t\t\t\t\t\t\t\t\t\t\t\t\t\t<\/div>\n\t\t\t\t\t<\/div>\n                <\/span>\n\n\n\n                \n                    <div class=\"vehica-car-card__price-mobile\">\n\n                        11 490,00\u20ac\t\t\t\t\t\t<span style=\"font-size: 16px ; color: #FF5100; text-decoration: line-through\">\n\n                             <\/span>\n\n                    <\/div>\n\t\t\t\t\t\t\t\t\t    <div class=\"mensalidade-mobile-v3\" style=\"text-align: left;  margin-top: -15px \">\n\t\t\t\t\t <span  style=\"font-size: 12px ; color: #FF5100;\">\n\n                            <b>Desde: 157,35\u20ac<\/b> <\/span>\n\t\t\t\t\t<\/div>\n\t\t\t\t\n                \n\n\t\t\t\t\t\t\n\n                \n\n\n                \n                    <div class=\"vehica-car-card__info\">\n\n                        \t\t\t\t\t\t\n\t\t\t\t\t\t\t\t\t\t\t\t\t<div class=\"vehica-car-card__info__single \">\n\t\t\t\t\t\t\t\t<i class=\"fas fa-circle\"><\/i>\n\t\t\t\t\t\t\t\t<span>Usados<\/span>\n\t\t\t\t\t\t\t<\/div>                           \n\n                        \t\t\t\t\t\t\n\t\t\t\t\t\t\t\t\t\t\t\t\t<div class=\"vehica-car-card__info__single \">\n\t\t\t\t\t\t\t\t<i class=\"fas fa-circle\"><\/i>\n\t\t\t\t\t\t\t\t<span>Manual<\/span>\n\t\t\t\t\t\t\t<\/div>                           \n\n                        \t\t\t\t\t\t\n\t\t\t\t\t\t\t\t\t\t\t\t\t<div class=\"vehica-car-card__info__single \">\n\t\t\t\t\t\t\t\t<i class=\"fas fa-circle\"><\/i>\n\t\t\t\t\t\t\t\t<span>H\u00edbrido ( Gasolina - El\u00e9ctrico )<\/span>\n\t\t\t\t\t\t\t<\/div>                           \n\n                        \t\t\t\t\t\t\n\t\t\t\t\t\t\t\t\t\t\t\t\t<div class=\"vehica-car-card__info__single \">\n\t\t\t\t\t\t\t\t<i class=\"fas fa-circle\"><\/i>\n\t\t\t\t\t\t\t\t<span>2023<\/span>\n\t\t\t\t\t\t\t<\/div>                           \n\n                        \t\t\t\t\t\t\n\t\t\t\t\t\t\t\t\t\t\t\t\t<div class=\"vehica-car-card__info__single \">\n\t\t\t\t\t\t\t\t<i class=\"fas fa-circle\"><\/i>\n\t\t\t\t\t\t\t\t<span>48283 <\/span>\n\t\t\t\t\t\t\t<\/div>                           \n\n                        \t\t\t\t\t\t\n\t\t\t\t\t\t\t\t\t\t\t\t\t<div class=\"vehica-car-card__info__single \">\n\t\t\t\t\t\t\t\t<i class=\"fas fa-circle\"><\/i>\n\t\t\t\t\t\t\t\t<span>3 Portas<\/span>\n\t\t\t\t\t\t\t<\/div>                           \n\n                        \n                    <\/div>\n\n                \t\n\t\t\t\t\t\t\t\t\t    <div class=\"mensalidade\" style=\"color:#99a1b2; font-size: 13px; \">\n\n                            Presta\u00e7\u00e3o Mensal desde: <span  style='color: #FF5100;'><b>157,35\u20ac<\/b><\/span><br> TAEG: <b>10.42%<\/b> | Prazo: <b>120 meses<\/b> <br>Entrada Inicial: <b>0,00\u20ac<\/b> | Montante financiado: <b>11 790,00\u20ac<\/b> \n\t\t\t\t\t<\/div>\n\t\t\t\t                \n            <\/div>\n\n\n\n            <div class=\"vehica-car-card-row__right\">\n\t\t\t\t<div class=\"logo-brand\" >\n\t\t\t\t\t<div>\n\t\t\t\t\t\t\t\t\t\t\t<img decoding=\"async\" style=\"width:150px; \" src=\"https:\/\/motorpor.pt\/wp-content\/uploads\/2023\/06\/Logo-usados-motorpor-400x115-1.png\"\/>\n\t\t\t\t\t\t\t\t\t\t\t\t\t\t\t<\/div>\n\n                \n                    <vehica-add-to-favorite\n\n                            :car-id=\"606514\"\n\n                            request-url=\"https:\/\/motorpor.pt\/wp-admin\/admin-ajax.php?action=vehica_favorite\"\n\n                            redirect-url=\"https:\/\/motorpor.pt\/en\/login-register\/\"\n\n                            vehica-nonce=\"5ebfe27395\"\n\n                        \n                            :is-logged=\"false\"\n\n                            :initial-is-favorite=\"false\"\n\n                        \n                    >\n\n                        <div slot-scope=\"props\">\n\n                            <div\n\n                                    class=\"vehica-car-card-row__favorite\"\n\n                                    v-if=\"!props.isFavorite\"\n\n                                    @click.prevent=\"props.onAdd\"\n\n                            >\n\n                                <i class=\"far fa-star\"><\/i>\n\n                            <\/div>\n\n\n\n                            <template>\n\n                                <div\n\n                                        v-if=\"props.isFavorite\"\n\n                                        class=\"vehica-car-card-row__favorite vehica-car-card-row__favorite--is-favorite\"\n\n                                        @click.prevent=\"props.onAdd\"\n\n                                >\n\n                                    <i class=\"fas fa-star\"><\/i>\n\n                                <\/div>\n\n                            <\/template>\n\n                        <\/div>\n\n                    <\/vehica-add-to-favorite>\n\n                \t\t\t\t<\/div>\n\n\n                \n                    <div class=\"vehica-car-card-row__price-desktop\">\n\n                        11 490,00\u20ac\t\t\t\t\t\t\n\t\t\t\t\t\t\n\n\n                    <\/div>\n\t\t\t\t\t<div class=\"preco-antigo\" style=\"text-align: center; \">\n\t\t\t\t\t <span style=\"font-size: 20px ; color: #FF5100; text-decoration: line-through\">\n\n                             <\/span>\n\t\t\t\t\t<\/div>\n\t\t\t\t\t\t\t\t\t    <div class=\"mensalidade\" style=\"text-align: center; \">\n\t\t\t\t\t <span  style=\"font-size: 16px ; color: #FF5100;\">\n\n                            <b>Desde: 157,35\u20ac<\/b> <\/span>\n\t\t\t\t\t<\/div>\n\t\t\t\t                \t\t\t\t\n\n\n                \n            <\/div>\n\n        <\/div>\n\n    <\/div>\n\n<\/div>                                                                            \n<div\n\n        id=\"vehica-car-606498\"\n\n        class=\"vehica-car-card-row-wrapper vehica-car\"\n\n        key=\"606498\"\n\n        data-id=\"606498\"\n\n>\n\n    <div class=\"vehica-car-card-row \n\t\t\t\t\tcarro-usado                                                                        \t\t\t\t\t\n\t\n\t\">\n\n        <a href=\"https:\/\/motorpor.pt\/en\/carros\/opel-mokka-7\/\" class=\"vehica-car-card-link\"><\/a>\n\n\n\n        <div class=\"vehica-car-card-row__inner\">\n\n            <div class=\"vehica-car-card-row__image\">\n\n                \n                    \n                    \n                \n\n\n                <div class=\"vehica-car-card__image-bg\">\n\n                    <div\n\n                            class=\"vehica-car-card__image\"\n\n                            style=\"padding-top: 55.522388059701%;\"\n\n                    >\n\n                        \n                            <img decoding=\"async\"\n\n                                \n                                    class=\"lazyload\"\n\n                                    src=\"data:image\/gif;base64,R0lGODlhAQABAAAAACH5BAEKAAEALAAAAAABAAEAAAICTAEAOw==\"\n\n                                    data-srcset=\"https:\/\/motorpor.pt\/wp-content\/uploads\/2026\/05\/OpelMokka-20635-01-335x186.jpg 335w, https:\/\/motorpor.pt\/wp-content\/uploads\/2026\/05\/OpelMokka-20635-01-167x93.jpg 167w, https:\/\/motorpor.pt\/wp-content\/uploads\/2026\/05\/OpelMokka-20635-01-670x372.jpg 670w\"\n\n                                    data-sizes=\"auto\"\n\n                                \n                                    alt=\"Opel Mokka\"\n\n                            >\n\n                        \n\n\n                        \n                            <div class=\"vehica-car-card__image-info\">\n\n                                <span class=\"vehica-car-card__image-info__photos\">\n\n                                    <i class=\"far fa-images\"><\/i>\n\n                                    <span>15<\/span>\n\n                                <\/span>\n\n                            <\/div>\n\t\t\t\t\t\t\n\t\t\t\t\t\n\n                        \n                    <\/div>\n\n                <\/div>\n\n            <\/div>\n\n\n\n            \n                <template>\n\n                    <vehica-add-to-compare\n\n                            :car-id=\"606498\"\n\n                            :add-class=\"true\"\n\n                    >\n\n                        <div slot-scope=\"addToCompare\">\n\n                            <transition name=\"vehica-car-card__compare\">\n\n                                <div\n\n                                        v-if=\"addToCompare.compareMode\"\n\n                                        class=\"vehica-car-card__compare\"\n\n                                >\n\n                                    <div class=\"vehica-compare-add\">\n\n                                        <div\n\n                                                class=\"vehica-checkbox\"\n\n                                                @click.prevent=\"addToCompare.set\"\n\n                                        >\n\n                                            <input\n\n                                                    id=\"vehica-compare--606498\"\n\n                                                    type=\"checkbox\"\n\n                                                    :checked=\"addToCompare.isAdded\"\n\n                                            >\n\n\n\n                                            <label for=\"vehica-compare--606498\">\n\n                                                Comparar\n                                            <\/label>\n\n                                        <\/div>\n\n                                    <\/div>\n\n                                <\/div>\n\n                            <\/transition>\n\n                        <\/div>\n\n                    <\/vehica-add-to-compare>\n\n                <\/template>\n\n            \n\n\n            <div class=\"vehica-car-row__content\">\n\n                <span class=\"vehica-car-card-row__name\" title=\"Opel Mokka\">\n\t\t\t\t\t<div class=\"name-car-motorpor\">\n\t\t\t\t\t<div class=\"titulo\">\n                    Opel Mokka\t\t\t\t\t<p class='versao'>1.2 T 130 Edition 4x2 Automatica<\/p>\t\t\t\t\t<\/div>\n\t\t\t\t\t\t\t<div class=\"logo-brand-mobile-v3\" > \n\t\t\t\t\t\t\t\t\t\t\t\t\t\t\t<\/div>\n\t\t\t\t\t<\/div>\n                <\/span>\n\n\n\n                \n                    <div class=\"vehica-car-card__price-mobile\">\n\n                        21 990,00\u20ac\t\t\t\t\t\t<span style=\"font-size: 16px ; color: #FF5100; text-decoration: line-through\">\n\n                             <\/span>\n\n                    <\/div>\n\t\t\t\t\t\n                \n\n\t\t\t\t\t\t\n\n                \n\n\n                \n                    <div class=\"vehica-car-card__info\">\n\n                        \t\t\t\t\t\t\n\t\t\t\t\t\t\t\t\t\t\t\t\t<div class=\"vehica-car-card__info__single \">\n\t\t\t\t\t\t\t\t<i class=\"fas fa-circle\"><\/i>\n\t\t\t\t\t\t\t\t<span>Usados<\/span>\n\t\t\t\t\t\t\t<\/div>                           \n\n                        \t\t\t\t\t\t\n\t\t\t\t\t\t\t\t\t\t\t\t\t<div class=\"vehica-car-card__info__single \">\n\t\t\t\t\t\t\t\t<i class=\"fas fa-circle\"><\/i>\n\t\t\t\t\t\t\t\t<span>Autom\u00e1tica<\/span>\n\t\t\t\t\t\t\t<\/div>                           \n\n                        \t\t\t\t\t\t\n\t\t\t\t\t\t\t\t\t\t\t\t\t<div class=\"vehica-car-card__info__single \">\n\t\t\t\t\t\t\t\t<i class=\"fas fa-circle\"><\/i>\n\t\t\t\t\t\t\t\t<span>Gasolina<\/span>\n\t\t\t\t\t\t\t<\/div>                           \n\n                        \t\t\t\t\t\t\n\t\t\t\t\t\t\t\t\t\t\t\t\t<div class=\"vehica-car-card__info__single \">\n\t\t\t\t\t\t\t\t<i class=\"fas fa-circle\"><\/i>\n\t\t\t\t\t\t\t\t<span>2024<\/span>\n\t\t\t\t\t\t\t<\/div>                           \n\n                        \t\t\t\t\t\t\n\t\t\t\t\t\t\t\t\t\t\t\t\t<div class=\"vehica-car-card__info__single \">\n\t\t\t\t\t\t\t\t<i class=\"fas fa-circle\"><\/i>\n\t\t\t\t\t\t\t\t<span>74234 <\/span>\n\t\t\t\t\t\t\t<\/div>                           \n\n                        \t\t\t\t\t\t\n\t\t\t\t\t\t\t\t\t\t\t\t\t<div class=\"vehica-car-card__info__single \">\n\t\t\t\t\t\t\t\t<i class=\"fas fa-circle\"><\/i>\n\t\t\t\t\t\t\t\t<span>5 Portas<\/span>\n\t\t\t\t\t\t\t<\/div>                           \n\n                        \n                    <\/div>\n\n                \t\n\t\t\t\t\t                \n            <\/div>\n\n\n\n            <div class=\"vehica-car-card-row__right\">\n\t\t\t\t<div class=\"logo-brand\" >\n\t\t\t\t\t<div>\n\t\t\t\t\t<\/div>\n\n                \n                    <vehica-add-to-favorite\n\n                            :car-id=\"606498\"\n\n                            request-url=\"https:\/\/motorpor.pt\/wp-admin\/admin-ajax.php?action=vehica_favorite\"\n\n                            redirect-url=\"https:\/\/motorpor.pt\/en\/login-register\/\"\n\n                            vehica-nonce=\"5ebfe27395\"\n\n                        \n                            :is-logged=\"false\"\n\n                            :initial-is-favorite=\"false\"\n\n                        \n                    >\n\n                        <div slot-scope=\"props\">\n\n                            <div\n\n                                    class=\"vehica-car-card-row__favorite\"\n\n                                    v-if=\"!props.isFavorite\"\n\n                                    @click.prevent=\"props.onAdd\"\n\n                            >\n\n                                <i class=\"far fa-star\"><\/i>\n\n                            <\/div>\n\n\n\n                            <template>\n\n                                <div\n\n                                        v-if=\"props.isFavorite\"\n\n                                        class=\"vehica-car-card-row__favorite vehica-car-card-row__favorite--is-favorite\"\n\n                                        @click.prevent=\"props.onAdd\"\n\n                                >\n\n                                    <i class=\"fas fa-star\"><\/i>\n\n                                <\/div>\n\n                            <\/template>\n\n                        <\/div>\n\n                    <\/vehica-add-to-favorite>\n\n                \t\t\t\t<\/div>\n\n\n                \n                    <div class=\"vehica-car-card-row__price-desktop\">\n\n                        21 990,00\u20ac\t\t\t\t\t\t\n\t\t\t\t\t\t\n\n\n                    <\/div>\n\t\t\t\t\t<div class=\"preco-antigo\" style=\"text-align: center; \">\n\t\t\t\t\t <span style=\"font-size: 20px ; color: #FF5100; text-decoration: line-through\">\n\n                             <\/span>\n\t\t\t\t\t<\/div>\n\t\t\t\t\t                \t\t\t\t\n\n\n                \n            <\/div>\n\n        <\/div>\n\n    <\/div>\n\n<\/div>                                                                            \n<div\n\n        id=\"vehica-car-606470\"\n\n        class=\"vehica-car-card-row-wrapper vehica-car\"\n\n        key=\"606470\"\n\n        data-id=\"606470\"\n\n>\n\n    <div class=\"vehica-car-card-row \n\t\t\t\t\tcarro-usado                                                                        \t\t\t\t\t\n\t\n\t\">\n\n        <a href=\"https:\/\/motorpor.pt\/en\/carros\/renault-megane-3\/\" class=\"vehica-car-card-link\"><\/a>\n\n\n\n        <div class=\"vehica-car-card-row__inner\">\n\n            <div class=\"vehica-car-card-row__image\">\n\n                \n                    \n                    \n                \n\n\n                <div class=\"vehica-car-card__image-bg\">\n\n                    <div\n\n                            class=\"vehica-car-card__image\"\n\n                            style=\"padding-top: 55.522388059701%;\"\n\n                    >\n\n                        \n                            <img decoding=\"async\"\n\n                                \n                                    class=\"lazyload\"\n\n                                    src=\"data:image\/gif;base64,R0lGODlhAQABAAAAACH5BAEKAAEALAAAAAABAAEAAAICTAEAOw==\"\n\n                                    data-srcset=\"https:\/\/motorpor.pt\/wp-content\/uploads\/2026\/05\/RenaultMegane-18681-01-335x186.jpg 335w, https:\/\/motorpor.pt\/wp-content\/uploads\/2026\/05\/RenaultMegane-18681-01-167x93.jpg 167w, https:\/\/motorpor.pt\/wp-content\/uploads\/2026\/05\/RenaultMegane-18681-01-670x372.jpg 670w\"\n\n                                    data-sizes=\"auto\"\n\n                                \n                                    alt=\"Renault Megane\"\n\n                            >\n\n                        \n\n\n                        \n                            <div class=\"vehica-car-card__image-info\">\n\n                                <span class=\"vehica-car-card__image-info__photos\">\n\n                                    <i class=\"far fa-images\"><\/i>\n\n                                    <span>27<\/span>\n\n                                <\/span>\n\n                            <\/div>\n\t\t\t\t\t\t\n\t\t\t\t\t\n\n                        \n                    <\/div>\n\n                <\/div>\n\n            <\/div>\n\n\n\n            \n                <template>\n\n                    <vehica-add-to-compare\n\n                            :car-id=\"606470\"\n\n                            :add-class=\"true\"\n\n                    >\n\n                        <div slot-scope=\"addToCompare\">\n\n                            <transition name=\"vehica-car-card__compare\">\n\n                                <div\n\n                                        v-if=\"addToCompare.compareMode\"\n\n                                        class=\"vehica-car-card__compare\"\n\n                                >\n\n                                    <div class=\"vehica-compare-add\">\n\n                                        <div\n\n                                                class=\"vehica-checkbox\"\n\n                                                @click.prevent=\"addToCompare.set\"\n\n                                        >\n\n                                            <input\n\n                                                    id=\"vehica-compare--606470\"\n\n                                                    type=\"checkbox\"\n\n                                                    :checked=\"addToCompare.isAdded\"\n\n                                            >\n\n\n\n                                            <label for=\"vehica-compare--606470\">\n\n                                                Comparar\n                                            <\/label>\n\n                                        <\/div>\n\n                                    <\/div>\n\n                                <\/div>\n\n                            <\/transition>\n\n                        <\/div>\n\n                    <\/vehica-add-to-compare>\n\n                <\/template>\n\n            \n\n\n            <div class=\"vehica-car-row__content\">\n\n                <span class=\"vehica-car-card-row__name\" title=\"Renault Megane\">\n\t\t\t\t\t<div class=\"name-car-motorpor\">\n\t\t\t\t\t<div class=\"titulo\">\n                    Renault Megane\t\t\t\t\t<p class='versao'>Sport-tourer 1.5 Bluedci 115 Equilibre Edc Automatica<\/p>\t\t\t\t\t<\/div>\n\t\t\t\t\t\t\t<div class=\"logo-brand-mobile-v3\" > \n\t\t\t\t\t\t\t\t\t\t\t\t\t\t\t<\/div>\n\t\t\t\t\t<\/div>\n                <\/span>\n\n\n\n                \n                    <div class=\"vehica-car-card__price-mobile\">\n\n                        23 990,00\u20ac\t\t\t\t\t\t<span style=\"font-size: 16px ; color: #FF5100; text-decoration: line-through\">\n\n                             <\/span>\n\n                    <\/div>\n\t\t\t\t\t\n                \n\n\t\t\t\t\t\t\n\n                \n\n\n                \n                    <div class=\"vehica-car-card__info\">\n\n                        \t\t\t\t\t\t\n\t\t\t\t\t\t\t\t\t\t\t\t\t<div class=\"vehica-car-card__info__single \">\n\t\t\t\t\t\t\t\t<i class=\"fas fa-circle\"><\/i>\n\t\t\t\t\t\t\t\t<span>Usados<\/span>\n\t\t\t\t\t\t\t<\/div>                           \n\n                        \t\t\t\t\t\t\n\t\t\t\t\t\t\t\t\t\t\t\t\t<div class=\"vehica-car-card__info__single \">\n\t\t\t\t\t\t\t\t<i class=\"fas fa-circle\"><\/i>\n\t\t\t\t\t\t\t\t<span>Autom\u00e1tica<\/span>\n\t\t\t\t\t\t\t<\/div>                           \n\n                        \t\t\t\t\t\t\n\t\t\t\t\t\t\t\t\t\t\t\t\t<div class=\"vehica-car-card__info__single \">\n\t\t\t\t\t\t\t\t<i class=\"fas fa-circle\"><\/i>\n\t\t\t\t\t\t\t\t<span>Gas\u00f3leo<\/span>\n\t\t\t\t\t\t\t<\/div>                           \n\n                        \t\t\t\t\t\t\n\t\t\t\t\t\t\t\t\t\t\t\t\t<div class=\"vehica-car-card__info__single \">\n\t\t\t\t\t\t\t\t<i class=\"fas fa-circle\"><\/i>\n\t\t\t\t\t\t\t\t<span>2024<\/span>\n\t\t\t\t\t\t\t<\/div>                           \n\n                        \t\t\t\t\t\t\n\t\t\t\t\t\t\t\t\t\t\t\t\t<div class=\"vehica-car-card__info__single \">\n\t\t\t\t\t\t\t\t<i class=\"fas fa-circle\"><\/i>\n\t\t\t\t\t\t\t\t<span>24263 <\/span>\n\t\t\t\t\t\t\t<\/div>                           \n\n                        \t\t\t\t\t\t\n\t\t\t\t\t\t\t\t\t\t\t\t\t<div class=\"vehica-car-card__info__single \">\n\t\t\t\t\t\t\t\t<i class=\"fas fa-circle\"><\/i>\n\t\t\t\t\t\t\t\t<span>5 Portas<\/span>\n\t\t\t\t\t\t\t<\/div>                           \n\n                        \n                    <\/div>\n\n                \t\n\t\t\t\t\t                \n            <\/div>\n\n\n\n            <div class=\"vehica-car-card-row__right\">\n\t\t\t\t<div class=\"logo-brand\" >\n\t\t\t\t\t<div>\n\t\t\t\t\t<\/div>\n\n                \n                    <vehica-add-to-favorite\n\n                            :car-id=\"606470\"\n\n                            request-url=\"https:\/\/motorpor.pt\/wp-admin\/admin-ajax.php?action=vehica_favorite\"\n\n                            redirect-url=\"https:\/\/motorpor.pt\/en\/login-register\/\"\n\n                            vehica-nonce=\"5ebfe27395\"\n\n                        \n                            :is-logged=\"false\"\n\n                            :initial-is-favorite=\"false\"\n\n                        \n                    >\n\n                        <div slot-scope=\"props\">\n\n                            <div\n\n                                    class=\"vehica-car-card-row__favorite\"\n\n                                    v-if=\"!props.isFavorite\"\n\n                                    @click.prevent=\"props.onAdd\"\n\n                            >\n\n                                <i class=\"far fa-star\"><\/i>\n\n                            <\/div>\n\n\n\n                            <template>\n\n                                <div\n\n                                        v-if=\"props.isFavorite\"\n\n                                        class=\"vehica-car-card-row__favorite vehica-car-card-row__favorite--is-favorite\"\n\n                                        @click.prevent=\"props.onAdd\"\n\n                                >\n\n                                    <i class=\"fas fa-star\"><\/i>\n\n                                <\/div>\n\n                            <\/template>\n\n                        <\/div>\n\n                    <\/vehica-add-to-favorite>\n\n                \t\t\t\t<\/div>\n\n\n                \n                    <div class=\"vehica-car-card-row__price-desktop\">\n\n                        23 990,00\u20ac\t\t\t\t\t\t\n\t\t\t\t\t\t\n\n\n                    <\/div>\n\t\t\t\t\t<div class=\"preco-antigo\" style=\"text-align: center; \">\n\t\t\t\t\t <span style=\"font-size: 20px ; color: #FF5100; text-decoration: line-through\">\n\n                             <\/span>\n\t\t\t\t\t<\/div>\n\t\t\t\t\t                \t\t\t\t\n\n\n                \n            <\/div>\n\n        <\/div>\n\n    <\/div>\n\n<\/div>                                                                            \n<div\n\n        id=\"vehica-car-606443\"\n\n        class=\"vehica-car-card-row-wrapper vehica-car\"\n\n        key=\"606443\"\n\n        data-id=\"606443\"\n\n>\n\n    <div class=\"vehica-car-card-row \n\t\t\t\t\tcarro-usado                                                                        \t\t\t\t\t\n\t\n\t\">\n\n        <a href=\"https:\/\/motorpor.pt\/en\/carros\/fiat-600-5\/\" class=\"vehica-car-card-link\"><\/a>\n\n\n\n        <div class=\"vehica-car-card-row__inner\">\n\n            <div class=\"vehica-car-card-row__image\">\n\n                \n                    \n                    \n                \n\n\n                <div class=\"vehica-car-card__image-bg\">\n\n                    <div\n\n                            class=\"vehica-car-card__image\"\n\n                            style=\"padding-top: 55.522388059701%;\"\n\n                    >\n\n                        \n                            <img decoding=\"async\"\n\n                                \n                                    class=\"lazyload\"\n\n                                    src=\"data:image\/gif;base64,R0lGODlhAQABAAAAACH5BAEKAAEALAAAAAABAAEAAAICTAEAOw==\"\n\n                                    data-srcset=\"https:\/\/motorpor.pt\/wp-content\/uploads\/2026\/05\/Fiat600-19212-01-335x186.jpg 335w, https:\/\/motorpor.pt\/wp-content\/uploads\/2026\/05\/Fiat600-19212-01-167x93.jpg 167w, https:\/\/motorpor.pt\/wp-content\/uploads\/2026\/05\/Fiat600-19212-01-670x372.jpg 670w\"\n\n                                    data-sizes=\"auto\"\n\n                                \n                                    alt=\"Fiat 600\"\n\n                            >\n\n                        \n\n\n                        \n                            <div class=\"vehica-car-card__image-info\">\n\n                                <span class=\"vehica-car-card__image-info__photos\">\n\n                                    <i class=\"far fa-images\"><\/i>\n\n                                    <span>26<\/span>\n\n                                <\/span>\n\n                            <\/div>\n\t\t\t\t\t\t\n\t\t\t\t\t\n\n                        \n                    <\/div>\n\n                <\/div>\n\n            <\/div>\n\n\n\n            \n                <template>\n\n                    <vehica-add-to-compare\n\n                            :car-id=\"606443\"\n\n                            :add-class=\"true\"\n\n                    >\n\n                        <div slot-scope=\"addToCompare\">\n\n                            <transition name=\"vehica-car-card__compare\">\n\n                                <div\n\n                                        v-if=\"addToCompare.compareMode\"\n\n                                        class=\"vehica-car-card__compare\"\n\n                                >\n\n                                    <div class=\"vehica-compare-add\">\n\n                                        <div\n\n                                                class=\"vehica-checkbox\"\n\n                                                @click.prevent=\"addToCompare.set\"\n\n                                        >\n\n                                            <input\n\n                                                    id=\"vehica-compare--606443\"\n\n                                                    type=\"checkbox\"\n\n                                                    :checked=\"addToCompare.isAdded\"\n\n                                            >\n\n\n\n                                            <label for=\"vehica-compare--606443\">\n\n                                                Comparar\n                                            <\/label>\n\n                                        <\/div>\n\n                                    <\/div>\n\n                                <\/div>\n\n                            <\/transition>\n\n                        <\/div>\n\n                    <\/vehica-add-to-compare>\n\n                <\/template>\n\n            \n\n\n            <div class=\"vehica-car-row__content\">\n\n                <span class=\"vehica-car-card-row__name\" title=\"Fiat 600\">\n\t\t\t\t\t<div class=\"name-car-motorpor\">\n\t\t\t\t\t<div class=\"titulo\">\n                    Fiat 600\t\t\t\t\t<p class='versao'>1.2 145h 135 Mhev Hybrid 48volt Icon Dct Automatica<\/p>\t\t\t\t\t<\/div>\n\t\t\t\t\t\t\t<div class=\"logo-brand-mobile-v3\" > \n\t\t\t\t\t\t\t\t\t\t\t\t\t\t\t\t\t\t\t<img decoding=\"async\" style=\"width:60px; \" src=\"https:\/\/motorpor.pt\/wp-content\/uploads\/2022\/09\/logo-spoticar400x115.png\"\/>\n\n\t\t\t\t\t\t\t\t\t\t\t\t\t\t\t\t\t<\/div>\n\t\t\t\t\t<\/div>\n                <\/span>\n\n\n\n                \n                    <div class=\"vehica-car-card__price-mobile\">\n\n                        22 900,00\u20ac\t\t\t\t\t\t<span style=\"font-size: 16px ; color: #FF5100; text-decoration: line-through\">\n\n                             <\/span>\n\n                    <\/div>\n\t\t\t\t\t\n                \n\n\t\t\t\t\t\t\n\n                \n\n\n                \n                    <div class=\"vehica-car-card__info\">\n\n                        \t\t\t\t\t\t\n\t\t\t\t\t\t\t\t\t\t\t\t\t<div class=\"vehica-car-card__info__single \">\n\t\t\t\t\t\t\t\t<i class=\"fas fa-circle\"><\/i>\n\t\t\t\t\t\t\t\t<span>Usados<\/span>\n\t\t\t\t\t\t\t<\/div>                           \n\n                        \t\t\t\t\t\t\n\t\t\t\t\t\t\t\t\t\t\t\t\t<div class=\"vehica-car-card__info__single \">\n\t\t\t\t\t\t\t\t<i class=\"fas fa-circle\"><\/i>\n\t\t\t\t\t\t\t\t<span>Autom\u00e1tica<\/span>\n\t\t\t\t\t\t\t<\/div>                           \n\n                        \t\t\t\t\t\t\n\t\t\t\t\t\t\t\t\t\t\t\t\t<div class=\"vehica-car-card__info__single \">\n\t\t\t\t\t\t\t\t<i class=\"fas fa-circle\"><\/i>\n\t\t\t\t\t\t\t\t<span>H\u00edbrido ( Gasolina - El\u00e9ctrico )<\/span>\n\t\t\t\t\t\t\t<\/div>                           \n\n                        \t\t\t\t\t\t\n\t\t\t\t\t\t\t\t\t\t\t\t\t<div class=\"vehica-car-card__info__single \">\n\t\t\t\t\t\t\t\t<i class=\"fas fa-circle\"><\/i>\n\t\t\t\t\t\t\t\t<span>2025<\/span>\n\t\t\t\t\t\t\t<\/div>                           \n\n                        \t\t\t\t\t\t\n\t\t\t\t\t\t\t\t\t\t\t\t\t<div class=\"vehica-car-card__info__single \">\n\t\t\t\t\t\t\t\t<i class=\"fas fa-circle\"><\/i>\n\t\t\t\t\t\t\t\t<span>16246 <\/span>\n\t\t\t\t\t\t\t<\/div>                           \n\n                        \t\t\t\t\t\t\n\t\t\t\t\t\t\t\t\t\t\t\t\t<div class=\"vehica-car-card__info__single \">\n\t\t\t\t\t\t\t\t<i class=\"fas fa-circle\"><\/i>\n\t\t\t\t\t\t\t\t<span>5 Portas<\/span>\n\t\t\t\t\t\t\t<\/div>                           \n\n                        \n                    <\/div>\n\n                \t\n\t\t\t\t\t                \n            <\/div>\n\n\n\n            <div class=\"vehica-car-card-row__right\">\n\t\t\t\t<div class=\"logo-brand\" >\n\t\t\t\t\t<div>\n\t\t\t\t\t\t\t\t\t\t\t<img decoding=\"async\" style=\"width:150px; \" src=\"https:\/\/motorpor.pt\/wp-content\/uploads\/2022\/09\/logo-spoticar400x115.png\"\/>\n\n\t\t\t\t\t\t\t\t\t\t\t\t\t\t\t<\/div>\n\n                \n                    <vehica-add-to-favorite\n\n                            :car-id=\"606443\"\n\n                            request-url=\"https:\/\/motorpor.pt\/wp-admin\/admin-ajax.php?action=vehica_favorite\"\n\n                            redirect-url=\"https:\/\/motorpor.pt\/en\/login-register\/\"\n\n                            vehica-nonce=\"5ebfe27395\"\n\n                        \n                            :is-logged=\"false\"\n\n                            :initial-is-favorite=\"false\"\n\n                        \n                    >\n\n                        <div slot-scope=\"props\">\n\n                            <div\n\n                                    class=\"vehica-car-card-row__favorite\"\n\n                                    v-if=\"!props.isFavorite\"\n\n                                    @click.prevent=\"props.onAdd\"\n\n                            >\n\n                                <i class=\"far fa-star\"><\/i>\n\n                            <\/div>\n\n\n\n                            <template>\n\n                                <div\n\n                                        v-if=\"props.isFavorite\"\n\n                                        class=\"vehica-car-card-row__favorite vehica-car-card-row__favorite--is-favorite\"\n\n                                        @click.prevent=\"props.onAdd\"\n\n                                >\n\n                                    <i class=\"fas fa-star\"><\/i>\n\n                                <\/div>\n\n                            <\/template>\n\n                        <\/div>\n\n                    <\/vehica-add-to-favorite>\n\n                \t\t\t\t<\/div>\n\n\n                \n                    <div class=\"vehica-car-card-row__price-desktop\">\n\n                        22 900,00\u20ac\t\t\t\t\t\t\n\t\t\t\t\t\t\n\n\n                    <\/div>\n\t\t\t\t\t<div class=\"preco-antigo\" style=\"text-align: center; \">\n\t\t\t\t\t <span style=\"font-size: 20px ; color: #FF5100; text-decoration: line-through\">\n\n                             <\/span>\n\t\t\t\t\t<\/div>\n\t\t\t\t\t                \t\t\t\t\n\n\n                \n            <\/div>\n\n        <\/div>\n\n    <\/div>\n\n<\/div>                                                                            \n<div\n\n        id=\"vehica-car-606423\"\n\n        class=\"vehica-car-card-row-wrapper vehica-car\"\n\n        key=\"606423\"\n\n        data-id=\"606423\"\n\n>\n\n    <div class=\"vehica-car-card-row \n\t\t\t\t\tcarro-usado                                                                        \t\t\t\t\t\n\t\n\t\">\n\n        <a href=\"https:\/\/motorpor.pt\/en\/carros\/opel-mokka-4\/\" class=\"vehica-car-card-link\"><\/a>\n\n\n\n        <div class=\"vehica-car-card-row__inner\">\n\n            <div class=\"vehica-car-card-row__image\">\n\n                \n                    \n                    \n                \n\n\n                <div class=\"vehica-car-card__image-bg\">\n\n                    <div\n\n                            class=\"vehica-car-card__image\"\n\n                            style=\"padding-top: 55.522388059701%;\"\n\n                    >\n\n                        \n                            <img decoding=\"async\"\n\n                                \n                                    class=\"lazyload\"\n\n                                    src=\"data:image\/gif;base64,R0lGODlhAQABAAAAACH5BAEKAAEALAAAAAABAAEAAAICTAEAOw==\"\n\n                                    data-srcset=\"https:\/\/motorpor.pt\/wp-content\/uploads\/2026\/05\/OpelMokka-18697-01-335x186.jpg 335w, https:\/\/motorpor.pt\/wp-content\/uploads\/2026\/05\/OpelMokka-18697-01-167x93.jpg 167w, https:\/\/motorpor.pt\/wp-content\/uploads\/2026\/05\/OpelMokka-18697-01-670x372.jpg 670w\"\n\n                                    data-sizes=\"auto\"\n\n                                \n                                    alt=\"Opel Mokka\"\n\n                            >\n\n                        \n\n\n                        \n                            <div class=\"vehica-car-card__image-info\">\n\n                                <span class=\"vehica-car-card__image-info__photos\">\n\n                                    <i class=\"far fa-images\"><\/i>\n\n                                    <span>19<\/span>\n\n                                <\/span>\n\n                            <\/div>\n\t\t\t\t\t\t\n\t\t\t\t\t\n\n                        \n                    <\/div>\n\n                <\/div>\n\n            <\/div>\n\n\n\n            \n                <template>\n\n                    <vehica-add-to-compare\n\n                            :car-id=\"606423\"\n\n                            :add-class=\"true\"\n\n                    >\n\n                        <div slot-scope=\"addToCompare\">\n\n                            <transition name=\"vehica-car-card__compare\">\n\n                                <div\n\n                                        v-if=\"addToCompare.compareMode\"\n\n                                        class=\"vehica-car-card__compare\"\n\n                                >\n\n                                    <div class=\"vehica-compare-add\">\n\n                                        <div\n\n                                                class=\"vehica-checkbox\"\n\n                                                @click.prevent=\"addToCompare.set\"\n\n                                        >\n\n                                            <input\n\n                                                    id=\"vehica-compare--606423\"\n\n                                                    type=\"checkbox\"\n\n                                                    :checked=\"addToCompare.isAdded\"\n\n                                            >\n\n\n\n                                            <label for=\"vehica-compare--606423\">\n\n                                                Comparar\n                                            <\/label>\n\n                                        <\/div>\n\n                                    <\/div>\n\n                                <\/div>\n\n                            <\/transition>\n\n                        <\/div>\n\n                    <\/vehica-add-to-compare>\n\n                <\/template>\n\n            \n\n\n            <div class=\"vehica-car-row__content\">\n\n                <span class=\"vehica-car-card-row__name\" title=\"Opel Mokka\">\n\t\t\t\t\t<div class=\"name-car-motorpor\">\n\t\t\t\t\t<div class=\"titulo\">\n                    Opel Mokka\t\t\t\t\t<p class='versao'>1.2 T 135 Black Edition 4x2<\/p>\t\t\t\t\t<\/div>\n\t\t\t\t\t\t\t<div class=\"logo-brand-mobile-v3\" > \n\t\t\t\t\t\t\t\t\t\t\t\t\t\t\t<\/div>\n\t\t\t\t\t<\/div>\n                <\/span>\n\n\n\n                \n                    <div class=\"vehica-car-card__price-mobile\">\n\n                        21 390,00\u20ac\t\t\t\t\t\t<span style=\"font-size: 16px ; color: #FF5100; text-decoration: line-through\">\n\n                             <\/span>\n\n                    <\/div>\n\t\t\t\t\t\n                \n\n\t\t\t\t\t\t\n\n                \n\n\n                \n                    <div class=\"vehica-car-card__info\">\n\n                        \t\t\t\t\t\t\n\t\t\t\t\t\t\t\t\t\t\t\t\t<div class=\"vehica-car-card__info__single \">\n\t\t\t\t\t\t\t\t<i class=\"fas fa-circle\"><\/i>\n\t\t\t\t\t\t\t\t<span>Usados<\/span>\n\t\t\t\t\t\t\t<\/div>                           \n\n                        \t\t\t\t\t\t\n\t\t\t\t\t\t\t\t\t\t\t\t\t<div class=\"vehica-car-card__info__single \">\n\t\t\t\t\t\t\t\t<i class=\"fas fa-circle\"><\/i>\n\t\t\t\t\t\t\t\t<span>Manual<\/span>\n\t\t\t\t\t\t\t<\/div>                           \n\n                        \t\t\t\t\t\t\n\t\t\t\t\t\t\t\t\t\t\t\t\t<div class=\"vehica-car-card__info__single \">\n\t\t\t\t\t\t\t\t<i class=\"fas fa-circle\"><\/i>\n\t\t\t\t\t\t\t\t<span>Gasolina<\/span>\n\t\t\t\t\t\t\t<\/div>                           \n\n                        \t\t\t\t\t\t\n\t\t\t\t\t\t\t\t\t\t\t\t\t<div class=\"vehica-car-card__info__single \">\n\t\t\t\t\t\t\t\t<i class=\"fas fa-circle\"><\/i>\n\t\t\t\t\t\t\t\t<span>2025<\/span>\n\t\t\t\t\t\t\t<\/div>                           \n\n                        \t\t\t\t\t\t\n\t\t\t\t\t\t\t\t\t\t\t\t\t<div class=\"vehica-car-card__info__single \">\n\t\t\t\t\t\t\t\t<i class=\"fas fa-circle\"><\/i>\n\t\t\t\t\t\t\t\t<span>19731 <\/span>\n\t\t\t\t\t\t\t<\/div>                           \n\n                        \t\t\t\t\t\t\n\t\t\t\t\t\t\t\t\t\t\t\t\t<div class=\"vehica-car-card__info__single \">\n\t\t\t\t\t\t\t\t<i class=\"fas fa-circle\"><\/i>\n\t\t\t\t\t\t\t\t<span>5 Portas<\/span>\n\t\t\t\t\t\t\t<\/div>                           \n\n                        \n                    <\/div>\n\n                \t\n\t\t\t\t\t                \n            <\/div>\n\n\n\n            <div class=\"vehica-car-card-row__right\">\n\t\t\t\t<div class=\"logo-brand\" >\n\t\t\t\t\t<div>\n\t\t\t\t\t<\/div>\n\n                \n                    <vehica-add-to-favorite\n\n                            :car-id=\"606423\"\n\n                            request-url=\"https:\/\/motorpor.pt\/wp-admin\/admin-ajax.php?action=vehica_favorite\"\n\n                            redirect-url=\"https:\/\/motorpor.pt\/en\/login-register\/\"\n\n                            vehica-nonce=\"5ebfe27395\"\n\n                        \n                            :is-logged=\"false\"\n\n                            :initial-is-favorite=\"false\"\n\n                        \n                    >\n\n                        <div slot-scope=\"props\">\n\n                            <div\n\n                                    class=\"vehica-car-card-row__favorite\"\n\n                                    v-if=\"!props.isFavorite\"\n\n                                    @click.prevent=\"props.onAdd\"\n\n                            >\n\n                                <i class=\"far fa-star\"><\/i>\n\n                            <\/div>\n\n\n\n                            <template>\n\n                                <div\n\n                                        v-if=\"props.isFavorite\"\n\n                                        class=\"vehica-car-card-row__favorite vehica-car-card-row__favorite--is-favorite\"\n\n                                        @click.prevent=\"props.onAdd\"\n\n                                >\n\n                                    <i class=\"fas fa-star\"><\/i>\n\n                                <\/div>\n\n                            <\/template>\n\n                        <\/div>\n\n                    <\/vehica-add-to-favorite>\n\n                \t\t\t\t<\/div>\n\n\n                \n                    <div class=\"vehica-car-card-row__price-desktop\">\n\n                        21 390,00\u20ac\t\t\t\t\t\t\n\t\t\t\t\t\t\n\n\n                    <\/div>\n\t\t\t\t\t<div class=\"preco-antigo\" style=\"text-align: center; \">\n\t\t\t\t\t <span style=\"font-size: 20px ; color: #FF5100; text-decoration: line-through\">\n\n                             <\/span>\n\t\t\t\t\t<\/div>\n\t\t\t\t\t                \t\t\t\t\n\n\n                \n            <\/div>\n\n        <\/div>\n\n    <\/div>\n\n<\/div>                                                                            \n<div\n\n        id=\"vehica-car-606406\"\n\n        class=\"vehica-car-card-row-wrapper vehica-car\"\n\n        key=\"606406\"\n\n        data-id=\"606406\"\n\n>\n\n    <div class=\"vehica-car-card-row \n\t\t\t\t\tcarro-usado                                                                        \t\t\t\t\t\n\t\n\t\">\n\n        <a href=\"https:\/\/motorpor.pt\/en\/carros\/peugeot-2008-16\/\" class=\"vehica-car-card-link\"><\/a>\n\n\n\n        <div class=\"vehica-car-card-row__inner\">\n\n            <div class=\"vehica-car-card-row__image\">\n\n                \n                    \n                    \n                \n\n\n                <div class=\"vehica-car-card__image-bg\">\n\n                    <div\n\n                            class=\"vehica-car-card__image\"\n\n                            style=\"padding-top: 55.522388059701%;\"\n\n                    >\n\n                        \n                            <img decoding=\"async\"\n\n                                \n                                    class=\"lazyload\"\n\n                                    src=\"data:image\/gif;base64,R0lGODlhAQABAAAAACH5BAEKAAEALAAAAAABAAEAAAICTAEAOw==\"\n\n                                    data-srcset=\"https:\/\/motorpor.pt\/wp-content\/uploads\/2026\/05\/Peugeot2008-18366-01-335x186.jpg 335w, https:\/\/motorpor.pt\/wp-content\/uploads\/2026\/05\/Peugeot2008-18366-01-167x93.jpg 167w, https:\/\/motorpor.pt\/wp-content\/uploads\/2026\/05\/Peugeot2008-18366-01-670x372.jpg 670w\"\n\n                                    data-sizes=\"auto\"\n\n                                \n                                    alt=\"Peugeot 2008\"\n\n                            >\n\n                        \n\n\n                        \n                            <div class=\"vehica-car-card__image-info\">\n\n                                <span class=\"vehica-car-card__image-info__photos\">\n\n                                    <i class=\"far fa-images\"><\/i>\n\n                                    <span>16<\/span>\n\n                                <\/span>\n\n                            <\/div>\n\t\t\t\t\t\t\n\t\t\t\t\t\n\n                        \n                    <\/div>\n\n                <\/div>\n\n            <\/div>\n\n\n\n            \n                <template>\n\n                    <vehica-add-to-compare\n\n                            :car-id=\"606406\"\n\n                            :add-class=\"true\"\n\n                    >\n\n                        <div slot-scope=\"addToCompare\">\n\n                            <transition name=\"vehica-car-card__compare\">\n\n                                <div\n\n                                        v-if=\"addToCompare.compareMode\"\n\n                                        class=\"vehica-car-card__compare\"\n\n                                >\n\n                                    <div class=\"vehica-compare-add\">\n\n                                        <div\n\n                                                class=\"vehica-checkbox\"\n\n                                                @click.prevent=\"addToCompare.set\"\n\n                                        >\n\n                                            <input\n\n                                                    id=\"vehica-compare--606406\"\n\n                                                    type=\"checkbox\"\n\n                                                    :checked=\"addToCompare.isAdded\"\n\n                                            >\n\n\n\n                                            <label for=\"vehica-compare--606406\">\n\n                                                Comparar\n                                            <\/label>\n\n                                        <\/div>\n\n                                    <\/div>\n\n                                <\/div>\n\n                            <\/transition>\n\n                        <\/div>\n\n                    <\/vehica-add-to-compare>\n\n                <\/template>\n\n            \n\n\n            <div class=\"vehica-car-row__content\">\n\n                <span class=\"vehica-car-card-row__name\" title=\"Peugeot 2008\">\n\t\t\t\t\t<div class=\"name-car-motorpor\">\n\t\t\t\t\t<div class=\"titulo\">\n                    Peugeot 2008\t\t\t\t\t<p class='versao'>Generation-Ii 1.2 Puretech 100 Style Start-Stop<\/p>\t\t\t\t\t<\/div>\n\t\t\t\t\t\t\t<div class=\"logo-brand-mobile-v3\" > \n\t\t\t\t\t\t\t\t\t\t\t\t\t\t\t<\/div>\n\t\t\t\t\t<\/div>\n                <\/span>\n\n\n\n                \n                    <div class=\"vehica-car-card__price-mobile\">\n\n                        19 990,00\u20ac\t\t\t\t\t\t<span style=\"font-size: 16px ; color: #FF5100; text-decoration: line-through\">\n\n                             <\/span>\n\n                    <\/div>\n\t\t\t\t\t\n                \n\n\t\t\t\t\t\t\n\n                \n\n\n                \n                    <div class=\"vehica-car-card__info\">\n\n                        \t\t\t\t\t\t\n\t\t\t\t\t\t\t\t\t\t\t\t\t<div class=\"vehica-car-card__info__single \">\n\t\t\t\t\t\t\t\t<i class=\"fas fa-circle\"><\/i>\n\t\t\t\t\t\t\t\t<span>Usados<\/span>\n\t\t\t\t\t\t\t<\/div>                           \n\n                        \t\t\t\t\t\t\n\t\t\t\t\t\t\t\t\t\t\t\t\t<div class=\"vehica-car-card__info__single \">\n\t\t\t\t\t\t\t\t<i class=\"fas fa-circle\"><\/i>\n\t\t\t\t\t\t\t\t<span>Manual<\/span>\n\t\t\t\t\t\t\t<\/div>                           \n\n                        \t\t\t\t\t\t\n\t\t\t\t\t\t\t\t\t\t\t\t\t<div class=\"vehica-car-card__info__single \">\n\t\t\t\t\t\t\t\t<i class=\"fas fa-circle\"><\/i>\n\t\t\t\t\t\t\t\t<span>Gasolina<\/span>\n\t\t\t\t\t\t\t<\/div>                           \n\n                        \t\t\t\t\t\t\n\t\t\t\t\t\t\t\t\t\t\t\t\t<div class=\"vehica-car-card__info__single \">\n\t\t\t\t\t\t\t\t<i class=\"fas fa-circle\"><\/i>\n\t\t\t\t\t\t\t\t<span>2025<\/span>\n\t\t\t\t\t\t\t<\/div>                           \n\n                        \t\t\t\t\t\t\n\t\t\t\t\t\t\t\t\t\t\t\t\t<div class=\"vehica-car-card__info__single \">\n\t\t\t\t\t\t\t\t<i class=\"fas fa-circle\"><\/i>\n\t\t\t\t\t\t\t\t<span>25256 <\/span>\n\t\t\t\t\t\t\t<\/div>                           \n\n                        \t\t\t\t\t\t\n\t\t\t\t\t\t\t\t\t\t\t\t\t<div class=\"vehica-car-card__info__single \">\n\t\t\t\t\t\t\t\t<i class=\"fas fa-circle\"><\/i>\n\t\t\t\t\t\t\t\t<span>5 Portas<\/span>\n\t\t\t\t\t\t\t<\/div>                           \n\n                        \n                    <\/div>\n\n                \t\n\t\t\t\t\t                \n            <\/div>\n\n\n\n            <div class=\"vehica-car-card-row__right\">\n\t\t\t\t<div class=\"logo-brand\" >\n\t\t\t\t\t<div>\n\t\t\t\t\t<\/div>\n\n                \n                    <vehica-add-to-favorite\n\n                            :car-id=\"606406\"\n\n                            request-url=\"https:\/\/motorpor.pt\/wp-admin\/admin-ajax.php?action=vehica_favorite\"\n\n                            redirect-url=\"https:\/\/motorpor.pt\/en\/login-register\/\"\n\n                            vehica-nonce=\"5ebfe27395\"\n\n                        \n                            :is-logged=\"false\"\n\n                            :initial-is-favorite=\"false\"\n\n                        \n                    >\n\n                        <div slot-scope=\"props\">\n\n                            <div\n\n                                    class=\"vehica-car-card-row__favorite\"\n\n                                    v-if=\"!props.isFavorite\"\n\n                                    @click.prevent=\"props.onAdd\"\n\n                            >\n\n                                <i class=\"far fa-star\"><\/i>\n\n                            <\/div>\n\n\n\n                            <template>\n\n                                <div\n\n                                        v-if=\"props.isFavorite\"\n\n                                        class=\"vehica-car-card-row__favorite vehica-car-card-row__favorite--is-favorite\"\n\n                                        @click.prevent=\"props.onAdd\"\n\n                                >\n\n                                    <i class=\"fas fa-star\"><\/i>\n\n                                <\/div>\n\n                            <\/template>\n\n                        <\/div>\n\n                    <\/vehica-add-to-favorite>\n\n                \t\t\t\t<\/div>\n\n\n                \n                    <div class=\"vehica-car-card-row__price-desktop\">\n\n                        19 990,00\u20ac\t\t\t\t\t\t\n\t\t\t\t\t\t\n\n\n                    <\/div>\n\t\t\t\t\t<div class=\"preco-antigo\" style=\"text-align: center; \">\n\t\t\t\t\t <span style=\"font-size: 20px ; color: #FF5100; text-decoration: line-through\">\n\n                             <\/span>\n\t\t\t\t\t<\/div>\n\t\t\t\t\t                \t\t\t\t\n\n\n                \n            <\/div>\n\n        <\/div>\n\n    <\/div>\n\n<\/div>                                                                            \n<div\n\n        id=\"vehica-car-606390\"\n\n        class=\"vehica-car-card-row-wrapper vehica-car\"\n\n        key=\"606390\"\n\n        data-id=\"606390\"\n\n>\n\n    <div class=\"vehica-car-card-row \n\t\t\t\t\tcarro-usado                                                                        \t\t\t\t\t\n\t\n\t\">\n\n        <a href=\"https:\/\/motorpor.pt\/en\/carros\/peugeot-2008-27\/\" class=\"vehica-car-card-link\"><\/a>\n\n\n\n        <div class=\"vehica-car-card-row__inner\">\n\n            <div class=\"vehica-car-card-row__image\">\n\n                \n                    \n                    \n                \n\n\n                <div class=\"vehica-car-card__image-bg\">\n\n                    <div\n\n                            class=\"vehica-car-card__image\"\n\n                            style=\"padding-top: 55.522388059701%;\"\n\n                    >\n\n                        \n                            <img decoding=\"async\"\n\n                                \n                                    class=\"lazyload\"\n\n                                    src=\"data:image\/gif;base64,R0lGODlhAQABAAAAACH5BAEKAAEALAAAAAABAAEAAAICTAEAOw==\"\n\n                                    data-srcset=\"https:\/\/motorpor.pt\/wp-content\/uploads\/2026\/05\/Peugeot2008-18365-01-335x186.jpg 335w, https:\/\/motorpor.pt\/wp-content\/uploads\/2026\/05\/Peugeot2008-18365-01-167x93.jpg 167w, https:\/\/motorpor.pt\/wp-content\/uploads\/2026\/05\/Peugeot2008-18365-01-670x372.jpg 670w\"\n\n                                    data-sizes=\"auto\"\n\n                                \n                                    alt=\"Peugeot 2008\"\n\n                            >\n\n                        \n\n\n                        \n                            <div class=\"vehica-car-card__image-info\">\n\n                                <span class=\"vehica-car-card__image-info__photos\">\n\n                                    <i class=\"far fa-images\"><\/i>\n\n                                    <span>15<\/span>\n\n                                <\/span>\n\n                            <\/div>\n\t\t\t\t\t\t\n\t\t\t\t\t\n\n                        \n                    <\/div>\n\n                <\/div>\n\n            <\/div>\n\n\n\n            \n                <template>\n\n                    <vehica-add-to-compare\n\n                            :car-id=\"606390\"\n\n                            :add-class=\"true\"\n\n                    >\n\n                        <div slot-scope=\"addToCompare\">\n\n                            <transition name=\"vehica-car-card__compare\">\n\n                                <div\n\n                                        v-if=\"addToCompare.compareMode\"\n\n                                        class=\"vehica-car-card__compare\"\n\n                                >\n\n                                    <div class=\"vehica-compare-add\">\n\n                                        <div\n\n                                                class=\"vehica-checkbox\"\n\n                                                @click.prevent=\"addToCompare.set\"\n\n                                        >\n\n                                            <input\n\n                                                    id=\"vehica-compare--606390\"\n\n                                                    type=\"checkbox\"\n\n                                                    :checked=\"addToCompare.isAdded\"\n\n                                            >\n\n\n\n                                            <label for=\"vehica-compare--606390\">\n\n                                                Comparar\n                                            <\/label>\n\n                                        <\/div>\n\n                                    <\/div>\n\n                                <\/div>\n\n                            <\/transition>\n\n                        <\/div>\n\n                    <\/vehica-add-to-compare>\n\n                <\/template>\n\n            \n\n\n            <div class=\"vehica-car-row__content\">\n\n                <span class=\"vehica-car-card-row__name\" title=\"Peugeot 2008\">\n\t\t\t\t\t<div class=\"name-car-motorpor\">\n\t\t\t\t\t<div class=\"titulo\">\n                    Peugeot 2008\t\t\t\t\t<p class='versao'>Generation-ii 1.2 Puretech 100 Active Pack Start-stop<\/p>\t\t\t\t\t<\/div>\n\t\t\t\t\t\t\t<div class=\"logo-brand-mobile-v3\" > \n\t\t\t\t\t\t\t\t\t\t\t\t\t\t\t<\/div>\n\t\t\t\t\t<\/div>\n                <\/span>\n\n\n\n                \n                    <div class=\"vehica-car-card__price-mobile\">\n\n                        19 990,00\u20ac\t\t\t\t\t\t<span style=\"font-size: 16px ; color: #FF5100; text-decoration: line-through\">\n\n                             <\/span>\n\n                    <\/div>\n\t\t\t\t\t\n                \n\n\t\t\t\t\t\t\n\n                \n\n\n                \n                    <div class=\"vehica-car-card__info\">\n\n                        \t\t\t\t\t\t\n\t\t\t\t\t\t\t\t\t\t\t\t\t<div class=\"vehica-car-card__info__single \">\n\t\t\t\t\t\t\t\t<i class=\"fas fa-circle\"><\/i>\n\t\t\t\t\t\t\t\t<span>Usados<\/span>\n\t\t\t\t\t\t\t<\/div>                           \n\n                        \t\t\t\t\t\t\n\t\t\t\t\t\t\t\t\t\t\t\t\t<div class=\"vehica-car-card__info__single \">\n\t\t\t\t\t\t\t\t<i class=\"fas fa-circle\"><\/i>\n\t\t\t\t\t\t\t\t<span>Manual<\/span>\n\t\t\t\t\t\t\t<\/div>                           \n\n                        \t\t\t\t\t\t\n\t\t\t\t\t\t\t\t\t\t\t\t\t<div class=\"vehica-car-card__info__single \">\n\t\t\t\t\t\t\t\t<i class=\"fas fa-circle\"><\/i>\n\t\t\t\t\t\t\t\t<span>Gasolina<\/span>\n\t\t\t\t\t\t\t<\/div>                           \n\n                        \t\t\t\t\t\t\n\t\t\t\t\t\t\t\t\t\t\t\t\t<div class=\"vehica-car-card__info__single \">\n\t\t\t\t\t\t\t\t<i class=\"fas fa-circle\"><\/i>\n\t\t\t\t\t\t\t\t<span>2025<\/span>\n\t\t\t\t\t\t\t<\/div>                           \n\n                        \t\t\t\t\t\t\n\t\t\t\t\t\t\t\t\t\t\t\t\t<div class=\"vehica-car-card__info__single \">\n\t\t\t\t\t\t\t\t<i class=\"fas fa-circle\"><\/i>\n\t\t\t\t\t\t\t\t<span>21349 <\/span>\n\t\t\t\t\t\t\t<\/div>                           \n\n                        \t\t\t\t\t\t\n\t\t\t\t\t\t\t\t\t\t\t\t\t<div class=\"vehica-car-card__info__single \">\n\t\t\t\t\t\t\t\t<i class=\"fas fa-circle\"><\/i>\n\t\t\t\t\t\t\t\t<span>5 Portas<\/span>\n\t\t\t\t\t\t\t<\/div>                           \n\n                        \n                    <\/div>\n\n                \t\n\t\t\t\t\t                \n            <\/div>\n\n\n\n            <div class=\"vehica-car-card-row__right\">\n\t\t\t\t<div class=\"logo-brand\" >\n\t\t\t\t\t<div>\n\t\t\t\t\t<\/div>\n\n                \n                    <vehica-add-to-favorite\n\n                            :car-id=\"606390\"\n\n                            request-url=\"https:\/\/motorpor.pt\/wp-admin\/admin-ajax.php?action=vehica_favorite\"\n\n                            redirect-url=\"https:\/\/motorpor.pt\/en\/login-register\/\"\n\n                            vehica-nonce=\"5ebfe27395\"\n\n                        \n                            :is-logged=\"false\"\n\n                            :initial-is-favorite=\"false\"\n\n                        \n                    >\n\n                        <div slot-scope=\"props\">\n\n                            <div\n\n                                    class=\"vehica-car-card-row__favorite\"\n\n                                    v-if=\"!props.isFavorite\"\n\n                                    @click.prevent=\"props.onAdd\"\n\n                            >\n\n                                <i class=\"far fa-star\"><\/i>\n\n                            <\/div>\n\n\n\n                            <template>\n\n                                <div\n\n                                        v-if=\"props.isFavorite\"\n\n                                        class=\"vehica-car-card-row__favorite vehica-car-card-row__favorite--is-favorite\"\n\n                                        @click.prevent=\"props.onAdd\"\n\n                                >\n\n                                    <i class=\"fas fa-star\"><\/i>\n\n                                <\/div>\n\n                            <\/template>\n\n                        <\/div>\n\n                    <\/vehica-add-to-favorite>\n\n                \t\t\t\t<\/div>\n\n\n                \n                    <div class=\"vehica-car-card-row__price-desktop\">\n\n                        19 990,00\u20ac\t\t\t\t\t\t\n\t\t\t\t\t\t\n\n\n                    <\/div>\n\t\t\t\t\t<div class=\"preco-antigo\" style=\"text-align: center; \">\n\t\t\t\t\t <span style=\"font-size: 20px ; color: #FF5100; text-decoration: line-through\">\n\n                             <\/span>\n\t\t\t\t\t<\/div>\n\t\t\t\t\t                \t\t\t\t\n\n\n                \n            <\/div>\n\n        <\/div>\n\n    <\/div>\n\n<\/div>                                                                            \n<div\n\n        id=\"vehica-car-606374\"\n\n        class=\"vehica-car-card-row-wrapper vehica-car\"\n\n        key=\"606374\"\n\n        data-id=\"606374\"\n\n>\n\n    <div class=\"vehica-car-card-row \n\t\t\t\t\tcarro-usado                                                                        \t\t\t\t\t\n\t\n\t\">\n\n        <a href=\"https:\/\/motorpor.pt\/en\/carros\/peugeot-2008-40\/\" class=\"vehica-car-card-link\"><\/a>\n\n\n\n        <div class=\"vehica-car-card-row__inner\">\n\n            <div class=\"vehica-car-card-row__image\">\n\n                \n                    \n                    \n                \n\n\n                <div class=\"vehica-car-card__image-bg\">\n\n                    <div\n\n                            class=\"vehica-car-card__image\"\n\n                            style=\"padding-top: 55.522388059701%;\"\n\n                    >\n\n                        \n                            <img decoding=\"async\"\n\n                                \n                                    class=\"lazyload\"\n\n                                    src=\"data:image\/gif;base64,R0lGODlhAQABAAAAACH5BAEKAAEALAAAAAABAAEAAAICTAEAOw==\"\n\n                                    data-srcset=\"https:\/\/motorpor.pt\/wp-content\/uploads\/2026\/05\/Peugeot2008-20646-01-335x186.jpg 335w, https:\/\/motorpor.pt\/wp-content\/uploads\/2026\/05\/Peugeot2008-20646-01-167x93.jpg 167w, https:\/\/motorpor.pt\/wp-content\/uploads\/2026\/05\/Peugeot2008-20646-01-670x372.jpg 670w\"\n\n                                    data-sizes=\"auto\"\n\n                                \n                                    alt=\"Peugeot 2008\"\n\n                            >\n\n                        \n\n\n                        \n                            <div class=\"vehica-car-card__image-info\">\n\n                                <span class=\"vehica-car-card__image-info__photos\">\n\n                                    <i class=\"far fa-images\"><\/i>\n\n                                    <span>15<\/span>\n\n                                <\/span>\n\n                            <\/div>\n\t\t\t\t\t\t\n\t\t\t\t\t\n\n                        \n                    <\/div>\n\n                <\/div>\n\n            <\/div>\n\n\n\n            \n                <template>\n\n                    <vehica-add-to-compare\n\n                            :car-id=\"606374\"\n\n                            :add-class=\"true\"\n\n                    >\n\n                        <div slot-scope=\"addToCompare\">\n\n                            <transition name=\"vehica-car-card__compare\">\n\n                                <div\n\n                                        v-if=\"addToCompare.compareMode\"\n\n                                        class=\"vehica-car-card__compare\"\n\n                                >\n\n                                    <div class=\"vehica-compare-add\">\n\n                                        <div\n\n                                                class=\"vehica-checkbox\"\n\n                                                @click.prevent=\"addToCompare.set\"\n\n                                        >\n\n                                            <input\n\n                                                    id=\"vehica-compare--606374\"\n\n                                                    type=\"checkbox\"\n\n                                                    :checked=\"addToCompare.isAdded\"\n\n                                            >\n\n\n\n                                            <label for=\"vehica-compare--606374\">\n\n                                                Comparar\n                                            <\/label>\n\n                                        <\/div>\n\n                                    <\/div>\n\n                                <\/div>\n\n                            <\/transition>\n\n                        <\/div>\n\n                    <\/vehica-add-to-compare>\n\n                <\/template>\n\n            \n\n\n            <div class=\"vehica-car-row__content\">\n\n                <span class=\"vehica-car-card-row__name\" title=\"Peugeot 2008\">\n\t\t\t\t\t<div class=\"name-car-motorpor\">\n\t\t\t\t\t<div class=\"titulo\">\n                    Peugeot 2008\t\t\t\t\t<p class='versao'>Generation-ii 1.2 Puretech 100 Style  Start-stop<\/p>\t\t\t\t\t<\/div>\n\t\t\t\t\t\t\t<div class=\"logo-brand-mobile-v3\" > \n\t\t\t\t\t\t\t\t\t\t\t\t\t\t\t<\/div>\n\t\t\t\t\t<\/div>\n                <\/span>\n\n\n\n                \n                    <div class=\"vehica-car-card__price-mobile\">\n\n                        19 990,00\u20ac\t\t\t\t\t\t<span style=\"font-size: 16px ; color: #FF5100; text-decoration: line-through\">\n\n                             <\/span>\n\n                    <\/div>\n\t\t\t\t\t\n                \n\n\t\t\t\t\t\t\n\n                \n\n\n                \n                    <div class=\"vehica-car-card__info\">\n\n                        \t\t\t\t\t\t\n\t\t\t\t\t\t\t\t\t\t\t\t\t<div class=\"vehica-car-card__info__single \">\n\t\t\t\t\t\t\t\t<i class=\"fas fa-circle\"><\/i>\n\t\t\t\t\t\t\t\t<span>Usados<\/span>\n\t\t\t\t\t\t\t<\/div>                           \n\n                        \t\t\t\t\t\t\n\t\t\t\t\t\t\t\t\t\t\t\t\t<div class=\"vehica-car-card__info__single \">\n\t\t\t\t\t\t\t\t<i class=\"fas fa-circle\"><\/i>\n\t\t\t\t\t\t\t\t<span>Manual<\/span>\n\t\t\t\t\t\t\t<\/div>                           \n\n                        \t\t\t\t\t\t\n\t\t\t\t\t\t\t\t\t\t\t\t\t<div class=\"vehica-car-card__info__single \">\n\t\t\t\t\t\t\t\t<i class=\"fas fa-circle\"><\/i>\n\t\t\t\t\t\t\t\t<span>Gasolina<\/span>\n\t\t\t\t\t\t\t<\/div>                           \n\n                        \t\t\t\t\t\t\n\t\t\t\t\t\t\t\t\t\t\t\t\t<div class=\"vehica-car-card__info__single \">\n\t\t\t\t\t\t\t\t<i class=\"fas fa-circle\"><\/i>\n\t\t\t\t\t\t\t\t<span>2025<\/span>\n\t\t\t\t\t\t\t<\/div>                           \n\n                        \t\t\t\t\t\t\n\t\t\t\t\t\t\t\t\t\t\t\t\t<div class=\"vehica-car-card__info__single \">\n\t\t\t\t\t\t\t\t<i class=\"fas fa-circle\"><\/i>\n\t\t\t\t\t\t\t\t<span>23891 <\/span>\n\t\t\t\t\t\t\t<\/div>                           \n\n                        \t\t\t\t\t\t\n\t\t\t\t\t\t\t\t\t\t\t\t\t<div class=\"vehica-car-card__info__single \">\n\t\t\t\t\t\t\t\t<i class=\"fas fa-circle\"><\/i>\n\t\t\t\t\t\t\t\t<span>5 Portas<\/span>\n\t\t\t\t\t\t\t<\/div>                           \n\n                        \n                    <\/div>\n\n                \t\n\t\t\t\t\t                \n            <\/div>\n\n\n\n            <div class=\"vehica-car-card-row__right\">\n\t\t\t\t<div class=\"logo-brand\" >\n\t\t\t\t\t<div>\n\t\t\t\t\t<\/div>\n\n                \n                    <vehica-add-to-favorite\n\n                            :car-id=\"606374\"\n\n                            request-url=\"https:\/\/motorpor.pt\/wp-admin\/admin-ajax.php?action=vehica_favorite\"\n\n                            redirect-url=\"https:\/\/motorpor.pt\/en\/login-register\/\"\n\n                            vehica-nonce=\"5ebfe27395\"\n\n                        \n                            :is-logged=\"false\"\n\n                            :initial-is-favorite=\"false\"\n\n                        \n                    >\n\n                        <div slot-scope=\"props\">\n\n                            <div\n\n                                    class=\"vehica-car-card-row__favorite\"\n\n                                    v-if=\"!props.isFavorite\"\n\n                                    @click.prevent=\"props.onAdd\"\n\n                            >\n\n                                <i class=\"far fa-star\"><\/i>\n\n                            <\/div>\n\n\n\n                            <template>\n\n                                <div\n\n                                        v-if=\"props.isFavorite\"\n\n                                        class=\"vehica-car-card-row__favorite vehica-car-card-row__favorite--is-favorite\"\n\n                                        @click.prevent=\"props.onAdd\"\n\n                                >\n\n                                    <i class=\"fas fa-star\"><\/i>\n\n                                <\/div>\n\n                            <\/template>\n\n                        <\/div>\n\n                    <\/vehica-add-to-favorite>\n\n                \t\t\t\t<\/div>\n\n\n                \n                    <div class=\"vehica-car-card-row__price-desktop\">\n\n                        19 990,00\u20ac\t\t\t\t\t\t\n\t\t\t\t\t\t\n\n\n                    <\/div>\n\t\t\t\t\t<div class=\"preco-antigo\" style=\"text-align: center; \">\n\t\t\t\t\t <span style=\"font-size: 20px ; color: #FF5100; text-decoration: line-through\">\n\n                             <\/span>\n\t\t\t\t\t<\/div>\n\t\t\t\t\t                \t\t\t\t\n\n\n                \n            <\/div>\n\n        <\/div>\n\n    <\/div>\n\n<\/div>                                                                            \n<div\n\n        id=\"vehica-car-606358\"\n\n        class=\"vehica-car-card-row-wrapper vehica-car\"\n\n        key=\"606358\"\n\n        data-id=\"606358\"\n\n>\n\n    <div class=\"vehica-car-card-row \n\t\t\t\t\tcarro-usado                                                                        \t\t\t\t\t\n\t\n\t\">\n\n        <a href=\"https:\/\/motorpor.pt\/en\/carros\/peugeot-2008-23\/\" class=\"vehica-car-card-link\"><\/a>\n\n\n\n        <div class=\"vehica-car-card-row__inner\">\n\n            <div class=\"vehica-car-card-row__image\">\n\n                \n                    \n                    \n                \n\n\n                <div class=\"vehica-car-card__image-bg\">\n\n                    <div\n\n                            class=\"vehica-car-card__image\"\n\n                            style=\"padding-top: 55.522388059701%;\"\n\n                    >\n\n                        \n                            <img decoding=\"async\"\n\n                                \n                                    class=\"lazyload\"\n\n                                    src=\"data:image\/gif;base64,R0lGODlhAQABAAAAACH5BAEKAAEALAAAAAABAAEAAAICTAEAOw==\"\n\n                                    data-srcset=\"https:\/\/motorpor.pt\/wp-content\/uploads\/2026\/05\/Peugeot2008-20645-01-335x186.jpg 335w, https:\/\/motorpor.pt\/wp-content\/uploads\/2026\/05\/Peugeot2008-20645-01-167x93.jpg 167w, https:\/\/motorpor.pt\/wp-content\/uploads\/2026\/05\/Peugeot2008-20645-01-670x372.jpg 670w\"\n\n                                    data-sizes=\"auto\"\n\n                                \n                                    alt=\"Peugeot 2008\"\n\n                            >\n\n                        \n\n\n                        \n                            <div class=\"vehica-car-card__image-info\">\n\n                                <span class=\"vehica-car-card__image-info__photos\">\n\n                                    <i class=\"far fa-images\"><\/i>\n\n                                    <span>15<\/span>\n\n                                <\/span>\n\n                            <\/div>\n\t\t\t\t\t\t\n\t\t\t\t\t\n\n                        \n                    <\/div>\n\n                <\/div>\n\n            <\/div>\n\n\n\n            \n                <template>\n\n                    <vehica-add-to-compare\n\n                            :car-id=\"606358\"\n\n                            :add-class=\"true\"\n\n                    >\n\n                        <div slot-scope=\"addToCompare\">\n\n                            <transition name=\"vehica-car-card__compare\">\n\n                                <div\n\n                                        v-if=\"addToCompare.compareMode\"\n\n                                        class=\"vehica-car-card__compare\"\n\n                                >\n\n                                    <div class=\"vehica-compare-add\">\n\n                                        <div\n\n                                                class=\"vehica-checkbox\"\n\n                                                @click.prevent=\"addToCompare.set\"\n\n                                        >\n\n                                            <input\n\n                                                    id=\"vehica-compare--606358\"\n\n                                                    type=\"checkbox\"\n\n                                                    :checked=\"addToCompare.isAdded\"\n\n                                            >\n\n\n\n                                            <label for=\"vehica-compare--606358\">\n\n                                                Comparar\n                                            <\/label>\n\n                                        <\/div>\n\n                                    <\/div>\n\n                                <\/div>\n\n                            <\/transition>\n\n                        <\/div>\n\n                    <\/vehica-add-to-compare>\n\n                <\/template>\n\n            \n\n\n            <div class=\"vehica-car-row__content\">\n\n                <span class=\"vehica-car-card-row__name\" title=\"Peugeot 2008\">\n\t\t\t\t\t<div class=\"name-car-motorpor\">\n\t\t\t\t\t<div class=\"titulo\">\n                    Peugeot 2008\t\t\t\t\t<p class='versao'>Generation-ii 1.2 Puretech 100 Active Pack Start-stop<\/p>\t\t\t\t\t<\/div>\n\t\t\t\t\t\t\t<div class=\"logo-brand-mobile-v3\" > \n\t\t\t\t\t\t\t\t\t\t\t\t\t\t\t<\/div>\n\t\t\t\t\t<\/div>\n                <\/span>\n\n\n\n                \n                    <div class=\"vehica-car-card__price-mobile\">\n\n                        19 990,00\u20ac\t\t\t\t\t\t<span style=\"font-size: 16px ; color: #FF5100; text-decoration: line-through\">\n\n                             <\/span>\n\n                    <\/div>\n\t\t\t\t\t\n                \n\n\t\t\t\t\t\t\n\n                \n\n\n                \n                    <div class=\"vehica-car-card__info\">\n\n                        \t\t\t\t\t\t\n\t\t\t\t\t\t\t\t\t\t\t\t\t<div class=\"vehica-car-card__info__single \">\n\t\t\t\t\t\t\t\t<i class=\"fas fa-circle\"><\/i>\n\t\t\t\t\t\t\t\t<span>Usados<\/span>\n\t\t\t\t\t\t\t<\/div>                           \n\n                        \t\t\t\t\t\t\n\t\t\t\t\t\t\t\t\t\t\t\t\t<div class=\"vehica-car-card__info__single \">\n\t\t\t\t\t\t\t\t<i class=\"fas fa-circle\"><\/i>\n\t\t\t\t\t\t\t\t<span>Manual<\/span>\n\t\t\t\t\t\t\t<\/div>                           \n\n                        \t\t\t\t\t\t\n\t\t\t\t\t\t\t\t\t\t\t\t\t<div class=\"vehica-car-card__info__single \">\n\t\t\t\t\t\t\t\t<i class=\"fas fa-circle\"><\/i>\n\t\t\t\t\t\t\t\t<span>Gasolina<\/span>\n\t\t\t\t\t\t\t<\/div>                           \n\n                        \t\t\t\t\t\t\n\t\t\t\t\t\t\t\t\t\t\t\t\t<div class=\"vehica-car-card__info__single \">\n\t\t\t\t\t\t\t\t<i class=\"fas fa-circle\"><\/i>\n\t\t\t\t\t\t\t\t<span>2025<\/span>\n\t\t\t\t\t\t\t<\/div>                           \n\n                        \t\t\t\t\t\t\n\t\t\t\t\t\t\t\t\t\t\t\t\t<div class=\"vehica-car-card__info__single \">\n\t\t\t\t\t\t\t\t<i class=\"fas fa-circle\"><\/i>\n\t\t\t\t\t\t\t\t<span>23048 <\/span>\n\t\t\t\t\t\t\t<\/div>                           \n\n                        \t\t\t\t\t\t\n\t\t\t\t\t\t\t\t\t\t\t\t\t<div class=\"vehica-car-card__info__single \">\n\t\t\t\t\t\t\t\t<i class=\"fas fa-circle\"><\/i>\n\t\t\t\t\t\t\t\t<span>5 Portas<\/span>\n\t\t\t\t\t\t\t<\/div>                           \n\n                        \n                    <\/div>\n\n                \t\n\t\t\t\t\t                \n            <\/div>\n\n\n\n            <div class=\"vehica-car-card-row__right\">\n\t\t\t\t<div class=\"logo-brand\" >\n\t\t\t\t\t<div>\n\t\t\t\t\t<\/div>\n\n                \n                    <vehica-add-to-favorite\n\n                            :car-id=\"606358\"\n\n                            request-url=\"https:\/\/motorpor.pt\/wp-admin\/admin-ajax.php?action=vehica_favorite\"\n\n                            redirect-url=\"https:\/\/motorpor.pt\/en\/login-register\/\"\n\n                            vehica-nonce=\"5ebfe27395\"\n\n                        \n                            :is-logged=\"false\"\n\n                            :initial-is-favorite=\"false\"\n\n                        \n                    >\n\n                        <div slot-scope=\"props\">\n\n                            <div\n\n                                    class=\"vehica-car-card-row__favorite\"\n\n                                    v-if=\"!props.isFavorite\"\n\n                                    @click.prevent=\"props.onAdd\"\n\n                            >\n\n                                <i class=\"far fa-star\"><\/i>\n\n                            <\/div>\n\n\n\n                            <template>\n\n                                <div\n\n                                        v-if=\"props.isFavorite\"\n\n                                        class=\"vehica-car-card-row__favorite vehica-car-card-row__favorite--is-favorite\"\n\n                                        @click.prevent=\"props.onAdd\"\n\n                                >\n\n                                    <i class=\"fas fa-star\"><\/i>\n\n                                <\/div>\n\n                            <\/template>\n\n                        <\/div>\n\n                    <\/vehica-add-to-favorite>\n\n                \t\t\t\t<\/div>\n\n\n                \n                    <div class=\"vehica-car-card-row__price-desktop\">\n\n                        19 990,00\u20ac\t\t\t\t\t\t\n\t\t\t\t\t\t\n\n\n                    <\/div>\n\t\t\t\t\t<div class=\"preco-antigo\" style=\"text-align: center; \">\n\t\t\t\t\t <span style=\"font-size: 20px ; color: #FF5100; text-decoration: line-through\">\n\n                             <\/span>\n\t\t\t\t\t<\/div>\n\t\t\t\t\t                \t\t\t\t\n\n\n                \n            <\/div>\n\n        <\/div>\n\n    <\/div>\n\n<\/div>                                                                            \n<div\n\n        id=\"vehica-car-606342\"\n\n        class=\"vehica-car-card-row-wrapper vehica-car\"\n\n        key=\"606342\"\n\n        data-id=\"606342\"\n\n>\n\n    <div class=\"vehica-car-card-row \n\t\t\t\t\tcarro-usado                                                                        \t\t\t\t\t\n\t\n\t\">\n\n        <a href=\"https:\/\/motorpor.pt\/en\/carros\/peugeot-2008-35\/\" class=\"vehica-car-card-link\"><\/a>\n\n\n\n        <div class=\"vehica-car-card-row__inner\">\n\n            <div class=\"vehica-car-card-row__image\">\n\n                \n                    \n                    \n                \n\n\n                <div class=\"vehica-car-card__image-bg\">\n\n                    <div\n\n                            class=\"vehica-car-card__image\"\n\n                            style=\"padding-top: 55.522388059701%;\"\n\n                    >\n\n                        \n                            <img decoding=\"async\"\n\n                                \n                                    class=\"lazyload\"\n\n                                    src=\"data:image\/gif;base64,R0lGODlhAQABAAAAACH5BAEKAAEALAAAAAABAAEAAAICTAEAOw==\"\n\n                                    data-srcset=\"https:\/\/motorpor.pt\/wp-content\/uploads\/2026\/05\/Peugeot2008-20642-01-335x186.jpg 335w, https:\/\/motorpor.pt\/wp-content\/uploads\/2026\/05\/Peugeot2008-20642-01-167x93.jpg 167w, https:\/\/motorpor.pt\/wp-content\/uploads\/2026\/05\/Peugeot2008-20642-01-670x372.jpg 670w\"\n\n                                    data-sizes=\"auto\"\n\n                                \n                                    alt=\"Peugeot 2008\"\n\n                            >\n\n                        \n\n\n                        \n                            <div class=\"vehica-car-card__image-info\">\n\n                                <span class=\"vehica-car-card__image-info__photos\">\n\n                                    <i class=\"far fa-images\"><\/i>\n\n                                    <span>15<\/span>\n\n                                <\/span>\n\n                            <\/div>\n\t\t\t\t\t\t\n\t\t\t\t\t\n\n                        \n                    <\/div>\n\n                <\/div>\n\n            <\/div>\n\n\n\n            \n                <template>\n\n                    <vehica-add-to-compare\n\n                            :car-id=\"606342\"\n\n                            :add-class=\"true\"\n\n                    >\n\n                        <div slot-scope=\"addToCompare\">\n\n                            <transition name=\"vehica-car-card__compare\">\n\n                                <div\n\n                                        v-if=\"addToCompare.compareMode\"\n\n                                        class=\"vehica-car-card__compare\"\n\n                                >\n\n                                    <div class=\"vehica-compare-add\">\n\n                                        <div\n\n                                                class=\"vehica-checkbox\"\n\n                                                @click.prevent=\"addToCompare.set\"\n\n                                        >\n\n                                            <input\n\n                                                    id=\"vehica-compare--606342\"\n\n                                                    type=\"checkbox\"\n\n                                                    :checked=\"addToCompare.isAdded\"\n\n                                            >\n\n\n\n                                            <label for=\"vehica-compare--606342\">\n\n                                                Comparar\n                                            <\/label>\n\n                                        <\/div>\n\n                                    <\/div>\n\n                                <\/div>\n\n                            <\/transition>\n\n                        <\/div>\n\n                    <\/vehica-add-to-compare>\n\n                <\/template>\n\n            \n\n\n            <div class=\"vehica-car-row__content\">\n\n                <span class=\"vehica-car-card-row__name\" title=\"Peugeot 2008\">\n\t\t\t\t\t<div class=\"name-car-motorpor\">\n\t\t\t\t\t<div class=\"titulo\">\n                    Peugeot 2008\t\t\t\t\t<p class='versao'>Generation-ii 1.2 Puretech 100 Active Pack Start-stop<\/p>\t\t\t\t\t<\/div>\n\t\t\t\t\t\t\t<div class=\"logo-brand-mobile-v3\" > \n\t\t\t\t\t\t\t\t\t\t\t\t\t\t\t<\/div>\n\t\t\t\t\t<\/div>\n                <\/span>\n\n\n\n                \n                    <div class=\"vehica-car-card__price-mobile\">\n\n                        19 990,00\u20ac\t\t\t\t\t\t<span style=\"font-size: 16px ; color: #FF5100; text-decoration: line-through\">\n\n                             <\/span>\n\n                    <\/div>\n\t\t\t\t\t\n                \n\n\t\t\t\t\t\t\n\n                \n\n\n                \n                    <div class=\"vehica-car-card__info\">\n\n                        \t\t\t\t\t\t\n\t\t\t\t\t\t\t\t\t\t\t\t\t<div class=\"vehica-car-card__info__single \">\n\t\t\t\t\t\t\t\t<i class=\"fas fa-circle\"><\/i>\n\t\t\t\t\t\t\t\t<span>Usados<\/span>\n\t\t\t\t\t\t\t<\/div>                           \n\n                        \t\t\t\t\t\t\n\t\t\t\t\t\t\t\t\t\t\t\t\t<div class=\"vehica-car-card__info__single \">\n\t\t\t\t\t\t\t\t<i class=\"fas fa-circle\"><\/i>\n\t\t\t\t\t\t\t\t<span>Manual<\/span>\n\t\t\t\t\t\t\t<\/div>                           \n\n                        \t\t\t\t\t\t\n\t\t\t\t\t\t\t\t\t\t\t\t\t<div class=\"vehica-car-card__info__single \">\n\t\t\t\t\t\t\t\t<i class=\"fas fa-circle\"><\/i>\n\t\t\t\t\t\t\t\t<span>Gasolina<\/span>\n\t\t\t\t\t\t\t<\/div>                           \n\n                        \t\t\t\t\t\t\n\t\t\t\t\t\t\t\t\t\t\t\t\t<div class=\"vehica-car-card__info__single \">\n\t\t\t\t\t\t\t\t<i class=\"fas fa-circle\"><\/i>\n\t\t\t\t\t\t\t\t<span>2025<\/span>\n\t\t\t\t\t\t\t<\/div>                           \n\n                        \t\t\t\t\t\t\n\t\t\t\t\t\t\t\t\t\t\t\t\t<div class=\"vehica-car-card__info__single \">\n\t\t\t\t\t\t\t\t<i class=\"fas fa-circle\"><\/i>\n\t\t\t\t\t\t\t\t<span>28507 <\/span>\n\t\t\t\t\t\t\t<\/div>                           \n\n                        \t\t\t\t\t\t\n\t\t\t\t\t\t\t\t\t\t\t\t\t<div class=\"vehica-car-card__info__single \">\n\t\t\t\t\t\t\t\t<i class=\"fas fa-circle\"><\/i>\n\t\t\t\t\t\t\t\t<span>5 Portas<\/span>\n\t\t\t\t\t\t\t<\/div>                           \n\n                        \n                    <\/div>\n\n                \t\n\t\t\t\t\t                \n            <\/div>\n\n\n\n            <div class=\"vehica-car-card-row__right\">\n\t\t\t\t<div class=\"logo-brand\" >\n\t\t\t\t\t<div>\n\t\t\t\t\t<\/div>\n\n                \n                    <vehica-add-to-favorite\n\n                            :car-id=\"606342\"\n\n                            request-url=\"https:\/\/motorpor.pt\/wp-admin\/admin-ajax.php?action=vehica_favorite\"\n\n                            redirect-url=\"https:\/\/motorpor.pt\/en\/login-register\/\"\n\n                            vehica-nonce=\"5ebfe27395\"\n\n                        \n                            :is-logged=\"false\"\n\n                            :initial-is-favorite=\"false\"\n\n                        \n                    >\n\n                        <div slot-scope=\"props\">\n\n                            <div\n\n                                    class=\"vehica-car-card-row__favorite\"\n\n                                    v-if=\"!props.isFavorite\"\n\n                                    @click.prevent=\"props.onAdd\"\n\n                            >\n\n                                <i class=\"far fa-star\"><\/i>\n\n                            <\/div>\n\n\n\n                            <template>\n\n                                <div\n\n                                        v-if=\"props.isFavorite\"\n\n                                        class=\"vehica-car-card-row__favorite vehica-car-card-row__favorite--is-favorite\"\n\n                                        @click.prevent=\"props.onAdd\"\n\n                                >\n\n                                    <i class=\"fas fa-star\"><\/i>\n\n                                <\/div>\n\n                            <\/template>\n\n                        <\/div>\n\n                    <\/vehica-add-to-favorite>\n\n                \t\t\t\t<\/div>\n\n\n                \n                    <div class=\"vehica-car-card-row__price-desktop\">\n\n                        19 990,00\u20ac\t\t\t\t\t\t\n\t\t\t\t\t\t\n\n\n                    <\/div>\n\t\t\t\t\t<div class=\"preco-antigo\" style=\"text-align: center; \">\n\t\t\t\t\t <span style=\"font-size: 20px ; color: #FF5100; text-decoration: line-through\">\n\n                             <\/span>\n\t\t\t\t\t<\/div>\n\t\t\t\t\t                \t\t\t\t\n\n\n                \n            <\/div>\n\n        <\/div>\n\n    <\/div>\n\n<\/div>                                                                    <\/div>\r\n                            <\/div>\r\n\r\n                                                            <div class=\"vehica-inventory-v1__2-cols__right\">\r\n                                    <div class=\"vehica-inventory-v1__2-cols__right__inner\">\r\n                                        <div class=\"vehica-vertical-ad\"><div><h2 style=\"font-size: 25px\">Encontre aqui o seu novo <span style=\"color: #ff5100\">Autom\u00f3vel<\/span><\/h2><div>N\u00f3s entramos em contacto sem compromisso.<br \/>Teremos todo o gosto em ajudar.<\/div><div><a href=\"https:\/\/motorpor.pt\/usados\/#contactado\"><span class=\"vehica-button\" style=\"background-color: #ff5100\"> Quero ser contactado<\/span><\/a><\/div><\/div><\/div>\r\n                                        <div class=\"clearfix\"><\/div>\r\n                                    <\/div>\r\n                                <\/div>\r\n                                                    <\/div>\r\n                                    <\/div>\r\n\r\n                <template>\r\n                    <div class=\"vehica-inventory-v1__pagination vehica-pagination-mobile--inventory\">\r\n                        <vehica-pagination\r\n                                :total-items=\"searchFormProps.resultsCount\"\r\n                                :current-page=\"searchFormProps.currentPage\"\r\n                                :page-size=\"searchFormProps.limit\"\r\n                                :max-pages=\"7\"\r\n                        >\r\n                            <div\r\n                                    slot-scope=\"pagination\"\r\n                                    v-if=\"pagination.pages.length > 1\"\r\n                            >\r\n                                <div class=\"vehica-pagination-mobile\">\r\n                                    <button\r\n                                            @click.prevent=\"searchFormProps.setPrevPage\"\r\n                                            class=\"vehica-pagination-mobile__arrow vehica-pagination-mobile__arrow--left\"\r\n                                            :class=\"{'vehica-pagination-mobile__arrow--disabled': pagination.currentPage === 1}\"\r\n                                            :disabled=\"pagination.currentPage === 1\"\r\n                                    >\r\n                                        <i class=\"fa fa-chevron-left\"><\/i>\r\n                                    <\/button>\r\n\r\n                                    <span class=\"vehica-pagination-mobile__start\">{{ pagination.currentPage }}<\/span>\r\n\r\n                                    <span class=\"vehica-pagination-mobile__middle\">\/<\/span>\r\n\r\n                                    <span class=\"vehica-pagination-mobile__end\">{{ pagination.totalPages }}<\/span>\r\n\r\n                                    <button\r\n                                            @click.prevent=\"searchFormProps.setNextPage\"\r\n                                            class=\"vehica-pagination-mobile__arrow vehica-pagination-mobile__arrow--right\"\r\n                                            :class=\"{'vehica-pagination-mobile__arrow--disabled': pagination.currentPage === pagination.endPage}\"\r\n                                            :disabled=\"pagination.currentPage === pagination.endPage\"\r\n                                    >\r\n                                        <i class=\"fa fa-chevron-right\"><\/i>\r\n                                    <\/button>\r\n                                <\/div>\r\n\r\n                                <div class=\"vehica-pagination vehica-pagination--inventory\">\r\n                                    <div class=\"vehica-pagination__inner\">\r\n                                        <div\r\n                                                v-if=\"pagination.currentPage > 1\"\r\n                                                class=\"vehica-pagination__arrow vehica-pagination__arrow--left\"\r\n                                                @click.prevent=\"searchFormProps.setPrevPage\"\r\n                                        >\r\n                                            <i class=\"fa fa-chevron-left\"><\/i>\r\n                                        <\/div>\r\n\r\n                                        <div\r\n                                                v-if=\"pagination.startPage > 1\"\r\n                                                class=\"vehica-pagination__page\"\r\n                                                @click.prevent=\"searchFormProps.setCurrentPage(1)\"\r\n                                        >\r\n                                            1\r\n                                        <\/div>\r\n\r\n                                        <div v-if=\"pagination.startPage > 2\" class=\"vehica-pagination__page\">\r\n                                            ...\r\n                                        <\/div>\r\n\r\n                                        <div\r\n                                                v-for=\"page in pagination.pages\"\r\n                                                class=\"vehica-pagination__page\"\r\n                                                :class=\"{'vehica-pagination__page--active': page === searchFormProps.currentPage}\"\r\n                                                @click.prevent=\"searchFormProps.setCurrentPage(page)\"\r\n                                        >\r\n                                            {{ page }}\r\n                                        <\/div>\r\n\r\n                                        <div\r\n                                                v-if=\"pagination.currentPage < pagination.endPage\"\r\n                                                class=\"vehica-pagination__arrow vehica-pagination__arrow--right\"\r\n                                                @click.prevent=\"searchFormProps.setNextPage\"\r\n                                        >\r\n                                            <i class=\"fa fa-chevron-right\"><\/i>\r\n                                        <\/div>\r\n                                    <\/div>\r\n                                <\/div>\r\n                            <\/div>\r\n                        <\/vehica-pagination>\r\n                    <\/div>\r\n                <\/template>\r\n            <\/div>\r\n        <\/div>\r\n    <\/vehica-query-cars>\r\n<\/div>\t\t\t\t<\/div>\n\t\t\t\t<\/div>\n\t\t\t\t<div class=\"elementor-element elementor-element-4c63aeb elementor-align-center elementor-widget elementor-widget-button\" data-id=\"4c63aeb\" data-element_type=\"widget\" data-e-type=\"widget\" data-widget_type=\"button.default\">\n\t\t\t\t<div class=\"elementor-widget-container\">\n\t\t\t\t\t\t\t\t\t<div class=\"elementor-button-wrapper\">\n\t\t\t\t\t<a class=\"elementor-button elementor-button-link elementor-size-sm\" href=\"https:\/\/motorpor.pt\/usados\/#contactado\">\n\t\t\t\t\t\t<span class=\"elementor-button-content-wrapper\">\n\t\t\t\t\t\t\t\t\t<span class=\"elementor-button-text\">Quero ser contactado<\/span>\n\t\t\t\t\t<\/span>\n\t\t\t\t\t<\/a>\n\t\t\t\t<\/div>\n\t\t\t\t\t\t\t\t<\/div>\n\t\t\t\t<\/div>\n\t\t\t\t\t<\/div>\n\t\t<\/div>\n\t\t\t\t\t<\/div>\n\t\t<\/section>\n\t\t\t\t<section class=\"has_eae_slider elementor-section elementor-top-section elementor-element elementor-element-9b90efa elementor-section-boxed elementor-section-height-default elementor-section-height-default\" data-eae-slider=\"69846\" data-id=\"9b90efa\" data-element_type=\"section\" data-e-type=\"section\" data-settings=\"{&quot;background_background&quot;:&quot;classic&quot;}\">\n\t\t\t\t\t\t<div class=\"elementor-container elementor-column-gap-default\">\n\t\t\t\t\t<div class=\"has_eae_slider elementor-column elementor-col-100 elementor-top-column elementor-element elementor-element-1216879\" data-eae-slider=\"91560\" data-id=\"1216879\" data-element_type=\"column\" data-e-type=\"column\">\n\t\t\t<div class=\"elementor-widget-wrap elementor-element-populated\">\n\t\t\t\t\t\t<div class=\"elementor-element elementor-element-22a3620 elementor-widget elementor-widget-heading\" data-id=\"22a3620\" data-element_type=\"widget\" data-e-type=\"widget\" data-widget_type=\"heading.default\">\n\t\t\t\t<div class=\"elementor-widget-container\">\n\t\t\t\t\t<h2 class=\"elementor-heading-title elementor-size-default\">As melhores ofertas de carros usados em Portugal\n\n<\/h2>\t\t\t\t<\/div>\n\t\t\t\t<\/div>\n\t\t\t\t<div class=\"elementor-element elementor-element-f912bec elementor-widget elementor-widget-text-editor\" data-id=\"f912bec\" data-element_type=\"widget\" data-e-type=\"widget\" data-widget_type=\"text-editor.default\">\n\t\t\t\t<div class=\"elementor-widget-container\">\n\t\t\t\t\t\t\t\t\t<p>Temos dispon\u00edvel para si carros el\u00e9tricos usados, carros h\u00edbridos usados e carros a combust\u00e3o usados.<\/p>\t\t\t\t\t\t\t\t<\/div>\n\t\t\t\t<\/div>\n\t\t\t\t<section class=\"has_eae_slider elementor-section elementor-inner-section elementor-element elementor-element-1564f0c elementor-section-boxed elementor-section-height-default elementor-section-height-default\" data-eae-slider=\"21469\" data-id=\"1564f0c\" data-element_type=\"section\" data-e-type=\"section\">\n\t\t\t\t\t\t<div class=\"elementor-container elementor-column-gap-default\">\n\t\t\t\t\t<div class=\"has_eae_slider elementor-column elementor-col-25 elementor-inner-column elementor-element elementor-element-96893b0\" data-eae-slider=\"8011\" data-id=\"96893b0\" data-element_type=\"column\" data-e-type=\"column\">\n\t\t\t<div class=\"elementor-widget-wrap elementor-element-populated\">\n\t\t\t\t\t\t<div class=\"elementor-element elementor-element-fa4d44c elementor-widget elementor-widget-image\" data-id=\"fa4d44c\" data-element_type=\"widget\" data-e-type=\"widget\" data-widget_type=\"image.default\">\n\t\t\t\t<div class=\"elementor-widget-container\">\n\t\t\t\t\t\t\t\t\t\t\t\t\t\t\t<img decoding=\"async\" width=\"128\" height=\"128\" src=\"https:\/\/motorpor.pt\/wp-content\/uploads\/2023\/03\/Carros-certificados.webp\" class=\"attachment-large size-large wp-image-35850\" alt=\"\" srcset=\"https:\/\/motorpor.pt\/wp-content\/uploads\/2023\/03\/Carros-certificados.webp 128w, https:\/\/motorpor.pt\/wp-content\/uploads\/2023\/03\/Carros-certificados-12x12.webp 12w, https:\/\/motorpor.pt\/wp-content\/uploads\/2023\/03\/Carros-certificados-100x100.webp 100w\" sizes=\"(max-width: 128px) 100vw, 128px\" \/>\t\t\t\t\t\t\t\t\t\t\t\t\t\t\t<\/div>\n\t\t\t\t<\/div>\n\t\t\t\t<div class=\"elementor-element elementor-element-8240f1c elementor-widget elementor-widget-spacer\" data-id=\"8240f1c\" data-element_type=\"widget\" data-e-type=\"widget\" data-widget_type=\"spacer.default\">\n\t\t\t\t<div class=\"elementor-widget-container\">\n\t\t\t\t\t\t\t<div class=\"elementor-spacer\">\n\t\t\t<div class=\"elementor-spacer-inner\"><\/div>\n\t\t<\/div>\n\t\t\t\t\t\t<\/div>\n\t\t\t\t<\/div>\n\t\t\t\t<div class=\"elementor-element elementor-element-202519c elementor-widget elementor-widget-heading\" data-id=\"202519c\" data-element_type=\"widget\" data-e-type=\"widget\" data-widget_type=\"heading.default\">\n\t\t\t\t<div class=\"elementor-widget-container\">\n\t\t\t\t\t<p class=\"elementor-heading-title elementor-size-default\">Carros usados certificados e completamente recondicionados.\n\n<\/p>\t\t\t\t<\/div>\n\t\t\t\t<\/div>\n\t\t\t\t\t<\/div>\n\t\t<\/div>\n\t\t\t\t<div class=\"has_eae_slider elementor-column elementor-col-25 elementor-inner-column elementor-element elementor-element-ffb8645\" data-eae-slider=\"99962\" data-id=\"ffb8645\" data-element_type=\"column\" data-e-type=\"column\">\n\t\t\t<div class=\"elementor-widget-wrap elementor-element-populated\">\n\t\t\t\t\t\t<div class=\"elementor-element elementor-element-3812a01 elementor-widget elementor-widget-image\" data-id=\"3812a01\" data-element_type=\"widget\" data-e-type=\"widget\" data-widget_type=\"image.default\">\n\t\t\t\t<div class=\"elementor-widget-container\">\n\t\t\t\t\t\t\t\t\t\t\t\t\t\t\t<img decoding=\"async\" width=\"128\" height=\"128\" src=\"https:\/\/motorpor.pt\/wp-content\/uploads\/2023\/03\/36-meses-de-garantia.webp\" class=\"attachment-large size-large wp-image-35849\" alt=\"\" srcset=\"https:\/\/motorpor.pt\/wp-content\/uploads\/2023\/03\/36-meses-de-garantia.webp 128w, https:\/\/motorpor.pt\/wp-content\/uploads\/2023\/03\/36-meses-de-garantia-12x12.webp 12w, https:\/\/motorpor.pt\/wp-content\/uploads\/2023\/03\/36-meses-de-garantia-100x100.webp 100w\" sizes=\"(max-width: 128px) 100vw, 128px\" \/>\t\t\t\t\t\t\t\t\t\t\t\t\t\t\t<\/div>\n\t\t\t\t<\/div>\n\t\t\t\t<div class=\"elementor-element elementor-element-e856965 elementor-widget elementor-widget-spacer\" data-id=\"e856965\" data-element_type=\"widget\" data-e-type=\"widget\" data-widget_type=\"spacer.default\">\n\t\t\t\t<div class=\"elementor-widget-container\">\n\t\t\t\t\t\t\t<div class=\"elementor-spacer\">\n\t\t\t<div class=\"elementor-spacer-inner\"><\/div>\n\t\t<\/div>\n\t\t\t\t\t\t<\/div>\n\t\t\t\t<\/div>\n\t\t\t\t<div class=\"elementor-element elementor-element-0cbaf25 elementor-widget elementor-widget-heading\" data-id=\"0cbaf25\" data-element_type=\"widget\" data-e-type=\"widget\" data-widget_type=\"heading.default\">\n\t\t\t\t<div class=\"elementor-widget-container\">\n\t\t\t\t\t<p class=\"elementor-heading-title elementor-size-default\">Garantia de at\u00e9 36 meses na compra de autom\u00f3veis usados\n\n\n<\/p>\t\t\t\t<\/div>\n\t\t\t\t<\/div>\n\t\t\t\t\t<\/div>\n\t\t<\/div>\n\t\t\t\t<div class=\"has_eae_slider elementor-column elementor-col-25 elementor-inner-column elementor-element elementor-element-148febb\" data-eae-slider=\"32478\" data-id=\"148febb\" data-element_type=\"column\" data-e-type=\"column\">\n\t\t\t<div class=\"elementor-widget-wrap elementor-element-populated\">\n\t\t\t\t\t\t<div class=\"elementor-element elementor-element-e97dd17 elementor-widget elementor-widget-image\" data-id=\"e97dd17\" data-element_type=\"widget\" data-e-type=\"widget\" data-widget_type=\"image.default\">\n\t\t\t\t<div class=\"elementor-widget-container\">\n\t\t\t\t\t\t\t\t\t\t\t\t\t\t\t<img decoding=\"async\" width=\"128\" height=\"128\" src=\"https:\/\/motorpor.pt\/wp-content\/uploads\/2023\/03\/Financiamento_edit.webp\" class=\"attachment-large size-large wp-image-35851\" alt=\"\" srcset=\"https:\/\/motorpor.pt\/wp-content\/uploads\/2023\/03\/Financiamento_edit.webp 128w, https:\/\/motorpor.pt\/wp-content\/uploads\/2023\/03\/Financiamento_edit-12x12.webp 12w, https:\/\/motorpor.pt\/wp-content\/uploads\/2023\/03\/Financiamento_edit-100x100.webp 100w\" sizes=\"(max-width: 128px) 100vw, 128px\" \/>\t\t\t\t\t\t\t\t\t\t\t\t\t\t\t<\/div>\n\t\t\t\t<\/div>\n\t\t\t\t<div class=\"elementor-element elementor-element-1fe6f44 elementor-widget elementor-widget-spacer\" data-id=\"1fe6f44\" data-element_type=\"widget\" data-e-type=\"widget\" data-widget_type=\"spacer.default\">\n\t\t\t\t<div class=\"elementor-widget-container\">\n\t\t\t\t\t\t\t<div class=\"elementor-spacer\">\n\t\t\t<div class=\"elementor-spacer-inner\"><\/div>\n\t\t<\/div>\n\t\t\t\t\t\t<\/div>\n\t\t\t\t<\/div>\n\t\t\t\t<div class=\"elementor-element elementor-element-14f7375 elementor-widget elementor-widget-heading\" data-id=\"14f7375\" data-element_type=\"widget\" data-e-type=\"widget\" data-widget_type=\"heading.default\">\n\t\t\t\t<div class=\"elementor-widget-container\">\n\t\t\t\t\t<p class=\"elementor-heading-title elementor-size-default\">Financiamentos com taxa fixa at\u00e9 120 meses.\n\n<\/p>\t\t\t\t<\/div>\n\t\t\t\t<\/div>\n\t\t\t\t\t<\/div>\n\t\t<\/div>\n\t\t\t\t<div class=\"has_eae_slider elementor-column elementor-col-25 elementor-inner-column elementor-element elementor-element-795464f\" data-eae-slider=\"78348\" data-id=\"795464f\" data-element_type=\"column\" data-e-type=\"column\">\n\t\t\t<div class=\"elementor-widget-wrap elementor-element-populated\">\n\t\t\t\t\t\t<div class=\"elementor-element elementor-element-69a5382 elementor-widget elementor-widget-image\" data-id=\"69a5382\" data-element_type=\"widget\" data-e-type=\"widget\" data-widget_type=\"image.default\">\n\t\t\t\t<div class=\"elementor-widget-container\">\n\t\t\t\t\t\t\t\t\t\t\t\t\t\t\t<img loading=\"lazy\" decoding=\"async\" width=\"128\" height=\"128\" src=\"https:\/\/motorpor.pt\/wp-content\/uploads\/2023\/03\/Reembolso.webp\" class=\"attachment-large size-large wp-image-35852\" alt=\"\" srcset=\"https:\/\/motorpor.pt\/wp-content\/uploads\/2023\/03\/Reembolso.webp 128w, https:\/\/motorpor.pt\/wp-content\/uploads\/2023\/03\/Reembolso-12x12.webp 12w, https:\/\/motorpor.pt\/wp-content\/uploads\/2023\/03\/Reembolso-100x100.webp 100w\" sizes=\"(max-width: 128px) 100vw, 128px\" \/>\t\t\t\t\t\t\t\t\t\t\t\t\t\t\t<\/div>\n\t\t\t\t<\/div>\n\t\t\t\t<div class=\"elementor-element elementor-element-70f77de elementor-widget elementor-widget-spacer\" data-id=\"70f77de\" data-element_type=\"widget\" data-e-type=\"widget\" data-widget_type=\"spacer.default\">\n\t\t\t\t<div class=\"elementor-widget-container\">\n\t\t\t\t\t\t\t<div class=\"elementor-spacer\">\n\t\t\t<div class=\"elementor-spacer-inner\"><\/div>\n\t\t<\/div>\n\t\t\t\t\t\t<\/div>\n\t\t\t\t<\/div>\n\t\t\t\t<div class=\"elementor-element elementor-element-f9e03c4 elementor-widget elementor-widget-heading\" data-id=\"f9e03c4\" data-element_type=\"widget\" data-e-type=\"widget\" data-widget_type=\"heading.default\">\n\t\t\t\t<div class=\"elementor-widget-container\">\n\t\t\t\t\t<p class=\"elementor-heading-title elementor-size-default\">Devolu\u00e7\u00e3o e reembolso de viaturas com at\u00e9 14 dias e 500 km.\n<\/p>\t\t\t\t<\/div>\n\t\t\t\t<\/div>\n\t\t\t\t\t<\/div>\n\t\t<\/div>\n\t\t\t\t\t<\/div>\n\t\t<\/section>\n\t\t\t\t\t<\/div>\n\t\t<\/div>\n\t\t\t\t\t<\/div>\n\t\t<\/section>\n\t\t\t\t<section class=\"has_eae_slider elementor-section elementor-top-section elementor-element elementor-element-1bbac0d elementor-section-boxed elementor-section-height-default elementor-section-height-default\" data-eae-slider=\"65695\" data-id=\"1bbac0d\" data-element_type=\"section\" data-e-type=\"section\">\n\t\t\t\t\t\t<div class=\"elementor-container elementor-column-gap-default\">\n\t\t\t\t\t<div class=\"has_eae_slider elementor-column elementor-col-100 elementor-top-column elementor-element elementor-element-fc1e76c\" data-eae-slider=\"33249\" data-id=\"fc1e76c\" data-element_type=\"column\" data-e-type=\"column\">\n\t\t\t<div class=\"elementor-widget-wrap elementor-element-populated\">\n\t\t\t\t\t\t<div class=\"elementor-element elementor-element-69754d9 elementor-widget elementor-widget-heading\" data-id=\"69754d9\" data-element_type=\"widget\" data-e-type=\"widget\" data-widget_type=\"heading.default\">\n\t\t\t\t<div class=\"elementor-widget-container\">\n\t\t\t\t\t<h3 class=\"elementor-heading-title elementor-size-default\">Ve\u00edculos seminovos e usados de qualidade a pre\u00e7os irresist\u00edveis \n\n<\/h3>\t\t\t\t<\/div>\n\t\t\t\t<\/div>\n\t\t\t\t<div class=\"elementor-element elementor-element-b372b68 elementor-widget__width-initial elementor-widget elementor-widget-text-editor\" data-id=\"b372b68\" data-element_type=\"widget\" data-e-type=\"widget\" data-widget_type=\"text-editor.default\">\n\t\t\t\t<div class=\"elementor-widget-container\">\n\t\t\t\t\t\t\t\t\tN\u00e3o encontrou o carro que procura? Ligue para o<a style=\"color: #FF5100;\" href=\"tel:+351300600768\"> <u>300 600 768<\/u><\/a> (Chamada para rede fixa nacional) ou contacte-nos <a style=\"color: #FF5100;\" href=\"tel:+351300600768\"><u>atrav\u00e9s de mensagem<\/u><\/a>.\t\t\t\t\t\t\t\t<\/div>\n\t\t\t\t<\/div>\n\t\t\t\t\t<\/div>\n\t\t<\/div>\n\t\t\t\t\t<\/div>\n\t\t<\/section>\n\t\t\t\t<section class=\"has_eae_slider elementor-section elementor-top-section elementor-element elementor-element-75874d2 elementor-section-boxed elementor-section-height-default elementor-section-height-default\" data-eae-slider=\"40449\" data-id=\"75874d2\" data-element_type=\"section\" data-e-type=\"section\" data-settings=\"{&quot;background_background&quot;:&quot;classic&quot;}\">\n\t\t\t\t\t\t<div class=\"elementor-container elementor-column-gap-default\">\n\t\t\t\t\t<div class=\"has_eae_slider elementor-column elementor-col-100 elementor-top-column elementor-element elementor-element-840f36f\" data-eae-slider=\"59123\" data-id=\"840f36f\" data-element_type=\"column\" data-e-type=\"column\">\n\t\t\t<div class=\"elementor-widget-wrap elementor-element-populated\">\n\t\t\t\t\t\t<div class=\"elementor-element elementor-element-77b8146 elementor-widget elementor-widget-heading\" data-id=\"77b8146\" data-element_type=\"widget\" data-e-type=\"widget\" data-widget_type=\"heading.default\">\n\t\t\t\t<div class=\"elementor-widget-container\">\n\t\t\t\t\t<h2 class=\"elementor-heading-title elementor-size-default\">Aceitamos o seu carro antigo como retoma\n<\/h2>\t\t\t\t<\/div>\n\t\t\t\t<\/div>\n\t\t\t\t<div class=\"elementor-element elementor-element-75c0555 elementor-widget__width-initial elementor-widget elementor-widget-text-editor\" data-id=\"75c0555\" data-element_type=\"widget\" data-e-type=\"widget\" data-widget_type=\"text-editor.default\">\n\t\t\t\t<div class=\"elementor-widget-container\">\n\t\t\t\t\t\t\t\t\tQuer saber quanto vale o seu carro? Fa\u00e7a j\u00e1 uma avalia\u00e7\u00e3o online, sem compromisso e em poucos minutos.\t\t\t\t\t\t\t\t<\/div>\n\t\t\t\t<\/div>\n\t\t\t\t<div class=\"elementor-element elementor-element-2002415 elementor-align-center elementor-widget elementor-widget-button\" data-id=\"2002415\" data-element_type=\"widget\" data-e-type=\"widget\" data-widget_type=\"button.default\">\n\t\t\t\t<div class=\"elementor-widget-container\">\n\t\t\t\t\t\t\t\t\t<div class=\"elementor-button-wrapper\">\n\t\t\t\t\t<a class=\"elementor-button elementor-button-link elementor-size-sm\" href=\"https:\/\/motorpor.pt\/usados\/#contactado\">\n\t\t\t\t\t\t<span class=\"elementor-button-content-wrapper\">\n\t\t\t\t\t\t\t\t\t<span class=\"elementor-button-text\">Fazer avalia\u00e7\u00e3o do meu carro<\/span>\n\t\t\t\t\t<\/span>\n\t\t\t\t\t<\/a>\n\t\t\t\t<\/div>\n\t\t\t\t\t\t\t\t<\/div>\n\t\t\t\t<\/div>\n\t\t\t\t\t<\/div>\n\t\t<\/div>\n\t\t\t\t\t<\/div>\n\t\t<\/section>\n\t\t\t\t<section class=\"has_eae_slider elementor-section elementor-top-section elementor-element elementor-element-d32659a elementor-section-boxed elementor-section-height-default elementor-section-height-default\" data-eae-slider=\"72591\" data-id=\"d32659a\" data-element_type=\"section\" data-e-type=\"section\">\n\t\t\t\t\t\t<div class=\"elementor-container elementor-column-gap-default\">\n\t\t\t\t\t<div class=\"has_eae_slider elementor-column elementor-col-100 elementor-top-column elementor-element elementor-element-ee8f142\" data-eae-slider=\"60033\" data-id=\"ee8f142\" data-element_type=\"column\" data-e-type=\"column\">\n\t\t\t<div class=\"elementor-widget-wrap elementor-element-populated\">\n\t\t\t\t\t\t<div class=\"elementor-element elementor-element-ddecd8f elementor-widget elementor-widget-heading\" data-id=\"ddecd8f\" data-element_type=\"widget\" data-e-type=\"widget\" data-widget_type=\"heading.default\">\n\t\t\t\t<div class=\"elementor-widget-container\">\n\t\t\t\t\t<h2 class=\"elementor-heading-title elementor-size-large\">Opini\u00e3o dos nossos clientes<\/h2>\t\t\t\t<\/div>\n\t\t\t\t<\/div>\n\t\t\t\t<div class=\"elementor-element elementor-element-ce3e135 elementor-arrows-yes elementor-pagination-type-bullets elementor--star-style-star_fontawesome elementor-widget elementor-widget-reviews\" data-id=\"ce3e135\" data-element_type=\"widget\" data-e-type=\"widget\" data-settings=\"{&quot;slides_per_view&quot;:&quot;5&quot;,&quot;show_arrows&quot;:&quot;yes&quot;,&quot;pagination&quot;:&quot;bullets&quot;,&quot;speed&quot;:500,&quot;autoplay&quot;:&quot;yes&quot;,&quot;autoplay_speed&quot;:5000,&quot;loop&quot;:&quot;yes&quot;,&quot;pause_on_hover&quot;:&quot;yes&quot;,&quot;pause_on_interaction&quot;:&quot;yes&quot;,&quot;space_between&quot;:{&quot;unit&quot;:&quot;px&quot;,&quot;size&quot;:10,&quot;sizes&quot;:[]},&quot;space_between_tablet&quot;:{&quot;unit&quot;:&quot;px&quot;,&quot;size&quot;:10,&quot;sizes&quot;:[]},&quot;space_between_mobile&quot;:{&quot;unit&quot;:&quot;px&quot;,&quot;size&quot;:10,&quot;sizes&quot;:[]}}\" data-widget_type=\"reviews.default\">\n\t\t\t\t<div class=\"elementor-widget-container\">\n\t\t\t\t\t\t\t\t\t<div class=\"elementor-swiper\">\n\t\t\t\t\t<div class=\"elementor-main-swiper swiper\" role=\"region\" aria-roledescription=\"carousel\" aria-label=\"Slides\">\n\t\t\t\t<div class=\"swiper-wrapper\">\n\t\t\t\t\t\t\t\t\t\t\t<div class=\"swiper-slide\" role=\"group\" aria-roledescription=\"slide\">\n\t\t\t\t\t\t\t\t\t<div class=\"elementor-testimonial elementor-repeater-item-2b1f083\">\n\t\t\t\t\t\t\t<div class=\"elementor-testimonial__header\">\n\t\t\t\t\t\t\t\t\t\t<cite class=\"elementor-testimonial__cite\"><span class=\"elementor-testimonial__name\">Steve<\/span><div class=\"elementor-star-rating\"><i class=\"elementor-star-full\">&#xE934;<\/i><i class=\"elementor-star-full\">&#xE934;<\/i><i class=\"elementor-star-full\">&#xE934;<\/i><i class=\"elementor-star-full\">&#xE934;<\/i><i class=\"elementor-star-full\">&#xE934;<\/i><\/div><\/cite>\t\t\t\t\t<div class=\"elementor-testimonial__icon elementor-icon elementor-icon-\" aria-label=\"Read More\"><\/div>\t\t\t\t<\/div>\n\t\t\t\t\t\t\t\t\t\t<div class=\"elementor-testimonial__content\">\n\t\t\t\t\t<div class=\"elementor-testimonial__text\">\n\t\t\t\t\t\tWe were traveling from Germany and our Engine warning light came on as we drove near Faro, we limped to Motorex and they were able to offer us a Diagnostic the next day, They identified an exhaust sensor fail and had the part the next day and installed and tested it. Super support and service.\n\t\t\t\t\t<\/div>\n\t\t\t\t<\/div>\n\t\t\t\t\t<\/div>\n\t\t\t\t\t\t\t\t<\/div>\n\t\t\t\t\t\t\t\t\t\t\t<div class=\"swiper-slide\" role=\"group\" aria-roledescription=\"slide\">\n\t\t\t\t\t\t\t\t\t<div class=\"elementor-testimonial elementor-repeater-item-8e673e3\">\n\t\t\t\t\t\t\t<div class=\"elementor-testimonial__header\">\n\t\t\t\t\t\t\t\t\t\t<cite class=\"elementor-testimonial__cite\"><span class=\"elementor-testimonial__name\">Ricardo Carapinha<\/span><div class=\"elementor-star-rating\"><i class=\"elementor-star-full\">&#xE934;<\/i><i class=\"elementor-star-full\">&#xE934;<\/i><i class=\"elementor-star-full\">&#xE934;<\/i><i class=\"elementor-star-full\">&#xE934;<\/i><i class=\"elementor-star-full\">&#xE934;<\/i><\/div><\/cite>\t\t\t\t\t<div class=\"elementor-testimonial__icon elementor-icon elementor-icon-\" aria-label=\"Read More\"><\/div>\t\t\t\t<\/div>\n\t\t\t\t\t\t\t\t\t\t<div class=\"elementor-testimonial__content\">\n\t\t\t\t\t<div class=\"elementor-testimonial__text\">\n\t\t\t\t\t\tRecomendo! Vendedores simp\u00e1ticos e excelentes profissionais!\n.\t\t\t\t\t<\/div>\n\t\t\t\t<\/div>\n\t\t\t\t\t<\/div>\n\t\t\t\t\t\t\t\t<\/div>\n\t\t\t\t\t\t\t\t\t\t\t<div class=\"swiper-slide\" role=\"group\" aria-roledescription=\"slide\">\n\t\t\t\t\t\t\t\t\t<div class=\"elementor-testimonial elementor-repeater-item-c01b136\">\n\t\t\t\t\t\t\t<div class=\"elementor-testimonial__header\">\n\t\t\t\t\t\t\t\t\t\t<cite class=\"elementor-testimonial__cite\"><span class=\"elementor-testimonial__name\">Gon\u00e7alo Nuno de Souza<\/span><div class=\"elementor-star-rating\"><i class=\"elementor-star-full\">&#xE934;<\/i><i class=\"elementor-star-full\">&#xE934;<\/i><i class=\"elementor-star-full\">&#xE934;<\/i><i class=\"elementor-star-full\">&#xE934;<\/i><i class=\"elementor-star-full\">&#xE934;<\/i><\/div><\/cite>\t\t\t\t\t<div class=\"elementor-testimonial__icon elementor-icon elementor-icon-\" aria-label=\"Read More\"><\/div>\t\t\t\t<\/div>\n\t\t\t\t\t\t\t\t\t\t<div class=\"elementor-testimonial__content\">\n\t\t\t\t\t<div class=\"elementor-testimonial__text\">\n\t\t\t\t\t\tFoi tudo positivo. Resolveram problemas que n\u00e3o eram f\u00e1ceis de resolver, demonstrando boa capacidade t\u00e9cnica e, pareceu-me, sem haver aproveitamento para facturar em excesso.\n\t\t\t\t\t<\/div>\n\t\t\t\t<\/div>\n\t\t\t\t\t<\/div>\n\t\t\t\t\t\t\t\t<\/div>\n\t\t\t\t\t\t\t\t\t\t\t<div class=\"swiper-slide\" role=\"group\" aria-roledescription=\"slide\">\n\t\t\t\t\t\t\t\t\t<div class=\"elementor-testimonial elementor-repeater-item-5a5e6f6\">\n\t\t\t\t\t\t\t<div class=\"elementor-testimonial__header\">\n\t\t\t\t\t\t\t\t\t\t<cite class=\"elementor-testimonial__cite\"><span class=\"elementor-testimonial__name\">Michael Meye<\/span><div class=\"elementor-star-rating\"><i class=\"elementor-star-full\">&#xE934;<\/i><i class=\"elementor-star-full\">&#xE934;<\/i><i class=\"elementor-star-full\">&#xE934;<\/i><i class=\"elementor-star-full\">&#xE934;<\/i><i class=\"elementor-star-full\">&#xE934;<\/i><\/div><\/cite>\t\t\t\t\t<div class=\"elementor-testimonial__icon elementor-icon elementor-icon-\" aria-label=\"Read More\"><\/div>\t\t\t\t<\/div>\n\t\t\t\t\t\t\t\t\t\t<div class=\"elementor-testimonial__content\">\n\t\t\t\t\t<div class=\"elementor-testimonial__text\">\n\t\t\t\t\t\tBest Service ever!!! Thank you so much. We had an accident, they looked at our Car, they all take a lot of time, No hurry , nothing. And they charged nothing. only cordially and heartfull. Thanks a lot, really. \ud83d\ude42 \n\t\t\t\t\t<\/div>\n\t\t\t\t<\/div>\n\t\t\t\t\t<\/div>\n\t\t\t\t\t\t\t\t<\/div>\n\t\t\t\t\t\t\t\t\t\t\t<div class=\"swiper-slide\" role=\"group\" aria-roledescription=\"slide\">\n\t\t\t\t\t\t\t\t\t<div class=\"elementor-testimonial elementor-repeater-item-cf04b1c\">\n\t\t\t\t\t\t\t<div class=\"elementor-testimonial__header\">\n\t\t\t\t\t\t\t\t\t\t<cite class=\"elementor-testimonial__cite\"><span class=\"elementor-testimonial__name\">Alexandrino Carvalho<\/span><div class=\"elementor-star-rating\"><i class=\"elementor-star-full\">&#xE934;<\/i><i class=\"elementor-star-full\">&#xE934;<\/i><i class=\"elementor-star-full\">&#xE934;<\/i><i class=\"elementor-star-full\">&#xE934;<\/i><i class=\"elementor-star-full\">&#xE934;<\/i><\/div><\/cite>\t\t\t\t\t<div class=\"elementor-testimonial__icon elementor-icon elementor-icon-\" aria-label=\"Read More\"><\/div>\t\t\t\t<\/div>\n\t\t\t\t\t\t\t\t\t\t<div class=\"elementor-testimonial__content\">\n\t\t\t\t\t<div class=\"elementor-testimonial__text\">\n\t\t\t\t\t\tCompet\u00eancia e simpatia. Vamos l\u00e1 uma vez e nunca mais se esquecem do teu nome. Todos sabemos que a sonoridade mais agrad\u00e1vel que existe \u00e9 a do nosso pr\u00f3prio nome.\n\t\t\t\t\t<\/div>\n\t\t\t\t<\/div>\n\t\t\t\t\t<\/div>\n\t\t\t\t\t\t\t\t<\/div>\n\t\t\t\t\t\t\t\t\t\t\t<div class=\"swiper-slide\" role=\"group\" aria-roledescription=\"slide\">\n\t\t\t\t\t\t\t\t\t<div class=\"elementor-testimonial elementor-repeater-item-4f3bd9f\">\n\t\t\t\t\t\t\t<div class=\"elementor-testimonial__header\">\n\t\t\t\t\t\t\t\t\t\t<cite class=\"elementor-testimonial__cite\"><span class=\"elementor-testimonial__name\">Clara Piteira<\/span><div class=\"elementor-star-rating\"><i class=\"elementor-star-full\">&#xE934;<\/i><i class=\"elementor-star-full\">&#xE934;<\/i><i class=\"elementor-star-full\">&#xE934;<\/i><i class=\"elementor-star-full\">&#xE934;<\/i><i class=\"elementor-star-full\">&#xE934;<\/i><\/div><\/cite>\t\t\t\t\t<div class=\"elementor-testimonial__icon elementor-icon elementor-icon-\" aria-label=\"Read More\"><\/div>\t\t\t\t<\/div>\n\t\t\t\t\t\t\t\t\t\t<div class=\"elementor-testimonial__content\">\n\t\t\t\t\t<div class=\"elementor-testimonial__text\">\n\t\t\t\t\t\tOs recepcionistas s\u00e3o impecaveis ,os mec\u00e2nicos sempre prontos a ajudar.\nGostei muito da forma que fui atendida\n\t\t\t\t\t<\/div>\n\t\t\t\t<\/div>\n\t\t\t\t\t<\/div>\n\t\t\t\t\t\t\t\t<\/div>\n\t\t\t\t\t\t\t\t\t\t\t<div class=\"swiper-slide\" role=\"group\" aria-roledescription=\"slide\">\n\t\t\t\t\t\t\t\t\t<div class=\"elementor-testimonial elementor-repeater-item-ab917c4\">\n\t\t\t\t\t\t\t<div class=\"elementor-testimonial__header\">\n\t\t\t\t\t\t\t\t\t\t<cite class=\"elementor-testimonial__cite\"><span class=\"elementor-testimonial__name\">Ricardo Candeias Nunes<\/span><div class=\"elementor-star-rating\"><i class=\"elementor-star-full\">&#xE934;<\/i><i class=\"elementor-star-full\">&#xE934;<\/i><i class=\"elementor-star-full\">&#xE934;<\/i><i class=\"elementor-star-full\">&#xE934;<\/i><i class=\"elementor-star-full\">&#xE934;<\/i><\/div><\/cite>\t\t\t\t\t<div class=\"elementor-testimonial__icon elementor-icon elementor-icon-\" aria-label=\"Read More\"><\/div>\t\t\t\t<\/div>\n\t\t\t\t\t\t\t\t\t\t<div class=\"elementor-testimonial__content\">\n\t\t\t\t\t<div class=\"elementor-testimonial__text\">\n\t\t\t\t\t\tComprei carro usado. Gostei muito do atendimento profissional do pessoal das vendas\n\t\t\t\t\t<\/div>\n\t\t\t\t<\/div>\n\t\t\t\t\t<\/div>\n\t\t\t\t\t\t\t\t<\/div>\n\t\t\t\t\t\t\t\t\t\t\t<div class=\"swiper-slide\" role=\"group\" aria-roledescription=\"slide\">\n\t\t\t\t\t\t\t\t\t<div class=\"elementor-testimonial elementor-repeater-item-869921b\">\n\t\t\t\t\t\t\t<div class=\"elementor-testimonial__header\">\n\t\t\t\t\t\t\t\t\t\t<cite class=\"elementor-testimonial__cite\"><span class=\"elementor-testimonial__name\">Julio Sousa<\/span><div class=\"elementor-star-rating\"><i class=\"elementor-star-full\">&#xE934;<\/i><i class=\"elementor-star-full\">&#xE934;<\/i><i class=\"elementor-star-full\">&#xE934;<\/i><i class=\"elementor-star-full\">&#xE934;<\/i><i class=\"elementor-star-full\">&#xE934;<\/i><\/div><\/cite>\t\t\t\t\t<div class=\"elementor-testimonial__icon elementor-icon elementor-icon-\" aria-label=\"Read More\"><\/div>\t\t\t\t<\/div>\n\t\t\t\t\t\t\t\t\t\t<div class=\"elementor-testimonial__content\">\n\t\t\t\t\t<div class=\"elementor-testimonial__text\">\n\t\t\t\t\t\tBom stand autom\u00f3veis\n\n\t\t\t\t\t<\/div>\n\t\t\t\t<\/div>\n\t\t\t\t\t<\/div>\n\t\t\t\t\t\t\t\t<\/div>\n\t\t\t\t\t\t\t\t\t\t\t<div class=\"swiper-slide\" role=\"group\" aria-roledescription=\"slide\">\n\t\t\t\t\t\t\t\t\t<div class=\"elementor-testimonial elementor-repeater-item-0854fc6\">\n\t\t\t\t\t\t\t<div class=\"elementor-testimonial__header\">\n\t\t\t\t\t\t\t\t\t\t<cite class=\"elementor-testimonial__cite\"><span class=\"elementor-testimonial__name\">Alexandrino Carvalho<\/span><div class=\"elementor-star-rating\"><i class=\"elementor-star-full\">&#xE934;<\/i><i class=\"elementor-star-full\">&#xE934;<\/i><i class=\"elementor-star-full\">&#xE934;<\/i><i class=\"elementor-star-full\">&#xE934;<\/i><i class=\"elementor-star-full\">&#xE934;<\/i><\/div><\/cite>\t\t\t\t\t<div class=\"elementor-testimonial__icon elementor-icon elementor-icon-\" aria-label=\"Read More\"><\/div>\t\t\t\t<\/div>\n\t\t\t\t\t\t\t\t\t\t<div class=\"elementor-testimonial__content\">\n\t\t\t\t\t<div class=\"elementor-testimonial__text\">\n\t\t\t\t\t\tACompet\u00eancia e simpatia. Vamos l\u00e1 uma vez e nunca mais se esquecem do teu nome. Todos sabemos que a sonoridade mais agrad\u00e1vel que existe \u00e9 a do nosso pr\u00f3prio nome.\n\n\n\t\t\t\t\t<\/div>\n\t\t\t\t<\/div>\n\t\t\t\t\t<\/div>\n\t\t\t\t\t\t\t\t<\/div>\n\t\t\t\t\t\t\t\t\t<\/div>\n\t\t\t\t\t\t\t\t\t\t\t\t\t\t\t<div class=\"elementor-swiper-button elementor-swiper-button-prev\" role=\"button\" tabindex=\"0\" aria-label=\"Anterior\">\n\t\t\t\t\t\t\t<i aria-hidden=\"true\" class=\"eicon-chevron-left\"><\/i>\t\t\t\t\t\t<\/div>\n\t\t\t\t\t\t<div class=\"elementor-swiper-button elementor-swiper-button-next\" role=\"button\" tabindex=\"0\" aria-label=\"Next\">\n\t\t\t\t\t\t\t<i aria-hidden=\"true\" class=\"eicon-chevron-right\"><\/i>\t\t\t\t\t\t<\/div>\n\t\t\t\t\t\t\t\t\t\t\t\t\t\t\t\t<div class=\"swiper-pagination\"><\/div>\n\t\t\t\t\t\t\t\t\t\t\t\t<\/div>\n\t\t\t\t<\/div>\n\t\t\t\t\t\t\t\t<\/div>\n\t\t\t\t<\/div>\n\t\t\t\t\t<\/div>\n\t\t<\/div>\n\t\t\t\t\t<\/div>\n\t\t<\/section>\n\t\t\t\t<section class=\"has_eae_slider elementor-section elementor-top-section elementor-element elementor-element-24317a9 elementor-section-boxed elementor-section-height-default elementor-section-height-default\" data-eae-slider=\"67268\" data-id=\"24317a9\" data-element_type=\"section\" data-e-type=\"section\" data-settings=\"{&quot;background_background&quot;:&quot;classic&quot;}\">\n\t\t\t\t\t\t<div class=\"elementor-container elementor-column-gap-default\">\n\t\t\t\t\t<div class=\"has_eae_slider elementor-column elementor-col-100 elementor-top-column elementor-element elementor-element-bde2685\" data-eae-slider=\"71001\" data-id=\"bde2685\" data-element_type=\"column\" data-e-type=\"column\">\n\t\t\t<div class=\"elementor-widget-wrap elementor-element-populated\">\n\t\t\t\t\t\t<div class=\"elementor-element elementor-element-d411b15 elementor-widget elementor-widget-heading\" data-id=\"d411b15\" data-element_type=\"widget\" data-e-type=\"widget\" data-widget_type=\"heading.default\">\n\t\t\t\t<div class=\"elementor-widget-container\">\n\t\t\t\t\t<h2 class=\"elementor-heading-title elementor-size-large\">Perguntas Frequentes <\/h2>\t\t\t\t<\/div>\n\t\t\t\t<\/div>\n\t\t\t\t<div class=\"elementor-element elementor-element-40c2ebd vehica-accordion elementor-widget elementor-widget-accordion\" data-id=\"40c2ebd\" data-element_type=\"widget\" data-e-type=\"widget\" data-widget_type=\"accordion.default\">\n\t\t\t\t<div class=\"elementor-widget-container\">\n\t\t\t\t\t\t\t<div class=\"elementor-accordion\">\n\t\t\t\t\t\t\t<div class=\"elementor-accordion-item\">\n\t\t\t\t\t<div id=\"elementor-tab-title-6791\" class=\"elementor-tab-title\" data-tab=\"1\" role=\"button\" aria-controls=\"elementor-tab-content-6791\" aria-expanded=\"false\">\n\t\t\t\t\t\t\t\t\t\t\t\t\t<span class=\"elementor-accordion-icon elementor-accordion-icon-right\" aria-hidden=\"true\">\n\t\t\t\t\t\t\t\t\t\t\t\t\t\t\t<span class=\"elementor-accordion-icon-closed\"><i class=\"fas fa-chevron-down\"><\/i><\/span>\n\t\t\t\t\t\t\t\t<span class=\"elementor-accordion-icon-opened\"><i class=\"fas fa-chevron-up\"><\/i><\/span>\n\t\t\t\t\t\t\t\t\t\t\t\t\t\t<\/span>\n\t\t\t\t\t\t\t\t\t\t\t\t<a class=\"elementor-accordion-title\" tabindex=\"0\">Quanto tempo demora at\u00e9 ter o meu carro usado?<\/a>\n\t\t\t\t\t<\/div>\n\t\t\t\t\t<div id=\"elementor-tab-content-6791\" class=\"elementor-tab-content elementor-clearfix\" data-tab=\"1\" role=\"region\" aria-labelledby=\"elementor-tab-title-6791\"><p>Regra geral, as entregas s\u00e3o realizadas na hora, entregando o seu ve\u00edculo em qualquer parte do pa\u00eds.<\/p><p>Caso seja necess\u00e1rio realizar alguma verifica\u00e7\u00e3o do ve\u00edculo antes da venda ir\u00e1 receb\u00ea-lo o mais rapidamente poss\u00edvel.<\/p><\/div>\n\t\t\t\t<\/div>\n\t\t\t\t\t\t\t<div class=\"elementor-accordion-item\">\n\t\t\t\t\t<div id=\"elementor-tab-title-6792\" class=\"elementor-tab-title\" data-tab=\"2\" role=\"button\" aria-controls=\"elementor-tab-content-6792\" aria-expanded=\"false\">\n\t\t\t\t\t\t\t\t\t\t\t\t\t<span class=\"elementor-accordion-icon elementor-accordion-icon-right\" aria-hidden=\"true\">\n\t\t\t\t\t\t\t\t\t\t\t\t\t\t\t<span class=\"elementor-accordion-icon-closed\"><i class=\"fas fa-chevron-down\"><\/i><\/span>\n\t\t\t\t\t\t\t\t<span class=\"elementor-accordion-icon-opened\"><i class=\"fas fa-chevron-up\"><\/i><\/span>\n\t\t\t\t\t\t\t\t\t\t\t\t\t\t<\/span>\n\t\t\t\t\t\t\t\t\t\t\t\t<a class=\"elementor-accordion-title\" tabindex=\"0\">Quais os documentos que preciso para comprar um carro usado?<\/a>\n\t\t\t\t\t<\/div>\n\t\t\t\t\t<div id=\"elementor-tab-content-6792\" class=\"elementor-tab-content elementor-clearfix\" data-tab=\"2\" role=\"region\" aria-labelledby=\"elementor-tab-title-6792\"><p>Ir\u00e1 precisar da c\u00f3pia do documento de identifica\u00e7\u00e3o (por exemplo, cart\u00e3o do cidad\u00e3o ou passaporte) e n\u00famero de identifica\u00e7\u00e3o fiscal.<\/p><p>No caso de comprar um autom\u00f3vel com financiamento ser\u00e3o necess\u00e1rios tamb\u00e9m do t\u00edtulo de resid\u00eancia (caso seja estrangeiro), do comprovativo de morada (por exemplo, fatura da eletricidade, g\u00e1s, \u00e1gua ou servi\u00e7os de canais de televis\u00e3o), dos 3 \u00faltimos recibos de vencimento, o comprovativo do NIB e tamb\u00e9m a declara\u00e7\u00e3o de IRS do ano anterior.<\/p><\/div>\n\t\t\t\t<\/div>\n\t\t\t\t\t\t\t<div class=\"elementor-accordion-item\">\n\t\t\t\t\t<div id=\"elementor-tab-title-6793\" class=\"elementor-tab-title\" data-tab=\"3\" role=\"button\" aria-controls=\"elementor-tab-content-6793\" aria-expanded=\"false\">\n\t\t\t\t\t\t\t\t\t\t\t\t\t<span class=\"elementor-accordion-icon elementor-accordion-icon-right\" aria-hidden=\"true\">\n\t\t\t\t\t\t\t\t\t\t\t\t\t\t\t<span class=\"elementor-accordion-icon-closed\"><i class=\"fas fa-chevron-down\"><\/i><\/span>\n\t\t\t\t\t\t\t\t<span class=\"elementor-accordion-icon-opened\"><i class=\"fas fa-chevron-up\"><\/i><\/span>\n\t\t\t\t\t\t\t\t\t\t\t\t\t\t<\/span>\n\t\t\t\t\t\t\t\t\t\t\t\t<a class=\"elementor-accordion-title\" tabindex=\"0\">Como posso fazer o pagamento?<\/a>\n\t\t\t\t\t<\/div>\n\t\t\t\t\t<div id=\"elementor-tab-content-6793\" class=\"elementor-tab-content elementor-clearfix\" data-tab=\"3\" role=\"region\" aria-labelledby=\"elementor-tab-title-6793\"><p>Pode comprar o seu carro usado a pronto pagamento, ou para os carros que tenham a op\u00e7\u00e3o de financiamento poder\u00e1 realizar um financiamento de at\u00e9 120 meses com taxa fixa.<\/p><\/div>\n\t\t\t\t<\/div>\n\t\t\t\t\t\t\t\t<\/div>\n\t\t\t\t\t\t<\/div>\n\t\t\t\t<\/div>\n\t\t\t\t\t<\/div>\n\t\t<\/div>\n\t\t\t\t\t<\/div>\n\t\t<\/section>\n\t\t\t\t<section class=\"has_eae_slider elementor-section elementor-top-section elementor-element elementor-element-4098b81 elementor-section-full_width elementor-section-height-default elementor-section-height-default\" data-eae-slider=\"64167\" data-id=\"4098b81\" data-element_type=\"section\" data-e-type=\"section\" id=\"contactado\" data-settings=\"{&quot;background_background&quot;:&quot;classic&quot;}\">\n\t\t\t\t\t\t<div class=\"elementor-container elementor-column-gap-default\">\n\t\t\t\t\t<div class=\"has_eae_slider elementor-column elementor-col-33 elementor-top-column elementor-element elementor-element-b38978f\" data-eae-slider=\"57753\" data-id=\"b38978f\" data-element_type=\"column\" data-e-type=\"column\" data-settings=\"{&quot;background_background&quot;:&quot;classic&quot;}\">\n\t\t\t<div class=\"elementor-widget-wrap\">\n\t\t\t\t\t\t\t<\/div>\n\t\t<\/div>\n\t\t\t\t<div class=\"has_eae_slider elementor-column elementor-col-33 elementor-top-column elementor-element elementor-element-7ea9c51\" data-eae-slider=\"82985\" data-id=\"7ea9c51\" data-element_type=\"column\" data-e-type=\"column\" data-settings=\"{&quot;background_background&quot;:&quot;classic&quot;}\">\n\t\t\t<div class=\"elementor-widget-wrap elementor-element-populated\">\n\t\t\t\t\t\t<div class=\"elementor-element elementor-element-9cd732a elementor-widget elementor-widget-heading\" data-id=\"9cd732a\" data-element_type=\"widget\" data-e-type=\"widget\" data-widget_type=\"heading.default\">\n\t\t\t\t<div class=\"elementor-widget-container\">\n\t\t\t\t\t<h2 class=\"elementor-heading-title elementor-size-large\">Quero ser contactado<\/h2>\t\t\t\t<\/div>\n\t\t\t\t<\/div>\n\t\t\t\t<div class=\"elementor-element elementor-element-4c4c9d5 elementor-widget elementor-widget-vehica_contact_form_general_widget\" data-id=\"4c4c9d5\" data-element_type=\"widget\" data-e-type=\"widget\" data-widget_type=\"vehica_contact_form_general_widget.default\">\n\t\t\t\t<div class=\"elementor-widget-container\">\n\t\t\t\t\t<div class=\"vehica-contact-form\">\r\n    \n<div class=\"wpcf7 no-js\" id=\"wpcf7-f18047-o1\" lang=\"en-US\" dir=\"ltr\" data-wpcf7-id=\"18047\">\n<div class=\"screen-reader-response\"><p role=\"status\" aria-live=\"polite\" aria-atomic=\"true\"><\/p> <ul><\/ul><\/div>\n<form action=\"\/en\/wp-json\/wp\/v2\/pages\/20480#wpcf7-f18047-o1\" method=\"post\" class=\"wpcf7-form init\" aria-label=\"Contact form\" novalidate=\"novalidate\" data-status=\"init\">\n<fieldset class=\"hidden-fields-container\"><input type=\"hidden\" name=\"_wpcf7\" value=\"18047\" \/><input type=\"hidden\" name=\"_wpcf7_version\" value=\"6.1.5\" \/><input type=\"hidden\" name=\"_wpcf7_locale\" value=\"en_US\" \/><input type=\"hidden\" name=\"_wpcf7_unit_tag\" value=\"wpcf7-f18047-o1\" \/><input type=\"hidden\" name=\"_wpcf7_container_post\" value=\"0\" \/><input type=\"hidden\" name=\"_wpcf7_posted_data_hash\" value=\"\" \/><input type=\"hidden\" name=\"_wpcf7cf_hidden_group_fields\" value=\"[]\" \/><input type=\"hidden\" name=\"_wpcf7cf_hidden_groups\" value=\"[]\" \/><input type=\"hidden\" name=\"_wpcf7cf_visible_groups\" value=\"[]\" \/><input type=\"hidden\" name=\"_wpcf7cf_repeaters\" value=\"[]\" \/><input type=\"hidden\" name=\"_wpcf7cf_steps\" value=\"{}\" \/><input type=\"hidden\" name=\"_wpcf7cf_options\" value=\"{&quot;form_id&quot;:18047,&quot;conditions&quot;:[],&quot;settings&quot;:{&quot;animation&quot;:&quot;yes&quot;,&quot;animation_intime&quot;:200,&quot;animation_outtime&quot;:200,&quot;conditions_ui&quot;:&quot;normal&quot;,&quot;notice_dismissed&quot;:false,&quot;notice_dismissed_rollback-cf7-5.9.5&quot;:true}}\" \/><input type=\"hidden\" name=\"_wpcf7dtx_version\" value=\"5.0.5\" \/><input type=\"hidden\" name=\"_wpcf7_recaptcha_response\" value=\"\" \/>\n<\/fieldset>\n<input class=\"wpcf7-form-control wpcf7-hidden\" id=\"my-time-field\" value=\"\" type=\"hidden\" name=\"my-time-field\" \/>\n<input class=\"wpcf7-form-control wpcf7-hidden\" value=\"Formul\u00e1rio de contacto\" type=\"hidden\" name=\"origem-lead\" \/>\n<span class=\"wpcf7-form-control-wrap page-url\" data-name=\"page-url\"><input type=\"hidden\" name=\"page-url\" class=\"wpcf7-form-control wpcf7-hidden wpcf7dtx wpcf7dtx-hidden\" aria-invalid=\"false\" value=\"https:\/\/motorpor.pt\/en\/en\/wp-json\/wp\/v2\/pages\/20480\"><\/span>\n<div class=\"clearfix\">\n\t<div class=\"vehica-2-fields\">\n\t\t<div class=\"vehica-2-fields__left\">\n\t\t\t<p><span class=\"wpcf7-form-control-wrap\" data-name=\"your-name\"><input size=\"40\" maxlength=\"400\" class=\"wpcf7-form-control wpcf7-text wpcf7-validates-as-required\" aria-required=\"true\" aria-invalid=\"false\" placeholder=\"Nome *\" value=\"\" type=\"text\" name=\"your-name\" \/><\/span>\n\t\t\t<\/p>\n\t\t<\/div>\n\t\t<div class=\"vehica-2-fields__right\">\n\t\t\t<p><span class=\"wpcf7-form-control-wrap\" data-name=\"your-email\"><input size=\"40\" maxlength=\"400\" class=\"wpcf7-form-control wpcf7-email wpcf7-validates-as-required wpcf7-text wpcf7-validates-as-email\" aria-required=\"true\" aria-invalid=\"false\" placeholder=\"E-mail *\" value=\"\" type=\"email\" name=\"your-email\" \/><\/span>\n\t\t\t<\/p>\n\t\t<\/div>\n\t<\/div>\n\t<div class=\"vehica-2-fields\">\n\t\t<div class=\"vehica-2-fields__left\">\n\t\t\t<p><span class=\"wpcf7-form-control-wrap\" data-name=\"your-phone\"><input size=\"40\" maxlength=\"400\" class=\"wpcf7-form-control wpcf7-text wpcf7-validates-as-required\" aria-required=\"true\" aria-invalid=\"false\" placeholder=\"Telefone *\" value=\"\" type=\"text\" name=\"your-phone\" \/><\/span>\n\t\t\t<\/p>\n\t\t<\/div>\n\t\t<div class=\"vehica-2-fields__right\">\n\t\t\t<p><span class=\"wpcf7-form-control-wrap\" data-name=\"your-cod-localidade\"><select class=\"wpcf7-form-control wpcf7-select wpcf7-validates-as-required\" aria-required=\"true\" aria-invalid=\"false\" name=\"your-cod-localidade\"><option value=\"\">Motorpor mais pr\u00f3xima *<\/option><option value=\"Almada\">Almada<\/option><option value=\"Beja\">Beja<\/option><option value=\"\u00c9vora\">\u00c9vora<\/option><option value=\"Faro\">Faro<\/option><option value=\"Montijo\">Montijo<\/option><option value=\"Palmela\">Palmela<\/option><option value=\"Penafiel\">Penafiel<\/option><option value=\"Portalegre\">Portalegre<\/option><option value=\"Portim\u00e3o\">Portim\u00e3o<\/option><option value=\"Set\u00fabal\">Set\u00fabal<\/option><option value=\"Sines\">Sines<\/option><\/select><\/span>\n\t\t\t<\/p>\n\t\t<\/div>\n\t<\/div>\n\t<p><span class=\"wpcf7-form-control-wrap\" data-name=\"Assunto\"><select class=\"wpcf7-form-control wpcf7-select wpcf7-validates-as-required\" aria-required=\"true\" aria-invalid=\"false\" name=\"Assunto\"><option value=\"\">Assunto *<\/option><option value=\"Carros Novos\">Carros Novos<\/option><option value=\"Carros Usados\">Carros Usados<\/option><option value=\"Oficinas\">Oficinas<\/option><option value=\"Colis\u00e3o\">Colis\u00e3o<\/option><option value=\"Pe\u00e7as\">Pe\u00e7as<\/option><option value=\"Informa\u00e7\u00f5es\">Informa\u00e7\u00f5es<\/option><option value=\"Pneus e alinhamentos\">Pneus e alinhamentos<\/option><\/select><\/span>\n\t<\/p>\n\t<div class=\"marcas-select-form\">\n\t\t<p><span class=\"wpcf7-form-control-wrap\" data-name=\"Marca\"><select class=\"wpcf7-form-control wpcf7-select myselecttag\" aria-invalid=\"false\" name=\"Marca\"><option value=\"\">Marca *<\/option><option value=\"Abarth\">Abarth<\/option><option value=\"Alfa Romeo\">Alfa Romeo<\/option><option value=\"Citroen\">Citroen<\/option><option value=\"Changan\">Changan<\/option><option value=\"Dacia\">Dacia<\/option><option value=\"DS\">DS<\/option><option value=\"Fiat\">Fiat<\/option><option value=\"Jeep\">Jeep<\/option><option value=\"Opel\">Opel<\/option><option value=\"Peugeot\">Peugeot<\/option><option value=\"Renault\">Renault<\/option><option value=\"Mitsubishi\">Mitsubishi<\/option><option value=\"Maxus\">Maxus<\/option><option value=\"Mazda\">Mazda<\/option><option value=\"MG\">MG<\/option><option value=\"Kia\">Kia<\/option><option value=\"Isuzu\">Isuzu<\/option><option value=\"FUSO\">FUSO<\/option><option value=\"KGM\">KGM<\/option><option value=\"Leapmotor\">Leapmotor<\/option><option value=\"Outra\">Outra<\/option><\/select><\/span>\n\t\t<\/p>\n\t<\/div>\n\t<p><span class=\"wpcf7-form-control-wrap\" data-name=\"your-message\"><textarea cols=\"40\" rows=\"10\" maxlength=\"2000\" class=\"wpcf7-form-control wpcf7-textarea wpcf7-validates-as-required\" aria-required=\"true\" aria-invalid=\"false\" placeholder=\"Mensagem*\" name=\"your-message\"><\/textarea><\/span>\n\t<\/p>\n\t<div class=\"vehica-2-fields\">\n\t\t<div class=\"vehica-2-fields__left vehica-checkbox-policy\">\n\t\t\t<p><span class=\"wpcf7-form-control-wrap\" data-name=\"vehica-accept\"><span class=\"wpcf7-form-control wpcf7-acceptance\"><span class=\"wpcf7-list-item\"><label><input type=\"checkbox\" name=\"vehica-accept\" value=\"1\" aria-invalid=\"false\" \/><span class=\"wpcf7-list-item-label\">Eu aceito as <a href=\"https:\/\/motorpor.pt\/politica-de-privacidade\/\">Pol\u00edticas de Privacidade<\/a><\/span><\/label><\/span><\/span><\/span><span class=\"wpcf7-form-control-wrap\" data-name=\"informacoes-motorpor\"><span class=\"wpcf7-form-control wpcf7-acceptance optional\"><span class=\"wpcf7-list-item\"><label><input type=\"checkbox\" name=\"informacoes-motorpor\" value=\"1\" aria-invalid=\"false\" \/><span class=\"wpcf7-list-item-label\">Quero receber informa\u00e7\u00f5es, descontos e promo\u00e7\u00f5es do grupo Motorpor.<\/span><\/label><\/span><\/span><\/span>\n\t\t\t<\/p>\n\t\t<\/div>\n\t\t<div class=\"vehica-2-fields__right\">\n\t\t\t<p><button id=\"submit\" class=\"wpcf7-form-control wpcf7-submit vehica-button vehica-button--icon vehica-button--icon--send\">Enviar<\/button>\n\t\t\t<\/p>\n\t\t<\/div>\n\t<\/div>\n<\/div><div class=\"wpcf7-response-output\" aria-hidden=\"true\"><\/div>\n<\/form>\n<\/div>\n<\/div>\r\n\t\t\t\t<\/div>\n\t\t\t\t<\/div>\n\t\t\t\t\t<\/div>\n\t\t<\/div>\n\t\t\t\t<div class=\"has_eae_slider elementor-column elementor-col-33 elementor-top-column elementor-element elementor-element-e3854e6\" data-eae-slider=\"87748\" data-id=\"e3854e6\" data-element_type=\"column\" data-e-type=\"column\" data-settings=\"{&quot;background_background&quot;:&quot;classic&quot;}\">\n\t\t\t<div class=\"elementor-widget-wrap\">\n\t\t\t\t\t\t\t<\/div>\n\t\t<\/div>\n\t\t\t\t\t<\/div>\n\t\t<\/section>\n\t\t\t\t<\/div>\n\t\t","protected":false},"excerpt":{"rendered":"<p>CONSULTE ABAIXO STOCK DISPON\u00cdVEL Venda de viaturas usadas com valor. Utilize os filtros de acordo com os seus interesses. Saber mais Usados Venda de viaturas usadas com valor. Utilize os filtros de acordo com os seus interesses. Saber mais Usados Venda de viaturas usadas com valor. Utilize os filtros de acordo com os seus interesses. [&hellip;]<\/p>\n","protected":false},"author":1,"featured_media":0,"parent":0,"menu_order":0,"comment_status":"closed","ping_status":"closed","template":"","meta":{"_acf_changed":false,"footnotes":""},"class_list":["post-20480","page","type-page","status-publish","hentry"],"acf":[],"yoast_head":"<!-- This site is optimized with the Yoast SEO plugin v27.5 - https:\/\/yoast.com\/product\/yoast-seo-wordpress\/ -->\n<title>Usados - Motorpor<\/title>\n<meta name=\"robots\" content=\"index, follow, max-snippet:-1, max-image-preview:large, max-video-preview:-1\" \/>\n<link rel=\"canonical\" href=\"https:\/\/motorpor.pt\/en\/usados\/\" \/>\n<meta property=\"og:locale\" content=\"en_US\" \/>\n<meta property=\"og:type\" content=\"article\" \/>\n<meta property=\"og:title\" content=\"Usados - Motorpor\" \/>\n<meta property=\"og:description\" content=\"CONSULTE ABAIXO STOCK DISPON\u00cdVEL Venda de viaturas usadas com valor. Utilize os filtros de acordo com os seus interesses. Saber mais Usados Venda de viaturas usadas com valor. Utilize os filtros de acordo com os seus interesses. Saber mais Usados Venda de viaturas usadas com valor. Utilize os filtros de acordo com os seus interesses. [&hellip;]\" \/>\n<meta property=\"og:url\" content=\"https:\/\/motorpor.pt\/en\/usados\/\" \/>\n<meta property=\"og:site_name\" content=\"Motorpor\" \/>\n<meta property=\"article:modified_time\" content=\"2026-04-30T11:15:51+00:00\" \/>\n<meta property=\"og:image\" content=\"https:\/\/motorpor.pt\/wp-content\/uploads\/2022\/09\/logo-renew400x115.png\" \/>\n<meta name=\"twitter:card\" content=\"summary_large_image\" \/>\n<meta name=\"twitter:label1\" content=\"Est. reading time\" \/>\n\t<meta name=\"twitter:data1\" content=\"12 minutes\" \/>\n<script type=\"application\/ld+json\" class=\"yoast-schema-graph\">{\"@context\":\"https:\\\/\\\/schema.org\",\"@graph\":[{\"@type\":\"WebPage\",\"@id\":\"https:\\\/\\\/motorpor.pt\\\/usados\\\/\",\"url\":\"https:\\\/\\\/motorpor.pt\\\/usados\\\/\",\"name\":\"Usados - Motorpor\",\"isPartOf\":{\"@id\":\"https:\\\/\\\/motorpor.pt\\\/#website\"},\"primaryImageOfPage\":{\"@id\":\"https:\\\/\\\/motorpor.pt\\\/usados\\\/#primaryimage\"},\"image\":{\"@id\":\"https:\\\/\\\/motorpor.pt\\\/usados\\\/#primaryimage\"},\"thumbnailUrl\":\"https:\\\/\\\/motorpor.pt\\\/wp-content\\\/uploads\\\/2022\\\/09\\\/logo-renew400x115.png\",\"datePublished\":\"2022-06-27T10:37:43+00:00\",\"dateModified\":\"2026-04-30T11:15:51+00:00\",\"breadcrumb\":{\"@id\":\"https:\\\/\\\/motorpor.pt\\\/usados\\\/#breadcrumb\"},\"inLanguage\":\"en-US\",\"potentialAction\":[{\"@type\":\"ReadAction\",\"target\":[\"https:\\\/\\\/motorpor.pt\\\/usados\\\/\"]}]},{\"@type\":\"ImageObject\",\"inLanguage\":\"en-US\",\"@id\":\"https:\\\/\\\/motorpor.pt\\\/usados\\\/#primaryimage\",\"url\":\"https:\\\/\\\/motorpor.pt\\\/wp-content\\\/uploads\\\/2022\\\/09\\\/logo-renew400x115.png\",\"contentUrl\":\"https:\\\/\\\/motorpor.pt\\\/wp-content\\\/uploads\\\/2022\\\/09\\\/logo-renew400x115.png\"},{\"@type\":\"BreadcrumbList\",\"@id\":\"https:\\\/\\\/motorpor.pt\\\/usados\\\/#breadcrumb\",\"itemListElement\":[{\"@type\":\"ListItem\",\"position\":1,\"name\":\"In\u00edcio\",\"item\":\"https:\\\/\\\/motorpor.pt\\\/\"},{\"@type\":\"ListItem\",\"position\":2,\"name\":\"Usados\"}]},{\"@type\":\"WebSite\",\"@id\":\"https:\\\/\\\/motorpor.pt\\\/#website\",\"url\":\"https:\\\/\\\/motorpor.pt\\\/\",\"name\":\"Motorpor\",\"description\":\"Comercio de Autom\u00f3veis Multimarcas\",\"publisher\":{\"@id\":\"https:\\\/\\\/motorpor.pt\\\/#organization\"},\"potentialAction\":[{\"@type\":\"SearchAction\",\"target\":{\"@type\":\"EntryPoint\",\"urlTemplate\":\"https:\\\/\\\/motorpor.pt\\\/?s={search_term_string}\"},\"query-input\":{\"@type\":\"PropertyValueSpecification\",\"valueRequired\":true,\"valueName\":\"search_term_string\"}}],\"inLanguage\":\"en-US\"},{\"@type\":\"Organization\",\"@id\":\"https:\\\/\\\/motorpor.pt\\\/#organization\",\"name\":\"Motorpor\",\"alternateName\":\"Motorpor\",\"url\":\"https:\\\/\\\/motorpor.pt\\\/\",\"logo\":{\"@type\":\"ImageObject\",\"inLanguage\":\"en-US\",\"@id\":\"https:\\\/\\\/motorpor.pt\\\/#\\\/schema\\\/logo\\\/image\\\/\",\"url\":\"https:\\\/\\\/motorpor.pt\\\/wp-content\\\/uploads\\\/2024\\\/07\\\/Logo-Motorpor-Preto.svg\",\"contentUrl\":\"https:\\\/\\\/motorpor.pt\\\/wp-content\\\/uploads\\\/2024\\\/07\\\/Logo-Motorpor-Preto.svg\",\"width\":493,\"height\":93,\"caption\":\"Motorpor\"},\"image\":{\"@id\":\"https:\\\/\\\/motorpor.pt\\\/#\\\/schema\\\/logo\\\/image\\\/\"},\"sameAs\":[\"https:\\\/\\\/www.linkedin.com\\\/company\\\/grupo-motorpor\"]}]}<\/script>\n<!-- \/ Yoast SEO plugin. -->","yoast_head_json":{"title":"Usados - Motorpor","robots":{"index":"index","follow":"follow","max-snippet":"max-snippet:-1","max-image-preview":"max-image-preview:large","max-video-preview":"max-video-preview:-1"},"canonical":"https:\/\/motorpor.pt\/en\/usados\/","og_locale":"en_US","og_type":"article","og_title":"Usados - Motorpor","og_description":"CONSULTE ABAIXO STOCK DISPON\u00cdVEL Venda de viaturas usadas com valor. Utilize os filtros de acordo com os seus interesses. Saber mais Usados Venda de viaturas usadas com valor. Utilize os filtros de acordo com os seus interesses. Saber mais Usados Venda de viaturas usadas com valor. Utilize os filtros de acordo com os seus interesses. [&hellip;]","og_url":"https:\/\/motorpor.pt\/en\/usados\/","og_site_name":"Motorpor","article_modified_time":"2026-04-30T11:15:51+00:00","og_image":[{"url":"https:\/\/motorpor.pt\/wp-content\/uploads\/2022\/09\/logo-renew400x115.png","type":"","width":"","height":""}],"twitter_card":"summary_large_image","twitter_misc":{"Est. reading time":"12 minutes"},"schema":{"@context":"https:\/\/schema.org","@graph":[{"@type":"WebPage","@id":"https:\/\/motorpor.pt\/usados\/","url":"https:\/\/motorpor.pt\/usados\/","name":"Usados - Motorpor","isPartOf":{"@id":"https:\/\/motorpor.pt\/#website"},"primaryImageOfPage":{"@id":"https:\/\/motorpor.pt\/usados\/#primaryimage"},"image":{"@id":"https:\/\/motorpor.pt\/usados\/#primaryimage"},"thumbnailUrl":"https:\/\/motorpor.pt\/wp-content\/uploads\/2022\/09\/logo-renew400x115.png","datePublished":"2022-06-27T10:37:43+00:00","dateModified":"2026-04-30T11:15:51+00:00","breadcrumb":{"@id":"https:\/\/motorpor.pt\/usados\/#breadcrumb"},"inLanguage":"en-US","potentialAction":[{"@type":"ReadAction","target":["https:\/\/motorpor.pt\/usados\/"]}]},{"@type":"ImageObject","inLanguage":"en-US","@id":"https:\/\/motorpor.pt\/usados\/#primaryimage","url":"https:\/\/motorpor.pt\/wp-content\/uploads\/2022\/09\/logo-renew400x115.png","contentUrl":"https:\/\/motorpor.pt\/wp-content\/uploads\/2022\/09\/logo-renew400x115.png"},{"@type":"BreadcrumbList","@id":"https:\/\/motorpor.pt\/usados\/#breadcrumb","itemListElement":[{"@type":"ListItem","position":1,"name":"In\u00edcio","item":"https:\/\/motorpor.pt\/"},{"@type":"ListItem","position":2,"name":"Usados"}]},{"@type":"WebSite","@id":"https:\/\/motorpor.pt\/#website","url":"https:\/\/motorpor.pt\/","name":"motorpor","description":"Comercio de Autom\u00f3veis Multimarcas","publisher":{"@id":"https:\/\/motorpor.pt\/#organization"},"potentialAction":[{"@type":"SearchAction","target":{"@type":"EntryPoint","urlTemplate":"https:\/\/motorpor.pt\/?s={search_term_string}"},"query-input":{"@type":"PropertyValueSpecification","valueRequired":true,"valueName":"search_term_string"}}],"inLanguage":"en-US"},{"@type":"Organization","@id":"https:\/\/motorpor.pt\/#organization","name":"motorpor","alternateName":"Motorpor","url":"https:\/\/motorpor.pt\/","logo":{"@type":"ImageObject","inLanguage":"en-US","@id":"https:\/\/motorpor.pt\/#\/schema\/logo\/image\/","url":"https:\/\/motorpor.pt\/wp-content\/uploads\/2024\/07\/Logo-Motorpor-Preto.svg","contentUrl":"https:\/\/motorpor.pt\/wp-content\/uploads\/2024\/07\/Logo-Motorpor-Preto.svg","width":493,"height":93,"caption":"Motorpor"},"image":{"@id":"https:\/\/motorpor.pt\/#\/schema\/logo\/image\/"},"sameAs":["https:\/\/www.linkedin.com\/company\/grupo-motorpor"]}]}},"_links":{"self":[{"href":"https:\/\/motorpor.pt\/en\/wp-json\/wp\/v2\/pages\/20480","targetHints":{"allow":["GET"]}}],"collection":[{"href":"https:\/\/motorpor.pt\/en\/wp-json\/wp\/v2\/pages"}],"about":[{"href":"https:\/\/motorpor.pt\/en\/wp-json\/wp\/v2\/types\/page"}],"author":[{"embeddable":true,"href":"https:\/\/motorpor.pt\/en\/wp-json\/wp\/v2\/users\/1"}],"replies":[{"embeddable":true,"href":"https:\/\/motorpor.pt\/en\/wp-json\/wp\/v2\/comments?post=20480"}],"version-history":[{"count":669,"href":"https:\/\/motorpor.pt\/en\/wp-json\/wp\/v2\/pages\/20480\/revisions"}],"predecessor-version":[{"id":606169,"href":"https:\/\/motorpor.pt\/en\/wp-json\/wp\/v2\/pages\/20480\/revisions\/606169"}],"wp:attachment":[{"href":"https:\/\/motorpor.pt\/en\/wp-json\/wp\/v2\/media?parent=20480"}],"curies":[{"name":"wp","href":"https:\/\/api.w.org\/{rel}","templated":true}]}}