{"id":373728,"date":"2026-01-07T12:20:12","date_gmt":"2026-01-07T11:20:12","guid":{"rendered":"https:\/\/motorpor.pt\/?post_type=job_listing&#038;p=373728"},"modified":"2026-02-03T17:10:55","modified_gmt":"2026-02-03T16:10:55","slug":"motorpor-beja-2614-chefe-de-oficina-m-f-beja","status":"publish","type":"job_listing","link":"https:\/\/motorpor.pt\/fr\/recrutamento\/motorpor-beja-2614-chefe-de-oficina-m-f-beja\/","title":{"rendered":"Chefe de Oficina (M\/F) &#8211; Beja"},"content":{"rendered":"<p>O Grupo Motorpor \u00e9 um grupo do sector autom\u00f3vel que representa as marcas Abarth, Alfa Romeo, Changan, Citroen, Dacia, DS, Fiat, FUSO, Isuzu, Jeep, KGM, Kia, Maxus, Mazda, MG, Mitsubishi, Opel, Peugeot, Renault, Motorpor Usados, e outras marcas como Renew, Motrio, Drivalia, Drive4Move, Eurorepar, International Car, Spoticar e Surprice.<\/p>\n<p>Atualmente contamos com mais de 350 colaboradores em Portugal (Almada, Beja, \u00c9vora, Faro, Lisboa, Montijo, Palmela, Penafiel, Portalegre, Portim\u00e3o, Set\u00fabal e Sines).<\/p>\n<p>Os nossos valores s\u00e3o a ambi\u00e7\u00e3o, o compromisso, a centricidade no cliente, a sustentabilidade, a integridade, o dinamismo e agilidade, bem como o respeito m\u00fatuo por colaboradores e parceiros.<\/p>\n<p>&nbsp;<\/p>\n<p>Chefe de Oficina (M\/F) \u2013 Beja<\/p>\n<p>Responsabilidades:<br \/>\n\u2022 Assegurar o cumprimento dos procedimentos t\u00e9cnicos das marcas representadas;<br \/>\n\u2022 Acompanhar diagn\u00f3sticos, repara\u00e7\u00f5es e\u00a0qualidade\u00a0final das interven\u00e7\u00f5es;<br \/>\n\u2022 Gerir as equipas garantindo a\u00a0distribui\u00e7\u00e3o\u00a0equilibrada do trabalho;<br \/>\n\u2022 Dar suporte t\u00e9cnico aos mec\u00e2nicos sempre que necess\u00e1rio;<br \/>\n\u2022 Validar or\u00e7amentos, e necessidades de pe\u00e7as;<br \/>\n\u2022 Garantir uma comunica\u00e7\u00e3o clara com recep\u00e7\u00e3o,\u00a0armaz\u00e9m\u00a0e dire\u00e7\u00e3o de unidades de neg\u00f3cio;<br \/>\n\u2022 Promover a organiza\u00e7\u00e3o,\u00a0seguran\u00e7a\u00a0e efici\u00eancia da oficina.<\/p>\n<p>&nbsp;<\/p>\n<p>Requisitos:<br \/>\n\u2022 Escolaridade m\u00ednima ao n\u00edvel do 12\u00ba ano;<br \/>\n\u2022 Experi\u00eancia m\u00ednima de 3 anos em fun\u00e7\u00f5es de chefia ou de coordena\u00e7\u00e3o no sector (fator eliminat\u00f3rio);<br \/>\n\u2022 Capacidade de\u00a0trabalho\u00a0em equipa e orienta\u00e7\u00e3o para o cliente;<br \/>\n\u2022 Capacidade de organiza\u00e7\u00e3o e planeamento;<br \/>\n\u2022 Conhecimentos avan\u00e7ados de\u00a0inform\u00e1tica\u00a0na \u00f3tica do utilizador.<\/p>\n<p>&nbsp;<\/p>","protected":false},"author":81,"featured_media":80183,"template":"","meta":{"_acf_changed":false,"_promoted":"","_job_location":"Beja","_application":"recrutamento@motorpor.pt","_company_name":"MOTORPOR","_company_website":"https:\/\/www.motorpor.pt","_company_tagline":"","_company_twitter":"","_company_video":"","_filled":0,"_featured":0,"_remote_position":0,"_job_salary":"","_job_salary_currency":"","_job_salary_unit":""},"job-categories":[],"job-types":[2614],"class_list":{"0":"post-373728","1":"job_listing","2":"type-job_listing","3":"status-publish","4":"has-post-thumbnail","5":"hentry","7":"job-type-full-time"},"acf":[],"yoast_head":"<!-- This site is optimized with the Yoast SEO plugin v27.5 - https:\/\/yoast.com\/product\/yoast-seo-wordpress\/ -->\n<title>Chefe de Oficina (M\/F) - Beja - Motorpor<\/title>\n<meta name=\"robots\" content=\"index, follow, max-snippet:-1, max-image-preview:large, max-video-preview:-1\" \/>\n<link rel=\"canonical\" href=\"https:\/\/motorpor.pt\/fr\/recrutamento\/motorpor-beja-2614-chefe-de-oficina-m-f-beja\/\" \/>\n<meta property=\"og:locale\" content=\"fr_FR\" \/>\n<meta property=\"og:type\" content=\"article\" \/>\n<meta property=\"og:title\" content=\"Chefe de Oficina (M\/F) - Beja - Motorpor\" \/>\n<meta property=\"og:description\" content=\"O Grupo Motorpor \u00e9 um grupo do sector autom\u00f3vel que representa as marcas Abarth, Alfa Romeo, Changan, Citroen, Dacia, DS, Fiat, FUSO, Isuzu, Jeep, KGM, Kia, Maxus, Mazda, MG, Mitsubishi, Opel, Peugeot, Renault, Motorpor Usados, e outras marcas como Renew, Motrio, Drivalia, Drive4Move, Eurorepar, International Car, Spoticar e Surprice. Atualmente contamos com mais de 350 [&hellip;]\" \/>\n<meta property=\"og:url\" content=\"https:\/\/motorpor.pt\/fr\/recrutamento\/motorpor-beja-2614-chefe-de-oficina-m-f-beja\/\" \/>\n<meta property=\"og:site_name\" content=\"Motorpor\" \/>\n<meta property=\"article:modified_time\" content=\"2026-02-03T16:10:55+00:00\" \/>\n<meta property=\"og:image\" content=\"https:\/\/motorpor.pt\/wp-content\/uploads\/job-manager-uploads\/company_logo\/2024\/03\/Logo-Motorpor-10-150x150-3.png\" \/>\n\t<meta property=\"og:image:width\" content=\"150\" \/>\n\t<meta property=\"og:image:height\" content=\"150\" \/>\n\t<meta property=\"og:image:type\" content=\"image\/png\" \/>\n<meta name=\"twitter:card\" content=\"summary_large_image\" \/>\n<meta name=\"twitter:label1\" content=\"Dur\u00e9e de lecture estim\u00e9e\" \/>\n\t<meta name=\"twitter:data1\" content=\"1 minute\" \/>\n<script type=\"application\/ld+json\" class=\"yoast-schema-graph\">{\"@context\":\"https:\\\/\\\/schema.org\",\"@graph\":[{\"@type\":\"WebPage\",\"@id\":\"https:\\\/\\\/motorpor.pt\\\/recrutamento\\\/motorpor-beja-2614-chefe-de-oficina-m-f-beja\\\/\",\"url\":\"https:\\\/\\\/motorpor.pt\\\/recrutamento\\\/motorpor-beja-2614-chefe-de-oficina-m-f-beja\\\/\",\"name\":\"Chefe de Oficina (M\\\/F) - Beja - Motorpor\",\"isPartOf\":{\"@id\":\"https:\\\/\\\/motorpor.pt\\\/#website\"},\"primaryImageOfPage\":{\"@id\":\"https:\\\/\\\/motorpor.pt\\\/recrutamento\\\/motorpor-beja-2614-chefe-de-oficina-m-f-beja\\\/#primaryimage\"},\"image\":{\"@id\":\"https:\\\/\\\/motorpor.pt\\\/recrutamento\\\/motorpor-beja-2614-chefe-de-oficina-m-f-beja\\\/#primaryimage\"},\"thumbnailUrl\":\"https:\\\/\\\/motorpor.pt\\\/wp-content\\\/uploads\\\/job-manager-uploads\\\/company_logo\\\/2024\\\/03\\\/Logo-Motorpor-10-150x150-3.png\",\"datePublished\":\"2026-01-07T11:20:12+00:00\",\"dateModified\":\"2026-02-03T16:10:55+00:00\",\"breadcrumb\":{\"@id\":\"https:\\\/\\\/motorpor.pt\\\/recrutamento\\\/motorpor-beja-2614-chefe-de-oficina-m-f-beja\\\/#breadcrumb\"},\"inLanguage\":\"fr-FR\",\"potentialAction\":[{\"@type\":\"ReadAction\",\"target\":[\"https:\\\/\\\/motorpor.pt\\\/recrutamento\\\/motorpor-beja-2614-chefe-de-oficina-m-f-beja\\\/\"]}]},{\"@type\":\"ImageObject\",\"inLanguage\":\"fr-FR\",\"@id\":\"https:\\\/\\\/motorpor.pt\\\/recrutamento\\\/motorpor-beja-2614-chefe-de-oficina-m-f-beja\\\/#primaryimage\",\"url\":\"https:\\\/\\\/motorpor.pt\\\/wp-content\\\/uploads\\\/job-manager-uploads\\\/company_logo\\\/2024\\\/03\\\/Logo-Motorpor-10-150x150-3.png\",\"contentUrl\":\"https:\\\/\\\/motorpor.pt\\\/wp-content\\\/uploads\\\/job-manager-uploads\\\/company_logo\\\/2024\\\/03\\\/Logo-Motorpor-10-150x150-3.png\",\"width\":150,\"height\":150},{\"@type\":\"BreadcrumbList\",\"@id\":\"https:\\\/\\\/motorpor.pt\\\/recrutamento\\\/motorpor-beja-2614-chefe-de-oficina-m-f-beja\\\/#breadcrumb\",\"itemListElement\":[{\"@type\":\"ListItem\",\"position\":1,\"name\":\"In\u00edcio\",\"item\":\"https:\\\/\\\/motorpor.pt\\\/\"},{\"@type\":\"ListItem\",\"position\":2,\"name\":\"Chefe de Oficina (M\\\/F) &#8211; Beja\"}]},{\"@type\":\"WebSite\",\"@id\":\"https:\\\/\\\/motorpor.pt\\\/#website\",\"url\":\"https:\\\/\\\/motorpor.pt\\\/\",\"name\":\"Motorpor\",\"description\":\"Comercio de Autom\u00f3veis Multimarcas\",\"publisher\":{\"@id\":\"https:\\\/\\\/motorpor.pt\\\/#organization\"},\"potentialAction\":[{\"@type\":\"SearchAction\",\"target\":{\"@type\":\"EntryPoint\",\"urlTemplate\":\"https:\\\/\\\/motorpor.pt\\\/?s={search_term_string}\"},\"query-input\":{\"@type\":\"PropertyValueSpecification\",\"valueRequired\":true,\"valueName\":\"search_term_string\"}}],\"inLanguage\":\"fr-FR\"},{\"@type\":\"Organization\",\"@id\":\"https:\\\/\\\/motorpor.pt\\\/#organization\",\"name\":\"Motorpor\",\"alternateName\":\"Motorpor\",\"url\":\"https:\\\/\\\/motorpor.pt\\\/\",\"logo\":{\"@type\":\"ImageObject\",\"inLanguage\":\"fr-FR\",\"@id\":\"https:\\\/\\\/motorpor.pt\\\/#\\\/schema\\\/logo\\\/image\\\/\",\"url\":\"https:\\\/\\\/motorpor.pt\\\/wp-content\\\/uploads\\\/2024\\\/07\\\/Logo-Motorpor-Preto.svg\",\"contentUrl\":\"https:\\\/\\\/motorpor.pt\\\/wp-content\\\/uploads\\\/2024\\\/07\\\/Logo-Motorpor-Preto.svg\",\"width\":493,\"height\":93,\"caption\":\"Motorpor\"},\"image\":{\"@id\":\"https:\\\/\\\/motorpor.pt\\\/#\\\/schema\\\/logo\\\/image\\\/\"},\"sameAs\":[\"https:\\\/\\\/www.linkedin.com\\\/company\\\/grupo-motorpor\"]}]}<\/script>\n<!-- \/ Yoast SEO plugin. -->","yoast_head_json":{"title":"Chefe de Oficina (M\/F) - Beja - Motorpor","robots":{"index":"index","follow":"follow","max-snippet":"max-snippet:-1","max-image-preview":"max-image-preview:large","max-video-preview":"max-video-preview:-1"},"canonical":"https:\/\/motorpor.pt\/fr\/recrutamento\/motorpor-beja-2614-chefe-de-oficina-m-f-beja\/","og_locale":"fr_FR","og_type":"article","og_title":"Chefe de Oficina (M\/F) - Beja - Motorpor","og_description":"O Grupo Motorpor \u00e9 um grupo do sector autom\u00f3vel que representa as marcas Abarth, Alfa Romeo, Changan, Citroen, Dacia, DS, Fiat, FUSO, Isuzu, Jeep, KGM, Kia, Maxus, Mazda, MG, Mitsubishi, Opel, Peugeot, Renault, Motorpor Usados, e outras marcas como Renew, Motrio, Drivalia, Drive4Move, Eurorepar, International Car, Spoticar e Surprice. Atualmente contamos com mais de 350 [&hellip;]","og_url":"https:\/\/motorpor.pt\/fr\/recrutamento\/motorpor-beja-2614-chefe-de-oficina-m-f-beja\/","og_site_name":"Motorpor","article_modified_time":"2026-02-03T16:10:55+00:00","og_image":[{"width":150,"height":150,"url":"https:\/\/motorpor.pt\/wp-content\/uploads\/job-manager-uploads\/company_logo\/2024\/03\/Logo-Motorpor-10-150x150-3.png","type":"image\/png"}],"twitter_card":"summary_large_image","twitter_misc":{"Dur\u00e9e de lecture estim\u00e9e":"1 minute"},"schema":{"@context":"https:\/\/schema.org","@graph":[{"@type":"WebPage","@id":"https:\/\/motorpor.pt\/recrutamento\/motorpor-beja-2614-chefe-de-oficina-m-f-beja\/","url":"https:\/\/motorpor.pt\/recrutamento\/motorpor-beja-2614-chefe-de-oficina-m-f-beja\/","name":"Chefe de Oficina (M\/F) - Beja - Motorpor","isPartOf":{"@id":"https:\/\/motorpor.pt\/#website"},"primaryImageOfPage":{"@id":"https:\/\/motorpor.pt\/recrutamento\/motorpor-beja-2614-chefe-de-oficina-m-f-beja\/#primaryimage"},"image":{"@id":"https:\/\/motorpor.pt\/recrutamento\/motorpor-beja-2614-chefe-de-oficina-m-f-beja\/#primaryimage"},"thumbnailUrl":"https:\/\/motorpor.pt\/wp-content\/uploads\/job-manager-uploads\/company_logo\/2024\/03\/Logo-Motorpor-10-150x150-3.png","datePublished":"2026-01-07T11:20:12+00:00","dateModified":"2026-02-03T16:10:55+00:00","breadcrumb":{"@id":"https:\/\/motorpor.pt\/recrutamento\/motorpor-beja-2614-chefe-de-oficina-m-f-beja\/#breadcrumb"},"inLanguage":"fr-FR","potentialAction":[{"@type":"ReadAction","target":["https:\/\/motorpor.pt\/recrutamento\/motorpor-beja-2614-chefe-de-oficina-m-f-beja\/"]}]},{"@type":"ImageObject","inLanguage":"fr-FR","@id":"https:\/\/motorpor.pt\/recrutamento\/motorpor-beja-2614-chefe-de-oficina-m-f-beja\/#primaryimage","url":"https:\/\/motorpor.pt\/wp-content\/uploads\/job-manager-uploads\/company_logo\/2024\/03\/Logo-Motorpor-10-150x150-3.png","contentUrl":"https:\/\/motorpor.pt\/wp-content\/uploads\/job-manager-uploads\/company_logo\/2024\/03\/Logo-Motorpor-10-150x150-3.png","width":150,"height":150},{"@type":"BreadcrumbList","@id":"https:\/\/motorpor.pt\/recrutamento\/motorpor-beja-2614-chefe-de-oficina-m-f-beja\/#breadcrumb","itemListElement":[{"@type":"ListItem","position":1,"name":"In\u00edcio","item":"https:\/\/motorpor.pt\/"},{"@type":"ListItem","position":2,"name":"Chefe de Oficina (M\/F) &#8211; Beja"}]},{"@type":"WebSite","@id":"https:\/\/motorpor.pt\/#website","url":"https:\/\/motorpor.pt\/","name":"motorpor","description":"Comercio de Autom\u00f3veis Multimarcas","publisher":{"@id":"https:\/\/motorpor.pt\/#organization"},"potentialAction":[{"@type":"SearchAction","target":{"@type":"EntryPoint","urlTemplate":"https:\/\/motorpor.pt\/?s={search_term_string}"},"query-input":{"@type":"PropertyValueSpecification","valueRequired":true,"valueName":"search_term_string"}}],"inLanguage":"fr-FR"},{"@type":"Organization","@id":"https:\/\/motorpor.pt\/#organization","name":"motorpor","alternateName":"Motorpor","url":"https:\/\/motorpor.pt\/","logo":{"@type":"ImageObject","inLanguage":"fr-FR","@id":"https:\/\/motorpor.pt\/#\/schema\/logo\/image\/","url":"https:\/\/motorpor.pt\/wp-content\/uploads\/2024\/07\/Logo-Motorpor-Preto.svg","contentUrl":"https:\/\/motorpor.pt\/wp-content\/uploads\/2024\/07\/Logo-Motorpor-Preto.svg","width":493,"height":93,"caption":"Motorpor"},"image":{"@id":"https:\/\/motorpor.pt\/#\/schema\/logo\/image\/"},"sameAs":["https:\/\/www.linkedin.com\/company\/grupo-motorpor"]}]}},"_links":{"self":[{"href":"https:\/\/motorpor.pt\/fr\/wp-json\/wp\/v2\/job-listings\/373728","targetHints":{"allow":["GET"]}}],"collection":[{"href":"https:\/\/motorpor.pt\/fr\/wp-json\/wp\/v2\/job-listings"}],"about":[{"href":"https:\/\/motorpor.pt\/fr\/wp-json\/wp\/v2\/types\/job_listing"}],"author":[{"embeddable":true,"href":"https:\/\/motorpor.pt\/fr\/wp-json\/wp\/v2\/users\/81"}],"version-history":[{"count":2,"href":"https:\/\/motorpor.pt\/fr\/wp-json\/wp\/v2\/job-listings\/373728\/revisions"}],"predecessor-version":[{"id":428301,"href":"https:\/\/motorpor.pt\/fr\/wp-json\/wp\/v2\/job-listings\/373728\/revisions\/428301"}],"wp:featuredmedia":[{"embeddable":true,"href":"https:\/\/motorpor.pt\/fr\/wp-json\/wp\/v2\/media\/80183"}],"wp:attachment":[{"href":"https:\/\/motorpor.pt\/fr\/wp-json\/wp\/v2\/media?parent=373728"}],"wp:term":[{"taxonomy":"job_listing_category","embeddable":true,"href":"https:\/\/motorpor.pt\/fr\/wp-json\/wp\/v2\/job-categories?post=373728"},{"taxonomy":"job_listing_type","embeddable":true,"href":"https:\/\/motorpor.pt\/fr\/wp-json\/wp\/v2\/job-types?post=373728"}],"curies":[{"name":"wp","href":"https:\/\/api.w.org\/{rel}","templated":true}]}}