{"id":527503,"date":"2026-03-18T11:52:08","date_gmt":"2026-03-18T10:52:08","guid":{"rendered":"https:\/\/motorpor.pt\/?post_type=job_listing&#038;p=527503"},"modified":"2026-03-26T16:17:49","modified_gmt":"2026-03-26T15:17:49","slug":"motorpor-faro-2614-supervisor-de-estacao-de-rent-a-car-m-f-faro","status":"publish","type":"job_listing","link":"https:\/\/motorpor.pt\/fr\/recrutamento\/motorpor-faro-2614-supervisor-de-estacao-de-rent-a-car-m-f-faro\/","title":{"rendered":"Supervisor de Servi\u00e7o Rent-a-Car (M\/F) &#8211; Faro"},"content":{"rendered":"<p>O Grupo Motorpor \u00e9 um grupo do sector autom\u00f3vel que representa as marcas Abarth, Alfa Romeo, Changan, Citroen, Dacia, DS, Fiat, FUSO, Isuzu, Jeep, KGM, Kia, Maxus, Mazda, MG, Mitsubishi, Opel, Peugeot, Renault, Motorpor Usados, e outras marcas como Renew, Motrio, Drivalia, Drive4Move, Eurorepar, International Car, Spoticar e Surprice.<\/p>\n<p>&nbsp;<\/p>\n<p>Atualmente contamos com mais de 350 colaboradores em\u00a0Portugal\u00a0(Almada, Beja, \u00c9vora, Faro, Lisboa, Montijo, Palmela, Penafiel, Portalegre, Portim\u00e3o,\u00a0Set\u00fabal\u00a0e Sines).<\/p>\n<p>&nbsp;<\/p>\n<p>Os nossos valores s\u00e3o a ambi\u00e7\u00e3o, o compromisso, a centricidade no cliente, a sustentabilidade, a integridade, o dinamismo e agilidade, bem como o respeito m\u00fatuo por colaboradores e parceiros.<\/p>\n<p>&nbsp;<\/p>\n<p>Supervisor de Esta\u00e7\u00e3o de Rent-a-Car (M\/F) \u2013 Faro<\/p>\n<p>&nbsp;<\/p>\n<p>\u2022 Gest\u00e3o de equipa de rececionistas;<br \/>\n\u2022 Gest\u00e3o de frota;<br \/>\n\u2022 Gest\u00e3o de reservas;<br \/>\n\u2022 Gest\u00e3o de tarefas administrativas e operacionais.<\/p>\n<p>&nbsp;<\/p>\n<p>Requisitos:<\/p>\n<p>\u2022 Habilita\u00e7\u00f5es m\u00ednimas ao n\u00edvel do 12\u00ba ano ou curso superior;<br \/>\n\u2022 Carta de condu\u00e7\u00e3o (fator eliminat\u00f3rio);<br \/>\n\u2022 Dom\u00ednio de\u00a0Ingl\u00eas\u00a0(fator eliminat\u00f3rio);<br \/>\n\u2022 Bons conhecimentos de\u00a0inform\u00e1tica\u00a0na \u00f3tica do utilizador;<br \/>\n\u2022 Gosto pela \u00e1rea\u00a0comercial\u00a0e atendimento ao p\u00fablico;<br \/>\n\u2022 Flexibilidade de hor\u00e1rios (disponibilidade para trabalhar por turnos e aos fins de semana);<br \/>\n\u2022 Boa capacidade de liderar, comunicar, rigoroso, din\u00e2mico e com sentido de responsabilidade e<\/p>","protected":false},"author":81,"featured_media":80183,"template":"","meta":{"_acf_changed":false,"_promoted":"","_job_location":"Faro","_application":"recrutamento@motorpor.pt","_company_name":"MOTORPOR","_company_website":"https:\/\/www.motorpor.pt","_company_tagline":"","_company_twitter":"","_company_video":"","_filled":1,"_featured":0,"_remote_position":0,"_job_salary":"","_job_salary_currency":"","_job_salary_unit":""},"job-categories":[],"job-types":[2614],"class_list":{"0":"post-527503","1":"job_listing","2":"type-job_listing","3":"status-publish","4":"has-post-thumbnail","5":"hentry","7":"job-type-full-time","8":"job_position_filled"},"acf":[],"yoast_head":"<!-- This site is optimized with the Yoast SEO plugin v27.5 - https:\/\/yoast.com\/product\/yoast-seo-wordpress\/ -->\n<title>Supervisor de Servi\u00e7o Rent-a-Car (M\/F) - Faro - Motorpor<\/title>\n<meta name=\"robots\" content=\"index, follow, max-snippet:-1, max-image-preview:large, max-video-preview:-1\" \/>\n<link rel=\"canonical\" href=\"https:\/\/motorpor.pt\/fr\/recrutamento\/motorpor-faro-2614-supervisor-de-estacao-de-rent-a-car-m-f-faro\/\" \/>\n<meta property=\"og:locale\" content=\"fr_FR\" \/>\n<meta property=\"og:type\" content=\"article\" \/>\n<meta property=\"og:title\" content=\"Supervisor de Servi\u00e7o Rent-a-Car (M\/F) - Faro - Motorpor\" \/>\n<meta property=\"og:description\" content=\"O Grupo Motorpor \u00e9 um grupo do sector autom\u00f3vel que representa as marcas Abarth, Alfa Romeo, Changan, Citroen, Dacia, DS, Fiat, FUSO, Isuzu, Jeep, KGM, Kia, Maxus, Mazda, MG, Mitsubishi, Opel, Peugeot, Renault, Motorpor Usados, e outras marcas como Renew, Motrio, Drivalia, Drive4Move, Eurorepar, International Car, Spoticar e Surprice. &nbsp; Atualmente contamos com mais de [&hellip;]\" \/>\n<meta property=\"og:url\" content=\"https:\/\/motorpor.pt\/fr\/recrutamento\/motorpor-faro-2614-supervisor-de-estacao-de-rent-a-car-m-f-faro\/\" \/>\n<meta property=\"og:site_name\" content=\"Motorpor\" \/>\n<meta property=\"article:modified_time\" content=\"2026-03-26T15:17:49+00:00\" \/>\n<meta property=\"og:image\" content=\"https:\/\/motorpor.pt\/wp-content\/uploads\/job-manager-uploads\/company_logo\/2024\/03\/Logo-Motorpor-10-150x150-3.png\" \/>\n\t<meta property=\"og:image:width\" content=\"150\" \/>\n\t<meta property=\"og:image:height\" content=\"150\" \/>\n\t<meta property=\"og:image:type\" content=\"image\/png\" \/>\n<meta name=\"twitter:card\" content=\"summary_large_image\" \/>\n<meta name=\"twitter:label1\" content=\"Dur\u00e9e de lecture estim\u00e9e\" \/>\n\t<meta name=\"twitter:data1\" content=\"1 minute\" \/>\n<script type=\"application\/ld+json\" class=\"yoast-schema-graph\">{\"@context\":\"https:\\\/\\\/schema.org\",\"@graph\":[{\"@type\":\"WebPage\",\"@id\":\"https:\\\/\\\/motorpor.pt\\\/recrutamento\\\/motorpor-faro-2614-supervisor-de-estacao-de-rent-a-car-m-f-faro\\\/\",\"url\":\"https:\\\/\\\/motorpor.pt\\\/recrutamento\\\/motorpor-faro-2614-supervisor-de-estacao-de-rent-a-car-m-f-faro\\\/\",\"name\":\"Supervisor de Servi\u00e7o Rent-a-Car (M\\\/F) - Faro - Motorpor\",\"isPartOf\":{\"@id\":\"https:\\\/\\\/motorpor.pt\\\/#website\"},\"primaryImageOfPage\":{\"@id\":\"https:\\\/\\\/motorpor.pt\\\/recrutamento\\\/motorpor-faro-2614-supervisor-de-estacao-de-rent-a-car-m-f-faro\\\/#primaryimage\"},\"image\":{\"@id\":\"https:\\\/\\\/motorpor.pt\\\/recrutamento\\\/motorpor-faro-2614-supervisor-de-estacao-de-rent-a-car-m-f-faro\\\/#primaryimage\"},\"thumbnailUrl\":\"https:\\\/\\\/motorpor.pt\\\/wp-content\\\/uploads\\\/job-manager-uploads\\\/company_logo\\\/2024\\\/03\\\/Logo-Motorpor-10-150x150-3.png\",\"datePublished\":\"2026-03-18T10:52:08+00:00\",\"dateModified\":\"2026-03-26T15:17:49+00:00\",\"breadcrumb\":{\"@id\":\"https:\\\/\\\/motorpor.pt\\\/recrutamento\\\/motorpor-faro-2614-supervisor-de-estacao-de-rent-a-car-m-f-faro\\\/#breadcrumb\"},\"inLanguage\":\"fr-FR\",\"potentialAction\":[{\"@type\":\"ReadAction\",\"target\":[\"https:\\\/\\\/motorpor.pt\\\/recrutamento\\\/motorpor-faro-2614-supervisor-de-estacao-de-rent-a-car-m-f-faro\\\/\"]}]},{\"@type\":\"ImageObject\",\"inLanguage\":\"fr-FR\",\"@id\":\"https:\\\/\\\/motorpor.pt\\\/recrutamento\\\/motorpor-faro-2614-supervisor-de-estacao-de-rent-a-car-m-f-faro\\\/#primaryimage\",\"url\":\"https:\\\/\\\/motorpor.pt\\\/wp-content\\\/uploads\\\/job-manager-uploads\\\/company_logo\\\/2024\\\/03\\\/Logo-Motorpor-10-150x150-3.png\",\"contentUrl\":\"https:\\\/\\\/motorpor.pt\\\/wp-content\\\/uploads\\\/job-manager-uploads\\\/company_logo\\\/2024\\\/03\\\/Logo-Motorpor-10-150x150-3.png\",\"width\":150,\"height\":150},{\"@type\":\"BreadcrumbList\",\"@id\":\"https:\\\/\\\/motorpor.pt\\\/recrutamento\\\/motorpor-faro-2614-supervisor-de-estacao-de-rent-a-car-m-f-faro\\\/#breadcrumb\",\"itemListElement\":[{\"@type\":\"ListItem\",\"position\":1,\"name\":\"In\u00edcio\",\"item\":\"https:\\\/\\\/motorpor.pt\\\/\"},{\"@type\":\"ListItem\",\"position\":2,\"name\":\"Supervisor de Servi\u00e7o Rent-a-Car (M\\\/F) &#8211; Faro\"}]},{\"@type\":\"WebSite\",\"@id\":\"https:\\\/\\\/motorpor.pt\\\/#website\",\"url\":\"https:\\\/\\\/motorpor.pt\\\/\",\"name\":\"Motorpor\",\"description\":\"Comercio de Autom\u00f3veis Multimarcas\",\"publisher\":{\"@id\":\"https:\\\/\\\/motorpor.pt\\\/#organization\"},\"potentialAction\":[{\"@type\":\"SearchAction\",\"target\":{\"@type\":\"EntryPoint\",\"urlTemplate\":\"https:\\\/\\\/motorpor.pt\\\/?s={search_term_string}\"},\"query-input\":{\"@type\":\"PropertyValueSpecification\",\"valueRequired\":true,\"valueName\":\"search_term_string\"}}],\"inLanguage\":\"fr-FR\"},{\"@type\":\"Organization\",\"@id\":\"https:\\\/\\\/motorpor.pt\\\/#organization\",\"name\":\"Motorpor\",\"alternateName\":\"Motorpor\",\"url\":\"https:\\\/\\\/motorpor.pt\\\/\",\"logo\":{\"@type\":\"ImageObject\",\"inLanguage\":\"fr-FR\",\"@id\":\"https:\\\/\\\/motorpor.pt\\\/#\\\/schema\\\/logo\\\/image\\\/\",\"url\":\"https:\\\/\\\/motorpor.pt\\\/wp-content\\\/uploads\\\/2024\\\/07\\\/Logo-Motorpor-Preto.svg\",\"contentUrl\":\"https:\\\/\\\/motorpor.pt\\\/wp-content\\\/uploads\\\/2024\\\/07\\\/Logo-Motorpor-Preto.svg\",\"width\":493,\"height\":93,\"caption\":\"Motorpor\"},\"image\":{\"@id\":\"https:\\\/\\\/motorpor.pt\\\/#\\\/schema\\\/logo\\\/image\\\/\"},\"sameAs\":[\"https:\\\/\\\/www.linkedin.com\\\/company\\\/grupo-motorpor\"]}]}<\/script>\n<!-- \/ Yoast SEO plugin. -->","yoast_head_json":{"title":"Supervisor de Servi\u00e7o Rent-a-Car (M\/F) - Faro - Motorpor","robots":{"index":"index","follow":"follow","max-snippet":"max-snippet:-1","max-image-preview":"max-image-preview:large","max-video-preview":"max-video-preview:-1"},"canonical":"https:\/\/motorpor.pt\/fr\/recrutamento\/motorpor-faro-2614-supervisor-de-estacao-de-rent-a-car-m-f-faro\/","og_locale":"fr_FR","og_type":"article","og_title":"Supervisor de Servi\u00e7o Rent-a-Car (M\/F) - Faro - Motorpor","og_description":"O Grupo Motorpor \u00e9 um grupo do sector autom\u00f3vel que representa as marcas Abarth, Alfa Romeo, Changan, Citroen, Dacia, DS, Fiat, FUSO, Isuzu, Jeep, KGM, Kia, Maxus, Mazda, MG, Mitsubishi, Opel, Peugeot, Renault, Motorpor Usados, e outras marcas como Renew, Motrio, Drivalia, Drive4Move, Eurorepar, International Car, Spoticar e Surprice. &nbsp; Atualmente contamos com mais de [&hellip;]","og_url":"https:\/\/motorpor.pt\/fr\/recrutamento\/motorpor-faro-2614-supervisor-de-estacao-de-rent-a-car-m-f-faro\/","og_site_name":"Motorpor","article_modified_time":"2026-03-26T15:17:49+00:00","og_image":[{"width":150,"height":150,"url":"https:\/\/motorpor.pt\/wp-content\/uploads\/job-manager-uploads\/company_logo\/2024\/03\/Logo-Motorpor-10-150x150-3.png","type":"image\/png"}],"twitter_card":"summary_large_image","twitter_misc":{"Dur\u00e9e de lecture estim\u00e9e":"1 minute"},"schema":{"@context":"https:\/\/schema.org","@graph":[{"@type":"WebPage","@id":"https:\/\/motorpor.pt\/recrutamento\/motorpor-faro-2614-supervisor-de-estacao-de-rent-a-car-m-f-faro\/","url":"https:\/\/motorpor.pt\/recrutamento\/motorpor-faro-2614-supervisor-de-estacao-de-rent-a-car-m-f-faro\/","name":"Supervisor de Servi\u00e7o Rent-a-Car (M\/F) - Faro - Motorpor","isPartOf":{"@id":"https:\/\/motorpor.pt\/#website"},"primaryImageOfPage":{"@id":"https:\/\/motorpor.pt\/recrutamento\/motorpor-faro-2614-supervisor-de-estacao-de-rent-a-car-m-f-faro\/#primaryimage"},"image":{"@id":"https:\/\/motorpor.pt\/recrutamento\/motorpor-faro-2614-supervisor-de-estacao-de-rent-a-car-m-f-faro\/#primaryimage"},"thumbnailUrl":"https:\/\/motorpor.pt\/wp-content\/uploads\/job-manager-uploads\/company_logo\/2024\/03\/Logo-Motorpor-10-150x150-3.png","datePublished":"2026-03-18T10:52:08+00:00","dateModified":"2026-03-26T15:17:49+00:00","breadcrumb":{"@id":"https:\/\/motorpor.pt\/recrutamento\/motorpor-faro-2614-supervisor-de-estacao-de-rent-a-car-m-f-faro\/#breadcrumb"},"inLanguage":"fr-FR","potentialAction":[{"@type":"ReadAction","target":["https:\/\/motorpor.pt\/recrutamento\/motorpor-faro-2614-supervisor-de-estacao-de-rent-a-car-m-f-faro\/"]}]},{"@type":"ImageObject","inLanguage":"fr-FR","@id":"https:\/\/motorpor.pt\/recrutamento\/motorpor-faro-2614-supervisor-de-estacao-de-rent-a-car-m-f-faro\/#primaryimage","url":"https:\/\/motorpor.pt\/wp-content\/uploads\/job-manager-uploads\/company_logo\/2024\/03\/Logo-Motorpor-10-150x150-3.png","contentUrl":"https:\/\/motorpor.pt\/wp-content\/uploads\/job-manager-uploads\/company_logo\/2024\/03\/Logo-Motorpor-10-150x150-3.png","width":150,"height":150},{"@type":"BreadcrumbList","@id":"https:\/\/motorpor.pt\/recrutamento\/motorpor-faro-2614-supervisor-de-estacao-de-rent-a-car-m-f-faro\/#breadcrumb","itemListElement":[{"@type":"ListItem","position":1,"name":"In\u00edcio","item":"https:\/\/motorpor.pt\/"},{"@type":"ListItem","position":2,"name":"Supervisor de Servi\u00e7o Rent-a-Car (M\/F) &#8211; Faro"}]},{"@type":"WebSite","@id":"https:\/\/motorpor.pt\/#website","url":"https:\/\/motorpor.pt\/","name":"motorpor","description":"Comercio de Autom\u00f3veis Multimarcas","publisher":{"@id":"https:\/\/motorpor.pt\/#organization"},"potentialAction":[{"@type":"SearchAction","target":{"@type":"EntryPoint","urlTemplate":"https:\/\/motorpor.pt\/?s={search_term_string}"},"query-input":{"@type":"PropertyValueSpecification","valueRequired":true,"valueName":"search_term_string"}}],"inLanguage":"fr-FR"},{"@type":"Organization","@id":"https:\/\/motorpor.pt\/#organization","name":"motorpor","alternateName":"Motorpor","url":"https:\/\/motorpor.pt\/","logo":{"@type":"ImageObject","inLanguage":"fr-FR","@id":"https:\/\/motorpor.pt\/#\/schema\/logo\/image\/","url":"https:\/\/motorpor.pt\/wp-content\/uploads\/2024\/07\/Logo-Motorpor-Preto.svg","contentUrl":"https:\/\/motorpor.pt\/wp-content\/uploads\/2024\/07\/Logo-Motorpor-Preto.svg","width":493,"height":93,"caption":"Motorpor"},"image":{"@id":"https:\/\/motorpor.pt\/#\/schema\/logo\/image\/"},"sameAs":["https:\/\/www.linkedin.com\/company\/grupo-motorpor"]}]}},"_links":{"self":[{"href":"https:\/\/motorpor.pt\/fr\/wp-json\/wp\/v2\/job-listings\/527503","targetHints":{"allow":["GET"]}}],"collection":[{"href":"https:\/\/motorpor.pt\/fr\/wp-json\/wp\/v2\/job-listings"}],"about":[{"href":"https:\/\/motorpor.pt\/fr\/wp-json\/wp\/v2\/types\/job_listing"}],"author":[{"embeddable":true,"href":"https:\/\/motorpor.pt\/fr\/wp-json\/wp\/v2\/users\/81"}],"version-history":[{"count":2,"href":"https:\/\/motorpor.pt\/fr\/wp-json\/wp\/v2\/job-listings\/527503\/revisions"}],"predecessor-version":[{"id":552554,"href":"https:\/\/motorpor.pt\/fr\/wp-json\/wp\/v2\/job-listings\/527503\/revisions\/552554"}],"wp:featuredmedia":[{"embeddable":true,"href":"https:\/\/motorpor.pt\/fr\/wp-json\/wp\/v2\/media\/80183"}],"wp:attachment":[{"href":"https:\/\/motorpor.pt\/fr\/wp-json\/wp\/v2\/media?parent=527503"}],"wp:term":[{"taxonomy":"job_listing_category","embeddable":true,"href":"https:\/\/motorpor.pt\/fr\/wp-json\/wp\/v2\/job-categories?post=527503"},{"taxonomy":"job_listing_type","embeddable":true,"href":"https:\/\/motorpor.pt\/fr\/wp-json\/wp\/v2\/job-types?post=527503"}],"curies":[{"name":"wp","href":"https:\/\/api.w.org\/{rel}","templated":true}]}}