{"id":577159,"date":"2026-04-06T09:55:29","date_gmt":"2026-04-06T08:55:29","guid":{"rendered":"https:\/\/motorpor.pt\/?post_type=job_listing&#038;p=577159"},"modified":"2026-04-24T15:24:29","modified_gmt":"2026-04-24T14:24:29","slug":"motorpor-lisboa-2614-comercial-b2b-automoveis-m-f-lisboa","status":"publish","type":"job_listing","link":"https:\/\/motorpor.pt\/fr\/recrutamento\/motorpor-lisboa-2614-comercial-b2b-automoveis-m-f-lisboa\/","title":{"rendered":"Comercial B2B &#8211; Autom\u00f3veis (M\/F) &#8211;\u00a0Lisboa"},"content":{"rendered":"<p>O Grupo Motorpor \u00e9 um grupo do sector autom\u00f3vel que representa as marcas Abarth, Alfa Romeo, Changan, Citroen, Dacia, DS, Fiat, FUSO, Isuzu, Jeep, KGM, Kia, Maxus, Mazda, MG, Mitsubishi, Opel, Peugeot, Renault, Motorpor Usados, e outras marcas como Renew, Motrio, Drivalia, Drive4Move, Eurorepar, International Car, Spoticar e Surprice.<\/p>\n<p>&nbsp;<\/p>\n<p>Atualmente contamos com mais de 350 colaboradores em\u00a0Portugal\u00a0(Almada, Beja, \u00c9vora, Faro, Lisboa, Montijo, Palmela, Penafiel, Portalegre, Portim\u00e3o,\u00a0Set\u00fabal\u00a0e Sines).<\/p>\n<p>&nbsp;<\/p>\n<p>Os nossos valores s\u00e3o a ambi\u00e7\u00e3o, o compromisso, a centricidade no cliente, a sustentabilidade, a integridade, o dinamismo e agilidade, bem como o respeito m\u00fatuo por colaboradores e parceiros.<\/p>\n<p>&nbsp;<\/p>\n<p>Comercial B2B \u2013 Autom\u00f3veis (M\/F) \u2013\u00a0Lisboa<\/p>\n<p>&nbsp;<\/p>\n<p>Procuramos uma pessoa que tenha disponibilidade para desloca\u00e7\u00f5es frequentes, por\u00e9m o local de\u00a0trabalho\u00a0situa-se em Almada.<\/p>\n<p>&nbsp;<\/p>\n<p>\u2022 Angariar novos clientes no segmento empresarial e abrir portas a novas oportunidades de neg\u00f3cio;<br \/>\n\u2022 Gerir e expandir a carteira de clientes, garantindo crescimento cont\u00ednuo;<br \/>\n\u2022 Apresentar e vender solu\u00e7\u00f5es de forma convincente, focando-se em resultados;<br \/>\n\u2022 Negociar propostas e fechar neg\u00f3cios;<br \/>\n\u2022 Acompanhar a evolu\u00e7\u00e3o do mercado autom\u00f3vel;<br \/>\n\u2022 Acompanhar todo o processo de venda, desde o primeiro contacto at\u00e9 ao fecho;<br \/>\n\u2022 Garantir um acompanhamento constante dos clientes, potenciando novas vendas;<br \/>\n\u2022 Cumprir objetivos comerciais e superar metas definidas;<br \/>\n\u2022 An\u00e1lise de necessidades de mercado.<\/p>\n<p>&nbsp;<\/p>\n<p>Requisitos:<\/p>\n<p>&nbsp;<\/p>\n<p>\u2022 Experi\u00eancia pr\u00e9via em\u00a0vendas\u00a0B2B, idealmente no setor autom\u00f3vel;<br \/>\n\u2022 Familiaridade com gest\u00e3o de frotas e produtos financeiros;<br \/>\n\u2022 Entendimento do ciclo de compra empresarial e dos principais stakeholders do setor (compras, opera\u00e7\u00f5es, dire\u00e7\u00e3o t\u00e9cnica);<br \/>\n\u2022 Capacidade comprovada de prospe\u00e7\u00e3o, negocia\u00e7\u00e3o e fecho de contratos com empresas;<br \/>\n\u2022 Habilidade para gerir ciclos de venda longos e relacionamentos duradouros com clientes,<br \/>\n\u2022 Experi\u00eancia em gest\u00e3o de carteira de clientes e uso de\u00a0CRM\u00a0(Salesforce por exemplo);<br \/>\n\u2022 Forte orienta\u00e7\u00e3o para resultados e KPIs (volume, margem, crescimento da base de clientes),<br \/>\n\u2022 Autonomia e proatividade, com mentalidade empreendedora;<br \/>\n\u2022 Comunica\u00e7\u00e3o assertiva e emp\u00e1tica, adapt\u00e1vel a diferentes perfis de cliente;<br \/>\n\u2022 Capacidade anal\u00edtica, para identificar oportunidades de neg\u00f3cio e tend\u00eancias de mercado;<br \/>\n\u2022 Resili\u00eancia e persist\u00eancia, essenciais num contexto B2B competitivo;<br \/>\n\u2022 Esp\u00edrito de equipa e colabora\u00e7\u00e3o com marketing, p\u00f3s venda e outros departamentos transversais.<\/p>\n<p>&nbsp;<\/p>\n<p>Forma\u00e7\u00e3o e Requisitos Complementares:<\/p>\n<p>&nbsp;<\/p>\n<p>\u2022 Forma\u00e7\u00e3o em Gest\u00e3o, Marketing,\u00a0Engenharia\u00a0Autom\u00f3vel ou \u00e1rea t\u00e9cnica\/comercial equivalente (preferencial);<br \/>\n\u2022 Carta de condu\u00e7\u00e3o e disponibilidade para desloca\u00e7\u00f5es frequentes;<br \/>\n\u2022 Bons conhecimentos de Excel e ferramentas digitais (an\u00e1lise de dados de clientes, reporting).<\/p>\n<p>&nbsp;<\/p>\n<p>Valorizamos:<\/p>\n<p>&nbsp;<\/p>\n<p>\u2022 Rede de contactos j\u00e1 existente no setor autom\u00f3vel;<br \/>\n\u2022 Experi\u00eancia com\u00a0vendas\u00a0consultivas ou solu\u00e7\u00f5es t\u00e9cnicas personalizadas,<br \/>\n\u2022 Hist\u00f3rico comprovado de crescimento de volume de\u00a0vendas\u00a0ou abertura de novos mercados B2B.<\/p>\n<p>&nbsp;<\/p>\n<p>Enviar candidaturas para o e-mail\u00a0recrutamento@motorpor.pt<\/p>","protected":false},"author":81,"featured_media":80183,"template":"","meta":{"_acf_changed":false,"_promoted":"","_job_location":"Lisboa","_application":"recrutamento@motorpor.pt","_company_name":"MOTORPOR","_company_website":"https:\/\/www.motorpor.pt","_company_tagline":"","_company_twitter":"","_company_video":"","_filled":0,"_featured":0,"_remote_position":0,"_job_salary":"","_job_salary_currency":"","_job_salary_unit":""},"job-categories":[],"job-types":[2614],"class_list":{"0":"post-577159","1":"job_listing","2":"type-job_listing","3":"status-publish","4":"has-post-thumbnail","5":"hentry","7":"job-type-full-time"},"acf":[],"yoast_head":"<!-- This site is optimized with the Yoast SEO plugin v27.5 - https:\/\/yoast.com\/product\/yoast-seo-wordpress\/ -->\n<title>Comercial B2B - Autom\u00f3veis (M\/F) -\u00a0Lisboa - Motorpor<\/title>\n<meta name=\"robots\" content=\"index, follow, max-snippet:-1, max-image-preview:large, max-video-preview:-1\" \/>\n<link rel=\"canonical\" href=\"https:\/\/motorpor.pt\/fr\/recrutamento\/motorpor-lisboa-2614-comercial-b2b-automoveis-m-f-lisboa\/\" \/>\n<meta property=\"og:locale\" content=\"fr_FR\" \/>\n<meta property=\"og:type\" content=\"article\" \/>\n<meta property=\"og:title\" content=\"Comercial B2B - Autom\u00f3veis (M\/F) -\u00a0Lisboa - Motorpor\" \/>\n<meta property=\"og:description\" content=\"O Grupo Motorpor \u00e9 um grupo do sector autom\u00f3vel que representa as marcas Abarth, Alfa Romeo, Changan, Citroen, Dacia, DS, Fiat, FUSO, Isuzu, Jeep, KGM, Kia, Maxus, Mazda, MG, Mitsubishi, Opel, Peugeot, Renault, Motorpor Usados, e outras marcas como Renew, Motrio, Drivalia, Drive4Move, Eurorepar, International Car, Spoticar e Surprice. &nbsp; Atualmente contamos com mais de [&hellip;]\" \/>\n<meta property=\"og:url\" content=\"https:\/\/motorpor.pt\/fr\/recrutamento\/motorpor-lisboa-2614-comercial-b2b-automoveis-m-f-lisboa\/\" \/>\n<meta property=\"og:site_name\" content=\"Motorpor\" \/>\n<meta property=\"article:modified_time\" content=\"2026-04-24T14:24:29+00:00\" \/>\n<meta property=\"og:image\" content=\"https:\/\/motorpor.pt\/wp-content\/uploads\/job-manager-uploads\/company_logo\/2024\/03\/Logo-Motorpor-10-150x150-3.png\" \/>\n\t<meta property=\"og:image:width\" content=\"150\" \/>\n\t<meta property=\"og:image:height\" content=\"150\" \/>\n\t<meta property=\"og:image:type\" content=\"image\/png\" \/>\n<meta name=\"twitter:card\" content=\"summary_large_image\" \/>\n<meta name=\"twitter:label1\" content=\"Dur\u00e9e de lecture estim\u00e9e\" \/>\n\t<meta name=\"twitter:data1\" content=\"2 minutes\" \/>\n<script type=\"application\/ld+json\" class=\"yoast-schema-graph\">{\"@context\":\"https:\\\/\\\/schema.org\",\"@graph\":[{\"@type\":\"WebPage\",\"@id\":\"https:\\\/\\\/motorpor.pt\\\/recrutamento\\\/motorpor-lisboa-2614-comercial-b2b-automoveis-m-f-lisboa\\\/\",\"url\":\"https:\\\/\\\/motorpor.pt\\\/recrutamento\\\/motorpor-lisboa-2614-comercial-b2b-automoveis-m-f-lisboa\\\/\",\"name\":\"Comercial B2B - Autom\u00f3veis (M\\\/F) -\u00a0Lisboa - Motorpor\",\"isPartOf\":{\"@id\":\"https:\\\/\\\/motorpor.pt\\\/#website\"},\"primaryImageOfPage\":{\"@id\":\"https:\\\/\\\/motorpor.pt\\\/recrutamento\\\/motorpor-lisboa-2614-comercial-b2b-automoveis-m-f-lisboa\\\/#primaryimage\"},\"image\":{\"@id\":\"https:\\\/\\\/motorpor.pt\\\/recrutamento\\\/motorpor-lisboa-2614-comercial-b2b-automoveis-m-f-lisboa\\\/#primaryimage\"},\"thumbnailUrl\":\"https:\\\/\\\/motorpor.pt\\\/wp-content\\\/uploads\\\/job-manager-uploads\\\/company_logo\\\/2024\\\/03\\\/Logo-Motorpor-10-150x150-3.png\",\"datePublished\":\"2026-04-06T08:55:29+00:00\",\"dateModified\":\"2026-04-24T14:24:29+00:00\",\"breadcrumb\":{\"@id\":\"https:\\\/\\\/motorpor.pt\\\/recrutamento\\\/motorpor-lisboa-2614-comercial-b2b-automoveis-m-f-lisboa\\\/#breadcrumb\"},\"inLanguage\":\"fr-FR\",\"potentialAction\":[{\"@type\":\"ReadAction\",\"target\":[\"https:\\\/\\\/motorpor.pt\\\/recrutamento\\\/motorpor-lisboa-2614-comercial-b2b-automoveis-m-f-lisboa\\\/\"]}]},{\"@type\":\"ImageObject\",\"inLanguage\":\"fr-FR\",\"@id\":\"https:\\\/\\\/motorpor.pt\\\/recrutamento\\\/motorpor-lisboa-2614-comercial-b2b-automoveis-m-f-lisboa\\\/#primaryimage\",\"url\":\"https:\\\/\\\/motorpor.pt\\\/wp-content\\\/uploads\\\/job-manager-uploads\\\/company_logo\\\/2024\\\/03\\\/Logo-Motorpor-10-150x150-3.png\",\"contentUrl\":\"https:\\\/\\\/motorpor.pt\\\/wp-content\\\/uploads\\\/job-manager-uploads\\\/company_logo\\\/2024\\\/03\\\/Logo-Motorpor-10-150x150-3.png\",\"width\":150,\"height\":150},{\"@type\":\"BreadcrumbList\",\"@id\":\"https:\\\/\\\/motorpor.pt\\\/recrutamento\\\/motorpor-lisboa-2614-comercial-b2b-automoveis-m-f-lisboa\\\/#breadcrumb\",\"itemListElement\":[{\"@type\":\"ListItem\",\"position\":1,\"name\":\"In\u00edcio\",\"item\":\"https:\\\/\\\/motorpor.pt\\\/\"},{\"@type\":\"ListItem\",\"position\":2,\"name\":\"Comercial B2B &#8211; Autom\u00f3veis (M\\\/F) &#8211;\u00a0Lisboa\"}]},{\"@type\":\"WebSite\",\"@id\":\"https:\\\/\\\/motorpor.pt\\\/#website\",\"url\":\"https:\\\/\\\/motorpor.pt\\\/\",\"name\":\"Motorpor\",\"description\":\"Comercio de Autom\u00f3veis Multimarcas\",\"publisher\":{\"@id\":\"https:\\\/\\\/motorpor.pt\\\/#organization\"},\"potentialAction\":[{\"@type\":\"SearchAction\",\"target\":{\"@type\":\"EntryPoint\",\"urlTemplate\":\"https:\\\/\\\/motorpor.pt\\\/?s={search_term_string}\"},\"query-input\":{\"@type\":\"PropertyValueSpecification\",\"valueRequired\":true,\"valueName\":\"search_term_string\"}}],\"inLanguage\":\"fr-FR\"},{\"@type\":\"Organization\",\"@id\":\"https:\\\/\\\/motorpor.pt\\\/#organization\",\"name\":\"Motorpor\",\"alternateName\":\"Motorpor\",\"url\":\"https:\\\/\\\/motorpor.pt\\\/\",\"logo\":{\"@type\":\"ImageObject\",\"inLanguage\":\"fr-FR\",\"@id\":\"https:\\\/\\\/motorpor.pt\\\/#\\\/schema\\\/logo\\\/image\\\/\",\"url\":\"https:\\\/\\\/motorpor.pt\\\/wp-content\\\/uploads\\\/2024\\\/07\\\/Logo-Motorpor-Preto.svg\",\"contentUrl\":\"https:\\\/\\\/motorpor.pt\\\/wp-content\\\/uploads\\\/2024\\\/07\\\/Logo-Motorpor-Preto.svg\",\"width\":493,\"height\":93,\"caption\":\"Motorpor\"},\"image\":{\"@id\":\"https:\\\/\\\/motorpor.pt\\\/#\\\/schema\\\/logo\\\/image\\\/\"},\"sameAs\":[\"https:\\\/\\\/www.linkedin.com\\\/company\\\/grupo-motorpor\"]}]}<\/script>\n<!-- \/ Yoast SEO plugin. -->","yoast_head_json":{"title":"Comercial B2B - Autom\u00f3veis (M\/F) -\u00a0Lisboa - Motorpor","robots":{"index":"index","follow":"follow","max-snippet":"max-snippet:-1","max-image-preview":"max-image-preview:large","max-video-preview":"max-video-preview:-1"},"canonical":"https:\/\/motorpor.pt\/fr\/recrutamento\/motorpor-lisboa-2614-comercial-b2b-automoveis-m-f-lisboa\/","og_locale":"fr_FR","og_type":"article","og_title":"Comercial B2B - Autom\u00f3veis (M\/F) -\u00a0Lisboa - Motorpor","og_description":"O Grupo Motorpor \u00e9 um grupo do sector autom\u00f3vel que representa as marcas Abarth, Alfa Romeo, Changan, Citroen, Dacia, DS, Fiat, FUSO, Isuzu, Jeep, KGM, Kia, Maxus, Mazda, MG, Mitsubishi, Opel, Peugeot, Renault, Motorpor Usados, e outras marcas como Renew, Motrio, Drivalia, Drive4Move, Eurorepar, International Car, Spoticar e Surprice. &nbsp; Atualmente contamos com mais de [&hellip;]","og_url":"https:\/\/motorpor.pt\/fr\/recrutamento\/motorpor-lisboa-2614-comercial-b2b-automoveis-m-f-lisboa\/","og_site_name":"Motorpor","article_modified_time":"2026-04-24T14:24:29+00:00","og_image":[{"width":150,"height":150,"url":"https:\/\/motorpor.pt\/wp-content\/uploads\/job-manager-uploads\/company_logo\/2024\/03\/Logo-Motorpor-10-150x150-3.png","type":"image\/png"}],"twitter_card":"summary_large_image","twitter_misc":{"Dur\u00e9e de lecture estim\u00e9e":"2 minutes"},"schema":{"@context":"https:\/\/schema.org","@graph":[{"@type":"WebPage","@id":"https:\/\/motorpor.pt\/recrutamento\/motorpor-lisboa-2614-comercial-b2b-automoveis-m-f-lisboa\/","url":"https:\/\/motorpor.pt\/recrutamento\/motorpor-lisboa-2614-comercial-b2b-automoveis-m-f-lisboa\/","name":"Comercial B2B - Autom\u00f3veis (M\/F) -\u00a0Lisboa - Motorpor","isPartOf":{"@id":"https:\/\/motorpor.pt\/#website"},"primaryImageOfPage":{"@id":"https:\/\/motorpor.pt\/recrutamento\/motorpor-lisboa-2614-comercial-b2b-automoveis-m-f-lisboa\/#primaryimage"},"image":{"@id":"https:\/\/motorpor.pt\/recrutamento\/motorpor-lisboa-2614-comercial-b2b-automoveis-m-f-lisboa\/#primaryimage"},"thumbnailUrl":"https:\/\/motorpor.pt\/wp-content\/uploads\/job-manager-uploads\/company_logo\/2024\/03\/Logo-Motorpor-10-150x150-3.png","datePublished":"2026-04-06T08:55:29+00:00","dateModified":"2026-04-24T14:24:29+00:00","breadcrumb":{"@id":"https:\/\/motorpor.pt\/recrutamento\/motorpor-lisboa-2614-comercial-b2b-automoveis-m-f-lisboa\/#breadcrumb"},"inLanguage":"fr-FR","potentialAction":[{"@type":"ReadAction","target":["https:\/\/motorpor.pt\/recrutamento\/motorpor-lisboa-2614-comercial-b2b-automoveis-m-f-lisboa\/"]}]},{"@type":"ImageObject","inLanguage":"fr-FR","@id":"https:\/\/motorpor.pt\/recrutamento\/motorpor-lisboa-2614-comercial-b2b-automoveis-m-f-lisboa\/#primaryimage","url":"https:\/\/motorpor.pt\/wp-content\/uploads\/job-manager-uploads\/company_logo\/2024\/03\/Logo-Motorpor-10-150x150-3.png","contentUrl":"https:\/\/motorpor.pt\/wp-content\/uploads\/job-manager-uploads\/company_logo\/2024\/03\/Logo-Motorpor-10-150x150-3.png","width":150,"height":150},{"@type":"BreadcrumbList","@id":"https:\/\/motorpor.pt\/recrutamento\/motorpor-lisboa-2614-comercial-b2b-automoveis-m-f-lisboa\/#breadcrumb","itemListElement":[{"@type":"ListItem","position":1,"name":"In\u00edcio","item":"https:\/\/motorpor.pt\/"},{"@type":"ListItem","position":2,"name":"Comercial B2B &#8211; Autom\u00f3veis (M\/F) &#8211;\u00a0Lisboa"}]},{"@type":"WebSite","@id":"https:\/\/motorpor.pt\/#website","url":"https:\/\/motorpor.pt\/","name":"motorpor","description":"Comercio de Autom\u00f3veis Multimarcas","publisher":{"@id":"https:\/\/motorpor.pt\/#organization"},"potentialAction":[{"@type":"SearchAction","target":{"@type":"EntryPoint","urlTemplate":"https:\/\/motorpor.pt\/?s={search_term_string}"},"query-input":{"@type":"PropertyValueSpecification","valueRequired":true,"valueName":"search_term_string"}}],"inLanguage":"fr-FR"},{"@type":"Organization","@id":"https:\/\/motorpor.pt\/#organization","name":"motorpor","alternateName":"Motorpor","url":"https:\/\/motorpor.pt\/","logo":{"@type":"ImageObject","inLanguage":"fr-FR","@id":"https:\/\/motorpor.pt\/#\/schema\/logo\/image\/","url":"https:\/\/motorpor.pt\/wp-content\/uploads\/2024\/07\/Logo-Motorpor-Preto.svg","contentUrl":"https:\/\/motorpor.pt\/wp-content\/uploads\/2024\/07\/Logo-Motorpor-Preto.svg","width":493,"height":93,"caption":"Motorpor"},"image":{"@id":"https:\/\/motorpor.pt\/#\/schema\/logo\/image\/"},"sameAs":["https:\/\/www.linkedin.com\/company\/grupo-motorpor"]}]}},"_links":{"self":[{"href":"https:\/\/motorpor.pt\/fr\/wp-json\/wp\/v2\/job-listings\/577159","targetHints":{"allow":["GET"]}}],"collection":[{"href":"https:\/\/motorpor.pt\/fr\/wp-json\/wp\/v2\/job-listings"}],"about":[{"href":"https:\/\/motorpor.pt\/fr\/wp-json\/wp\/v2\/types\/job_listing"}],"author":[{"embeddable":true,"href":"https:\/\/motorpor.pt\/fr\/wp-json\/wp\/v2\/users\/81"}],"version-history":[{"count":2,"href":"https:\/\/motorpor.pt\/fr\/wp-json\/wp\/v2\/job-listings\/577159\/revisions"}],"predecessor-version":[{"id":596994,"href":"https:\/\/motorpor.pt\/fr\/wp-json\/wp\/v2\/job-listings\/577159\/revisions\/596994"}],"wp:featuredmedia":[{"embeddable":true,"href":"https:\/\/motorpor.pt\/fr\/wp-json\/wp\/v2\/media\/80183"}],"wp:attachment":[{"href":"https:\/\/motorpor.pt\/fr\/wp-json\/wp\/v2\/media?parent=577159"}],"wp:term":[{"taxonomy":"job_listing_category","embeddable":true,"href":"https:\/\/motorpor.pt\/fr\/wp-json\/wp\/v2\/job-categories?post=577159"},{"taxonomy":"job_listing_type","embeddable":true,"href":"https:\/\/motorpor.pt\/fr\/wp-json\/wp\/v2\/job-types?post=577159"}],"curies":[{"name":"wp","href":"https:\/\/api.w.org\/{rel}","templated":true}]}}